{"id":1016,"date":"2018-07-30T20:16:47","date_gmt":"2018-07-30T18:16:47","guid":{"rendered":"http:\/\/www.hasicibystre.cz\/?page_id=1016"},"modified":"2018-08-04T20:05:16","modified_gmt":"2018-08-04T18:05:16","slug":"rocnik-2012-2013","status":"publish","type":"page","link":"https:\/\/www.hasicibystre.cz\/?page_id=1016","title":{"rendered":"Ro\u010dn\u00edk 2012 &#8211; 2013"},"content":{"rendered":"<table style=\"width: 367px;\" width=\"557\">\n<tbody>\n<tr>\n<td style=\"width: 211px;\"><strong><em>Jm\u00e9no<\/em><\/strong><\/td>\n<td style=\"width: 148px;\"><strong><em>Bydli\u0161t\u011b<\/em><\/strong><\/td>\n<\/tr>\n<tr>\n<td style=\"width: 211px;\"><strong>Leona Dyntarov\u00e1<\/strong><\/td>\n<td style=\"width: 148px;\"><strong>Janov<\/strong><\/td>\n<\/tr>\n<tr>\n<td style=\"width: 211px;\"><strong>Vojt\u011bch Hejzlar<\/strong><\/td>\n<td style=\"width: 148px;\"><strong>Janov<\/strong><\/td>\n<\/tr>\n<tr>\n<td style=\"width: 211px;\"><strong>Karol\u00edna Mare\u0161ov\u00e1<\/strong><\/td>\n<td style=\"width: 148px;\"><strong>Bystr\u00e9<\/strong><\/td>\n<\/tr>\n<tr>\n<td style=\"width: 211px;\"><strong>Jakub Mencl<\/strong><\/td>\n<td style=\"width: 148px;\"><strong>Bystr\u00e9<\/strong><\/td>\n<\/tr>\n<tr>\n<td style=\"width: 211px;\"><strong>Michal Moravec<\/strong><\/td>\n<td style=\"width: 148px;\"><strong>Dob\u0159any<\/strong><\/td>\n<\/tr>\n<tr>\n<td style=\"width: 211px;\"><strong>Krist\u00fdna Smolov\u00e1<\/strong><\/td>\n<td style=\"width: 148px;\"><strong>Dobru\u0161ka<\/strong><\/td>\n<\/tr>\n<tr>\n<td style=\"width: 211px;\"><strong>Anna Sozansk\u00e1<\/strong><\/td>\n<td style=\"width: 148px;\"><strong>Bystr\u00e9<\/strong><\/td>\n<\/tr>\n<tr>\n<td style=\"width: 211px;\"><strong>Mat\u011bj Syrov\u00e1tko<\/strong><\/td>\n<td style=\"width: 148px;\"><strong>Ba\u010det\u00edn<\/strong><\/td>\n<\/tr>\n<tr>\n<td style=\"width: 211px;\"><strong>Mat\u011bj Tl\u00e1skal<\/strong><\/td>\n<td style=\"width: 148px;\"><strong>Bystr\u00e9<\/strong><\/td>\n<\/tr>\n<tr>\n<td style=\"width: 211px;\"><strong>Jan Lelek<\/strong><\/td>\n<td style=\"width: 148px;\"><strong>Janov<\/strong><\/td>\n<\/tr>\n<tr>\n<td style=\"width: 211px;\"><strong>Patrik Chaloupka<\/strong><\/td>\n<td style=\"width: 148px;\"><strong>Janov<\/strong><\/td>\n<\/tr>\n<tr>\n<td style=\"width: 211px;\"><strong>Ond\u0159ej Tou\u0161ek<\/strong><\/td>\n<td style=\"width: 148px;\"><strong>Bystr\u00e9<\/strong><\/td>\n<\/tr>\n<tr>\n<td style=\"width: 211px;\"><strong>Eli\u0161ka Tou\u0161kov\u00e1<\/strong><\/td>\n<td style=\"width: 148px;\"><strong>Bystr\u00e9<\/strong><\/td>\n<\/tr>\n<tr>\n<td style=\"width: 211px;\"><strong>Tom\u00e1\u0161 Dyntar<\/strong><\/td>\n<td style=\"width: 148px;\"><strong>Janov<\/strong><\/td>\n<\/tr>\n<tr>\n<td style=\"width: 211px;\"><strong>Vojt\u011bch Moravec<\/strong><\/td>\n<td style=\"width: 148px;\"><strong>Dob\u0159any<\/strong><\/td>\n<\/tr>\n<tr>\n<td style=\"width: 211px;\"><strong>Josef Chaloupka<\/strong><\/td>\n<td style=\"width: 148px;\"><strong>Janov<\/strong><\/td>\n<\/tr>\n<tr>\n<td style=\"width: 211px;\"><strong>Jakub U\u017edil<\/strong><\/td>\n<td style=\"width: 148px;\"><strong>Janov<\/strong><\/td>\n<\/tr>\n<\/tbody>\n<\/table>\n<p style=\"text-align: justify;\"><u>Brann\u00fd z\u00e1vod &#8211; Bystr\u00e9<\/u><\/p>\n<p style=\"text-align: justify;\">Leto\u0161n\u00ed brann\u00fd z\u00e1vod se konal na na\u0161\u00ed p\u016fd\u011b, to znamen\u00e1 v&nbsp;na\u0161em Bystr\u00e9m na koupali\u0161ti. Vedlo se n\u00e1m celkem dob\u0159e a obsadili jsme 3.&nbsp;m\u00edsto.<\/p>\n<p style=\"text-align: justify;\"><u>Brann\u00fd z\u00e1vod v&nbsp;Meziles\u00ed<\/u><\/p>\n<p style=\"text-align: justify;\">Dv\u011b hl\u00eddky mlad\u0161\u00edch d\u011bt\u00ed sout\u011b\u017eily v&nbsp;Meziles\u00ed. Z\u00e1vod byl dost t\u011b\u017ek\u00fd. Prvn\u00ed hl\u00eddka obsadila 11.&nbsp;m\u00edsto, druh\u00e1 byla 13.<\/p>\n<p style=\"text-align: justify;\"><u>Akce 72 hodin<\/u><\/p>\n<p style=\"text-align: justify;\">Spole\u010dn\u011b s&nbsp;dru\u017estvem star\u0161\u00edch d\u011bt\u00ed jsme v&nbsp;ned\u011bli 14.&nbsp;\u0159\u00edjna 2012 odjeli do Sedlo\u0148ova, kde jsme pro d\u011bti z&nbsp;d\u011btsk\u00e9ho domova p\u0159edvedli \u00fatok CTIF. Potom jsme si vzali jednotliv\u00e9 d\u011bti a vysv\u011btlili jim pr\u00e1ci jednotliv\u00fdch \u010dlen\u016f p\u0159i \u00fatoku. Potom ve sm\u00ed\u0161en\u00fdch dru\u017estvech jsme provedli n\u011bkolikr\u00e1t \u00fatok.<\/p>\n<p style=\"text-align: justify;\"><u>V\u00fdro\u010dn\u00ed valn\u00e1 hromada<\/u><\/p>\n<p style=\"text-align: justify;\">Jako ka\u017ed\u00fd rok jsme p\u0159edn\u00e1\u0161eli na v\u00fdro\u010dn\u00ed valn\u00e9 hromad\u011b.<\/p>\n<p style=\"text-align: justify;\"><u>Beseda<\/u><\/p>\n<p style=\"text-align: justify;\">Dnes n\u00e1s nav\u0161t\u00edvil p. Dus\u00edlek Michal, vedouc\u00ed ml\u00e1de\u017ee v&nbsp;Bystr\u00e9m. Probral s&nbsp;n\u00e1mi chyby, kter\u00fdch se dopou\u0161t\u00edme p\u0159i pln\u011bn\u00ed discipl\u00edn na sout\u011b\u017e\u00edch. Na pl\u00e1tno n\u00e1m prom\u00edtal videa ze sout\u011b\u017e\u00ed a my jsme tyto chyby hledali. Na dal\u0161\u00ed sout\u011b\u017ei se jich snad vyvarujeme.<\/p>\n<p style=\"text-align: justify;\"><u>Hav\u00ed\u0159ov<\/u><\/p>\n<p style=\"text-align: justify;\">Jeli jsme na zku\u0161enou na sout\u011b\u017e do Hav\u00ed\u0159ova u Ostravy. Odj\u00ed\u017ed\u011bli jsme v&nbsp;p\u00e1tek. P\u0159espali jsme s&nbsp;vedouc\u00edmi a dru\u017estvem star\u0161\u00edch d\u011bt\u00ed, ale i nejm\u00e9n\u011b stovkou dal\u0161\u00edch d\u011bt\u00ed v&nbsp;t\u011blocvi\u010dn\u011b v&nbsp;Hav\u00ed\u0159ov\u011b. To byl tedy z\u00e1\u017eitek. V&nbsp;sobotu r\u00e1no za\u010dala sout\u011b\u017e. Sout\u011b\u017eilo se v&nbsp;discipl\u00edn\u011b uzlov\u00e1n\u00ed, na kterou jsme se u\u010dili nov\u00fd z\u00e1chrann\u00fd uzel. Dal\u0161\u00ed discipl\u00edna byla \u0161tafeta 4 x 50&nbsp;m a dvojice. Obsadili jsme 22.&nbsp;m\u00edsto.<\/p>\n<p style=\"text-align: justify;\"><u>Exkurze<\/u><\/p>\n<p style=\"text-align: justify;\">Na dne\u0161n\u00ed den pan\u00ed vedouc\u00ed domluvila n\u00e1v\u0161t\u011bvu hasi\u010dsk\u00e9 zbrojnice v&nbsp;Nov\u00e9m M\u011bst\u011b nad Metuj\u00ed.<\/p>\n<p style=\"text-align: justify;\"><u>Uzlov\u00e1n\u00ed v&nbsp;Provozi<\/u><\/p>\n<p style=\"text-align: justify;\">Abychom z\u00faro\u010dili n\u00e1cviky uzl\u016f, jeli jsme s&nbsp;dru\u017estvem star\u0161\u00edch d\u011bt\u00ed do Provozi na sout\u011b\u017e v&nbsp;uzlov\u00e1n\u00ed. Zde se n\u00e1m moc neda\u0159ilo a obsadili jsme 9.&nbsp;m\u00edsto.<\/p>\n<p style=\"text-align: justify;\"><u>Odborky &#8211; strojn\u00edk<\/u><\/p>\n<p style=\"text-align: justify;\">Na dne\u0161n\u00ed den jsme si pozvali p. Martinka, aby n\u00e1m pomohl splnit dal\u0161\u00ed bod z&nbsp;na\u0161\u00ed celoro\u010dn\u00ed \u010dinnosti a to odbornost &#8222;Strojn\u00edk&#8220;.<\/p>\n<p style=\"text-align: justify;\"><u>Po\u017e\u00e1rn\u00ed ochrana o\u010dima d\u011bt\u00ed<\/u><\/p>\n<p style=\"text-align: justify;\">Dnes jsme malovali obr\u00e1zky na t\u00e9ma &#8222;Po\u017e\u00e1rn\u00ed ochrana o\u010dima d\u011bt\u00ed&#8220;. Ty nejvyda\u0159en\u011bj\u0161\u00ed obr\u00e1zky se poslaly do sout\u011b\u017ee.<\/p>\n<p style=\"text-align: justify;\"><u>Cik\u00e1nsk\u00e9 toulky<\/u><\/p>\n<p style=\"text-align: justify;\">Vydali jsme se na &#8222;Cik\u00e1nsk\u00e9 toulky&#8220; do Ohni\u0161ova. Zvolili jsme cestu poh\u00e1dkov\u00fdm lesem &#8211; asi 5 km. Bylo zde velk\u00e9 mno\u017estv\u00ed zast\u00e1vek, kde jsme plnili r\u016fzn\u00e9 \u00fakoly a za odm\u011bnu z\u00edskali drobn\u00e9 sladkosti. Na cestu se vydalo 12 d\u011bt\u00ed.<\/p>\n<p style=\"text-align: justify;\"><u>Sout\u011b\u017e CTIF v&nbsp;Bystr\u00e9m<\/u><\/p>\n<p style=\"text-align: justify;\">Z\u00fa\u010dastnili jsme se ji\u017e druh\u00e9ho ro\u010dn\u00edku sout\u011b\u017ee v&nbsp;discipl\u00edn\u00e1ch CTIF, kter\u00e1 se konala zde u n\u00e1s v&nbsp;Bystr\u00e9m. I p\u0159e po\u010d\u00e1te\u010dn\u00ed zimu se n\u00e1m da\u0159ilo a obsadili jsme mezi mlad\u0161\u00edmi d\u011btmi 1.&nbsp;m\u00edsto.<\/p>\n<p style=\"text-align: justify;\"><u>\u010ci\u0161t\u011bn\u00ed koupali\u0161t\u011b<\/u><\/p>\n<p style=\"text-align: justify;\">N\u00e1stup byl v&nbsp;9 hodin r\u00e1no na koupali\u0161ti v&nbsp;Bystr\u00e9m. Dostali jsme do rukou kart\u00e1\u010de na holi a drhli cel\u00fd baz\u00e9n. Tak\u00e9 jsme se vyst\u0159\u00eddali v&nbsp;st\u0159\u00edk\u00e1n\u00ed z&nbsp;proudnice. Celkem se z\u00fa\u010dastnilo 12 d\u011bt\u00ed.<\/p>\n<p style=\"text-align: justify;\"><u>Sb\u011br pap\u00edru<\/u><\/p>\n<p style=\"text-align: justify;\">Od konce zimy jsme postupn\u011b sb\u00edrali star\u00fd pap\u00edr a \u010dasopisy. Ukl\u00e1dali jsme jej na jednom m\u00edst\u011b a spole\u010dn\u011b s&nbsp;dru\u017estvem star\u0161\u00edch d\u011bt\u00ed jsme se p\u0159edh\u00e1n\u011bli, kdo nasb\u00edr\u00e1 v\u00edce pap\u00edru. Star\u0161\u00ed \u010dlenov\u00e9 sboru jej pak odvezli do sb\u011brny. V\u00fdt\u011b\u017eek spole\u010dn\u011b pou\u017eijeme na v\u00fdlet.<\/p>\n<p style=\"text-align: justify;\"><u>Baz\u00e9n<\/u><\/p>\n<p style=\"text-align: justify;\">Poprv\u00e9 jsme nav\u0161t\u00edvili baz\u00e9n v&nbsp;Rychnov\u011b nad Kn\u011b\u017enou. D\u011bt\u00ed bylo 10.<\/p>\n<p style=\"text-align: justify;\"><u>Kv\u011btinov\u00fd den<\/u><\/p>\n<p style=\"text-align: justify;\">Dne\u0161n\u00ed datum p\u0159ipadl na &#8222;\u010cesk\u00fd kv\u011btinov\u00fd den proti rakovin\u011b&#8220;. I my mal\u00ed jsme se zapojili s&nbsp;na\u0161imi vedouc\u00edmi. Vytvo\u0159ili jsme 2 party a obe\u0161li jsme obec Dob\u0159any, kde jsme prod\u00e1vali z\u00e1jemc\u016fm \u017elut\u00e9 kyti\u010dky.<\/p>\n<p style=\"text-align: justify;\"><u>Sch\u016fzky<\/u><\/p>\n<p style=\"text-align: justify;\">P\u0159ipravujeme se na dal\u0161\u00ed t\u0159\u00eddenku. Kon\u00e1 se v&nbsp;Poho\u0159\u00ed. Sch\u00e1z\u00edme se dvakr\u00e1t v&nbsp;t\u00fddnu. Po\u010das\u00ed n\u00e1m moc nep\u0159eje.<\/p>\n","protected":false},"excerpt":{"rendered":"<p>Jm\u00e9no Bydli\u0161t\u011b Leona Dyntarov\u00e1 Janov Vojt\u011bch Hejzlar Janov Karol\u00edna Mare\u0161ov\u00e1 Bystr\u00e9 Jakub Mencl Bystr\u00e9 Michal Moravec Dob\u0159any Krist\u00fdna Smolov\u00e1 Dobru\u0161ka Anna Sozansk\u00e1 Bystr\u00e9 Mat\u011bj Syrov\u00e1tko Ba\u010det\u00edn Mat\u011bj Tl\u00e1skal Bystr\u00e9 Jan Lelek Janov Patrik Chaloupka Janov Ond\u0159ej Tou\u0161ek Bystr\u00e9 Eli\u0161ka Tou\u0161kov\u00e1 Bystr\u00e9 Tom\u00e1\u0161 Dyntar Janov Vojt\u011bch Moravec Dob\u0159any Josef Chaloupka Janov Jakub U\u017edil Janov Brann\u00fd z\u00e1vod [&hellip;]<\/p>\n","protected":false},"author":2,"featured_media":0,"parent":100,"menu_order":0,"comment_status":"closed","ping_status":"closed","template":"","meta":{"footnotes":""},"class_list":["post-1016","page","type-page","status-publish","hentry"],"aioseo_notices":[],"aioseo_head":"\n\t\t<!-- All in One SEO 4.9.10 - aioseo.com -->\n\t<meta name=\"robots\" content=\"max-image-preview:large\" \/>\n\t<link rel=\"canonical\" href=\"https:\/\/www.hasicibystre.cz\/?page_id=1016\" \/>\n\t<meta name=\"generator\" content=\"All in One SEO (AIOSEO) 4.9.10\" \/>\n\t\t<meta property=\"og:locale\" content=\"cs_CZ\" \/>\n\t\t<meta property=\"og:site_name\" content=\"Sbor dobrovoln\u00fdch hasi\u010d\u016f Bystr\u00e9 v Orlick\u00fdch hor\u00e1ch |\" \/>\n\t\t<meta property=\"og:type\" content=\"article\" \/>\n\t\t<meta property=\"og:title\" content=\"Ro\u010dn\u00edk 2012 \u2013 2013 | Sbor dobrovoln\u00fdch hasi\u010d\u016f Bystr\u00e9 v Orlick\u00fdch hor\u00e1ch\" \/>\n\t\t<meta property=\"og:url\" content=\"https:\/\/www.hasicibystre.cz\/?page_id=1016\" \/>\n\t\t<meta property=\"article:published_time\" content=\"2018-07-30T18:16:47+00:00\" \/>\n\t\t<meta property=\"article:modified_time\" content=\"2018-08-04T18:05:16+00:00\" \/>\n\t\t<meta name=\"twitter:card\" content=\"summary\" \/>\n\t\t<meta name=\"twitter:title\" content=\"Ro\u010dn\u00edk 2012 \u2013 2013 | Sbor dobrovoln\u00fdch hasi\u010d\u016f Bystr\u00e9 v Orlick\u00fdch hor\u00e1ch\" \/>\n\t\t<script type=\"application\/ld+json\" class=\"aioseo-schema\">\n\t\t\t{\"@context\":\"https:\\\/\\\/schema.org\",\"@graph\":[{\"@type\":\"BreadcrumbList\",\"@id\":\"https:\\\/\\\/www.hasicibystre.cz\\\/?page_id=1016#breadcrumblist\",\"itemListElement\":[{\"@type\":\"ListItem\",\"@id\":\"https:\\\/\\\/www.hasicibystre.cz#listItem\",\"position\":1,\"name\":\"Home\",\"item\":\"https:\\\/\\\/www.hasicibystre.cz\",\"nextItem\":{\"@type\":\"ListItem\",\"@id\":\"https:\\\/\\\/www.hasicibystre.cz\\\/?page_id=98#listItem\",\"name\":\"D\\u011btsk\\u00fd kolektiv\"}},{\"@type\":\"ListItem\",\"@id\":\"https:\\\/\\\/www.hasicibystre.cz\\\/?page_id=98#listItem\",\"position\":2,\"name\":\"D\\u011btsk\\u00fd kolektiv\",\"item\":\"https:\\\/\\\/www.hasicibystre.cz\\\/?page_id=98\",\"nextItem\":{\"@type\":\"ListItem\",\"@id\":\"https:\\\/\\\/www.hasicibystre.cz\\\/?page_id=100#listItem\",\"name\":\"Mlad\\u0161\\u00ed\"},\"previousItem\":{\"@type\":\"ListItem\",\"@id\":\"https:\\\/\\\/www.hasicibystre.cz#listItem\",\"name\":\"Home\"}},{\"@type\":\"ListItem\",\"@id\":\"https:\\\/\\\/www.hasicibystre.cz\\\/?page_id=100#listItem\",\"position\":3,\"name\":\"Mlad\\u0161\\u00ed\",\"item\":\"https:\\\/\\\/www.hasicibystre.cz\\\/?page_id=100\",\"nextItem\":{\"@type\":\"ListItem\",\"@id\":\"https:\\\/\\\/www.hasicibystre.cz\\\/?page_id=1016#listItem\",\"name\":\"Ro\\u010dn\\u00edk 2012 &#8211; 2013\"},\"previousItem\":{\"@type\":\"ListItem\",\"@id\":\"https:\\\/\\\/www.hasicibystre.cz\\\/?page_id=98#listItem\",\"name\":\"D\\u011btsk\\u00fd kolektiv\"}},{\"@type\":\"ListItem\",\"@id\":\"https:\\\/\\\/www.hasicibystre.cz\\\/?page_id=1016#listItem\",\"position\":4,\"name\":\"Ro\\u010dn\\u00edk 2012 &#8211; 2013\",\"previousItem\":{\"@type\":\"ListItem\",\"@id\":\"https:\\\/\\\/www.hasicibystre.cz\\\/?page_id=100#listItem\",\"name\":\"Mlad\\u0161\\u00ed\"}}]},{\"@type\":\"Organization\",\"@id\":\"https:\\\/\\\/www.hasicibystre.cz\\\/#organization\",\"name\":\"Sbor dobrovoln\\u00fdch hasi\\u010d\\u016f Bystr\\u00e9 v Orlick\\u00fdch hor\\u00e1ch\",\"url\":\"https:\\\/\\\/www.hasicibystre.cz\\\/\"},{\"@type\":\"WebPage\",\"@id\":\"https:\\\/\\\/www.hasicibystre.cz\\\/?page_id=1016#webpage\",\"url\":\"https:\\\/\\\/www.hasicibystre.cz\\\/?page_id=1016\",\"name\":\"Ro\\u010dn\\u00edk 2012 \\u2013 2013 | Sbor dobrovoln\\u00fdch hasi\\u010d\\u016f Bystr\\u00e9 v Orlick\\u00fdch hor\\u00e1ch\",\"inLanguage\":\"cs-CZ\",\"isPartOf\":{\"@id\":\"https:\\\/\\\/www.hasicibystre.cz\\\/#website\"},\"breadcrumb\":{\"@id\":\"https:\\\/\\\/www.hasicibystre.cz\\\/?page_id=1016#breadcrumblist\"},\"datePublished\":\"2018-07-30T20:16:47+02:00\",\"dateModified\":\"2018-08-04T20:05:16+02:00\"},{\"@type\":\"WebSite\",\"@id\":\"https:\\\/\\\/www.hasicibystre.cz\\\/#website\",\"url\":\"https:\\\/\\\/www.hasicibystre.cz\\\/\",\"name\":\"Sbor dobrovoln\\u00fdch hasi\\u010d\\u016f Bystr\\u00e9 v Orlick\\u00fdch hor\\u00e1ch\",\"inLanguage\":\"cs-CZ\",\"publisher\":{\"@id\":\"https:\\\/\\\/www.hasicibystre.cz\\\/#organization\"}}]}\n\t\t<\/script>\n\t\t<!-- All in One SEO -->\n\n","aioseo_head_json":{"title":"Ro\u010dn\u00edk 2012 \u2013 2013 | Sbor dobrovoln\u00fdch hasi\u010d\u016f Bystr\u00e9 v Orlick\u00fdch hor\u00e1ch","description":"","canonical_url":"https:\/\/www.hasicibystre.cz\/?page_id=1016","robots":"max-image-preview:large","keywords":"","webmasterTools":{"miscellaneous":""},"schema":{"@context":"https:\/\/schema.org","@graph":[{"@type":"BreadcrumbList","@id":"https:\/\/www.hasicibystre.cz\/?page_id=1016#breadcrumblist","itemListElement":[{"@type":"ListItem","@id":"https:\/\/www.hasicibystre.cz#listItem","position":1,"name":"Home","item":"https:\/\/www.hasicibystre.cz","nextItem":{"@type":"ListItem","@id":"https:\/\/www.hasicibystre.cz\/?page_id=98#listItem","name":"D\u011btsk\u00fd kolektiv"}},{"@type":"ListItem","@id":"https:\/\/www.hasicibystre.cz\/?page_id=98#listItem","position":2,"name":"D\u011btsk\u00fd kolektiv","item":"https:\/\/www.hasicibystre.cz\/?page_id=98","nextItem":{"@type":"ListItem","@id":"https:\/\/www.hasicibystre.cz\/?page_id=100#listItem","name":"Mlad\u0161\u00ed"},"previousItem":{"@type":"ListItem","@id":"https:\/\/www.hasicibystre.cz#listItem","name":"Home"}},{"@type":"ListItem","@id":"https:\/\/www.hasicibystre.cz\/?page_id=100#listItem","position":3,"name":"Mlad\u0161\u00ed","item":"https:\/\/www.hasicibystre.cz\/?page_id=100","nextItem":{"@type":"ListItem","@id":"https:\/\/www.hasicibystre.cz\/?page_id=1016#listItem","name":"Ro\u010dn\u00edk 2012 &#8211; 2013"},"previousItem":{"@type":"ListItem","@id":"https:\/\/www.hasicibystre.cz\/?page_id=98#listItem","name":"D\u011btsk\u00fd kolektiv"}},{"@type":"ListItem","@id":"https:\/\/www.hasicibystre.cz\/?page_id=1016#listItem","position":4,"name":"Ro\u010dn\u00edk 2012 &#8211; 2013","previousItem":{"@type":"ListItem","@id":"https:\/\/www.hasicibystre.cz\/?page_id=100#listItem","name":"Mlad\u0161\u00ed"}}]},{"@type":"Organization","@id":"https:\/\/www.hasicibystre.cz\/#organization","name":"Sbor dobrovoln\u00fdch hasi\u010d\u016f Bystr\u00e9 v Orlick\u00fdch hor\u00e1ch","url":"https:\/\/www.hasicibystre.cz\/"},{"@type":"WebPage","@id":"https:\/\/www.hasicibystre.cz\/?page_id=1016#webpage","url":"https:\/\/www.hasicibystre.cz\/?page_id=1016","name":"Ro\u010dn\u00edk 2012 \u2013 2013 | Sbor dobrovoln\u00fdch hasi\u010d\u016f Bystr\u00e9 v Orlick\u00fdch hor\u00e1ch","inLanguage":"cs-CZ","isPartOf":{"@id":"https:\/\/www.hasicibystre.cz\/#website"},"breadcrumb":{"@id":"https:\/\/www.hasicibystre.cz\/?page_id=1016#breadcrumblist"},"datePublished":"2018-07-30T20:16:47+02:00","dateModified":"2018-08-04T20:05:16+02:00"},{"@type":"WebSite","@id":"https:\/\/www.hasicibystre.cz\/#website","url":"https:\/\/www.hasicibystre.cz\/","name":"Sbor dobrovoln\u00fdch hasi\u010d\u016f Bystr\u00e9 v Orlick\u00fdch hor\u00e1ch","inLanguage":"cs-CZ","publisher":{"@id":"https:\/\/www.hasicibystre.cz\/#organization"}}]},"og:locale":"cs_CZ","og:site_name":"Sbor dobrovoln\u00fdch hasi\u010d\u016f Bystr\u00e9 v Orlick\u00fdch hor\u00e1ch |","og:type":"article","og:title":"Ro\u010dn\u00edk 2012 \u2013 2013 | Sbor dobrovoln\u00fdch hasi\u010d\u016f Bystr\u00e9 v Orlick\u00fdch hor\u00e1ch","og:url":"https:\/\/www.hasicibystre.cz\/?page_id=1016","article:published_time":"2018-07-30T18:16:47+00:00","article:modified_time":"2018-08-04T18:05:16+00:00","twitter:card":"summary","twitter:title":"Ro\u010dn\u00edk 2012 \u2013 2013 | Sbor dobrovoln\u00fdch hasi\u010d\u016f Bystr\u00e9 v Orlick\u00fdch hor\u00e1ch"},"aioseo_meta_data":{"post_id":"1016","title":null,"description":null,"keywords":null,"keyphrases":null,"primary_term":null,"canonical_url":null,"og_title":null,"og_description":null,"og_object_type":"default","og_image_type":"default","og_image_url":null,"og_image_width":null,"og_image_height":null,"og_image_custom_url":null,"og_image_custom_fields":null,"og_video":null,"og_custom_url":null,"og_article_section":null,"og_article_tags":null,"twitter_use_og":false,"twitter_card":"default","twitter_image_type":"default","twitter_image_url":null,"twitter_image_custom_url":null,"twitter_image_custom_fields":null,"twitter_title":null,"twitter_description":null,"schema":{"blockGraphs":[],"customGraphs":[],"default":{"data":{"Article":[],"Course":[],"Dataset":[],"FAQPage":[],"Movie":[],"Person":[],"Product":[],"ProductReview":[],"Car":[],"Recipe":[],"Service":[],"SoftwareApplication":[],"WebPage":[]},"graphName":"WebPage","isEnabled":true},"graphs":[]},"schema_type":null,"schema_type_options":null,"pillar_content":false,"robots_default":true,"robots_noindex":false,"robots_noarchive":false,"robots_nosnippet":false,"robots_nofollow":false,"robots_noimageindex":false,"robots_noodp":false,"robots_notranslate":false,"robots_max_snippet":null,"robots_max_videopreview":null,"robots_max_imagepreview":"large","priority":null,"frequency":null,"local_seo":null,"breadcrumb_settings":null,"limit_modified_date":false,"ai":null,"created":"2020-12-26 10:15:29","updated":"2025-07-23 16:36:23","seo_analyzer_scan_date":null},"aioseo_breadcrumb":"<div class=\"aioseo-breadcrumbs\"><span class=\"aioseo-breadcrumb\">\n\t\t\t<a href=\"https:\/\/www.hasicibystre.cz\" title=\"Home\">Home<\/a>\n\t\t<\/span><span class=\"aioseo-breadcrumb-separator\">&raquo;<\/span><span class=\"aioseo-breadcrumb\">\n\t\t\t<a href=\"https:\/\/www.hasicibystre.cz\/?page_id=98\" title=\"D\u011btsk\u00fd kolektiv\">D\u011btsk\u00fd kolektiv<\/a>\n\t\t<\/span><span class=\"aioseo-breadcrumb-separator\">&raquo;<\/span><span class=\"aioseo-breadcrumb\">\n\t\t\t<a href=\"https:\/\/www.hasicibystre.cz\/?page_id=100\" title=\"Mlad\u0161\u00ed\">Mlad\u0161\u00ed<\/a>\n\t\t<\/span><span class=\"aioseo-breadcrumb-separator\">&raquo;<\/span><span class=\"aioseo-breadcrumb\">\n\t\t\tRo\u010dn\u00edk 2012 \u2013 2013\n\t\t<\/span><\/div>","aioseo_breadcrumb_json":[{"label":"Home","link":"https:\/\/www.hasicibystre.cz"},{"label":"D\u011btsk\u00fd kolektiv","link":"https:\/\/www.hasicibystre.cz\/?page_id=98"},{"label":"Mlad\u0161\u00ed","link":"https:\/\/www.hasicibystre.cz\/?page_id=100"},{"label":"Ro\u010dn\u00edk 2012 &#8211; 2013","link":"https:\/\/www.hasicibystre.cz\/?page_id=1016"}],"jetpack_sharing_enabled":true,"jetpack_likes_enabled":true,"_links":{"self":[{"href":"https:\/\/www.hasicibystre.cz\/index.php?rest_route=\/wp\/v2\/pages\/1016","targetHints":{"allow":["GET"]}}],"collection":[{"href":"https:\/\/www.hasicibystre.cz\/index.php?rest_route=\/wp\/v2\/pages"}],"about":[{"href":"https:\/\/www.hasicibystre.cz\/index.php?rest_route=\/wp\/v2\/types\/page"}],"author":[{"embeddable":true,"href":"https:\/\/www.hasicibystre.cz\/index.php?rest_route=\/wp\/v2\/users\/2"}],"replies":[{"embeddable":true,"href":"https:\/\/www.hasicibystre.cz\/index.php?rest_route=%2Fwp%2Fv2%2Fcomments&post=1016"}],"version-history":[{"count":3,"href":"https:\/\/www.hasicibystre.cz\/index.php?rest_route=\/wp\/v2\/pages\/1016\/revisions"}],"predecessor-version":[{"id":1328,"href":"https:\/\/www.hasicibystre.cz\/index.php?rest_route=\/wp\/v2\/pages\/1016\/revisions\/1328"}],"up":[{"embeddable":true,"href":"https:\/\/www.hasicibystre.cz\/index.php?rest_route=\/wp\/v2\/pages\/100"}],"wp:attachment":[{"href":"https:\/\/www.hasicibystre.cz\/index.php?rest_route=%2Fwp%2Fv2%2Fmedia&parent=1016"}],"curies":[{"name":"wp","href":"https:\/\/api.w.org\/{rel}","templated":true}]}}