{"id":1024,"date":"2018-07-30T20:19:18","date_gmt":"2018-07-30T18:19:18","guid":{"rendered":"http:\/\/www.hasicibystre.cz\/?page_id=1024"},"modified":"2018-08-04T19:55:56","modified_gmt":"2018-08-04T17:55:56","slug":"rocnik-2008-2009","status":"publish","type":"page","link":"https:\/\/www.hasicibystre.cz\/?page_id=1024","title":{"rendered":"Ro\u010dn\u00edk 2008 &#8211; 2009"},"content":{"rendered":"<table style=\"width: 399px;\" width=\"557\">\n<tbody>\n<tr>\n<td style=\"width: 203px;\"><strong><em>Jm\u00e9no<\/em><\/strong><\/td>\n<td style=\"width: 117px;\"><strong><em>Bydli\u0161t\u011b<\/em><\/strong><\/td>\n<td style=\"width: 69px;\"><strong><em>V\u011bk<\/em><\/strong><\/td>\n<\/tr>\n<tr>\n<td style=\"width: 203px;\"><strong>Luk\u00e1\u0161 Dyntar<\/strong><\/td>\n<td style=\"width: 117px;\"><strong>Janov<\/strong><\/td>\n<td style=\"width: 69px;\"><strong> 9<\/strong><\/td>\n<\/tr>\n<tr>\n<td style=\"width: 203px;\"><strong>Ond\u0159ej Marek<\/strong><\/td>\n<td style=\"width: 117px;\"><strong>Janov<\/strong><\/td>\n<td style=\"width: 69px;\"><strong> 7<\/strong><\/td>\n<\/tr>\n<tr>\n<td style=\"width: 203px;\"><strong>Karol\u00edna Mare\u0161ov\u00e1<\/strong><\/td>\n<td style=\"width: 117px;\"><strong>Bystr\u00e9<\/strong><\/td>\n<td style=\"width: 69px;\"><strong> 6<\/strong><\/td>\n<\/tr>\n<tr>\n<td style=\"width: 203px;\"><strong>Jakub Mencl<\/strong><\/td>\n<td style=\"width: 117px;\"><strong>Bystr\u00e9<\/strong><\/td>\n<td style=\"width: 69px;\"><strong> 6<\/strong><\/td>\n<\/tr>\n<tr>\n<td style=\"width: 203px;\"><strong>Richard Poul<\/strong><\/td>\n<td style=\"width: 117px;\"><strong>Bystr\u00e9<\/strong><\/td>\n<td style=\"width: 69px;\"><strong> 8<\/strong><\/td>\n<\/tr>\n<tr>\n<td style=\"width: 203px;\"><strong>Jaysen Scheepers<\/strong><\/td>\n<td style=\"width: 117px;\"><strong>Bystr\u00e9<\/strong><\/td>\n<td style=\"width: 69px;\"><strong> 9<\/strong><\/td>\n<\/tr>\n<tr>\n<td style=\"width: 203px;\"><strong>Ond\u0159ej Smola<\/strong><\/td>\n<td style=\"width: 117px;\"><strong>Bystr\u00e9<\/strong><\/td>\n<td style=\"width: 69px;\"><strong>8<\/strong><\/td>\n<\/tr>\n<tr>\n<td style=\"width: 203px;\"><strong>Mat\u011bj Syrov\u00e1tko<\/strong><\/td>\n<td style=\"width: 117px;\"><strong>Ba\u010det\u00edn<\/strong><\/td>\n<td style=\"width: 69px;\"><strong> 7<\/strong><\/td>\n<\/tr>\n<tr>\n<td style=\"width: 203px;\"><strong>Milo\u0161 Zahradn\u00edk<\/strong><\/td>\n<td style=\"width: 117px;\"><strong>Janov<\/strong><\/td>\n<td style=\"width: 69px;\"><strong>10<\/strong><\/td>\n<\/tr>\n<tr>\n<td style=\"width: 203px;\"><strong>Pavel Zahradn\u00edk<\/strong><\/td>\n<td style=\"width: 117px;\"><strong>Janov<\/strong><\/td>\n<td style=\"width: 69px;\"><strong> 8<\/strong><\/td>\n<\/tr>\n<tr>\n<td style=\"width: 203px;\"><strong>Kevin Siv\u00e1k<\/strong><\/td>\n<td style=\"width: 117px;\"><strong>Ba\u010det\u00edn<\/strong><\/td>\n<td style=\"text-align: justify; width: 69px;\"><strong> 7<\/strong><\/td>\n<\/tr>\n<\/tbody>\n<\/table>\n<p style=\"text-align: justify;\"><u>Sch\u016fzky<\/u><\/p>\n<p style=\"text-align: justify;\">Za\u010d\u00edn\u00e1me dal\u0161\u00ed ro\u010dn\u00edk hry Plamen, ro\u010dn\u00edk 2008 &#8211; 2009. Brann\u00fd z\u00e1vod se kon\u00e1 11.10.2008 ve Slatin\u011b nad Zdobnic\u00ed. Je to celkem brzy a nem\u00e1me dost \u010dasu na tr\u00e9nov\u00e1n\u00ed, ani po\u010das\u00ed n\u00e1m nep\u0159eje a nem\u016f\u017eeme proto b\u011bhat venku.<\/p>\n<p style=\"text-align: justify;\">Je st\u00e1le \u0161patn\u00e9 po\u010das\u00ed, proto se sch\u00e1z\u00edme v&nbsp;b\u00fdval\u00e9 \u0161kole v&nbsp;Bystr\u00e9m v&nbsp;hasi\u010dsk\u00e9 klubovn\u011b. Tr\u00e9nujeme hlavn\u011b uzle, topografick\u00e9 zna\u010dky a hasi\u010dskou discipl\u00ednu. T\u011b\u0161\u00edme se ven na st\u0159elbu.<\/p>\n<p style=\"text-align: justify;\">Sch\u00e1z\u00edme se ka\u017ed\u00e9 pond\u011bl\u00ed a st\u0159edu. St\u00e1le opakujeme a opakujeme. Mus\u00ed na n\u00e1s b\u00fdt pohled k&nbsp;sm\u00edchu, nebo\u0165 n\u011bkdy uzle v\u00e1\u017eeme i s&nbsp;tkani\u010dkami u bot. Jde to velmi zt\u011b\u017eka. Hlavn\u011b prv\u0148\u00e1\u010dci jsou ze v\u0161eho vykulen\u00ed. Je toho na n\u011b tro\u0161ku moc. Sam\u00e9 nov\u00e9 informace.<\/p>\n<p style=\"text-align: justify;\">Jdeme do fini\u0161e. Kone\u010dn\u011b se na n\u00e1s usm\u00e1lo i slun\u00ed\u010dko. Vyu\u017e\u00edv\u00e1me hezk\u00fdch dn\u016f a b\u011bh\u00e1me venku. N\u00e1\u0161 vedouc\u00ed Michal Stod\u016flka n\u00e1s p\u011bkn\u011b proh\u00e1n\u00ed. Ka\u017ed\u00fd den ub\u011bhneme asi 2 kilometry, abychom v\u011bd\u011bli jak daleko pob\u011b\u017e\u00edme a tak\u00e9 abychom si um\u011bli rozlo\u017eit s\u00edly na z\u00e1vod\u011b. Z\u00edtra m\u00e1me volno a v&nbsp;sobotu jedeme.<\/p>\n<p style=\"text-align: justify;\"><u>Brann\u00fd z\u00e1vod ve Slatin\u011b nad Zdobnic\u00ed<\/u><\/p>\n<p style=\"text-align: justify;\">Ji\u017e od r\u00e1na je po\u0161mourn\u00e9 po\u010das\u00ed, mlha, zima a mrhol\u00ed. Jedeme dvan\u00e1ctsetrojkou a m\u00e1me v&nbsp;aut\u011b veselo, vezou n\u00e1s dorostenci jako \u0159idi\u010di. V&nbsp;druh\u00e9m aut\u011b jede na\u0161e pan\u00ed vedouc\u00ed. Je zima, ale my se hon\u00edme a tak je n\u00e1m teplo. Po\u010das\u00ed se zd\u00e1 se umoud\u0159\u00ed, ji\u017e p\u0159es mlhu prosv\u00edt\u00e1 slun\u00ed\u010dko. Za\u010d\u00edn\u00e1 b\u00fdt teplo. Vyb\u00edh\u00e1me se startovn\u00edm \u010d\u00edslem 11. Prvn\u00ed je st\u0159elba, z&nbsp;obou dru\u017estev sest\u0159eluje 1 \u0161pal\u00ed\u010dek jen Milo\u0161. My ostatn\u00ed nic. To je tedy ostuda. Na dal\u0161\u00edch stanovi\u0161t\u00edch se n\u00e1m da\u0159\u00ed st\u0159\u00eddav\u011b. Nem\u00e1me v\u0161ak pocit, \u017ee bychom byli zase tak \u0161patn\u00ed &#8211; napoprv\u00e9. Dob\u00edh\u00e1me celkem v&nbsp;pohod\u011b. Kdy\u017e rozhod\u010d\u00ed vyv\u011bsili v\u00fdsledkovou listinu, nejv\u011bt\u0161\u00ed radost maj\u00ed na\u0161e vedouc\u00ed. Jsme \u0161est\u00ed. Celkem dobr\u00e9 um\u00edst\u011bn\u00ed pro jarn\u00ed kolo.<\/p>\n<p style=\"text-align: justify;\">Po brann\u00e9m z\u00e1vod\u011b jsme si vzali m\u011bs\u00edc volno. Pak jsme se op\u011bt za\u010dali sch\u00e1zet jednou za 14&nbsp;dn\u00ed. Prvn\u00ed akce, na kterou se chyst\u00e1me je v\u00fdro\u010dn\u00ed valn\u00e1 hromada v&nbsp;na\u0161\u00ed mate\u0159sk\u00e9 organizaci hasi\u010d\u016f v&nbsp;Bystr\u00e9m, kter\u00e1 bude 10.1.2009 v&nbsp;hostinci v&nbsp;Bystr\u00e9m. Vedouc\u00ed n\u00e1m rozdali b\u00e1sni\u010dky a my se je u\u010dili zpam\u011bti. N\u011bkte\u0159\u00ed z&nbsp;n\u00e1s je\u0161t\u011b neum\u011bj\u00ed \u010d\u00edst, hlavn\u011b prv\u00e1ci.<\/p>\n<p style=\"text-align: justify;\"><u>V\u00fdro\u010dn\u00ed valn\u00e1 hromada<\/u><\/p>\n<p style=\"text-align: justify;\">Sch\u00e1z\u00edme se hodinu p\u0159ed zah\u00e1jen\u00edm sch\u016fze, abychom si v&nbsp;klidu zopakovali n\u00e1stup a b\u00e1sni\u010dky. Dost\u00e1v\u00e1me mikrofon, aby n\u00e1s bylo sly\u0161et po cel\u00e9m s\u00e1le. Kdy\u017e za\u010dne sch\u016fze, m\u00e1me mal\u00e9 du\u0161i\u010dky strachy. P\u0159ed tolika lidmi jsme je\u0161t\u011b nevystupovali. P\u0159edn\u00e1\u0161\u00edme b\u00e1sni\u010dky spole\u010dn\u011b se star\u0161\u00edmi d\u011btmi. M\u00e1me velk\u00fd \u00fasp\u011bch. Dost\u00e1v\u00e1me ka\u017ed\u00fd Kinder vaj\u00ed\u010dko. D\u00e1le pak p\u00e1rky jako odm\u011bnu. Po j\u00eddle si n\u00e1s rozeberou dom\u016f na\u0161e maminky.<\/p>\n<p style=\"text-align: justify;\"><u>Sch\u016fzky<\/u><\/p>\n<p style=\"text-align: justify;\">Op\u011bt se sch\u00e1z\u00edme jednou za \u010dtrn\u00e1ct dn\u00ed. Pan\u00ed vedouc\u00ed n\u00e1m vysv\u011btluje discipl\u00edny, kter\u00e9 n\u00e1s \u010dekaj\u00ed v&nbsp;jarn\u00edm kole. Na na\u0161e hlavy je toho moc.<\/p>\n<p style=\"text-align: justify;\">Na\u0161e sch\u016fzky se uskute\u010d\u0148uj\u00ed v&nbsp;b\u00fdval\u00e9 \u0161kole. N\u00e1s v\u0161ak v\u00edce ne\u017e discipl\u00edny bav\u00ed hran\u00ed Jetlalu, kotouly na \u017e\u00edn\u011bnce a p\u0159eskoky p\u0159es kozu. Pan\u00ed vedouc\u00ed n\u00e1s nech\u00e1vaj\u00ed se prob\u011bhnout, \u0159\u00edkaj\u00ed, \u017ee jsme skupina p\u011bkn\u011b \u017eiv\u00fdch d\u011bt\u00ed. Tak\u017ee na\u0161e prvn\u00ed sch\u016fzky jsou sp\u00ed\u0161e hodiny t\u011blocviku.<\/p>\n<p style=\"text-align: justify;\">Sna\u017e\u00edme se pochopit zp\u016fsoby v\u00e1z\u00e1n\u00ed uzl\u016f. I doma m\u00e1me provazy na jejich v\u00e1z\u00e1n\u00ed. I na\u0161e mamky se je u\u010dily, aby n\u00e1s mohly doma kontrolovat. \u00davaz na proudnici je pro n\u00e1s velmi t\u011b\u017ek\u00fd. V\u00edme, \u017ee ho nebudeme na ja\u0159e v\u00e1zat v\u0161ichni, ale um\u011bt ho m\u016f\u017eeme. Bude se hodit zase na dal\u0161\u00ed brann\u00fd z\u00e1vod.<\/p>\n<p style=\"text-align: justify;\"><u>V\u00edt\u00e1n\u00ed nov\u00fdch ob\u010d\u00e1nk\u016f obce Bystr\u00e9<\/u><\/p>\n<p style=\"text-align: justify;\">Dnes jsme dostali dal\u0161\u00ed b\u00e1sni\u010dky, budeme je p\u0159edn\u00e1\u0161et 22.3.2009 na v\u00edt\u00e1n\u00ed ob\u010d\u00e1nk\u016f v&nbsp;ned\u011bli. Na jejich nau\u010den\u00ed m\u00e1me dost m\u00e1lo \u010dasu, ale na\u0161e vedouc\u00ed n\u00e1m daly b\u00e1sni\u010dky kr\u00e1tk\u00e9, tak\u017ee to bude hra\u010dka.<\/p>\n<p style=\"text-align: justify;\"><u>Sch\u016fzky<\/u><\/p>\n<p style=\"text-align: justify;\">Od tohoto t\u00fddne se budeme sch\u00e1zet ji\u017e dvakr\u00e1t t\u00fddn\u011b. Je v&nbsp;tom v\u0161ak jeden h\u00e1\u010dek. Sch\u016fzky budou v&nbsp;\u00fater\u00fd a ve \u010dtvrtek. V&nbsp;\u00fater\u00fd se nebudeme sch\u00e1zet v\u0161ichni, proto\u017ee t\u0159i z&nbsp;n\u00e1s hraj\u00ed fotbal a to pr\u00e1v\u011b v&nbsp;\u00fater\u00fd a v&nbsp;sobotu maj\u00ed z\u00e1pasy. Ve \u010dtvrtek se sch\u00e1z\u00edme v\u011bt\u0161inou v\u0161ichni.<\/p>\n<p style=\"text-align: justify;\">Kdy\u017e je p\u011bkn\u00e9 po\u010das\u00ed, sch\u00e1z\u00edme se ji\u017e venku a pomalu prob\u00edr\u00e1me jednotliv\u00e9 discipl\u00edny. Na\u0161e vedouc\u00ed n\u00e1s testuj\u00ed, jak jsme rychl\u00ed a jak \u0161ikovn\u00ed. Podle toho n\u00e1s p\u0159id\u011bluj\u00ed na posty, na kter\u00e9 sta\u010d\u00edme. Nacvi\u010dujeme dvojice, \u0161tafetu 4 x 60 m, \u0161tafetu CTIF.<\/p>\n<p style=\"text-align: justify;\">St\u00e1le pob\u00edh\u00e1me kolem \u0161koly, kostela a hasi\u010d\u00e1rny. Tr\u00e9nujeme kondi\u010dku.<\/p>\n<p style=\"text-align: justify;\">N\u00e1cvik pokra\u010duje. Pan\u00ed vedouc\u00ed jsou celkem spokojen\u00e9. Zat\u00edm jsme si nezkusili \u00fatok CTIF a po\u017e\u00e1rn\u00ed \u00fatok. Na jejich n\u00e1cvik je pot\u0159eba hodn\u011b p\u0159ek\u00e1\u017eek a pom\u016fcek. Tak \u010dek\u00e1me, kdy bude tyto discipl\u00edny nacvi\u010dovat dru\u017estvo star\u0161\u00edch, abychom si je mohli zkusit tak\u00e9.<\/p>\n<p style=\"text-align: justify;\">Tento t\u00fdden n\u00e1m nep\u0159\u00e1lo po\u010das\u00ed. V\u017edy, kdy\u017e jsme m\u011bli m\u00edt sch\u016fzku za\u010dalo pr\u0161et.Tak jsme byli ve \u0161kole v&nbsp;hasi\u010dsk\u00e9 klubovn\u011b. Tady n\u00e1s to ale v\u016fbec nebav\u00ed. Rad\u0161i bychom byli venku. Procvi\u010dujeme uzle, technick\u00e9 prost\u0159edky.<\/p>\n<p style=\"text-align: justify;\">Je \u00fater\u00fd a po\u010das\u00ed n\u00e1m p\u0159eje. Dnes jsme si zopakovali discipl\u00edny, kter\u00e9 n\u00e1m je\u0161t\u011b moc nejdou. Mimo\u0159\u00e1dn\u011b jsme se se\u0161li v\u0161ichni.<\/p>\n<p style=\"text-align: justify;\">Dnes n\u00e1s vedouc\u00ed v\u016fbec nepot\u011b\u0161ily. Luk\u00e1\u0161 onemocn\u011bl a na sout\u011b\u017e s&nbsp;n\u00e1mi nepojede. To je pr\u016f\u0161vih. Luk\u00e1\u0161 b\u011bhal ve v\u0161ech discipl\u00edn\u00e1ch, a te\u010f na posledn\u00ed chv\u00edli mus\u00ed vedouc\u00ed zp\u0159eh\u00e1zet n\u011bkter\u00e9 posty v&nbsp;discipl\u00edn\u00e1ch, aby byl Luk\u00e1\u0161 zastoupen. Z\u00edtra odj\u00ed\u017ed\u00edme na t\u0159\u00eddenku ve Vod\u011bradech. Hl\u00e1s\u00ed \u0161patn\u00e9 po\u010das\u00ed a tak m\u00e1me celkem obavy ze zimy a span\u00ed p\u0159es noc ve stanu. Hlavn\u011b pan\u00ed vedouc\u00ed.<\/p>\n<p style=\"text-align: justify;\">Je den odjezdu na &#8222;t\u0159\u00eddenku&#8220;. Venku cel\u00fd den pr\u0161\u00ed a tak vedouc\u00ed rozhodly, \u017ee dnes nep\u016fjdeme sp\u00e1t do stanu, ale z\u016fstaneme p\u0159es noc v&nbsp;Bystr\u00e9m v&nbsp;t\u011blocvi\u010dn\u011b. Aby n\u00e1m nebyla zima, zatop\u00edme v&nbsp;kamnech. R\u00e1no odj\u00ed\u017ed\u00edme u\u017e v&nbsp;6 hodin. To se n\u00e1m nebude cht\u00edt vst\u00e1vat. Douf\u00e1me, \u017ee se po\u010das\u00ed alespo\u0148 tro\u0161i\u010dku umoud\u0159\u00ed.<\/p>\n<p style=\"text-align: justify;\"><u>Okresn\u00ed kolo hry Plamen ve Vod\u011bradech<\/u><\/p>\n<p style=\"text-align: justify;\">Na t\u00e9to &#8222;t\u0159\u00eddence&#8220; n\u00e1m nep\u0159\u00edlo po\u010das\u00ed. Cel\u00e9 t\u0159i dyn pr\u0161elo a byla zima. Tentokr\u00e1t se n\u00e1m hodilo, \u017ee m\u016f\u017eeme jezdit p\u0159esp\u00e1vat do Bystr\u00e9ho do t\u011blocvi\u010dny. Pan\u00ed vedouc\u00ed p\u0159es noc tepl\u00e1kovky vypraly, v&nbsp;su\u0161i\u010dk\u00e1ch usu\u0161ily, boty nechaly usu\u0161it na radi\u00e1torech, abychom mohli p\u0159\u00ed\u0161t\u00ed den b\u011bhat op\u011bt v&nbsp;such\u00e9m a \u010dist\u00e9m oble\u010den\u00ed. Na sout\u011b\u017ei se n\u00e1m da\u0159ilo se st\u0159\u00eddav\u00fdmi \u00fasp\u011bchy. Bylo zn\u00e1t, \u017ee Luk\u00e1\u0161 Dyntar a s&nbsp;n\u00edm i Pavl\u00edk Zahradn\u00edk (ten onemocn\u011bl v&nbsp;den odjezdu) n\u00e1m chyb\u011bli. P\u016fj\u010dovali jsme si na v\u00fdpomoc d\u011bti z&nbsp;ostatn\u00edch dru\u017estev (Provoz, K\u0159ovice).\u00a0 Nakonec se n\u00e1m docela l\u00edbilo, \u017ee jsme spali ve \u0161kole. Hr\u00e1li jsme s&nbsp;vedouc\u00edmi karty, hry aj. . U\u017eili jsme si. Jen vedouc\u00ed m\u011bly ka\u017edou noc pohotovost, proto\u017ee Jakubovi bylo poka\u017ed\u00e9 \u0161patn\u011b a maminka si pro n\u011bho musela po p\u016flnoci v\u017edy p\u0159ij\u00edt, aby jej r\u00e1no op\u011bt p\u0159ivedla p\u0159ed odjezdem. Pokou\u0161ela se o n\u011bj n\u011bjak\u00e1 nemoc a nebylo jist\u00e9, zda neodpadne i on. Je to v\u0161ak bojovn\u00edk a tak to s&nbsp;n\u00e1mi vydr\u017eel a\u017e do ned\u011ble, ale po odb\u011bhnut\u00ed posledn\u00ed discipl\u00edny vedouc\u00ed zavolaly jeho mamince a ta si pro n\u011bho p\u0159ijela d\u0159\u00edv. Celkov\u011b jsme se um\u00edstili na 11.&nbsp;m\u00edst\u011b.<\/p>\n<p style=\"text-align: justify;\"><u>Den bezpe\u010dnostn\u00edch a z\u00e1chrann\u00fdch slo\u017eek &#8211; 12.6.2009 v&nbsp;Dobru\u0161ce<\/u><\/p>\n<p style=\"text-align: justify;\">V\u00fdstavy z\u00e1chrann\u00e9 techniky hasi\u010d\u016f a policie se z\u00fa\u010dastnilo 7 \u010dlen\u016f na\u0161eho dru\u017estva.<\/p>\n<p style=\"text-align: justify;\"><u>D\u011btsk\u00fd den v&nbsp;Bystr\u00e9m<\/u><\/p>\n<p style=\"text-align: justify;\">Dne 6.7.2009 po\u0159\u00e1dala kulturn\u00ed komise p\u0159i obecn\u00edm \u00fa\u0159ade v&nbsp;Bystr\u00e9m a Sbor jednoty bratrsk\u00e9 v&nbsp;Bystr\u00e9m d\u011btsk\u00fd den pod n\u00e1zvem &#8222;Indi\u00e1nsk\u00e1 stezka&#8220;. Po\u0159adatel\u00e9 p\u0159ipravili dvacet p\u011bt stanovi\u0161\u0165 okolo m\u00edstn\u00edho koupali\u0161t\u011b. Na ka\u017ed\u00e9m stanovi\u0161ti d\u011bti plnili r\u016fzn\u00e9 \u00fakoly. Z\u00fa\u010dastnilo se 8 \u010dlen\u016f dru\u017estva.<\/p>\n<p style=\"text-align: justify;\"><u>Pr\u00e1zdninov\u00fd v\u00fdlet<\/u><\/p>\n<p style=\"text-align: justify;\">P\u0159ed &#8222;t\u0159\u00eddenkou&#8220; n\u00e1m vedouc\u00ed sl\u00edbily, \u017ee pro n\u00e1s p\u0159iprav\u00ed na pr\u00e1zdniny n\u011bjak\u00fd v\u00fdlet. Sv\u016fj slib splnily. Dvac\u00e1t\u00e9ho sedm\u00e9ho \u010dervence pro n\u00e1s napl\u00e1novaly dal\u0161\u00ed d\u011btsk\u00fd den na bystersk\u00e9m koupali\u0161ti. Tentokr\u00e1t jej po\u0159\u00e1dal vedouc\u00ed kiosku pro d\u011bti z&nbsp;okoln\u00edch vesnic. Za\u010d\u00e1tek byl od 13 hodin. Byl zde sk\u00e1kac\u00ed hrad a jin\u00e9 atrakce. U\u017eili jsme si p\u011bkn\u00e9 odpoledne. Dal\u0161\u00edm programem tohoto dny byl v\u00fdlet do plosk\u00e9ho m\u011bsta Kudowa Zdroj a n\u00e1v\u0161t\u011bva tamn\u00edho baz\u00e9nu s&nbsp;n\u00e1zvem Vodn\u00ed sv\u011bt. Tentokr\u00e1t s&nbsp;n\u00e1mi jeli i na\u0161i rodi\u010de a sourozenci. My mlad\u00ed hasi\u010di jsme jeli \u0160 1203. Ostatn\u00ed jeli v&nbsp;osobn\u00edch autech. Baz\u00e9n je p\u011bkn\u00fd. Je zde tobog\u00e1n, mas\u00e1\u017en\u00ed trysky, vodn\u00ed proudy aj. .Velice jsme si u\u017eili. Z&nbsp;baz\u00e9nu se n\u00e1m necht\u011blo, a\u017e kdy\u017e n\u00e1m vedouc\u00ed sl\u00edbily, \u017ee po brann\u00e9m z\u00e1vod\u011b tento baz\u00e9n op\u011bt nav\u0161t\u00edv\u00edme. Po p\u0159\u00edjezdu do Bystr\u00e9ho jsme se najedli toust\u016f a zalehli do spac\u00e1k\u016f v&nbsp;t\u011blocvi\u010dn\u011b. Tentokr\u00e1t jsme usnuli rychle.<\/p>\n<p style=\"text-align: justify;\">Na 28.&nbsp;\u010dervence vymyslely na\u0161e vedouc\u00ed dal\u0161\u00ed v\u00fdlet, a to do minizoo v&nbsp;z\u00e1mku v&nbsp;\u010castolovic\u00edch. Pan Martinek n\u00e1s v\u0161echny vezl savienem. Byl to hezk\u00fd v\u00fdlet.<\/p>\n","protected":false},"excerpt":{"rendered":"<p>Jm\u00e9no Bydli\u0161t\u011b V\u011bk Luk\u00e1\u0161 Dyntar Janov 9 Ond\u0159ej Marek Janov 7 Karol\u00edna Mare\u0161ov\u00e1 Bystr\u00e9 6 Jakub Mencl Bystr\u00e9 6 Richard Poul Bystr\u00e9 8 Jaysen Scheepers Bystr\u00e9 9 Ond\u0159ej Smola Bystr\u00e9 8 Mat\u011bj Syrov\u00e1tko Ba\u010det\u00edn 7 Milo\u0161 Zahradn\u00edk Janov 10 Pavel Zahradn\u00edk Janov 8 Kevin Siv\u00e1k Ba\u010det\u00edn 7 Sch\u016fzky Za\u010d\u00edn\u00e1me dal\u0161\u00ed ro\u010dn\u00edk hry Plamen, ro\u010dn\u00edk 2008 [&hellip;]<\/p>\n","protected":false},"author":2,"featured_media":0,"parent":100,"menu_order":0,"comment_status":"closed","ping_status":"closed","template":"","meta":{"footnotes":""},"class_list":["post-1024","page","type-page","status-publish","hentry"],"aioseo_notices":[],"jetpack_sharing_enabled":true,"jetpack_likes_enabled":true,"_links":{"self":[{"href":"https:\/\/www.hasicibystre.cz\/index.php?rest_route=\/wp\/v2\/pages\/1024","targetHints":{"allow":["GET"]}}],"collection":[{"href":"https:\/\/www.hasicibystre.cz\/index.php?rest_route=\/wp\/v2\/pages"}],"about":[{"href":"https:\/\/www.hasicibystre.cz\/index.php?rest_route=\/wp\/v2\/types\/page"}],"author":[{"embeddable":true,"href":"https:\/\/www.hasicibystre.cz\/index.php?rest_route=\/wp\/v2\/users\/2"}],"replies":[{"embeddable":true,"href":"https:\/\/www.hasicibystre.cz\/index.php?rest_route=%2Fwp%2Fv2%2Fcomments&post=1024"}],"version-history":[{"count":3,"href":"https:\/\/www.hasicibystre.cz\/index.php?rest_route=\/wp\/v2\/pages\/1024\/revisions"}],"predecessor-version":[{"id":1320,"href":"https:\/\/www.hasicibystre.cz\/index.php?rest_route=\/wp\/v2\/pages\/1024\/revisions\/1320"}],"up":[{"embeddable":true,"href":"https:\/\/www.hasicibystre.cz\/index.php?rest_route=\/wp\/v2\/pages\/100"}],"wp:attachment":[{"href":"https:\/\/www.hasicibystre.cz\/index.php?rest_route=%2Fwp%2Fv2%2Fmedia&parent=1024"}],"curies":[{"name":"wp","href":"https:\/\/api.w.org\/{rel}","templated":true}]}}