{"id":1036,"date":"2018-07-30T20:23:20","date_gmt":"2018-07-30T18:23:20","guid":{"rendered":"http:\/\/www.hasicibystre.cz\/?page_id=1036"},"modified":"2018-08-04T19:42:21","modified_gmt":"2018-08-04T17:42:21","slug":"rocnik-2002-2003","status":"publish","type":"page","link":"https:\/\/www.hasicibystre.cz\/?page_id=1036","title":{"rendered":"Ro\u010dn\u00edk 2002 &#8211; 2003"},"content":{"rendered":"<p><span style=\"background-color: #ffcc00;\">OPRAV!!!<\/span>Jarom\u00edr MaisnerBystr\u00e911Samuel Hejzlar<strong> Bystr\u00e9<\/strong>10Roman Kv\u011bto\u0148<strong> Sedlo\u0148ov<\/strong>9Tom\u00e1\u0161 Kav\u00e1lek<strong> Bystr\u00e9<\/strong>9Jan MaisnerBystr\u00e99Michaela \u010ctvrte\u010dkov\u00e1Bystr\u00e99Marek Du\u0161kaBystr\u00e99Jarmila Hejzlarov\u00e1Bystr\u00e99Mark\u00e9ta Hejzlarov\u00e1Bystr\u00e98Ji\u0159\u00ed Maisner<strong> Bystr\u00e9<\/strong>8Nikola \u010ctvrte\u010dkov\u00e1Bystr\u00e97<\/p>\n<table width=\"557\">\n<tbody>\n<tr>\n<td width=\"186\"><strong><em>Jm\u00e9no<\/em><\/strong><\/td>\n<td width=\"186\"><strong><em>Bydli\u0161t\u011b<\/em><\/strong><\/td>\n<td width=\"186\"><strong><em>V\u011bk<\/em><\/strong><\/td>\n<\/tr>\n<tr>\n<td width=\"33%\"><strong>Jan Franc<\/strong><\/td>\n<td width=\"33%\"><strong>Bystr\u00e9 <\/strong><\/td>\n<td width=\"33%\"><strong>10<\/strong><\/td>\n<\/tr>\n<tr>\n<td><strong>\u00a0<\/strong><\/td>\n<td><strong>\u00a0<\/strong><\/td>\n<td><strong>\u00a0<\/strong><\/td>\n<\/tr>\n<\/tbody>\n<\/table>\n<p style=\"text-align: justify;\"><u>Podzim<\/u><\/p>\n<p style=\"text-align: justify;\">&#8230;op\u011bt nastal \u010das, abychom se zdokonalovali\u00a0 a p\u0159ipravovali na brann\u00fd z\u00e1vod. St\u0159elba, \u0161plh, uzle, zdravov\u011bda, topografick\u00e9 zna\u010dky a st\u00e1le dokola. Pom\u00e1hali jsme p\u0159i \u00faprav\u011b trati na z\u00e1vod v&nbsp;Bystr\u00e9m, ve farsk\u00fdch les\u00edch. Malou gener\u00e1lku p\u0159ed bystersk\u00fdm z\u00e1vodem m\u011bla hl\u00eddka (Honza, Sam, Roman a kluci Maisnerovi) v&nbsp;sobotu 12.&nbsp;\u0159\u00edjna 2002 na brann\u00e9m z\u00e1vodu v&nbsp;Meziles\u00ed, kde obsadili n\u00e1dhern\u00e9 4.&nbsp;m\u00edsto.<\/p>\n<p style=\"text-align: justify;\"><u>Brann\u00fd z\u00e1vod v&nbsp;Bystr\u00e9m<\/u><\/p>\n<p style=\"text-align: justify;\">Po\u010das\u00ed n\u00e1m nep\u0159eje, pr\u0161\u00ed a je zima, ale my jsme p\u0159ipraveni bojovat. M\u00e1me dv\u011b hl\u00eddky. Na\u0161e hl\u00eddky si nakonec dob\u011bhly pro 6.&nbsp;m\u00edsto a odm\u011bnou n\u00e1m bylo tepl\u00e9 ob\u010derstven\u00ed z&nbsp;ud\u00edrny.<\/p>\n<p style=\"text-align: justify;\"><u>Zima<\/u><\/p>\n<p style=\"text-align: justify;\">T\u0159in\u00e1ct\u00e9ho prosince jsme nav\u0161t\u00edvili tradi\u010dn\u00ed v\u00fdstavu betl\u00e9m\u016f v&nbsp;Meziles\u00ed. O den pozd\u011bji jsme secvi\u010dili kulturn\u00ed vystoupen\u00ed pro d\u011btskou v\u00e1no\u010dn\u00ed bes\u00eddku, na kterou se ka\u017ed\u00fd rok t\u011b\u0161\u00edme. Dvac\u00e1t\u00e9ho osm\u00e9ho prosince se konala v\u00fdro\u010dn\u00ed valn\u00e1 hromada, na kterou jsme si tak\u00e9 p\u0159ipravili kulturn\u00ed program.<\/p>\n<p style=\"text-align: justify;\"><u>Jaro<\/u><\/p>\n<p style=\"text-align: justify;\">Po zimn\u00edm odpo\u010dinku za\u010d\u00edn\u00e1me zase tr\u00e9novat ba okresn\u00ed kolo Plamen. Opakujeme si topografick\u00e9 zna\u010dky, uzle, ale hlavn\u011b tr\u00e9nujeme b\u011bh. Dvac\u00e1t\u00e9ho druh\u00e9ho b\u0159ezna se konal pro n\u00e1s mal\u00fd karneval pln\u00fd ma\u0161kar, sout\u011b\u017e\u00ed, sladk\u00fdch odm\u011bn s&nbsp;tombolou. P\u0159i koled\u00e1ch jsme si vykoledovali plnou ta\u0161ku sladkost\u00ed. T\u0159in\u00e1ct\u00e9ho dubna jsme nezapomn\u011bli na na\u0161e star\u0161\u00ed spoluob\u010dany p\u0159i jejich setk\u00e1n\u00ed. T\u0159ic\u00e1t\u00e9ho dubna jsme op\u011bt p\u00e1lili \u010darod\u011bjnice. Dvac\u00e1t\u00e9ho \u0161est\u00e9ho dubna n\u00e1s \u010dekal Poh\u00e1dkov\u00fd les na Cik\u00e1nsk\u00fdch toulk\u00e1ch, kter\u00fd byl pln\u00fd mal\u00fdch vytrvalc\u016f. Dvac\u00e1t\u00e9ho \u010dtvrt\u00e9ho kv\u011btna jsme se sna\u017eili trochu pomoci p\u0159i \u010di\u0161t\u011bn\u00ed koupali\u0161t\u011b.<\/p>\n<p style=\"text-align: justify;\"><u>Okresn\u00ed kolo v&nbsp;P\u0159epych\u00e1ch<\/u><\/p>\n<p style=\"text-align: justify;\">Spali jsme ve stanech na m\u00edstn\u00edm h\u0159i\u0161ti. Po\u010das\u00ed bylo velmi p\u011bkn\u00e9, ale \u00famorn\u00e9. Sna\u017eili jsme se ze v\u0161ech sil a odm\u011bnou n\u00e1m bylo 2.&nbsp;m\u00edsto.<\/p>\n<p style=\"text-align: justify;\"><u>Za\u010d\u00edn\u00e1 l\u00e9to<\/u><\/p>\n<p style=\"text-align: justify;\">Jeden\u00e1ct\u00e9ho \u010dervna jsme se se\u0161li u na\u0161i vedouc\u00ed p. \u0160ubrtov\u00e9. P\u0159i\u0161li tak\u00e9 star\u0161\u00ed hasi\u010di p. Dus\u00edlka. Zhodnotili jsme uplynul\u00fd rok a op\u00e9kali jsme ku\u0159ata. Dvac\u00e1t\u00e9ho dev\u00e1t\u00e9ho \u010dervna se pro d\u011bti po\u0159\u00e1dal na koupali\u0161ti d\u011btsk\u00fd den. Sout\u011b\u017eili jsme, hledali poklad a ka\u017ed\u00fd z&nbsp;n\u00e1s si odnesl p\u011bkn\u00fd d\u00e1rek. \u0160est\u00e9ho \u010dervence jsme byli na v\u00fdlet\u011b v&nbsp;polsk\u00e9m Lew\u00edn\u011b Klodzk\u00e9m, kde se konaly 4.&nbsp;hry bez hranic mlad\u00fdch hasi\u010d\u016f.<\/p>\n","protected":false},"excerpt":{"rendered":"<p>OPRAV!!!Jarom\u00edr MaisnerBystr\u00e911Samuel Hejzlar Bystr\u00e910Roman Kv\u011bto\u0148 Sedlo\u0148ov9Tom\u00e1\u0161 Kav\u00e1lek Bystr\u00e99Jan MaisnerBystr\u00e99Michaela \u010ctvrte\u010dkov\u00e1Bystr\u00e99Marek Du\u0161kaBystr\u00e99Jarmila Hejzlarov\u00e1Bystr\u00e99Mark\u00e9ta Hejzlarov\u00e1Bystr\u00e98Ji\u0159\u00ed Maisner Bystr\u00e98Nikola \u010ctvrte\u010dkov\u00e1Bystr\u00e97 Jm\u00e9no Bydli\u0161t\u011b V\u011bk Jan Franc Bystr\u00e9 10 \u00a0 \u00a0 \u00a0 Podzim &#8230;op\u011bt nastal \u010das, abychom se zdokonalovali\u00a0 a p\u0159ipravovali na brann\u00fd z\u00e1vod. St\u0159elba, \u0161plh, uzle, zdravov\u011bda, topografick\u00e9 zna\u010dky a st\u00e1le dokola. Pom\u00e1hali jsme p\u0159i \u00faprav\u011b trati na z\u00e1vod v&nbsp;Bystr\u00e9m, [&hellip;]<\/p>\n","protected":false},"author":2,"featured_media":0,"parent":100,"menu_order":0,"comment_status":"closed","ping_status":"closed","template":"","meta":{"footnotes":""},"class_list":["post-1036","page","type-page","status-publish","hentry"],"aioseo_notices":[],"jetpack_sharing_enabled":true,"jetpack_likes_enabled":true,"_links":{"self":[{"href":"https:\/\/www.hasicibystre.cz\/index.php?rest_route=\/wp\/v2\/pages\/1036","targetHints":{"allow":["GET"]}}],"collection":[{"href":"https:\/\/www.hasicibystre.cz\/index.php?rest_route=\/wp\/v2\/pages"}],"about":[{"href":"https:\/\/www.hasicibystre.cz\/index.php?rest_route=\/wp\/v2\/types\/page"}],"author":[{"embeddable":true,"href":"https:\/\/www.hasicibystre.cz\/index.php?rest_route=\/wp\/v2\/users\/2"}],"replies":[{"embeddable":true,"href":"https:\/\/www.hasicibystre.cz\/index.php?rest_route=%2Fwp%2Fv2%2Fcomments&post=1036"}],"version-history":[{"count":3,"href":"https:\/\/www.hasicibystre.cz\/index.php?rest_route=\/wp\/v2\/pages\/1036\/revisions"}],"predecessor-version":[{"id":1310,"href":"https:\/\/www.hasicibystre.cz\/index.php?rest_route=\/wp\/v2\/pages\/1036\/revisions\/1310"}],"up":[{"embeddable":true,"href":"https:\/\/www.hasicibystre.cz\/index.php?rest_route=\/wp\/v2\/pages\/100"}],"wp:attachment":[{"href":"https:\/\/www.hasicibystre.cz\/index.php?rest_route=%2Fwp%2Fv2%2Fmedia&parent=1036"}],"curies":[{"name":"wp","href":"https:\/\/api.w.org\/{rel}","templated":true}]}}