{"id":1080,"date":"2018-07-30T20:42:39","date_gmt":"2018-07-30T18:42:39","guid":{"rendered":"http:\/\/www.hasicibystre.cz\/?page_id=1080"},"modified":"2018-08-04T20:38:34","modified_gmt":"2018-08-04T18:38:34","slug":"rocnik-1983-1984","status":"publish","type":"page","link":"https:\/\/www.hasicibystre.cz\/?page_id=1080","title":{"rendered":"Ro\u010dn\u00edk 1983 &#8211; 1984"},"content":{"rendered":"<table width=\"557\">\n<tbody>\n<tr>\n<td width=\"186\"><strong><em>Jm\u00e9no<\/em><\/strong><\/td>\n<td width=\"186\"><strong><em>Bydli\u0161t\u011b<\/em><\/strong><\/td>\n<td width=\"186\"><strong><em>V\u011bk<\/em><\/strong><\/td>\n<\/tr>\n<tr>\n<td width=\"186\"><strong>Roman \u010ctvrte\u010dka<\/strong><\/td>\n<td width=\"186\"><strong>Bystr\u00e9<\/strong><\/td>\n<td width=\"186\"><strong>13<\/strong><\/td>\n<\/tr>\n<tr>\n<td width=\"186\"><strong>Alena Dra\u0161narov\u00e1<\/strong><\/td>\n<td width=\"186\"><strong>Bystr\u00e9<\/strong><\/td>\n<td width=\"186\"><strong>12<\/strong><\/td>\n<\/tr>\n<tr>\n<td width=\"186\"><strong>Jan Franc<\/strong><\/td>\n<td width=\"186\"><strong>Bystr\u00e9<\/strong><\/td>\n<td width=\"186\"><strong>12<\/strong><\/td>\n<\/tr>\n<tr>\n<td width=\"186\"><strong>Josef Mach<\/strong><\/td>\n<td width=\"186\"><strong>Bystr\u00e9<\/strong><\/td>\n<td width=\"186\"><strong>9<\/strong><\/td>\n<\/tr>\n<tr>\n<td width=\"186\"><strong>Alena Machov\u00e1<\/strong><\/td>\n<td width=\"186\"><strong>Bystr\u00e9<\/strong><\/td>\n<td width=\"186\"><strong>11<\/strong><\/td>\n<\/tr>\n<tr>\n<td width=\"186\"><strong>Lubo\u0161 Nohejl<\/strong><\/td>\n<td width=\"186\"><strong>Bystr\u00e9<\/strong><\/td>\n<td width=\"186\"><strong>11<\/strong><\/td>\n<\/tr>\n<tr>\n<td width=\"186\"><strong>Josef \u0160evc<\/strong><\/td>\n<td width=\"186\"><strong>Bystr\u00e9<\/strong><\/td>\n<td width=\"186\"><strong>8<\/strong><\/td>\n<\/tr>\n<tr>\n<td width=\"186\"><strong>Leo\u0161 \u0160evc<\/strong><\/td>\n<td width=\"186\"><strong>Bystr\u00e9<\/strong><\/td>\n<td width=\"186\"><strong>11<\/strong><\/td>\n<\/tr>\n<tr>\n<td width=\"186\"><strong>Stanislav \u0160evc<\/strong><\/td>\n<td width=\"186\"><strong>Bystr\u00e9<\/strong><\/td>\n<td width=\"186\"><strong>14<\/strong><\/td>\n<\/tr>\n<tr>\n<td width=\"186\"><strong>Jitka \u0160pa\u010dkov\u00e1<\/strong><\/td>\n<td width=\"186\"><strong>Bystr\u00e9<\/strong><\/td>\n<td width=\"186\"><strong>13<\/strong><\/td>\n<\/tr>\n<tr>\n<td width=\"186\"><strong>Petr \u0160ritr<\/strong><\/td>\n<td width=\"186\"><strong>Bystr\u00e9<\/strong><\/td>\n<td width=\"186\"><strong>13<\/strong><\/td>\n<\/tr>\n<\/tbody>\n<\/table>\n<p style=\"text-align: justify;\"><u>\u00a0Slavnostn\u00ed shrom\u00e1\u017ed\u011bn\u00ed<\/u><\/p>\n<p style=\"text-align: justify;\">\u00a0Prvn\u00ed den \u0161koly se v\u0161echny t\u0159\u00eddy se\u0161li v&nbsp;5.&nbsp;t\u0159\u00edd\u011b na slavnostn\u00edm shrom\u00e1\u017ed\u011bn\u00ed. \u0158editel \u0161koly p. \u0160kalda n\u00e1s slavnostn\u011b uv\u00edtal, p\u0159edstavil n\u00e1m novou pan\u00ed u\u010ditelku V\u00e1gnerovou a pop\u0159\u00e1l n\u00e1m mnoho \u00fasp\u011bch\u016f ve \u0161koln\u00edm roce 1983 \u2013 1984. Potom jsme se roze\u0161li do sv\u00fdch t\u0159\u00edd, kde jsme poslouchali z&nbsp;rozhlasu projev ministra \u0161kolstv\u00ed. Nakonec jsme si se sv\u00fdmi t\u0159\u00eddn\u00edmi u\u010diteli vypr\u00e1v\u011bli z\u00e1\u017eitky z&nbsp;pr\u00e1zdnin.<\/p>\n<p style=\"text-align: justify;\"><u> \u00a0Slav\u00edme den \u010cSLA<\/u><\/p>\n<p style=\"text-align: justify;\">\u00a0V den \u010cSLA jsme se se\u0161li v&nbsp;p\u00e1t\u00e9 t\u0159\u00edd\u011b, proto\u017ee pion\u00fdrsk\u00e1 organizace po\u0159\u00e1dala besedu s&nbsp;voj\u00e1ky. Ti n\u00e1m ukazovali sv\u00e9 zbran\u011b, samopaly i men\u0161\u00ed zbran\u011b, z\u00e1sobn\u00edky. Potom jsme se mohli pt\u00e1t na to, co n\u00e1s zaj\u00edmalo. Nakonec jsme si v\u0161echny zbran\u011b prohl\u00e9dli zbl\u00edzka. Byla to moc zaj\u00edmav\u00e1 beseda a my jsme se toho dozv\u011bd\u011bli hodn\u011b o \u017eivot\u011b voj\u00e1k\u016f.<\/p>\n<p style=\"text-align: justify;\"><u> \u00a0P\u0159ipravujeme se na brann\u00fd z\u00e1vod<\/u><\/p>\n<p style=\"text-align: justify;\">\u00a0Se\u0161li jsme se v&nbsp;p\u011bt hodin v&nbsp;na\u0161\u00ed klubovn\u011b. Nep\u0159i\u0161el sice cel\u00fd kolektiv, p\u0159i\u0161la pouze Jitka, Alena, Roman, Standa, Leo\u0161 a Petr. Hned jsme se za\u010dali p\u0159ipravovat. Nejd\u0159\u00edve jsme si napsali kviz. Roman a Standa si pamatovali n\u011bkter\u00e9 ot\u00e1zky z&nbsp;lo\u0148ska, tak\u017ee m\u011bli asi dv\u011b chyby. Ostatn\u00ed sice m\u011bli chyb v\u00edce, ale kdy\u017e si to napsali je\u0161t\u011b jednou m\u011bli chybu u\u017e jenom Leo\u0161 a Petr. Potom jsme si vyzkou\u0161eli zdravotnickou t\u00e9matiku. Ta n\u00e1m docela \u0161la. Uspokojeni jsme se roze\u0161li dom\u016f.<\/p>\n<p style=\"text-align: justify;\">\u00a0Se\u0161li jsme se ve \u010dty\u0159i hodiny u po\u017e\u00e1rn\u00ed zbrojnice. Dnes jsme m\u011bli napl\u00e1novanou st\u0159elbu ze vzduchovky a hod gran\u00e1tem. Nejd\u0159\u00edve jsme st\u0159\u00edleli. Nejl\u00e9pe to \u0161lo Romanovi. Ka\u017ed\u00fd si st\u0159elil p\u011btkr\u00e1t a Jitka s&nbsp;Leo\u0161em potom je\u0161t\u011b jednou. Kdy\u017e jsme si odst\u0159\u00edleli, \u0161li jsme na gran\u00e1t. Ka\u017ed\u00fd m\u011bl t\u0159i gran\u00e1ty. Ten, kdo nehodil v\u0161echny t\u0159i, h\u00e1zel je\u0161t\u011b jednou. Dom\u016f jsme se roze\u0161li asi v&nbsp;\u0161est hodin.<\/p>\n<p style=\"text-align: justify;\">\u00a0Dnes jsme se se\u0161li v&nbsp;klubovn\u011b. Nejprve jsme si zopakovali zdravotnickou t\u00e9matiku, a potom se \u0161lo na kviz. Leo\u0161 a Roman ud\u011blali chybu a museli ps\u00e1t znovu. My ostatn\u00ed jsme se zat\u00edm u\u010dili topografick\u00e9 zna\u010dky. Kdy\u017e kluci dopsali kviz, u\u010dili se s&nbsp;n\u00e1mi zna\u010dky a potom jsme si zahr\u00e1li stolovou hru. Potom jsme si domluvili dal\u0161\u00ed sch\u016fzku a roze\u0161li jsme se dom\u016f.<\/p>\n<p style=\"text-align: justify;\">\u00a0Se\u0161li jsme se o p\u016fl \u010dtvrt\u00e9 u po\u017e\u00e1rn\u00ed zbrojnice. Dnes jsme cht\u011bli zvl\u00e1dnout orientaci s&nbsp;buzolou a \u0161plh na lan\u011b. Orientace s&nbsp;buzolou n\u00e1m \u0161la dob\u0159e, nebo\u0165 jsme si toho hodn\u011b zapamatovali ze \u0161koly. Tak\u00e9 jsme cht\u011bli vid\u011bt has\u00edc\u00ed p\u0159\u00edstroje. P\u0159i\u0161el tedy mezi n\u00e1s Jirka a uk\u00e1zal n\u00e1m je a o ka\u017ed\u00e9m n\u00e1m n\u011bco \u0159ekl. Byli jsme r\u00e1di,\u017ee n\u00e1m vypr\u00e1v\u011bl o has\u00edc\u00edch p\u0159\u00edstroj\u00edch, nebo\u0165 kluky to docela zaj\u00edmalo. Dom\u016f jsme se roze\u0161li asi v&nbsp;\u0161est hodin s&nbsp;nov\u00fdmi poznatky.<\/p>\n<p style=\"text-align: justify;\">\u00a0Dnes jsme m\u011bli posledn\u00ed sch\u016fzku p\u0159ed z\u00e1vodem. Se\u0161li jsme se ve \u010dty\u0159i hodiny v&nbsp;klubovn\u011b. Nejd\u0159\u00edv jsme si zopakovali kviz. Dnes neud\u011blal nikdo chybu. Potom jsme si p\u0159ed\u0159\u00edkali topografick\u00e9 zna\u010dky. I ty n\u00e1m \u0161ly dob\u0159e. Byli jsme r\u00e1di, \u017ee jsme p\u0159\u00edpravy na brann\u00fd z\u00e1vod zvl\u00e1dli docela dob\u0159e a sami se sebou jsme byli spokojeni. Jak to dopadne pozn\u00e1me a\u017e z\u00edtra. Domluvili jsme se, \u017ee se r\u00e1no sejdeme o p\u016fl osm\u00e9 u po\u017e\u00e1rn\u00ed zbrojnice a odtud tr\u00e1d\u00e1 do \u010castolovic. Dom\u016f jsme se rozch\u00e1zeli u\u017e tak trochu se strachem, jak z\u00edt\u0159ej\u0161\u00ed z\u00e1vod dopadne.<\/p>\n<p style=\"text-align: justify;\">Brann\u00fd z\u00e1vod v&nbsp;\u010castolovic\u00edch<\/p>\n<p style=\"text-align: justify;\">\u00a0R\u00e1no v&nbsp;osm hodin jsme se se\u0161li u po\u017e\u00e1rn\u00ed zbrojnice a vyrazili sm\u011brem do \u010castolovic. Po p\u0159\u00edjezdu jsme si vyzvedli startovn\u00ed \u010d\u00edslo 58. Po zahajovac\u00edm n\u00e1stupu jsme ode\u0161li k&nbsp;prvn\u00ed discipl\u00edn\u011b \u201e kviz \u201c . Kviz jsme napsali s&nbsp;jednou chybou, co\u017e n\u00e1s pot\u011b\u0161ilo. Odebrali jsme se na \u010daj, proto\u017ee bylo dost \u010dasu na odstartov\u00e1n\u00ed. Potom nastalo nap\u011bt\u00ed a vyb\u011bhli jsme ve slo\u017een\u00ed: Fanda, Roman, Standa, Jitka, Leo\u0161. Dob\u011bhli jsme ud\u00fdchan\u00ed, ale hlavn\u011b, \u017ee jsme dob\u011bhli. Po kr\u00e1tk\u00e9 chvilce n\u00e1m ozn\u00e1mili, \u017ee jsme obsadili 3.&nbsp;p\u0159\u00ed\u010dku.<\/p>\n<ol style=\"text-align: justify;\" start=\"66\">\n<li><u> v\u00fdro\u010d\u00ed V\u0158SR<\/u><\/li>\n<\/ol>\n<p style=\"text-align: justify;\">\u00a0Se\u0161li jsme se v&nbsp;klubovn\u011b, abychom si p\u0159ipomn\u011bli 66.&nbsp;v\u00fdro\u010d\u00ed V\u0158SR a pov\u011bd\u011bli jsme si v\u0161e o V\u0158SR v\u00edme. P\u0159itom jsme se dozv\u011bd\u011bli mnoho zaj\u00edmav\u00e9ho o V\u0158SR i o V. I. Leninovi, kter\u00fd ji vedl.<\/p>\n<p style=\"text-align: justify;\"><u> \u00a0V\u00fdstava d\u00e1rk\u016f a dopis\u016f<\/u><\/p>\n<p style=\"text-align: justify;\">\u00a0Na dne\u0161n\u00ed sch\u016fzce jsme si p\u0159inesli d\u00e1rky a dopisy od sov\u011btsk\u00fdch p\u0159\u00e1tel. Prohl\u00e9dli jsme si je a vybrali ty nejlep\u0161\u00ed. D\u00e1me je toti\u017e do na\u0161\u00ed \u0161koly v&nbsp;Dob\u0159anech, kde je budeme vystavovat v&nbsp;pion\u00fdrsk\u00e9 klubovn\u011b. Pak jsme si zahr\u00e1li sout\u011b\u017e, ve kter\u00e9 se n\u00e1s p. vedouc\u00ed ptala, co v\u00edme o SSSR. Tuto sout\u011b\u017e vyhr\u00e1la skupina v\u0161ech d\u00edvek. Dne\u0161n\u00ed sch\u016fzka se n\u00e1m moc l\u00edbila.<\/p>\n<p style=\"text-align: justify;\"><u> \u00a0P\u0159ipravujeme se na v\u00fdro\u010dn\u00ed sch\u016fzi<\/u><\/p>\n<p style=\"text-align: justify;\">\u00a0P\u0159ed v\u00fdro\u010dn\u00ed sch\u016fz\u00ed jsme slavnostn\u011b vyzdobili na\u0161i klubovnu a\u00a0 k&nbsp;t\u00e9to p\u0159\u00edle\u017eitosti jsme nacvi\u010dili kulturn\u00ed program, kter\u00fdm jsme sch\u016fzi zah\u00e1jili. V\u0161ichni jsme spole\u010dn\u011b vyslechli celoro\u010dn\u00ed \u010dinnost na\u0161\u00ed organizace. Pom\u00e1hali jsme p\u0159i poho\u0161t\u011bn\u00ed pro \u010dleny i pro hosty, kter\u00fdch bylo dost.<\/p>\n<p style=\"text-align: justify;\"><u> \u00a0Mikul\u00e1\u0161<\/u><\/p>\n<p style=\"text-align: justify;\">\u00a0Asi o p\u016fl sedm\u00e9 ve\u010der se se\u0161li kluci Jirka, Roman, Fanda, Milo\u0161. Leto\u0161n\u00edho Mikul\u00e1\u0161e d\u011blal Roman Grulich. Vzali metly, zvonky a Mikul\u00e1\u0161 ko\u0161\u00edk a d\u00e1rky. V&nbsp;sedm hodin vyrazili rozd\u00e1vat.<\/p>\n<p style=\"text-align: justify;\"><u> \u00a0V\u00e1no\u010dn\u00ed bes\u00eddka<\/u><\/p>\n<p style=\"text-align: justify;\">\u00a0Od jedn\u00e9 hodiny se na na\u0161\u00ed \u0161kole konala V\u00e1no\u010dn\u00ed bes\u00eddka. Na bes\u00eddce t\u0159\u00eddy p\u0159edv\u00e1d\u011bli r\u016fzn\u00e9 sc\u00e9nky, kter\u00e9 se hodn\u011b l\u00edbily. Bes\u00eddku p\u0159ipravovala 8.&nbsp;t\u0159\u00edda. Hr\u00e1la hudba nato\u010den\u00e1 na magnetofonu. Potom p\u0159i\u0161la B\u00edl\u00e1 kr\u00e1lovna s&nbsp;Kayem a Gerdou a rozd\u00e1vali d\u00e1rky, kter\u00e9 si \u017e\u00e1ci vz\u00e1jemn\u011b nad\u011blovali.<\/p>\n<p style=\"text-align: justify;\"><u> \u00a0Beseda s&nbsp;LM<\/u><\/p>\n<p style=\"text-align: justify;\">\u00a0Dne 15.&nbsp;2.&nbsp;1984 jsme se spole\u010dn\u011b\u00a0 s&nbsp;milicion\u00e1\u0159i z\u00fa\u010dastnili besedy v&nbsp;Dob\u0159anech. Prom\u00edtali jsme si film, kter\u00fd s&nbsp;sebou p\u0159inesli milicion\u00e1\u0159i. Film byl o zalo\u017een\u00ed lidov\u00e9 milice a o pr\u00e1ci milicion\u00e1\u0159\u016f v&nbsp;Adastu. Na z\u00e1v\u011br jsme milicion\u00e1\u0159\u016fm pod\u011bkovali a rozlou\u010dili se s&nbsp;nimi.<\/p>\n<p style=\"text-align: justify;\"><u> \u00a0Chod\u00edme ly\u017eovat<\/u><\/p>\n<p style=\"text-align: justify;\">\u00a0V osm hodin jsme se se\u0161li u \u010dek\u00e1rny. Po\u010dkali jsme si a\u017e pojede autobus a odjeli jsme na Sedlo\u0148ov. Na Sedlo\u0148ov\u011b jsme si koupili l\u00edstky na 10 j\u00edzd lanovkou. Jezdili jsme lesem. Kdy\u017e si ka\u017ed\u00fd sv\u00fdch deset j\u00edzd odjel, jelo se zp\u011bt. Zbyli n\u00e1m na ly\u017eov\u00e1n\u00ed kr\u00e1sn\u00e9 vzpom\u00ednky.<\/p>\n<p style=\"text-align: justify;\"><u> \u00a0V\u00fdlet na b\u011b\u017ek\u00e1ch<\/u><\/p>\n<p style=\"text-align: justify;\">\u00a0Dnes o druh\u00e9m pr\u00e1zdninov\u00e9m dnu jsme vyrazili do hor za kr\u00e1snou zimn\u00ed p\u0159\u00edrodou a proto jsme si vzali b\u011b\u017eky. V&nbsp;Sedlo\u0148ov\u011b jsme zrovna natrefili na b\u011bh na b\u011b\u017ek\u00e1ch s&nbsp;n\u00e1zvem \u201e Pa\u0161er\u00e1ck\u00e1 stezka \u201c . B\u011bh prob\u00edhal kolem ohrady s&nbsp;divok\u00fdmi prasaty a d\u00e1le p\u0159es \u010cern\u00fd k\u0159\u00ed\u017e, Vrchmez\u00ed a Sedlo\u0148ovsk\u00fd kopec dol\u016f k&nbsp;Sedlo\u0148ovu. Na konci trasy jsme si odebrali diplomy a sportovn\u011b na b\u011b\u017ek\u00e1ch podle silnice jsme fr\u010deli dom\u016f.<\/p>\n<p style=\"text-align: justify;\"><u> \u00a0Beseda<\/u><\/p>\n<p style=\"text-align: justify;\">\u00a0Se\u0161li jsme se v&nbsp;na\u0161\u00ed klubovn\u011b abychom oslavili 36.&nbsp;v\u00fdro\u010d\u00ed V\u00edt\u011bzn\u00e9ho \u00fanora. Hovo\u0159il s&nbsp;n\u00e1mi o tom pan Dra\u0161nar. Beseda byla zaj\u00edmav\u00e1 a v\u0161ichni pozorn\u011b poslouchali.<\/p>\n<p style=\"text-align: justify;\"><u> \u00a0D\u011btsk\u00fd karneval<\/u><\/p>\n<p style=\"text-align: justify;\">\u00a0Ve dv\u011b hodiny jsme se se\u0161li v&nbsp;hospod\u011b. Za\u010dala hr\u00e1t hudba a za\u010dalo se tancovat. Kdy\u017e hudba dohr\u00e1la za\u010dalo se sout\u011b\u017eit. Byli v\u0161elijak\u00e9 hry. V&nbsp;\u0161est hodin jsme se roze\u0161li.<\/p>\n<p style=\"text-align: justify;\">MD\u017d<\/p>\n<p style=\"text-align: justify;\">\u00a0Dnes jsme se mimo\u0159\u00e1dn\u011b se\u0161li, abychom se vz\u00e1jemn\u011b poradili, jak ud\u011blat na\u0161im mamink\u00e1m, babi\u010dk\u00e1m a tet\u00e1m radost. Ka\u017ed\u00fd z&nbsp;n\u00e1s m\u011bl jin\u00fd n\u00e1pad, ale nakonec jsme spole\u010dn\u011b vytvo\u0159ili p\u0159\u00e1n\u00ed\u010dka a slavnostn\u011b jsme vyzdobili na\u0161i v\u00fdv\u011bsn\u00ed sk\u0159\u00ed\u0148ku.<\/p>\n<p style=\"text-align: justify;\"><u> \u00a0Cik\u00e1nsk\u00e9 toulky<\/u><\/p>\n<p style=\"text-align: justify;\">\u00a0Z\u00fa\u010dastnili jsme se \u201e Cik\u00e1nsk\u00fdch toulek \u201c . Letos jsme se rozhodli pro 15 km.<\/p>\n<p style=\"text-align: justify;\"><u> \u00a0N\u00e1rodn\u00ed sm\u011bny<\/u><\/p>\n<p style=\"text-align: justify;\">\u00a0Nastal den, na kter\u00fd byla vyhl\u00e1\u0161ena N\u00e1rodn\u00ed sm\u011bna. Se\u0161li jsme se v\u0161ichni u autobusov\u00e9 zast\u00e1vky s&nbsp;n\u00e1\u0159ad\u00edm a nasedli na vlek u traktoru. Jezdili jsme po cel\u00e9 vesnici a ukl\u00edzeli po zim\u011b zbyl\u00fd nepo\u0159\u00e1dek. V&nbsp;poledne jsme se po pr\u00e1ci roze\u0161li dom\u016f na ob\u011bd, na kter\u00fd jsme se u\u017e o r\u00e1na t\u011b\u0161ili.<\/p>\n<p style=\"text-align: justify;\"><u> \u00a0Pr\u016ftr\u017e mra\u010den a dal\u0161\u00ed N\u00e1rodn\u00ed sm\u011bna<\/u><\/p>\n<p style=\"text-align: justify;\">\u00a0Za t\u00fdden po N\u00e1rodn\u00ed sm\u011bn\u011b se p\u0159es na\u0161i vesnici p\u0159ehnala bou\u0159e s&nbsp;krupobit\u00edm a velk\u00fdm de\u0161t\u011bm. Po t\u00e9to pohrom\u011b nastala nov\u00e1 N\u00e1rodn\u00ed sm\u011bna, kter\u00e1 se zam\u011b\u0159ovala hlavn\u011b na koupali\u0161t\u011b. Se\u0161krab\u00e1vali jsme vrstvu bl\u00e1ta z&nbsp;dla\u017edi\u010dek cel\u00e9 dopoledne a odv\u00e1\u017eeli na kupu. V&nbsp;poledne jsme notn\u011b utahan\u00ed ode\u0161li dom\u016f.<\/p>\n<p style=\"text-align: justify;\"><u> \u00a0Sb\u011br l\u00e9\u010div\u00fdch rostlin<\/u><\/p>\n<p style=\"text-align: justify;\">\u00a0Ve \u0161kole n\u00e1m rozhlasem nahl\u00e1sili, \u017ee m\u00e1me sb\u00edrat l\u00e9\u010div\u00e9 rostliny. Je\u0161t\u011b toho dne jsme se vypravili pro list b\u0159\u00edzy. Rozd\u011blily jsme se na skupinky a ka\u017ed\u00e1 skupinka sb\u00edrala n\u011bkde jinde. Se\u0161li jsme se u \u0161koly a dali ji su\u0161it na \u0161koln\u00ed p\u016fdu.<\/p>\n<p style=\"text-align: justify;\"><u> \u00a0Beseda s&nbsp;d\u016fchodci<\/u><\/p>\n<p style=\"text-align: justify;\">\u00a0Chystali jsme se na kulturn\u00ed program, kter\u00fd jsme p\u0159ipravovali na setk\u00e1n\u00ed s&nbsp;d\u016fchodci. Na setk\u00e1n\u00ed jsme nejd\u0159\u00edve p\u0159ednesli b\u00e1sn\u011b a potom jsme si pov\u00eddali o v\u00fdznamn\u00fdch ud\u00e1lostech na\u0161\u00ed obce a d\u016fchodci si zavzpom\u00ednali. Pan\u00ed \u010ctvrte\u010dkov\u00e1, kronik\u00e1\u0159ka na\u0161\u00ed obce n\u00e1m vypr\u00e1v\u011bla o sv\u00fdch pam\u011btech.<\/p>\n<p style=\"text-align: justify;\"><u> \u00a0V\u00fdlet na \u0160erli\u0161sk\u00fd ml\u00fdn<\/u><\/p>\n<p style=\"text-align: justify;\">\u00a0V sobotu odpoledne jsme se se\u0161li u autobusov\u00e9 zast\u00e1vky, proto\u017ee jsme m\u011bli nam\u00ed\u0159eno na \u0160erli\u0161sk\u00fd Ml\u00fdn. O p\u016fl t\u0159et\u00ed n\u00e1m jel autobus na De\u0161tnou. Kdy\u017e jsme na \u0160erlich dorazili, dali jsme si limon\u00e1du, proto\u017ee slunce dost p\u00e1lilo. Porozhl\u00eddli jsme se po lese a vydali se na zp\u00e1te\u010dn\u00ed cestu. Dom\u016f jsme dorazili asi v&nbsp;6 hodin.<\/p>\n<p style=\"text-align: justify;\"><u> \u00a0Sb\u011br odpadov\u00fdch surovin<\/u><\/p>\n<p style=\"text-align: justify;\">\u00a0Jednoho dne jsme se se\u0161li na konci vesnice. Obj\u00ed\u017ed\u011bli jsme v\u0161echny domy a vyb\u00edrali jsme star\u00fd pap\u00edr a hadry. Kdy\u017e jsme objeli celou vesnici, slo\u017eili jsme sb\u011br u \u0161koly a roze\u0161li jsme se dom\u016f. Druh\u00fd den se sb\u011br odvezl.<\/p>\n<p style=\"text-align: justify;\">\u00a0Beseda s&nbsp;housla\u0159em B. Joo<\/p>\n<p style=\"text-align: justify;\">\u00a0Od sedmi hodin se za\u010dali do \u0161koly sch\u00e1zet lid\u00e9 a o p\u016fl osm\u00e9 za\u010dala beseda s&nbsp;Bohumilem Joo o housl\u00edch a jejich v\u00fdrob\u011b. Potom jsme zhl\u00e9dli diapozitivy z&nbsp;Kanady, kter\u00e9 si s&nbsp;sebou Bohumil Joo p\u0159inesl. Beseda se v\u0161em l\u00edbila a my jsme mu pod\u011bkovali a p\u0159edali kytku.<\/p>\n<p style=\"text-align: justify;\"><u> \u00a0P\u0159ipravujeme se na z\u00e1vod<\/u><\/p>\n<p style=\"text-align: justify;\">\u00a0Asi m\u011bs\u00edc p\u0159ed z\u00e1vodem jsme se za\u010dali sch\u00e1zet \u010dast\u011bji, abychom si zopakovali uzle, \u00fatok, kviz. Pan Net\u00edk n\u00e1m vysv\u011btlil \u0161tafetu a my jsme pak celou dobu nacvi\u010dovali. Jsme zv\u011bdavi, jak to dopadne.<\/p>\n<p style=\"text-align: justify;\"><u> \u00a0Okrskov\u00fd z\u00e1vod<\/u><\/p>\n<p style=\"text-align: justify;\">\u00a0O p\u016fl sedm\u00e9 jsme se se\u0161li v\u0161ichni a nasedli do Tatry, s&nbsp;kterou jsme uj\u00ed\u017ed\u011bli sm\u011brem k&nbsp;\u010cesk\u00e9mu Mezi\u0159\u00ed\u010d\u00ed. Hned r\u00e1no jsme obhl\u00e9dli ter\u00e9n a odevzdali kroniku. Potom jsme si vyt\u00e1hli \u010d\u00edslo 19. Jako prvn\u00ed discipl\u00edna byli uzle, kter\u00e9 se n\u00e1m moc nepoda\u0159ily, ale byli jsme v&nbsp;nich nejlep\u0161\u00ed. Zkrou\u0161en\u00ed jsme se vyd\u00e1vali k&nbsp;druh\u00e9 discipl\u00edn\u011b d\u017eberovk\u00e1m, kter\u00e9 taky nedopadly slavn\u011b. T\u0159et\u00ed discipl\u00ednou byla \u0161tafeta, kter\u00e1 dopadla v\u00fdborn\u011b. Hned potom n\u00e1sledoval bezchybn\u00fd kviz. A posledn\u00ed byl \u00fatok. Na\u0161e dru\u017estvo si vedlo v\u00fdborn\u011b i v&nbsp;n\u011bm a tak jsme 1. .<\/p>\n<p style=\"text-align: justify;\">Okresn\u00ed kolo<\/p>\n<p style=\"text-align: justify;\">\u00a0Do Rychnova jsme p\u0159ijeli asi o p\u016fl sedm\u00e9. Hned jak jsme p\u0159ijeli, \u0161li jsme si vylosovat \u010d\u00edslo. Dali jsme Romanovi pras\u00e1tko a docela n\u00e1m pomohlo, proto\u017ee jsme si vyt\u00e1hli 20. Po chvilce voln\u00e9ho \u010dasu jsme \u0161li na n\u00e1stup, kde n\u00e1m vyhl\u00e1sili po\u0159ad\u00ed discipl\u00edn. Nejprve jsme se odebrali na kviz, potom na uzle. V&nbsp;obou discipl\u00edn\u00e1ch jsme byli prvn\u00ed, a\u017e na d\u017eberovk\u00e1ch jsme byli sedm\u00ed a na \u00fatoku druz\u00ed. Posledn\u00ed na\u0161\u00ed discipl\u00ednou byla \u0161tafeta a na t\u00e9 jsme byli tak\u00e9 prvn\u00ed. Nedo\u010dkav\u011b jsme pohl\u00ed\u017eeli k&nbsp;tribun\u011b, kdy u\u017e vyhl\u00e1s\u00ed n\u00e1stup k&nbsp;vyhodnocen\u00ed. Kone\u010dn\u011b jsme se do\u010dkali. Samoz\u0159ejm\u011b Byster\u00e1ci byli prvn\u00ed.<\/p>\n<p style=\"text-align: justify;\"><u> \u00a0Hradec Kr\u00e1lov\u00e9<\/u><\/p>\n<p style=\"text-align: justify;\">\u00a0<em>P\u00e1tek<\/em><\/p>\n<p style=\"text-align: justify;\">Ve \u010dty\u0159i hodiny jsme nasedli do autobusu a odjeli do Hradce Kr\u00e1lov\u00e9. Tam jsme m\u011bli slavnostn\u00ed zah\u00e1jen\u00ed, n\u00e1stup a pl\u00e1n z\u00e1vodu. Pro nep\u0159\u00edzniv\u00e9 po\u010das\u00ed jsme nespali ve stanech, ale v&nbsp;t\u011blocvi\u010dn\u011b domu pion\u00fdr\u016f.<\/p>\n<p style=\"text-align: justify;\">\u00a0<em>Sobota<\/em><\/p>\n<p style=\"text-align: justify;\">R\u00e1no n\u00e1s vzbudila vedouc\u00ed a \u0159ekla n\u00e1m, abychom se sbalili a v\u011bci si dali na kupu, proto\u017ee se myslelo, \u017ee se pojede dom\u016f, ale nakonec jsme p\u0159eci jen z\u016fstali do ned\u011ble. Pak jsme se p\u0159em\u00edstili k&nbsp;St\u0159\u00edbrn\u00e9mu rybn\u00edku, kde jsme splnili na\u0161i prvn\u00ed discipl\u00ednu, a to kviz a hned potom brann\u00fd z\u00e1vod. Po ob\u011bd\u011b jsme se autobusem dopravili na jin\u00fd hradeck\u00fd stadi\u00f3n. Tam jsme nejd\u0159\u00edve \u0161li na d\u017eberovky, ale proto\u017ee foukal dost velk\u00fd v\u00edtr, tak jsme neusp\u011bli. Protestovali jsme, a tak jsme d\u017eberovky opakovali a byli jsme druz\u00ed. N\u00e1sledovala \u0161tafeta, uzle a \u00fatok. Po ve\u010de\u0159i jsme se vr\u00e1tili do t\u011blocvi\u010dny, p\u0159estrojili jsme se a \u0161li jsme se ven asi na 10 min.\u00a0 proj\u00edt. Pak jsme usnuli.<\/p>\n<p style=\"text-align: justify;\"><em> \u00a0Ned\u011ble<\/em><\/p>\n<p style=\"text-align: justify;\">V ned\u011bli po sn\u00eddani jsme se v\u0161ichni vypravili do Ho\u0159ic na leti\u0161t\u011b. Na leti\u0161ti n\u00e1m pov\u00eddali r\u016fzn\u00e9 zaj\u00edmavosti. Kdy\u017e jsme se vr\u00e1tili na St\u0159\u00edbrn\u00fd rybn\u00edk, bylo vyhodnocen\u00ed a potom m\u011bl b\u00fdt odjezd dom\u016f, ale pro n\u00e1s nebyl. Za\u010dali jsme se zpakov\u00e1vat od autobusu, \u0159ekl \u0159idi\u010d a\u0165 si vystoup\u00edme a za\u010dal ukl\u00edzet autobus. My jsme zat\u00edm mrzli venku. Asi po \u010dtvrt hodince jsme odj\u00ed\u017ed\u011bli.<\/p>\n<p style=\"text-align: justify;\">N\u00e1m\u011btov\u00e9 cvi\u010den\u00ed na koupali\u0161ti<\/p>\n<p style=\"text-align: justify;\">V prvn\u00edch \u010dtrn\u00e1cti dnech pr\u00e1zdnin byl u n\u00e1s na koupali\u0161ti t\u00e1bor d\u011bt\u00ed z&nbsp;textilany. My jako mlad\u00ed po\u017e\u00e1rn\u00edci jsme jim p\u0159edv\u00e1d\u011bli hasi\u010dsk\u00fd \u00fatok i uzle a ostatn\u00ed discipliny. P\u0159i tomto n\u00e1m\u011btov\u00e9m cvi\u010den\u00ed jsme si znovu ov\u011b\u0159ili na\u0161e znalosti a obratnost v&nbsp;oblasti po\u017e\u00e1rn\u00ed ochrany.<\/p>\n","protected":false},"excerpt":{"rendered":"<p>Jm\u00e9no Bydli\u0161t\u011b V\u011bk Roman \u010ctvrte\u010dka Bystr\u00e9 13 Alena Dra\u0161narov\u00e1 Bystr\u00e9 12 Jan Franc Bystr\u00e9 12 Josef Mach Bystr\u00e9 9 Alena Machov\u00e1 Bystr\u00e9 11 Lubo\u0161 Nohejl Bystr\u00e9 11 Josef \u0160evc Bystr\u00e9 8 Leo\u0161 \u0160evc Bystr\u00e9 11 Stanislav \u0160evc Bystr\u00e9 14 Jitka \u0160pa\u010dkov\u00e1 Bystr\u00e9 13 Petr \u0160ritr Bystr\u00e9 13 \u00a0Slavnostn\u00ed shrom\u00e1\u017ed\u011bn\u00ed \u00a0Prvn\u00ed den \u0161koly se v\u0161echny t\u0159\u00eddy [&hellip;]<\/p>\n","protected":false},"author":2,"featured_media":0,"parent":102,"menu_order":0,"comment_status":"closed","ping_status":"closed","template":"","meta":{"footnotes":""},"class_list":["post-1080","page","type-page","status-publish","hentry"],"aioseo_notices":[],"jetpack_sharing_enabled":true,"jetpack_likes_enabled":true,"_links":{"self":[{"href":"https:\/\/www.hasicibystre.cz\/index.php?rest_route=\/wp\/v2\/pages\/1080","targetHints":{"allow":["GET"]}}],"collection":[{"href":"https:\/\/www.hasicibystre.cz\/index.php?rest_route=\/wp\/v2\/pages"}],"about":[{"href":"https:\/\/www.hasicibystre.cz\/index.php?rest_route=\/wp\/v2\/types\/page"}],"author":[{"embeddable":true,"href":"https:\/\/www.hasicibystre.cz\/index.php?rest_route=\/wp\/v2\/users\/2"}],"replies":[{"embeddable":true,"href":"https:\/\/www.hasicibystre.cz\/index.php?rest_route=%2Fwp%2Fv2%2Fcomments&post=1080"}],"version-history":[{"count":2,"href":"https:\/\/www.hasicibystre.cz\/index.php?rest_route=\/wp\/v2\/pages\/1080\/revisions"}],"predecessor-version":[{"id":1345,"href":"https:\/\/www.hasicibystre.cz\/index.php?rest_route=\/wp\/v2\/pages\/1080\/revisions\/1345"}],"up":[{"embeddable":true,"href":"https:\/\/www.hasicibystre.cz\/index.php?rest_route=\/wp\/v2\/pages\/102"}],"wp:attachment":[{"href":"https:\/\/www.hasicibystre.cz\/index.php?rest_route=%2Fwp%2Fv2%2Fmedia&parent=1080"}],"curies":[{"name":"wp","href":"https:\/\/api.w.org\/{rel}","templated":true}]}}