{"id":1084,"date":"2018-07-30T20:44:01","date_gmt":"2018-07-30T18:44:01","guid":{"rendered":"http:\/\/www.hasicibystre.cz\/?page_id=1084"},"modified":"2018-08-04T20:42:02","modified_gmt":"2018-08-04T18:42:02","slug":"rocnik-1985-1986","status":"publish","type":"page","link":"https:\/\/www.hasicibystre.cz\/?page_id=1084","title":{"rendered":"Ro\u010dn\u00edk 1985 &#8211; 1986"},"content":{"rendered":"<table width=\"558\">\n<tbody>\n<tr>\n<td colspan=\"2\" width=\"187\"><strong><em>Jm\u00e9no<\/em><\/strong><\/td>\n<td colspan=\"2\" width=\"186\"><strong><em>Bydli\u0161t\u011b<\/em><\/strong><\/td>\n<td colspan=\"2\" width=\"186\"><strong><em>\u00a0<\/em><\/strong><\/td>\n<\/tr>\n<tr>\n<td colspan=\"2\" width=\"187\"><strong>Josef Balcar<\/strong><\/td>\n<td colspan=\"2\" width=\"186\"><strong>Bystr\u00e9<\/strong><\/td>\n<td colspan=\"2\" width=\"186\"><strong>\u00a0<\/strong><\/td>\n<\/tr>\n<tr>\n<td colspan=\"2\" width=\"187\"><strong>Monika Balcarov\u00e1<\/strong><\/td>\n<td colspan=\"2\" width=\"186\"><strong>Bystr\u00e9<\/strong><\/td>\n<td colspan=\"2\" width=\"186\"><strong>\u00a0<\/strong><\/td>\n<\/tr>\n<tr>\n<td colspan=\"2\" width=\"187\"><strong>Simona Balcarov\u00e1<\/strong><\/td>\n<td colspan=\"2\" width=\"186\"><strong>Bystr\u00e9<\/strong><\/td>\n<td colspan=\"2\" width=\"186\"><strong>\u00a0<\/strong><\/td>\n<\/tr>\n<tr>\n<td colspan=\"2\" width=\"187\"><strong>Jan Barto\u0161<\/strong><\/td>\n<td colspan=\"2\" width=\"186\"><strong>Bystr\u00e9<\/strong><\/td>\n<td colspan=\"2\" width=\"186\"><strong>\u00a0<\/strong><\/td>\n<\/tr>\n<tr>\n<td colspan=\"2\" width=\"187\"><strong>Pavl\u00edna Barto\u0161ov\u00e1<\/strong><\/td>\n<td colspan=\"2\" width=\"186\"><strong>Bystr\u00e9<\/strong><\/td>\n<td colspan=\"2\" width=\"186\"><strong>\u00a0<\/strong><\/td>\n<\/tr>\n<tr>\n<td colspan=\"2\" width=\"187\"><strong>V\u00e1clav Dra\u0161nar<\/strong><\/td>\n<td colspan=\"2\" width=\"186\"><strong>Bystr\u00e9<\/strong><\/td>\n<td colspan=\"2\" width=\"186\"><strong>\u00a0<\/strong><\/td>\n<\/tr>\n<tr>\n<td colspan=\"2\" width=\"187\"><strong>Alena Dra\u0161narov\u00e1<\/strong><\/td>\n<td colspan=\"2\" width=\"186\"><strong>Bystr\u00e9<\/strong><\/td>\n<td colspan=\"2\" width=\"186\"><strong>\u00a0<\/strong><\/td>\n<\/tr>\n<tr>\n<td colspan=\"2\" width=\"187\"><strong>Michal Dus\u00edlek<\/strong><\/td>\n<td colspan=\"2\" width=\"186\"><strong>Bystr\u00e9<\/strong><\/td>\n<td colspan=\"2\" width=\"186\"><strong>\u00a0<\/strong><\/td>\n<\/tr>\n<tr>\n<td colspan=\"2\" width=\"187\"><strong>\u0160\u00e1rka Dus\u00edlkov\u00e1<\/strong><\/td>\n<td colspan=\"2\" width=\"186\"><strong>Bystr\u00e9<\/strong><\/td>\n<td colspan=\"2\" width=\"186\"><strong>\u00a0<\/strong><\/td>\n<\/tr>\n<tr>\n<td colspan=\"2\" width=\"187\"><strong>Jan Franc<\/strong><\/td>\n<td colspan=\"2\" width=\"186\"><strong>Bystr\u00e9<\/strong><\/td>\n<td colspan=\"2\" width=\"186\"><strong>\u00a0<\/strong><\/td>\n<\/tr>\n<tr>\n<td colspan=\"2\" width=\"187\"><strong>Alena Kom\u016frkov\u00e1<\/strong><\/td>\n<td colspan=\"2\" width=\"186\"><strong>Bystr\u00e9<\/strong><\/td>\n<td colspan=\"2\" width=\"186\"><strong>\u00a0<\/strong><\/td>\n<\/tr>\n<tr>\n<td colspan=\"2\" width=\"187\"><strong>Josef Mach<\/strong><\/td>\n<td colspan=\"2\" width=\"186\"><strong>Bystr\u00e9<\/strong><\/td>\n<td colspan=\"2\" width=\"186\"><strong>\u00a0<\/strong><\/td>\n<\/tr>\n<tr>\n<td colspan=\"2\" width=\"187\"><strong>Alena Machov\u00e1<\/strong><\/td>\n<td colspan=\"2\" width=\"186\"><strong>Bystr\u00e9<\/strong><\/td>\n<td colspan=\"2\" width=\"186\"><strong>\u00a0<\/strong><\/td>\n<\/tr>\n<tr>\n<td width=\"186\"><strong>Petra Net\u00edkov\u00e1<\/strong><\/td>\n<td colspan=\"2\" width=\"186\"><strong>Bystr\u00e9<\/strong><\/td>\n<td colspan=\"2\" width=\"186\"><strong>\u00a0<\/strong><\/td>\n<td width=\"1\">&nbsp;<\/td>\n<\/tr>\n<tr>\n<td width=\"186\"><strong>Josef \u0160evc<\/strong><\/td>\n<td colspan=\"2\" width=\"186\"><strong>Bystr\u00e9<\/strong><\/td>\n<td colspan=\"2\" width=\"186\"><strong>\u00a0<\/strong><\/td>\n<td width=\"1\">&nbsp;<\/td>\n<\/tr>\n<tr>\n<td width=\"186\"><strong>Leo\u0161 \u0160evc<\/strong><\/td>\n<td colspan=\"2\" width=\"186\"><strong>Bystr\u00e9<\/strong><\/td>\n<td colspan=\"2\" width=\"186\"><strong>\u00a0<\/strong><\/td>\n<td width=\"1\">&nbsp;<\/td>\n<\/tr>\n<tr>\n<td width=\"186\"><\/td>\n<td width=\"1\"><\/td>\n<td width=\"184\"><\/td>\n<td width=\"1\"><\/td>\n<td width=\"184\"><\/td>\n<td width=\"1\"><\/td>\n<\/tr>\n<\/tbody>\n<\/table>\n<p style=\"text-align: justify;\"><u>\u00a0Setk\u00e1n\u00ed s&nbsp;\u201e Mlad\u00fdmi ochr\u00e1nci p\u0159\u00edrody a hranic \u201c<\/u><\/p>\n<p style=\"text-align: justify;\">\u00a0Za\u010d\u00e1tek na\u0161\u00ed \u010dinnosti v&nbsp;ro\u010dn\u00edku 85 \/ 86 jsme zapo\u010dali setk\u00e1n\u00edmi s&nbsp;odd\u00edly \u201e Mlad\u00fd ochr\u00e1nce hranic \u201c a \u201e Mlad\u00fd ochr\u00e1nce p\u0159\u00edrody \u201c . Se\u0161li jsme se v&nbsp;sobotu na bystersk\u00e9m koupali\u0161ti asi ve t\u0159i hodiny odpoledne. Nejd\u0159\u00edve jsme si opekli bu\u0159ty, a p\u0159esto \u017ee jich bylo dost zmizeli v&nbsp;n\u00e1s v&nbsp;okam\u017een\u00ed. Potom jsme host\u016fm p\u0159edvedli \u00fatok a d\u017eberovky, oni n\u00e1m zase p\u0159ivezli uk\u00e1zat mor\u010data, hady, my\u0161i a k\u0159e\u010dky. Nakonec jsme spole\u010dn\u011b st\u0159\u00edleli. Odpoledne v\u0161ak nebylo nekone\u010dn\u00e9 a tak jsme se museli rozlou\u010dit. A my jsme s&nbsp;radost\u00ed vyslechli, \u017ee se za rok op\u011bt sejdeme ve Sn\u011b\u017en\u00e9m.<\/p>\n<p style=\"text-align: justify;\"><u> \u00a0V\u00edt\u00e1n\u00ed ob\u010d\u00e1nk\u016f<\/u><\/p>\n<p style=\"text-align: justify;\">\u00a0V pond\u011bl\u00ed jsme se v\u00fdjime\u010dn\u011b se\u0161li a bylo n\u00e1m ozn\u00e1meno, \u017ee je v&nbsp;ned\u011bli v\u00edt\u00e1n\u00ed ob\u010d\u00e1nk\u016f. Zde m\u00e1me m\u00edt kulturn\u00ed program. Pan\u00ed Povoln\u00e1 n\u00e1m rozdala b\u00e1sni\u010dky, kter\u00e9 odpov\u00eddaly akci. Potom jsme se ka\u017ed\u00fd den sch\u00e1zeli, a\u017e jsme se b\u00e1sni\u010dky nad\u0159eli nazpam\u011b\u0165. A v&nbsp;ned\u011bli za v\u00edt\u00e1n\u00ed ob\u010d\u00e1nk\u016f jsme je od\u0159\u00edkali bez chyby.<\/p>\n<p style=\"text-align: justify;\"><u> \u00a0V\u00fdro\u010dn\u00ed sch\u016fze<\/u><\/p>\n<p style=\"text-align: justify;\">\u00a0Na v\u00fdro\u010dn\u00ed sch\u016fzi jsme m\u011bli p\u0159ipraven\u00fd kulturn\u00ed program na t\u00e9ma Po\u017e\u00e1rn\u00edci. Vyslechli jsme, co jsme d\u011blali minul\u00fd rok a v\u00fdbor n\u00e1s po\u017e\u00e1rn\u00edky pochv\u00e1lil. Po prvn\u00ed polovin\u011b sch\u016fze se n\u00e1m dostalo ob\u010derstven\u00ed a to gul\u00e1\u0161, limon\u00e1da a trubi\u010dka. Pan Dus\u00edlek prom\u00edtal filmy o na\u0161\u00ed celoro\u010dn\u00ed \u010dinnosti. A nakonec jsme byli donuceni j\u00edt dom\u016f, i kdy\u017e se n\u00e1m moc necht\u011blo.<\/p>\n<p style=\"text-align: justify;\"><u> \u00a0Albrechtice<\/u><\/p>\n<p style=\"text-align: justify;\">\u00a0Dne 26.&nbsp;10.&nbsp;1985 se n\u00e1\u0161 odd\u00edl z\u00fa\u010dastnil brann\u00e9ho z\u00e1vodu v&nbsp;Albrechtic\u00edch. Vyb\u011bhli jsme \u00fasp\u011b\u0161n\u011b, av\u0161ak hned prvn\u00ed discipl\u00edna a to st\u0159elba n\u00e1m ne\u0161la. 5x jsme se netrefili a to p\u0159idalo na nervozit\u011b, ale topografii jsme splnili na v\u00fdbornou, n\u00e1lada se zlep\u0161ila a tak jsme se s&nbsp;vervou pustili do b\u011bhu a dal\u0161\u00edch discipl\u00edn, kter\u00e9 n\u00e1m ji\u017e ned\u011blaly pot\u00ed\u017ee. A za\u017eili jsme jednu nep\u0159\u00edjemnost, kdy\u017e u\u017e jsme dob\u00edhali do c\u00edle Pep\u00edk upadl, tak jsme ho popadli a vt\u00e1hli do c\u00edle. Celkov\u011b jsme se um\u00edstili v&nbsp;okrese na druh\u00e9m a v&nbsp;obvod\u011b na prvn\u00edm m\u00edst\u011b.<\/p>\n<p style=\"text-align: justify;\"><u> \u00a0V\u0158SR<\/u><\/p>\n<p style=\"text-align: justify;\">\u00a0T\u011bsn\u011b p\u0159ed 68.&nbsp;v\u00fdro\u010d\u00edm jsme se sch\u00e1zeli do klubovny s&nbsp;knihami. V\u0161echny knihy m\u011bly stejn\u00e9 t\u00e9ma \u2013 V\u0158SR. Pan\u00ed povoln\u00e1 vybrala nejlep\u0161\u00ed \u010dl\u00e1nky a ka\u017ed\u00fd z&nbsp;n\u00e1s dostal 20 minut na to, aby si vypracoval z&nbsp;tohoto \u010dl\u00e1nku kr\u00e1tk\u00fd refer\u00e1t. Potom jsme refer\u00e1ty postupn\u011b p\u0159edn\u00e1\u0161eli. Nakonec jsme si up\u0159esnili sv\u00e9 vlastn\u00ed poznatky. Z&nbsp;t\u00e9to sch\u016fzky jsme m\u011bli v\u0161ichni velk\u00e9 ponau\u010den\u00ed.<\/p>\n<p style=\"text-align: justify;\">\u00a0Setk\u00e1n\u00ed s&nbsp;d\u016fchodci<\/p>\n<p style=\"text-align: justify;\">\u00a0Pan\u00ed Povoln\u00e1 n\u00e1m rozdala b\u00e1sni\u010dky a ozn\u00e1mila n\u00e1m, \u017ee v&nbsp;ned\u011bli maj\u00ed setk\u00e1n\u00ed d\u016fchodci. V&nbsp;ned\u011bli jsme nejd\u0159\u00edve p\u0159ednesli b\u00e1sni\u010dky. A potom b\u00fdval\u00fd \u0159editel \u0161koly v&nbsp;Bystr\u00e9m pan Dym\u00e1k prom\u00edtal diapozitivy z&nbsp;cesty po Sov\u011btsk\u00e9m svazu. V\u0161em se program l\u00edbil.<\/p>\n<p style=\"text-align: justify;\"><u> \u00a0Beseda se \u010dleny LM z&nbsp;Adastu Dobru\u0161ka<\/u><\/p>\n<p style=\"text-align: justify;\">\u00a0Ve \u0161kole po\u0159\u00e1dala pion\u00fdrsk\u00e1 skupina besedu se \u010dleny LM. V\u0161ichni \u010dlenov\u00e9 na\u0161eho odd\u00edlu se z\u00fa\u010dastnili. Na besed\u011b jsme se dozv\u011bd\u011bli mnoho zaj\u00edmav\u00fdch v\u011bc\u00ed o vzniku a \u010dinnosti LM. A proto\u017ee \u010dlenov\u00e9 LM na na\u0161\u00ed besed\u011b byli pracovn\u00edci ADASTu v&nbsp;Dobru\u0161ce byli obohaceni i o dal\u0161\u00ed v\u011bdomosti. Beseda se n\u00e1m l\u00edbila.<\/p>\n<p style=\"text-align: justify;\"><u> \u00a0V\u00edt\u00e1n\u00ed ob\u010d\u00e1nk\u016f<\/u><\/p>\n<p style=\"text-align: justify;\">\u00a0Jako ka\u017edoro\u010dn\u011b prob\u011bhlo v&nbsp;na\u0161\u00ed obci v\u00edt\u00e1n\u00ed nov\u00fdch ob\u010d\u00e1nk\u016f na\u0161\u00ed vesnice. Na tomto v\u00edt\u00e1n\u00ed jsme p\u0159edn\u00e1\u0161eli b\u00e1sni\u010dky o d\u011btech, rodin\u011b a \u017eivot\u011b. Mysl\u00edm, \u017ee se na\u0161e vystoupen\u00ed v\u0161em l\u00edbilo, proto\u017ee ani jeden z&nbsp;mal\u00fdch ob\u010d\u00e1nk\u016f na n\u00e1s nek\u0159i\u010del.<\/p>\n<p style=\"text-align: justify;\"><u> \u00a0Sb\u011br star\u00e9ho pap\u00edru<\/u><\/p>\n<p style=\"text-align: justify;\">\u00a0Rozhodli jsme se, \u017ee se sejdeme a objedeme vesnici a za\u010dneme sb\u00edrat pap\u00edr. Leo\u0161, Pepa a Alena vzali k\u00e1ry a vyjeli jsme. Sebran\u00fd pap\u00edr jsme vozili k&nbsp;Drutce na rampu pod st\u0159echu odkud ho m\u011bl pan Andr\u0161 odv\u00e9zt do sb\u011brny. Za ohromn\u00e9 mno\u017estv\u00ed pap\u00edru jsme dostali 580 korun. Za tyto pen\u00edze si chceme koupit m\u00ed\u010d na fotbal a na vyb\u00edjenou.<\/p>\n<p style=\"text-align: justify;\"><u> \u00a0Pod\u00e9l Zlat\u00e9ho potoka<\/u><\/p>\n<p style=\"text-align: justify;\">\u00a0Kdy\u017e jsme p\u0159ipravovali ohe\u0148 m\u00edru, pot\u0159ebovali jsme pneumatiky a tak ze star\u00e9 zku\u0161enosti jsme tuto akci spojili s&nbsp;v\u00fdletem. A tak jsme r\u00e1no vzali k\u00e1ru a vyrazili jsme. Proch\u00e1zeli jsme \u00fadol\u00edm Zlat\u00e9ho potoka a sb\u00edrali, bohu\u017eel pneumatiky p\u0159\u00edmo v&nbsp;potoce. Kdy\u017e jsme je posb\u00edrali, m\u011bli jsme dobr\u00fd pocit, \u017ee jsme ud\u011blali n\u011bco pro p\u0159\u00edrodu a \u017ee jsme uskute\u010dnili dobr\u00fd v\u00fdlet.<\/p>\n<p style=\"text-align: justify;\"><u> \u00a0\u010ci\u0161t\u011bn\u00ed koupali\u0161t\u011b<\/u><\/p>\n<p style=\"text-align: justify;\">\u00a0V sobotu r\u00e1no jsme se se\u0161li u po\u017e\u00e1rn\u00ed zbrojnice odkud jsme odjeli Tatrou na koupali\u0161t\u011b. Tam jsme si cvi\u010dn\u011b zkusili \u00fatok a pak za\u010dali s&nbsp;\u010di\u0161t\u011bn\u00edm. V\u0161echny dla\u017edice jsme projeli proudem vody a kart\u00e1\u010dema na holi. Cel\u00e9 \u010di\u0161t\u011bn\u00ed jsme m\u011bli s&nbsp;pomoc\u00ed velk\u00fdch po\u017e\u00e1rn\u00edk\u016f hotov\u00e9 za dopoledne, tak\u017ee jsme se po\u0159\u00e1dn\u011b hladov\u00ed dostavili v\u010das dom\u016f na ob\u011bd.<\/p>\n<p style=\"text-align: justify;\"><u> \u00a0Opo\u010dno<\/u><\/p>\n<p style=\"text-align: justify;\">\u00a0U\u017e r\u00e1no, kdy\u017e jsme nastupovali do autobusu, vid\u011bli jsme, \u017ee nebude p\u011bkn\u00e9 po\u010das\u00ed. Kdy\u017e jsme p\u0159ijeli do Opo\u010dna nejd\u0159\u00edve prob\u011bhla sout\u011b\u017e jednotlivc\u016f, kde jsme se um\u00edstili dob\u0159e. Potom jsme dostali po\u0159ad\u00ed discipl\u00edn. Nejd\u0159\u00edve jsme \u0161li na uzle, kter\u00e9 dopadli celkem dob\u0159e. Potom na d\u017eberovky, kde jsme nedopadli moc slavn\u011b. A potom n\u00e1sledovala \u0161tafeta po\u017e\u00e1rn\u00edch dvojic. No a nejob\u00e1van\u011bj\u0161\u00ed discipl\u00edny \u0161tafeta a \u00fatok, ale ty dopadli p\u0159ekvapiv\u011b. Nakonec jsme se um\u00edstili na 1.&nbsp;m\u00edst\u011b.<\/p>\n<p style=\"text-align: justify;\"><u> \u00a0Okresn\u00ed kolo<\/u><\/p>\n<p style=\"text-align: justify;\">\u00a0<em>P\u00e1tek<\/em><\/p>\n<p style=\"text-align: justify;\">Proto\u017ee bylo nep\u0159\u00edzniv\u00e9 po\u010das\u00ed, p\u0159ijelo n\u00e1s do Rychnova jenom p\u011bt. Odb\u011bhli jsme si brann\u00fd z\u00e1vod, u kter\u00e9ho se n\u00e1m nepovedl gran\u00e1t. Ale i p\u0159esto jsme v&nbsp;brann\u00e9m z\u00e1vod\u011b skon\u010dili druz\u00ed.<\/p>\n<p style=\"text-align: justify;\"><em> \u00a0Sobota<\/em><\/p>\n<p style=\"text-align: justify;\">V sobotu jsme do Rychnova p\u0159ijeli u\u017e v\u0161ichni. Nejd\u0159\u00edve b\u011bhali jednotlivci, kde se Honza um\u00edstil na 3.&nbsp;a Alena na 2.&nbsp;m\u00edst\u011b. Hned potom jsme nastoupili na po\u017e\u00e1rn\u00ed dvojice, tam jsme byli druz\u00ed. Potom jsme \u0161li na \u0161tafetu 4 x 60 , tam jsme zv\u00edt\u011bzili. Dal\u0161\u00ed discipl\u00ednou byli uzle, kde jsme skon\u010dili op\u011bt prvn\u00ed. A zb\u00fdvaly je\u0161t\u011b dv\u011b discipl\u00edny \u00fatok a d\u017eberovky, ale i v&nbsp;t\u011bchto jsme zv\u00edt\u011bzili. Celkov\u011b jsme tedy byli prvn\u00ed a mysl\u00edm, \u017ee budeme poctiv\u011b reprezentovat n\u00e1\u0161 okres.<\/p>\n<p style=\"text-align: justify;\"><u> \u00a0N\u00e1cvik na krajsk\u00e9 kolo<\/u><\/p>\n<p style=\"text-align: justify;\">\u00a0Cel\u00fdch \u010dtrn\u00e1ct dn\u00ed ka\u017ed\u00fd den poctiv\u011b nejm\u00e9n\u011b jednu a p\u016fl hodiny tr\u00e9nujeme. V\u011b\u0159\u00edme, \u017ee se n\u00e1m sout\u011b\u017e vyda\u0159\u00ed l\u00e9pe ne\u017e v&nbsp;minul\u00fdch letech. Ale letos m\u00e1me dost slab\u00e9 dru\u017estvo, tak\u017ee se nech\u00e1v\u00e1me p\u0159ekvapit.<\/p>\n<p style=\"text-align: justify;\"><u> \u00a0A pr\u00e1zdniny jsou zase tu<\/u><\/p>\n<p style=\"text-align: justify;\">\u00a0Skon\u010dily sout\u011b\u017ee a ne\u017e jsme se nad\u011bli jsou tu pr\u00e1zdniny. Zat\u00edm kr\u00e1sn\u011b sv\u00edt\u00ed slun\u00ed\u010dko a tak se chod\u00edme koupat. Ve st\u0159edu jsme se se\u0161li a zopakovali jsme si kviz. Pak jsme se si pov\u00eddali, jak pro\u017e\u00edv\u00e1me pr\u00e1zdniny a zahr\u00e1li jsme si n\u011bkolik obl\u00edben\u00fdch her. Nakonec jsme se vesele roze\u0161li.<\/p>\n<p style=\"text-align: justify;\"><u> \u00a0Kulat\u00e9 v\u00fdro\u010d\u00ed \u2013 100 let od zalo\u017een\u00ed po\u017e\u00e1rn\u00edho sboru<\/u><\/p>\n<p style=\"text-align: justify;\">\u00a0Pr\u00e1zdniny se ch\u00fdl\u00ed ke konci a v\u0161ichni se u\u017e t\u011b\u0161\u00ed na bysterskou pou\u0165. Na pou\u0165 bylo stanoveno po\u0159\u00e1d\u00e1n\u00ed oslav 100 let zalo\u017een\u00ed po\u017e\u00e1rn\u00edho sboru. N\u00e1hodou v&nbsp;ten den bylo p\u011bkn\u011b. Od \u010dasn\u00e9ho r\u00e1na pan Dus\u00edlek op\u00e9kal prase, berana a kr\u016fty. A\u017e se sliny sb\u00edhaly. Od 10 hodin se u\u017e prod\u00e1vali almanachy. Odpoledne mohli div\u00e1ci porovnat jak funguj\u00ed star\u00e9 st\u0159\u00edka\u010dky a nov\u00e1 technika. Vid\u011bli jsme jak\u00fd by ud\u011blali po\u017e\u00e1rn\u00edci z\u00e1krok, kdyby chytla DRUTKA. Tak\u00e9 my jsme uk\u00e1zali co um\u00edme: \u0161tafetu, \u00fatok, d\u017eberovky. K&nbsp;ve\u010deru jsme to u\u017e nevydr\u017eeli a \u0161li jsme na koloto\u010d a ke st\u0159elnici. Dokud byli pen\u00edze, to\u010dili jsme se na koloto\u010di a st\u0159\u00edleli ve st\u0159elnici. Dom\u016f jsme \u0161li a\u017e za tmy.<\/p>\n","protected":false},"excerpt":{"rendered":"<p>Jm\u00e9no Bydli\u0161t\u011b \u00a0 Josef Balcar Bystr\u00e9 \u00a0 Monika Balcarov\u00e1 Bystr\u00e9 \u00a0 Simona Balcarov\u00e1 Bystr\u00e9 \u00a0 Jan Barto\u0161 Bystr\u00e9 \u00a0 Pavl\u00edna Barto\u0161ov\u00e1 Bystr\u00e9 \u00a0 V\u00e1clav Dra\u0161nar Bystr\u00e9 \u00a0 Alena Dra\u0161narov\u00e1 Bystr\u00e9 \u00a0 Michal Dus\u00edlek Bystr\u00e9 \u00a0 \u0160\u00e1rka Dus\u00edlkov\u00e1 Bystr\u00e9 \u00a0 Jan Franc Bystr\u00e9 \u00a0 Alena Kom\u016frkov\u00e1 Bystr\u00e9 \u00a0 Josef Mach Bystr\u00e9 \u00a0 Alena Machov\u00e1 Bystr\u00e9 \u00a0 [&hellip;]<\/p>\n","protected":false},"author":2,"featured_media":0,"parent":102,"menu_order":0,"comment_status":"closed","ping_status":"closed","template":"","meta":{"footnotes":""},"class_list":["post-1084","page","type-page","status-publish","hentry"],"aioseo_notices":[],"jetpack_sharing_enabled":true,"jetpack_likes_enabled":true,"_links":{"self":[{"href":"https:\/\/www.hasicibystre.cz\/index.php?rest_route=\/wp\/v2\/pages\/1084","targetHints":{"allow":["GET"]}}],"collection":[{"href":"https:\/\/www.hasicibystre.cz\/index.php?rest_route=\/wp\/v2\/pages"}],"about":[{"href":"https:\/\/www.hasicibystre.cz\/index.php?rest_route=\/wp\/v2\/types\/page"}],"author":[{"embeddable":true,"href":"https:\/\/www.hasicibystre.cz\/index.php?rest_route=\/wp\/v2\/users\/2"}],"replies":[{"embeddable":true,"href":"https:\/\/www.hasicibystre.cz\/index.php?rest_route=%2Fwp%2Fv2%2Fcomments&post=1084"}],"version-history":[{"count":2,"href":"https:\/\/www.hasicibystre.cz\/index.php?rest_route=\/wp\/v2\/pages\/1084\/revisions"}],"predecessor-version":[{"id":1347,"href":"https:\/\/www.hasicibystre.cz\/index.php?rest_route=\/wp\/v2\/pages\/1084\/revisions\/1347"}],"up":[{"embeddable":true,"href":"https:\/\/www.hasicibystre.cz\/index.php?rest_route=\/wp\/v2\/pages\/102"}],"wp:attachment":[{"href":"https:\/\/www.hasicibystre.cz\/index.php?rest_route=%2Fwp%2Fv2%2Fmedia&parent=1084"}],"curies":[{"name":"wp","href":"https:\/\/api.w.org\/{rel}","templated":true}]}}