{"id":1096,"date":"2018-07-30T20:48:14","date_gmt":"2018-07-30T18:48:14","guid":{"rendered":"http:\/\/www.hasicibystre.cz\/?page_id=1096"},"modified":"2018-08-04T20:53:17","modified_gmt":"2018-08-04T18:53:17","slug":"rocnik-1991-1992","status":"publish","type":"page","link":"https:\/\/www.hasicibystre.cz\/?page_id=1096","title":{"rendered":"Ro\u010dn\u00edk 1991 &#8211; 1992"},"content":{"rendered":"<table width=\"557\">\n<tbody>\n<tr>\n<td width=\"186\"><strong><em>Jm\u00e9no<\/em><\/strong><\/td>\n<td colspan=\"2\" width=\"190\"><strong><em>Bydli\u0161t\u011b<\/em><\/strong><\/td>\n<td width=\"181\"><strong><em>V\u011bk<\/em><\/strong><\/td>\n<\/tr>\n<tr>\n<td width=\"186\"><strong>Jitka Balcarov\u00e1<\/strong><\/td>\n<td colspan=\"2\" width=\"190\"><strong>Janov<\/strong><\/td>\n<td width=\"181\"><strong>12<\/strong><\/td>\n<\/tr>\n<tr>\n<td width=\"186\"><strong>David Hor\u00e1k<\/strong><\/td>\n<td colspan=\"2\" width=\"190\"><strong>Bystr\u00e9<\/strong><\/td>\n<td width=\"181\"><strong>14<\/strong><\/td>\n<\/tr>\n<tr>\n<td width=\"186\"><strong>Josef Je\u017eek<\/strong><\/td>\n<td colspan=\"2\" width=\"190\"><strong>Sedlo\u0148ov<\/strong><\/td>\n<td width=\"181\"><strong>13<\/strong><\/td>\n<\/tr>\n<tr>\n<td colspan=\"2\" width=\"187\"><strong>Josef\u00a0 Kom\u016frka<\/strong><\/td>\n<td width=\"189\"><strong>Sedlo\u0148ov<\/strong><\/td>\n<td width=\"181\"><strong>13<\/strong><\/td>\n<\/tr>\n<tr>\n<td colspan=\"2\" width=\"187\"><strong>Kamil Lelek<\/strong><\/td>\n<td width=\"189\"><strong>Janov<\/strong><\/td>\n<td width=\"181\"><strong>14<\/strong><\/td>\n<\/tr>\n<tr>\n<td colspan=\"2\" width=\"187\"><strong>Jarom\u00edr Meier<\/strong><\/td>\n<td width=\"189\"><strong>Sedlo\u0148ov<\/strong><\/td>\n<td width=\"181\"><strong>13<\/strong><\/td>\n<\/tr>\n<tr>\n<td colspan=\"2\" width=\"187\"><strong>Jana Mart\u00ednkov\u00e1<\/strong><\/td>\n<td width=\"189\"><strong>Bystr\u00e9<\/strong><\/td>\n<td width=\"181\"><strong>13<\/strong><\/td>\n<\/tr>\n<tr>\n<td colspan=\"2\" width=\"187\"><strong>Zden\u011bk Mart\u00ednek<\/strong><\/td>\n<td width=\"189\"><strong>Bystr\u00e9<\/strong><\/td>\n<td width=\"181\"><strong>9<\/strong><\/td>\n<\/tr>\n<tr>\n<td colspan=\"2\" width=\"187\"><strong>Stanislav Melich<\/strong><\/td>\n<td width=\"189\"><strong>Ohni\u0161ov<\/strong><\/td>\n<td width=\"181\"><strong>13<\/strong><\/td>\n<\/tr>\n<tr>\n<td colspan=\"2\" width=\"187\"><strong>Ji\u0159\u00ed Moravec<\/strong><\/td>\n<td width=\"189\"><strong>Ohni\u0161ov<\/strong><\/td>\n<td width=\"181\"><strong>13<\/strong><\/td>\n<\/tr>\n<tr>\n<td colspan=\"2\" width=\"187\"><strong>Bohuslav P\u00e1bel<\/strong><\/td>\n<td width=\"189\"><strong>Bystr\u00e9<\/strong><\/td>\n<td width=\"181\"><strong>12<\/strong><\/td>\n<\/tr>\n<tr>\n<td colspan=\"2\" width=\"187\"><strong>Jan P\u0159ibyl<\/strong><\/td>\n<td width=\"189\"><strong>Bystr\u00e9<\/strong><\/td>\n<td width=\"181\"><strong>10<\/strong><\/td>\n<\/tr>\n<tr>\n<td colspan=\"2\" width=\"187\"><strong>Karel P\u0159ibyl<\/strong><\/td>\n<td width=\"189\"><strong>Bystr\u00e9<\/strong><\/td>\n<td width=\"181\"><strong>12<\/strong><\/td>\n<\/tr>\n<tr>\n<td colspan=\"2\" width=\"187\"><strong>Radim Sv\u011btl\u00edk<\/strong><\/td>\n<td width=\"189\"><strong>Bystr\u00e9<\/strong><\/td>\n<td width=\"181\"><strong>11<\/strong><\/td>\n<\/tr>\n<tr>\n<td colspan=\"2\" width=\"187\"><strong>David \u0160int\u00e1k<\/strong><\/td>\n<td width=\"189\"><strong>Sedlo\u0148ov<\/strong><\/td>\n<td width=\"181\"><strong>13<\/strong><\/td>\n<\/tr>\n<tr>\n<td colspan=\"2\" width=\"187\"><strong>Mark\u00e9ta \u0160t\u011bp\u00e1nov\u00e1<\/strong><\/td>\n<td width=\"189\"><strong>Bystr\u00e9<\/strong><\/td>\n<td width=\"181\"><strong>14<\/strong><\/td>\n<\/tr>\n<tr>\n<td colspan=\"2\" width=\"187\"><strong>Ji\u0159\u00ed Tom\u00e1\u0161<\/strong><\/td>\n<td width=\"189\"><strong>Bystr\u00e9<\/strong><\/td>\n<td width=\"181\"><strong>14<\/strong><\/td>\n<\/tr>\n<tr>\n<td colspan=\"2\" width=\"187\"><strong>Kate\u0159ina Tom\u00e1\u0161ov\u00e1<\/strong><\/td>\n<td width=\"189\"><strong>Bystr\u00e9<\/strong><\/td>\n<td width=\"181\"><strong>13<\/strong><\/td>\n<\/tr>\n<tr>\n<td width=\"186\"><\/td>\n<td width=\"1\"><\/td>\n<td width=\"189\"><\/td>\n<td width=\"181\"><\/td>\n<\/tr>\n<\/tbody>\n<\/table>\n<p style=\"text-align: justify;\">Nov\u00fd Plamen<\/p>\n<p style=\"text-align: justify;\">Skon\u010dily dal\u0161\u00ed pr\u00e1zdniny a za\u010d\u00edn\u00e1 nov\u00fd \u0161koln\u00ed rok a s&nbsp;n\u00edm i dal\u0161\u00ed ro\u010dn\u00edk hry Plamen. Z&nbsp;na\u0161\u00ed b\u00fdval\u00e9 plame\u0148\u00e1ck\u00e9 skupiny zbylo jen p\u00e1r d\u011bt\u00ed. Va\u0161ek, Jitka, Ren\u00e9, Pepa, Jana, An\u010da a ob\u011b Pavl\u00edny jsou v&nbsp;u\u010den\u00ed a ve \u0161kol\u00e1ch rozeset\u00fdch po cel\u00e9m kraji. V&nbsp;na\u0161\u00ed vesnici zbylo jen p\u00e1r d\u011bt\u00ed, kter\u00e9 sv\u00fdm v\u011bkem odpov\u00eddaj\u00ed pravidl\u016fm hry Plamen. T\u00e9m\u011b\u0159 cel\u00e9 dru\u017estvo se sestavuje z&nbsp;nov\u00fdch \u010dlen\u016f. A proto\u017ee u n\u00e1s je jich m\u00e1lo, rozhodli jsme se p\u0159izvat na\u0161e kamar\u00e1dy ze \u0161koly, kte\u0159\u00ed bydl\u00ed v&nbsp;sousedn\u00edch vesnic\u00edch. Dalo to hodn\u011b p\u0159emlouv\u00e1n\u00ed, nebo\u0165 v\u011bt\u0161ina z&nbsp;nich nev\u00ed, co se od nich bude po\u017eadovat a maj\u00ed tak\u00e9 trochu strach, zda v\u0161e zvl\u00e1dnou.<\/p>\n<p style=\"text-align: justify;\"><u> \u00a0P\u0159\u00edprava na brann\u00fd z\u00e1vod<\/u><\/p>\n<p style=\"text-align: justify;\">\u00a0Dnes jsme se pustili s&nbsp;vervou do pr\u00e1ce. Pan\u00ed Mart\u00ednkov\u00e1 v\u0161em rozdala archy pap\u00edr\u016f, na kter\u00fdch byly nakresleny topografick\u00e9 zna\u010dky a jejich vysv\u011btlen\u00ed. Brann\u00fd z\u00e1vod je ji\u017e 19.&nbsp;\u0159\u00edjna. M\u00e1me tro\u0161ku zpo\u017ed\u011bn\u00ed, ale douf\u00e1me, \u017ee v\u0161e do\u017eeneme ke v\u0161\u00ed spokojenosti. Leto\u0161n\u00ed brann\u00fd z\u00e1vod se kon\u00e1 v&nbsp;Kvasin\u00e1ch a spolu s&nbsp;n\u00e1mi jede i hl\u00eddka dorostenc\u016f.<\/p>\n<p style=\"text-align: justify;\"><u> \u00a0Procvi\u010dujeme<\/u><\/p>\n<p style=\"text-align: justify;\">\u00a0Dnes jsme se se\u0161li, abychom si procvi\u010dili v\u0161echny discipl\u00edny brann\u00e9ho z\u00e1vodu neboli z\u00e1vodu po\u017e\u00e1rnick\u00e9 v\u0161estrannosti. Pan Dus\u00edlek napnul lano mezi dva kmeny a my zkou\u0161eli p\u0159ekon\u00e1n\u00ed p\u0159ek\u00e1\u017eky po vodorovn\u00e9m lan\u011b. V\u0161em se celkem da\u0159ilo. Dal\u0161\u00ed discipl\u00ednou je v\u00e1z\u00e1n\u00ed uzl\u016f, mus\u00edme zvl\u00e1dnout na jedni\u010dku v\u0161ech p\u011bt a to: tesa\u0159sk\u00fd, lodn\u00ed, z\u00e1chrann\u00fd, \u00favaz na proudnici a zkracova\u010dku. Toto, i ostatn\u00ed discipl\u00edny jsme zvl\u00e1dli. Jen st\u0159elba se neda\u0159ila k&nbsp;na\u0161\u00ed spokojenosti.<\/p>\n<p style=\"text-align: justify;\"><u> \u00a0Brann\u00fd z\u00e1vod<\/u><\/p>\n<p style=\"text-align: justify;\">\u00a0Tak u\u017e je to tady. Hlavn\u00ed zkou\u0161ka na\u0161\u00ed dovednosti za\u010d\u00edn\u00e1. Den za\u010dal po\u0161murn\u011b. Drobn\u011b pr\u0161\u00ed, kdy\u017e nased\u00e1me do autobusu, kter\u00fd n\u00e1s m\u00e1 odv\u00e9zt do Kvasin. Kdy\u017e vyb\u00edh\u00e1 prvn\u00ed hl\u00eddka, rozpr\u0161\u00ed se \u00fapln\u011b. M\u00e1me obavu, \u017ee tra\u0165 bude klouzat. A\u017e kdy\u017e jsme na startu my, pr\u0161et p\u0159est\u00e1v\u00e1. M\u00e1me to za dobr\u00e9 znamen\u00ed. Prvn\u00ed stanovi\u0161t\u011b je st\u0159elba. Ta n\u00e1m nevy\u0161la ani trochu. Jeden\u00e1ct \u0161pal\u00ed\u010dk\u016f z\u016fstalo st\u00e1t. Mus\u00edme zabrat v&nbsp;ostatn\u00edm a v&nbsp;b\u011bhu. Ji\u017e \u017e\u00e1dn\u00e9 trestn\u00e9 minuty. Dob\u00edhaj\u00edc\u00ed \u010das jsme m\u011bli celkem uspokojiv\u00fd. Je\u0161t\u011b jsou v\u0161ak za n\u00e1mi dru\u017estva, kter\u00e1 jsme pr\u00e1vem pova\u017eovali za lep\u0161\u00ed. Po s\u010d\u00edt\u00e1n\u00ed v\u00fdsledk\u016f jsme t\u0159et\u00ed. Lep\u0161\u00ed jsou Li\u010dno a Houdkovice. Na ja\u0159e se mus\u00edme polep\u0161it.<\/p>\n<p style=\"text-align: justify;\">Beseda o \u0158ecku a Turecku<\/p>\n<p style=\"text-align: justify;\">\u00a0Pan Dus\u00edlek byl na z\u00e1jezd\u011b v&nbsp;Turecku. P\u0159i na\u0161\u00ed dal\u0161\u00ed sch\u016fzce n\u00e1m o sv\u00e9 cest\u011b vypr\u00e1v\u011bl. Bylo to velice zaj\u00edmav\u00e9 a pou\u010dn\u00e9. D\u00e1le jsme se domlouvali, \u017ee mus\u00edme ud\u011blat sb\u011br pap\u00edru. Term\u00edn zat\u00edm nen\u00ed stanoven.<\/p>\n<p style=\"text-align: justify;\"><u> \u00a0Valn\u00e1 hromada<\/u><\/p>\n<p style=\"text-align: justify;\">\u00a0Dne 12.&nbsp;ledna se uskute\u010dnila v&nbsp;hospod\u011b \u201e U \u0160evc\u016f \u201c v&nbsp;Bystr\u00e9m v\u00fdro\u010dn\u00ed valn\u00e1 hromada. My jako mlad\u00ed hasi\u010di jsme p\u0159edvedli kulturn\u00ed program slo\u017een\u00fd z&nbsp;b\u00e1sni\u010dek ze zimn\u00ed t\u00e9matikou.<\/p>\n<p style=\"text-align: justify;\"><u> \u00a0Op\u011bt nacvi\u010dujeme<\/u><\/p>\n<p style=\"text-align: justify;\">\u00a0Za\u010d\u00edn\u00e1me nacvi\u010dovat na jarn\u00ed kolo hry Plamen. P\u0159idali se k&nbsp;n\u00e1m dal\u0161\u00ed pomocn\u00edci. Proto\u017ee je venku st\u00e1le \u0161patn\u00e9 po\u010das\u00ed, p\u0159inesl pan Dus\u00edlek maketu hasi\u010dsk\u00e9 st\u0159\u00edka\u010dky do klubovny ve \u0161kole. Zde nacvi\u010dujeme s\u00e1n\u00ed a proudy na sucho. Jirka s&nbsp;Davidem tak\u00e9 zkou\u0161\u00ed do discipl\u00edny dvojice smot\u00e1v\u00e1n\u00ed hadic. U\u017e se t\u011b\u0161\u00edme, a\u017e budeme moci j\u00edt b\u011bhat ven.<\/p>\n<p style=\"text-align: justify;\"><u> \u00a0Odborky<\/u><\/p>\n<p style=\"text-align: justify;\">\u00a0Dnes jsme se p\u0159ipravovali op\u011bt na \u00fatok. P\u0159itom jsme s&nbsp;na\u0161imi vedouc\u00edmi provedli odborky. David \u0160int\u00e1k, Josef Je\u017eek, Josef Kom\u016frka, Kamil Lelek, Jarom\u00edr Meier, Standa Melich, Ji\u0159\u00ed Moravec, Bohou\u0161 P\u00e1bel \u2013 ti v\u0161ichni splnili odbornost preventista.<\/p>\n<p style=\"text-align: justify;\"><u> \u00a0Beseda o po\u017e\u00e1rn\u00ed prevenci<\/u><\/p>\n<p style=\"text-align: justify;\">\u00a0Pan Dus\u00edlek s&nbsp;p. Mart\u00ednkovou s&nbsp;n\u00e1mi uspo\u0159\u00e1dali besedu o po\u017e\u00e1rn\u00ed prevenci. Dozv\u011bd\u011bli jsme se, jak p\u0159edch\u00e1zet po\u017e\u00e1r\u016fm a co m\u00e1me d\u011blat, kdy\u017e zjist\u00edme, \u017ee n\u011bkde ho\u0159\u00ed. Spole\u010dn\u011b jsme zhotovili n\u00e1st\u011bnku u autobusov\u00e9 \u010dek\u00e1rny s&nbsp;t\u00e9matem po\u017e\u00e1rn\u00ed prevence.<\/p>\n<p style=\"text-align: justify;\"><u> \u00a0Baz\u00e9n<\/u><\/p>\n<p style=\"text-align: justify;\">\u00a0V sobotu 11.&nbsp;dubna jsme jeli s&nbsp;na\u0161\u00ed vedouc\u00ed a jej\u00edm man\u017eelem do Dobru\u0161ky do kryt\u00e9ho plaveck\u00e9ho baz\u00e9nu. Bylo n\u00e1s 16 d\u011bt\u00ed. Velice jsme si plav\u00e1n\u00ed u\u017eili. Byla to p\u0159\u00edjemn\u00e1 zm\u011bna.<\/p>\n<p style=\"text-align: justify;\"><u> \u00a0Kresby do sout\u011b\u017ee<\/u><\/p>\n<p style=\"text-align: justify;\">\u00a0Se\u0161li jsme se u Mart\u00ednk\u016f, abychom nakreslili kresby do sout\u011b\u017ee \u201e Po\u017e\u00e1rn\u00ed ochrana o\u010dima d\u011bt\u00ed \u201c. Sv\u00e9 kresby do sout\u011b\u017ee poslali: Jana Mart\u00ednkov\u00e1, Kate\u0159ina Tom\u00e1\u0161ov\u00e1, Karel P\u0159ibyl, Honza P\u0159ibyl, Radim Sv\u011btl\u00edk a Milan Hradeck\u00fd.<\/p>\n<p style=\"text-align: justify;\"><u> \u00a0Velk\u00fd \u00faklid<\/u><\/p>\n<p style=\"text-align: justify;\">\u00a0Skon\u010dila zima, nen\u00ed u\u017e sn\u00edh a tak je vid\u011bt, kde z\u016fstala jak\u00e1 \u0161p\u00edna. Tak\u00e9 my jsme se se\u0161li, abychom uklidili po\u017e\u00e1rn\u00ed zbrojnici, okol\u00ed po\u017e\u00e1rn\u00ed zbrojnice a omyli po\u017e\u00e1rn\u00ed vozidlo. Pom\u00e1hali n\u00e1m \u010dlenov\u00e9 SDH. Odpracovali jsme 26 hodin.<\/p>\n<p style=\"text-align: justify;\"><u> \u00a0Myt\u00ed koupali\u0161t\u011b<\/u><\/p>\n<p style=\"text-align: justify;\">\u00a0Obecn\u00ed \u00fa\u0159ad v&nbsp;Bystr\u00e9m vyhl\u00e1sil na sobotu 9.&nbsp;kv\u011bten brig\u00e1du na myt\u00ed koupali\u0161t\u011b, i my mlad\u00ed hasi\u010di jsme se zapojili. Odpracovali jsme 36 hodin.<\/p>\n<p style=\"text-align: justify;\"><u> \u00a0\u010cermn\u00e1 nad Orlic\u00ed<\/u><\/p>\n<p style=\"text-align: justify;\">\u00a0Po p\u0159\u00edjezdu do \u010cermn\u00e9 nad Orlic\u00ed jsme nejprve postavili stany a ubytovali se. A\u017e do ve\u010dera jsme m\u011bli volno a tak jsme proh\u00e1n\u011bli m\u00ed\u010d. V&nbsp;sobotu se v\u0161ichni pochodem p\u0159es\u00eddlili na h\u0159i\u0161t\u011b v&nbsp;\u010cermn\u00e9. Po celou cestu vyhr\u00e1vala v&nbsp;ampli\u00f3nech hudba a byli v\u00edt\u00e1ni v\u0161ichni \u00fa\u010dastn\u00edci hry Plamen. Na h\u0159i\u0161ti jsme odb\u011bhali \u0161tafetu, \u00fatok a d\u017eberovky. Odpoledne bylo op\u011bt volno. Ve\u010der byla diskot\u00e9ka. V&nbsp;ned\u011bli r\u00e1no byly jen dvojice. Na\u0161e \u00fasp\u011bchy byly nestejnom\u011brn\u00e9. Celkem se n\u00e1m da\u0159ila \u0161tafeta i d\u017eberovky. \u00datok se n\u00e1m v\u0161ak nevyvedl ani jeden, tak\u017ee jsme klesli dost hluboko v&nbsp;um\u00edst\u011bn\u00ed dru\u017estev. Celkem se n\u00e1m vyda\u0159ily dvojice a tak jsme se nakonec um\u00edstili na 3.&nbsp;m\u00edst\u011b. Byli jsme r\u00e1di, \u017ee v\u0161e nedopadlo h\u016f\u0159e.<\/p>\n<ol style=\"text-align: justify;\" start=\"22\">\n<li><u> v\u00fdkonnostn\u00ed sout\u011b\u017e mlad\u00fdch po\u017e\u00e1rn\u00edk\u016f<\/u><\/li>\n<\/ol>\n<p style=\"text-align: justify;\">\u00a0Na\u0161e dru\u017estvo bylo pov\u011b\u0159eno reprezentac\u00ed na\u0161\u00ed republiky v&nbsp;Liezenu \u2013 Rakousk\u00e9 \u0160t\u00fdrsko. Za\u010dali jsme se p\u0159ipravovat na sout\u011b\u017en\u00ed discipl\u00edny. Sch\u00e1z\u00edme se t\u0159ikr\u00e1t do t\u00fddne a sna\u017e\u00edme se ud\u011blat dobr\u00fd v\u00fdkon i p\u0159i tr\u00e9ninku. Z\u00e1jezdu se z\u00fa\u010dastn\u00ed \u010dlenov\u00e9 na\u0161eho kolektivu mlad\u00fdch po\u017e\u00e1rn\u00edk\u016f: Mark\u00e9ta Schejbalov\u00e1, Petra Net\u00edkov\u00e1, Leo\u0161 Je\u017eek, Milo\u0161 Marek, Josef \u0160evc, Jan Barto\u0161, Standa Melich, Jarom\u00edr Meier, Josef Kom\u016frka, David Roll, Kamil Hor\u00e1k. Sout\u011b\u017eit pojedeme v&nbsp;nov\u00fdch tepl\u00e1kov\u00fdch souprav\u00e1ch, kter\u00e9 jsme k&nbsp;reprezentaci dostali. D\u00edky na\u0161\u00edm sponzor\u016fm jsme byli vybaveni \u201e mask\u00e1\u010di \u201c a pevnou obuv\u00ed. Budeme se sna\u017eit dob\u0159e reprezentovat nejen na\u0161i obec, ale i celou na\u0161i vlast.<\/p>\n<p style=\"text-align: justify;\">\u00a0<em>\u00dater\u00fd 14.&nbsp;7. <\/em><\/p>\n<p style=\"text-align: justify;\">\u00a0Nast\u00e1v\u00e1 poledne. Dv\u011b vozidla, po\u017e\u00e1rn\u00ed Avie \u0159\u00edzen\u00e1 p. Tom\u00e1\u0161em a Avia camp \u0159\u00edzen\u00e1 p . Pekem vyj\u00ed\u017ed\u011bj\u00ed k&nbsp;cest\u011b do Rakouska. Vedouc\u00edm z\u00e1jezdu je Josef Dus\u00edlek, tren\u00e9rem dru\u017estva Josef Andr\u0161, tlumo\u010dnic\u00ed p. \u010cerm\u00e1kov\u00e1 z&nbsp;De\u0161tn\u00e9ho v&nbsp;O. h.\u00a0 . Z\u00e1jezdu se \u00fa\u010dastn\u00ed 11 \u010dlen\u016f kolektivu MP, v\u00edt\u011bz\u016f celost\u00e1tn\u00edho kola hry Plamen 90, kte\u0159\u00ed byli pov\u011b\u0159eni reprezentac\u00ed \u010cSFR na 22.&nbsp;v\u00fdkonnostn\u00ed sout\u011b\u017ei konan\u00e9 v&nbsp;Rakousk\u00e9m Liezenu n\u00e1le\u017eej\u00edc\u00edm do oblasti \u0160t\u00fdrska. Mimo pat\u0159i\u010dn\u00fdch z\u00e1sob potravin na cestu sebou vezeme stany na ubytov\u00e1n\u00ed a d\u00e1rky do sout\u011b\u017ee i pro hostitele. Vozidla m\u00ed\u0159\u00ed do ji\u017en\u00edch \u010cech k&nbsp;p\u0159ejezdu do Rakouska v&nbsp;Doln\u00edm Dvo\u0159i\u0161ti. Na\u0161\u00edm z\u00e1m\u011brem bylo nal\u00e9zt m\u00edsto k&nbsp;p\u0159enocov\u00e1n\u00ed na na\u0161em \u00fazem\u00ed a r\u00e1no odjet do Rakouska. Ubytov\u00e1n\u00ed jsme nalezli u rybn\u00edku kempu D\u00edv\u010d\u00ed K\u00e1men nach\u00e1zej\u00edc\u00edm se mezi \u010cesk\u00fdmi Bud\u011bjovicemi a Kaplicemi. P\u0159esto, \u017ee bylo zata\u017eeno, ale nebyla zima postavili jsme \u00fakryt z&nbsp;velik\u00e9 plachty jako safari a pod n\u00edm jsme p\u0159epsali t\u00e9m\u011b\u0159 pod \u0161ir\u00e1kem. Trochu n\u00e1s zlobili jenom kom\u00e1\u0159i.<\/p>\n<p style=\"text-align: justify;\"><em> \u00a0St\u0159eda 15.&nbsp;7. <\/em><\/p>\n<p style=\"text-align: justify;\">\u00a0Vyspali jsme se dob\u0159e a nezmrzli jsme. P\u0159ipravili jsme sn\u00eddani, ulo\u017eili v\u011bci a vyjeli k&nbsp;p\u0159ejezdu st\u00e1tn\u00ed hranice. Po cest\u011b jsme je\u0161t\u011b doplnili pohonn\u00e9 hmoty, pe\u010divo, zeleninu a pivo a posl\u00e9ze jsme ji\u017e st\u00e1li na p\u0159ejezdu. Avie p. Peka projela bez probl\u00e9m\u016f, ale hasi\u010dskou Avii si rakou\u0161t\u00ed celn\u00edci prohl\u00e9dli d\u016fkladn\u011b a na\u0161li poh\u00e1ry vezen\u00e9 jako dary do sout\u011b\u017ee a tyto se jim nel\u00edbily. Po krat\u0161\u00edm vysv\u011btlov\u00e1n\u00ed a domluv\u00e1ch n\u00e1s v\u0161ak pustili bez placen\u00ed cla. Jsme v&nbsp;Rakousku a v\u0161e se n\u00e1m zd\u00e1 jaksi jina\u010d\u00ed, vzhledn\u011bj\u0161\u00ed. Jedeme d\u00e1lnic\u00ed k&nbsp;Linci, kam p\u0159ed polednem dor\u00e1\u017e\u00edme. Prohl\u00ed\u017e\u00edme si m\u011bsto, nahl\u00ed\u017e\u00edme do v\u00fdkladn\u00edch sk\u0159\u00edn\u00ed obchod\u016f a pomalu si navyk\u00e1me na \u017eivot v&nbsp;Rakousku. Po prohl\u00eddce m\u011bsta va\u0159\u00edme ob\u011bd a pokra\u010dujeme v&nbsp;j\u00edzd\u011b sm\u011brem na Salzburg. M\u011bsto je zn\u00e1me hudebn\u00edmi tradicemi, historick\u00fdmi budovami a mno\u017estv\u00edm n\u00e1v\u0161t\u011bvn\u00edk\u016f. Pro\u0161li jsme si m\u011bsto i kdy\u017e ve\u010der trochu prost\u0159ikovalo. Potom jsme vyjeli hledat ubytov\u00e1n\u00ed. P\u0159i v\u00fdjezdu z&nbsp;m\u011bsta se spustil prudk\u00fd lij\u00e1k a m\u011bli jsme obavy, jak p\u0159enocujeme. Zajeli jsme n\u011bkolik kilometr\u016f od m\u011bsta k&nbsp;trati z\u00e1vod\u016f formule&nbsp;1 na Salzburgring. P\u0159i vjezdu do are\u00e1lu n\u00e1s v\u00edtali a hned se ptali, do kter\u00e9ho parkovi\u0161t\u011b jedeme. Po chv\u00edli jsme se teprve domluvili, \u017ee v&nbsp;sobotu zde prob\u00edhaj\u00ed z\u00e1vody a oni n\u00e1s v\u00edtali jako z\u00e1vodn\u00edky. Nebylo zde mo\u017en\u00e9 postavit stany, a\u017e nakonec jsme na\u0161li dobr\u00e9 m\u00edste\u010dko na parkovi\u0161ti a ubytovali se. P\u0159i p\u0159\u00edprav\u011b ve\u010de\u0159e prov\u00e1d\u011bl Pepa Andr\u0161 tvrd\u00fd tr\u00e9nink dru\u017estva. Utahan\u00ed z&nbsp;cesty jsme dob\u0159e pove\u010de\u0159eli a ulo\u017eili se ke sp\u00e1nku.<\/p>\n<p style=\"text-align: justify;\">\u00a0<em>\u010ctvrtek 16.&nbsp;7. <\/em><\/p>\n<p style=\"text-align: justify;\">\u00a0Po v\u010derej\u0161\u00edm de\u0161ti nen\u00ed ani pam\u00e1tky a bud\u00ed n\u00e1s slun\u00ed\u010dko. Va\u0159\u00edme sn\u00eddani, bal\u00edme stany a p\u0159ipravujeme se na dal\u0161\u00ed cestu. \u010cek\u00e1 n\u00e1s cesta do Liezenu r\u00e1movan\u00e1 p\u016fvabnou krajinou. Proj\u00ed\u017ed\u00edme pod\u00e9l jezer Fuschlsee a Wolfgangsee a zastavujeme se na vyhl\u00eddkov\u00fdch m\u00edstech silnic. Nav\u0161t\u011bvujeme l\u00e1ze\u0148sk\u00e9 m\u011bsto Bad Ischl a obj\u00ed\u017ed\u00edme Hallst\u00e4tter See, p\u016fvabn\u00e9 jezero s&nbsp;m\u011bste\u010dkem Hallstadt, zn\u00e1m\u00fdm doly na s\u016fl. Zastavujeme zde na odpo\u010dinek a odv\u00e1\u017elivci se koupou v&nbsp;jeze\u0159e. Osv\u011b\u017eeni pokra\u010dujeme cestou do Liezenu, m\u00edsta kon\u00e1n\u00ed sout\u011b\u017ee. Dor\u00e1\u017e\u00edme sem odpoledne. Vyhledali jsme zdej\u0161\u00ed hasi\u010dskou zbrojnici a byli uv\u00edt\u00e1ni hasi\u010dsk\u00fdmi \u010dinovn\u00edky m\u011bsta Liezenu. Zaparkovali jsme na zahrad\u011b a h\u0159i\u0161ti m\u00edstn\u00ed \u0161koly ve st\u0159edu asi desetitis\u00edcov\u00e9ho m\u011bsta. Zde jsme postavili stany a ubytovali se. Soci\u00e1ln\u00ed za\u0159\u00edzen\u00ed jsme mohli pou\u017e\u00edvat ve \u0161kole. Hr\u00e1li jsme fotbal, prov\u00e1d\u011bli n\u00e1cvik discipl\u00edn a nave\u010der n\u00e1s pozvali do zbrojnice na poho\u0161t\u011bn\u00ed a prohl\u00eddku m\u00edstn\u00edho stadionu, m\u00edsta kon\u00e1n\u00ed sout\u011b\u017ee. Ve\u010der jsme posed\u011bli do pozdn\u00edch hodin s&nbsp;hostiteli \u2013 hasi\u010di z&nbsp;Liezenu.<\/p>\n<p style=\"text-align: justify;\">\u00a0<em>P\u00e1tek 17.&nbsp;7. <\/em><\/p>\n<p style=\"text-align: justify;\">\u00a0Bud\u00edme se do n\u00e1dhern\u00e9ho slune\u010dn\u00e9ho r\u00e1na. Va\u0159\u00edme sn\u00eddani v&nbsp;dobr\u00e9 rann\u00ed pohod\u011b. Dopoledne odch\u00e1z\u00edme na stadion, kde si m\u00e1me mo\u017enost vyzkou\u0161et po\u017e\u00e1rn\u00ed \u00fatok z&nbsp;p\u0159ek\u00e1\u017ekami na ji\u017e p\u0159ipraven\u00fdch drah\u00e1ch. Celkem se n\u00e1m da\u0159\u00ed a na\u0161e tr\u00e9ninkov\u00e9 \u010dasy jsou dob\u0159e hodnoceny. Odpoledne n\u00e1s \u010dek\u00e1 prohl\u00eddka hasi\u010dsk\u00e9 zbrojnice, nov\u00e9ho signaliza\u010dn\u00edho dispe\u010dinku, prohl\u00eddka vozidel a techniky. Potom vyj\u00ed\u017ed\u00edme auty m\u00edstn\u00edch hasi\u010d\u016f na v\u00fdlet. \u00dazk\u00e1 cesta s&nbsp;prudk\u00fdm stoup\u00e1n\u00edm n\u00e1s vyv\u00e1\u017e\u00ed do kopc\u016f, a\u017e do v\u00fd\u0161ky asi 1200&nbsp;m . Odtud je n\u00e1dhern\u00fd pohled na Liezen. Zastavujeme na horsk\u00e9 planin\u011b v&nbsp;m\u00edst\u011b ticha. Nach\u00e1z\u00ed se zde n\u011bkolik chalup, pasou se tu kr\u00e1vy a potk\u00e1v\u00e1me se s&nbsp;n\u011bkolika turisty. Vystupujeme k&nbsp;mal\u00e9 hasi\u010dsk\u00e9 kapli\u010dce, odkud je n\u00e1dhern\u00fd pohled na okoln\u00ed horsk\u00e9 velik\u00e1ny. Zp\u011bt sch\u00e1z\u00edme a\u017e k&nbsp;chat\u011b hasi\u010d\u016f do Liezenu, kde m\u016f\u017eeme posed\u011bt a ob\u010derstvit se. Je zde n\u00e1dhern\u00e1 horsk\u00e1 pohoda, p\u0159\u00edjemn\u00fd vzduch a chl\u00e1dek. Odpo\u010dinuti sj\u00ed\u017ed\u00edme zp\u011bt do m\u011bsta a odev\u0161ad na n\u00e1s s\u00e1l\u00e1 vedro. Nav\u0161t\u011bvujeme m\u00edstn\u00ed koupali\u0161t\u011b, kde n\u00e1m zajistil starosta m\u011bsta bezplatn\u00fd vstup. Nast\u00e1v\u00e1 tepl\u00fd ve\u010der, sed\u00edme s&nbsp;rakousk\u00fdmi p\u0159\u00e1teli, nav\u0161t\u011bvuj\u00ed n\u00e1s p\u0159edstavitel\u00e9 m\u00edstn\u00edch hasi\u010d\u016f i vedouc\u00ed hasi\u010dstva kraje \u0160t\u00fdrska. Opou\u0161t\u011bj\u00ed n\u00e1s pozd\u011b v&nbsp;noci obdarov\u00e1ni d\u00e1rky.<\/p>\n<p style=\"text-align: justify;\"><em> Sobota 18.&nbsp;7. <\/em><\/p>\n<p style=\"text-align: justify;\">\u00a0R\u00e1no je trochu zamra\u010den\u00e9, po hor\u00e1ch se v\u00e1l\u00ed mlhy. Po sn\u00eddani se chyst\u00e1me na SOUT\u011a\u017dEN\u00cd. Sout\u011b\u017ee se \u00fa\u010dastn\u00ed 250 dru\u017estev mlad\u00fdch hasi\u010d\u016f ze \u0160t\u00fdrska a mimo n\u00e1s jako host\u00e9 mlad\u00ed hasi\u010di ze Slovinska. Na stadionu vl\u00e1dne \u017eiv\u00fd ruch a sout\u011b\u017ee prob\u00edhaj\u00ed na t\u0159ech drah\u00e1ch v&nbsp;po\u017e\u00e1rn\u00edm \u00fatoku s&nbsp;p\u0159ek\u00e1\u017ekami ji\u017e od \u0161esti hodin r\u00e1no. K&nbsp;sout\u011b\u017ei nastupujeme p\u0159ed jeden\u00e1ctou hodinou. Hodinu p\u0159edem mus\u00edme b\u00fdt ji\u017e nastoupeni ke kontrole pr\u016fkaz\u016f a v\u00fdstroje. Obdiv v\u0161ude vzbuzuj\u00ed ob\u011b na\u0161e d\u011bv\u010data za\u0159azen\u00e1 v&nbsp;dru\u017estvu, nebo\u0165 d\u00edvky a \u017eeny v&nbsp;Rakousku s&nbsp;hasi\u010di necvi\u010d\u00ed. Nastupujeme na start, bal\u00edme si hadice a dol\u00e9v\u00e1me vodu do d\u017eberovek. B\u011b\u017e\u00edme na st\u0159edn\u00ed dr\u00e1ze. Po\u017e\u00e1rn\u00ed \u00fatok se n\u00e1m celkem vyda\u0159il a dos\u00e1hli jsme podle odhadu \u0161est\u00fd a\u017e sedm\u00fd nejlep\u0161\u00ed \u010das. Na stadionu n\u00e1s doprov\u00e1zeli z\u00e1stupci \u010cesk\u00e9ho \u00fast\u0159edn\u00edho v\u00fdboru Sdru\u017een\u00ed hasi\u010d\u016f \u010cech, Moravy a Slezska, jeho m\u00edstop\u0159edseda p.\u00a0 Montel\u00edk a pracovn\u00edk sekretari\u00e1tu pro ml\u00e1de\u017e p. Pokorn\u00fd, kter\u00fd v\u0161e nat\u00e1\u010del na video. Za hodinu n\u00e1s \u010dekala dal\u0161\u00ed sout\u011b\u017e, \u0161tafeta 400&nbsp;m s&nbsp;p\u0159ek\u00e1\u017ekami, kter\u00e1 se b\u011bhala na silnici vedle n\u00e1dra\u017e\u00ed ve dvou drah\u00e1ch m\u011b\u0159en\u00fdch el.\u00a0 \u010dasom\u00edrou. Ve \u0161tafet\u011b dosahujeme nejlep\u0161\u00ed zab\u011bhnut\u00fd \u010das v&nbsp;sout\u011b\u017ei, ale sm\u016fla n\u00e1m p\u0159ipisuje 10 trestn\u00fdch bod\u016f za \u0161patn\u00e9 spojen\u00ed hadice na rozd\u011blova\u010d. Celkov\u00fd n\u00e1\u0161 v\u00fdsledek je po p\u0159epo\u010dtu kategori\u00ed na 13. \u2013 14.&nbsp;m\u00edst\u011b, ale mohlo to b\u00fdt je\u0161t\u011b lep\u0161\u00ed. Poda\u0159ilo se n\u00e1m v\u0161ak z\u00edskat bronzov\u00e9 medaile CTIF \u2013 v\u00fdkonnostn\u00ed t\u0159\u00eddy pro dru\u017estvo i jednotlivce. Nave\u010der prob\u00edh\u00e1 vyhl\u00e1\u0161en\u00ed v\u00edt\u011bz\u016f na n\u00e1m\u011bst\u00ed m\u011bsta. Pr\u016fvod v\u0161ech \u00fa\u010dastn\u00edk\u016f p\u0159ich\u00e1z\u00ed na n\u00e1m\u011bst\u00ed, kde ho o\u010dek\u00e1v\u00e1 mnoho hasi\u010dsk\u00fdch \u010dinovn\u00edk\u016f i p\u0159edstavitel\u016f m\u011bsta. Poh\u00e1ry jsou odm\u011b\u0148ov\u00e1ni nejlep\u0161\u00ed dru\u017estva a jeden si odn\u00e1\u0161\u00edme i my. Dva sklen\u011bn\u00e9 poh\u00e1ry, v\u011bnovan\u00e9 na\u0161\u00ed v\u00fdpravou do sout\u011b\u017ee jsou vylosov\u00e1ny mezi sout\u011b\u017en\u00ed dru\u017estva. Sout\u011b\u017en\u00ed den kon\u010d\u00ed, nave\u010der n\u00e1s nav\u0161t\u011bvuje starosta m\u011bsta Liezenu a hasi\u010di, kte\u0159\u00ed se o n\u00e1s starali. Spokojeni se ukl\u00e1d\u00e1me ke sp\u00e1nku.<\/p>\n<p style=\"text-align: justify;\">\u00a0<em>Ned\u011ble 19.&nbsp;7. <\/em><\/p>\n<p style=\"text-align: justify;\">\u00a0Op\u011bt kr\u00e1sn\u00e9 slune\u010dn\u00e9 r\u00e1no. Bal\u00edme stany a lou\u010d\u00edme se s&nbsp;p\u0159\u00e1teli z&nbsp;Liezenu. Byli k&nbsp;n\u00e1m velmi hodn\u00ed a p\u0159\u00e1tel\u0161t\u00ed. Na\u0161e cesta sm\u011b\u0159uje do Grazu, druh\u00e9ho nejv\u011bt\u0161\u00edho m\u011bsta Rakouska. Cestou n\u011bkolikr\u00e1t zastavujeme a prohl\u00ed\u017e\u00edme si krajinu. Do Grazu p\u0159ij\u00ed\u017ed\u00edme odpoledne. Vyd\u00e1v\u00e1me se na proch\u00e1zku m\u011bstem sm\u011brem k&nbsp;m\u011bstsk\u00e9mu hradu. Je hork\u00e9, slune\u010dn\u00e9 odpoledne, ale po v\u00fdstupu na hrad se n\u00e1m otev\u00edr\u00e1 n\u00e1dhern\u00e1 vyhl\u00eddka na m\u011bsto. Po sestupu odj\u00ed\u017ed\u00edme asi 14 kilometr\u016f do m\u011bsta Voitsberg, ve kter\u00e9m bydl\u00ed dcera p. Peka, Kl\u00e1ra. Nach\u00e1z\u00edme ji doma a ona n\u00e1s doprov\u00e1z\u00ed a\u017e na okraj m\u011bsta, k&nbsp;malebn\u00e9mu domku pana \u201e Williho \u201c. Na zahr\u00e1dce u domku stav\u00edme stany, va\u0159\u00edme ve\u010de\u0159i a pro\u017e\u00edv\u00e1me ve\u010dern\u00ed posezen\u00ed s&nbsp;rodinou a p\u0159\u00edbuzn\u00fdmi Kl\u00e1ry. Kl\u00e1ra zde o\u0161et\u0159uje kotn\u00edk Leo\u0161i Je\u017ekovi, kter\u00fd si ho poranil p\u0159i dob\u011bhu \u0161tafety. V\u0161ichni jsou moc ochotn\u00ed a \u201e Willi \u201c by se pro n\u00e1s snad rozdal. Ukl\u00e1d\u00e1me se ke sp\u00e1nku a\u017e pozd\u011b ve\u010der.<\/p>\n<p style=\"text-align: justify;\"><em> \u00a0Pond\u011bl\u00ed 20.&nbsp;7. <\/em><\/p>\n<p style=\"text-align: justify;\">\u00a0Bud\u00ed n\u00e1s zase slun\u00ed\u010dko. Po sn\u00eddani bal\u00edme, lou\u010d\u00edme se s&nbsp;\u201e Willim \u201c a p\u0159\u00e1teli a odj\u00ed\u017ed\u00edme do nedalek\u00e9ho m\u011bste\u010dka, k&nbsp;prohl\u00eddce kostela nezvykle vystav\u011bn\u00e9ho. D\u00e1le nav\u0161t\u011bvujeme farmu chovu kon\u00ed \u2013 lipic\u00e1n\u016f. Po rozlou\u010den\u00ed s&nbsp;Kl\u00e1rou m\u00ed\u0159\u00ed na\u0161e auta do V\u00eddn\u011b.<\/p>\n<p style=\"text-align: justify;\">Po dojezdu do V\u00eddn\u011b vol\u00edme proch\u00e1zku ulicemi m\u011bsta a rozhl\u00ed\u017e\u00edme se po obchodech. Nave\u010der opou\u0161t\u00edme m\u011bsto a m\u00ed\u0159\u00edme dom\u016f, do republiky. P\u0159ejezd na hranic\u00edch je bez probl\u00e9m\u016f a doj\u00ed\u017ed\u00edme k&nbsp;P\u00e1lavsk\u00fdm jezer\u016fm, kde chceme p\u0159enocovat. Kemp je v\u0161ak napln\u011bn, zkou\u0161\u00edme postavit stany na pose\u010den\u00e9m poli, odkud n\u00e1s v\u0161ak policist\u00e9 pos\u00edlaj\u00ed zp\u011bt k&nbsp;jezeru, kam se dost\u00e1v\u00e1me a\u017e za tmy. Stav\u00edme znovu safari a brzo se ukl\u00e1d\u00e1me ke sp\u00e1nku.<\/p>\n<p style=\"text-align: justify;\">\u00a0<em>\u00dater\u00fd 21.&nbsp;7.<\/em><\/p>\n<p style=\"text-align: justify;\">\u00a0Rann\u00ed bud\u00ed\u010dek. Nechce se n\u00e1m vst\u00e1vat, ale \u010dek\u00e1 n\u00e1s ji\u017e cesta dom\u016f. Bal\u00edme, cestou zastavujeme a va\u0159\u00edme sn\u00eddani a ve t\u0159i hodiny odpoledne p\u0159ij\u00ed\u017ed\u00edme zp\u011bt do Bystr\u00e9ho.<\/p>\n<p style=\"text-align: justify;\">Byl to hezk\u00fd z\u00e1jezd, vid\u011bli jsme kr\u00e1snou p\u0159\u00edrodu a zaj\u00edmavosti,sezn\u00e1mili jsme se s&nbsp;p\u0159\u00e1teli hasi\u010di \u2013 lidmi, kte\u0159\u00ed k&nbsp;n\u00e1m byli velmi hodn\u00ed.<\/p>\n<p style=\"text-align: justify;\">T\u00edmto kon\u010d\u00ed jedna velmi \u00fasp\u011b\u0161n\u00e1 etapa \u010dinnosti mlad\u00fdch po\u017e\u00e1rn\u00edk\u016f v&nbsp;Bystr\u00e9m.<\/p>\n","protected":false},"excerpt":{"rendered":"<p>Jm\u00e9no Bydli\u0161t\u011b V\u011bk Jitka Balcarov\u00e1 Janov 12 David Hor\u00e1k Bystr\u00e9 14 Josef Je\u017eek Sedlo\u0148ov 13 Josef\u00a0 Kom\u016frka Sedlo\u0148ov 13 Kamil Lelek Janov 14 Jarom\u00edr Meier Sedlo\u0148ov 13 Jana Mart\u00ednkov\u00e1 Bystr\u00e9 13 Zden\u011bk Mart\u00ednek Bystr\u00e9 9 Stanislav Melich Ohni\u0161ov 13 Ji\u0159\u00ed Moravec Ohni\u0161ov 13 Bohuslav P\u00e1bel Bystr\u00e9 12 Jan P\u0159ibyl Bystr\u00e9 10 Karel P\u0159ibyl Bystr\u00e9 12 [&hellip;]<\/p>\n","protected":false},"author":2,"featured_media":0,"parent":102,"menu_order":0,"comment_status":"closed","ping_status":"closed","template":"","meta":{"footnotes":""},"class_list":["post-1096","page","type-page","status-publish","hentry"],"aioseo_notices":[],"jetpack_sharing_enabled":true,"jetpack_likes_enabled":true,"_links":{"self":[{"href":"https:\/\/www.hasicibystre.cz\/index.php?rest_route=\/wp\/v2\/pages\/1096","targetHints":{"allow":["GET"]}}],"collection":[{"href":"https:\/\/www.hasicibystre.cz\/index.php?rest_route=\/wp\/v2\/pages"}],"about":[{"href":"https:\/\/www.hasicibystre.cz\/index.php?rest_route=\/wp\/v2\/types\/page"}],"author":[{"embeddable":true,"href":"https:\/\/www.hasicibystre.cz\/index.php?rest_route=\/wp\/v2\/users\/2"}],"replies":[{"embeddable":true,"href":"https:\/\/www.hasicibystre.cz\/index.php?rest_route=%2Fwp%2Fv2%2Fcomments&post=1096"}],"version-history":[{"count":2,"href":"https:\/\/www.hasicibystre.cz\/index.php?rest_route=\/wp\/v2\/pages\/1096\/revisions"}],"predecessor-version":[{"id":1353,"href":"https:\/\/www.hasicibystre.cz\/index.php?rest_route=\/wp\/v2\/pages\/1096\/revisions\/1353"}],"up":[{"embeddable":true,"href":"https:\/\/www.hasicibystre.cz\/index.php?rest_route=\/wp\/v2\/pages\/102"}],"wp:attachment":[{"href":"https:\/\/www.hasicibystre.cz\/index.php?rest_route=%2Fwp%2Fv2%2Fmedia&parent=1096"}],"curies":[{"name":"wp","href":"https:\/\/api.w.org\/{rel}","templated":true}]}}