{"id":1098,"date":"2018-07-30T20:48:47","date_gmt":"2018-07-30T18:48:47","guid":{"rendered":"http:\/\/www.hasicibystre.cz\/?page_id=1098"},"modified":"2018-08-04T20:55:38","modified_gmt":"2018-08-04T18:55:38","slug":"rocnik-1992-1993","status":"publish","type":"page","link":"https:\/\/www.hasicibystre.cz\/?page_id=1098","title":{"rendered":"Ro\u010dn\u00edk 1992 &#8211; 1993"},"content":{"rendered":"<table width=\"557\">\n<tbody>\n<tr>\n<td width=\"186\"><strong><em>Jm\u00e9no<\/em><\/strong><\/td>\n<td width=\"186\"><strong><em>Bydli\u0161t\u011b<\/em><\/strong><\/td>\n<td width=\"186\"><strong><em>V\u011bk<\/em><\/strong><\/td>\n<\/tr>\n<tr>\n<td width=\"186\"><strong>Jitka Balcarov\u00e1<\/strong><\/td>\n<td width=\"186\"><strong>Janov<\/strong><\/td>\n<td width=\"186\"><strong>13<\/strong><\/td>\n<\/tr>\n<tr>\n<td width=\"186\"><strong>Pavel Hejzlar<\/strong><\/td>\n<td width=\"186\"><strong>Ohni\u0161ov<\/strong><\/td>\n<td width=\"186\"><strong>14<\/strong><\/td>\n<\/tr>\n<tr>\n<td width=\"186\"><strong>Josef Je\u017eek<\/strong><\/td>\n<td width=\"186\"><strong>Sedlo\u0148ov<\/strong><\/td>\n<td width=\"186\"><strong>14<\/strong><\/td>\n<\/tr>\n<tr>\n<td width=\"186\"><strong>Renata Je\u017ekov\u00e1<\/strong><\/td>\n<td width=\"186\"><strong>Ba\u010det\u00edn<\/strong><\/td>\n<td width=\"186\"><strong>14<\/strong><\/td>\n<\/tr>\n<tr>\n<td width=\"186\"><strong>Josef Kom\u016frka<\/strong><\/td>\n<td width=\"186\"><strong>Sedlo\u0148ov<\/strong><\/td>\n<td width=\"186\"><strong>14<\/strong><\/td>\n<\/tr>\n<tr>\n<td width=\"186\"><strong>Zden\u011bk Mart\u00ednek<\/strong><\/td>\n<td width=\"186\"><strong>Bystr\u00e9<\/strong><\/td>\n<td width=\"186\"><strong>10<\/strong><\/td>\n<\/tr>\n<tr>\n<td width=\"186\"><strong>Jana Mart\u00ednkov\u00e1<\/strong><\/td>\n<td width=\"186\"><strong>Bystr\u00e9<\/strong><\/td>\n<td width=\"186\"><strong>12<\/strong><\/td>\n<\/tr>\n<tr>\n<td width=\"186\"><strong>Jarom\u00edr Meier<\/strong><\/td>\n<td width=\"186\"><strong>Sedlo\u0148ov<\/strong><\/td>\n<td width=\"186\"><strong>14<\/strong><\/td>\n<\/tr>\n<tr>\n<td width=\"186\"><strong>Pavel Melich<\/strong><\/td>\n<td width=\"186\"><strong>Ohni\u0161ov<\/strong><\/td>\n<td width=\"186\"><strong>12<\/strong><\/td>\n<\/tr>\n<tr>\n<td width=\"186\"><strong>Stanislav Melich<\/strong><\/td>\n<td width=\"186\"><strong>Ohni\u0161ov<\/strong><\/td>\n<td width=\"186\"><strong>14<\/strong><\/td>\n<\/tr>\n<tr>\n<td width=\"186\"><strong>Ji\u0159\u00ed Moravec<\/strong><\/td>\n<td width=\"186\"><strong>Ohni\u0161ov<\/strong><\/td>\n<td width=\"186\"><strong>14<\/strong><\/td>\n<\/tr>\n<tr>\n<td width=\"186\"><strong>Pavel Moravec<\/strong><\/td>\n<td width=\"186\"><strong>Ohni\u0161ov<\/strong><\/td>\n<td width=\"186\"><strong>13<\/strong><\/td>\n<\/tr>\n<tr>\n<td width=\"186\"><strong>Bohuslav P\u00e1bel<\/strong><\/td>\n<td width=\"186\"><strong>Bystr\u00e9<\/strong><\/td>\n<td width=\"186\"><strong>13<\/strong><\/td>\n<\/tr>\n<tr>\n<td width=\"186\"><strong>Jan P\u0159ibyl<\/strong><\/td>\n<td width=\"186\"><strong>Bystr\u00e9<\/strong><\/td>\n<td width=\"186\"><strong>11<\/strong><\/td>\n<\/tr>\n<tr>\n<td width=\"186\"><strong>Karel P\u0159ibyl<\/strong><\/td>\n<td width=\"186\"><strong>Bystr\u00e9<\/strong><\/td>\n<td width=\"186\"><strong>12<\/strong><\/td>\n<\/tr>\n<tr>\n<td width=\"186\"><strong>Radim Sv\u011btl\u00edk<\/strong><\/td>\n<td width=\"186\"><strong>Bystr\u00e9<\/strong><\/td>\n<td width=\"186\"><strong>12<\/strong><\/td>\n<\/tr>\n<tr>\n<td width=\"186\"><strong>David \u0160int\u00e1k<\/strong><\/td>\n<td width=\"186\"><strong>Sedlo\u0148ov<\/strong><\/td>\n<td width=\"186\"><strong>14<\/strong><\/td>\n<\/tr>\n<tr>\n<td width=\"186\"><strong>Roman \u0160vorc<\/strong><\/td>\n<td width=\"186\"><strong>Ohni\u0161ov<\/strong><\/td>\n<td width=\"186\"><strong>14<\/strong><\/td>\n<\/tr>\n<tr>\n<td width=\"186\"><strong>Kate\u0159ina Tom\u00e1\u0161ov\u00e1<\/strong><\/td>\n<td width=\"186\"><strong>Bystr\u00e9 <\/strong><\/td>\n<td width=\"186\"><strong>14<\/strong><\/td>\n<\/tr>\n<\/tbody>\n<\/table>\n<p style=\"text-align: justify;\"><u>\u00a0N\u00e1cvik na z\u00e1vod po\u017e\u00e1rnick\u00e9 v\u0161estrannosti<\/u><\/p>\n<p style=\"text-align: justify;\">\u00a0Je tady dal\u0161\u00ed kolo hry Plamen. Za\u010d\u00edn\u00e1me nacvi\u010dovat brann\u00fd z\u00e1vod. Letos za\u010dala zima svoji vl\u00e1du brzy. Ob\u010das pr\u0161\u00ed, nebo i sn\u011b\u017e\u00ed. Venku se tak ned\u00e1 nacvi\u010dovat. Stihli jsme alespo\u0148 st\u0159elbu. Dal\u0161\u00ed discipl\u00edny prob\u00edr\u00e1me v&nbsp;klubovn\u011b. Nacvi\u010dujeme uzly, topografii i po\u017e\u00e1rn\u00ed discipl\u00ednu. Sch\u00e1z\u00edme se dvakr\u00e1t t\u00fddn\u011b. Dnes, t\u011bsn\u011b p\u0159ed brann\u00fdm z\u00e1vodem se vy\u010dasilo alespo\u0148 na chvilku. Zkusili jsme discipl\u00edny venku, abychom v\u011bd\u011bli, jak bude v\u0161e prob\u00edhat, aby nov\u00ed chlapci alespo\u0148 trochu v\u011bd\u011bli, co je \u010dek\u00e1. V\u0161e ostatn\u00ed z\u00e1vis\u00ed na n\u00e1s. Douf\u00e1me, \u017ee se dob\u0159e um\u00edst\u00edme na dobr\u00e9m v\u00fdchoz\u00edm um\u00edst\u011bn\u00ed pro jaro. Budeme se sna\u017eit.<\/p>\n<p style=\"text-align: justify;\"><u>\u00a0Brann\u00fd z\u00e1vod<\/u><\/p>\n<p style=\"text-align: justify;\">\u00a0Brann\u00fd z\u00e1vod se konal 28.&nbsp;10.&nbsp;1992 ve Vamberku. Byl v&nbsp;p\u011bkn\u00e9m lesn\u00edm prost\u0159ed\u00ed. Cel\u00fd den se schylovalo k&nbsp;de\u0161ti, ale po dobu z\u00e1vodu nepr\u0161elo. Vyb\u00edhali jsme a\u017e ke konci startovn\u00edho pole, a tak jsme byli v\u0161ichni napjati, jak\u00fd ter\u00e9n pro n\u00e1s po\u0159adatel\u00e9 p\u0159ipravili. Prvn\u00ed stanovi\u0161t\u011b byla st\u0159elba, po skon\u010den\u00ed n\u00e1m z\u016fstalo nesest\u0159eleno 5 \u0161pal\u00ed\u010dk\u016f. Pokra\u010dovali jsme d\u00e1le. Na zdravov\u011bd\u011b jsme uv\u00e1zali \u0161patn\u011b uzel a tak n\u00e1m p\u0159ibylo dal\u0161\u00edch 5 trestn\u00fdch minut. Sna\u017eili jsme se ze v\u0161ech sil ub\u011bhnout alespo\u0148 dobr\u00fd \u010das. Po dob\u011bhnut\u00ed jsme s&nbsp;nap\u011bt\u00edm \u010dekali, jak dob\u011bhnou na\u0161i nejv\u011bt\u0161\u00ed soupe\u0159i, kte\u0159\u00ed b\u011b\u017eeli a\u017e po n\u00e1s. Po se\u010dten\u00ed v\u00fdsledk\u016f jsme zjistili, \u017ee m\u00e1me prvn\u00ed m\u00edsto. Byli jsme r\u00e1di, \u017ee to takhle dopadlo. P\u0159\u00ed\u0161t\u011b se mus\u00edme p\u0159ipravit je\u0161t\u011b l\u00e9pe.<\/p>\n<p style=\"text-align: justify;\"><u> \u00a0CTIF v&nbsp;Rakousku<\/u><\/p>\n<p style=\"text-align: justify;\">\u00a0Dru\u017estvo, kter\u00e9 vyhr\u00e1lo Plamen v&nbsp;roce 1990 bylo v&nbsp;Rakousku na sout\u011b\u017ei CTIF, kter\u00e1 se li\u0161\u00ed od hry Plamen. Na z\u00e1jezd\u011b nato\u010dil pan Dus\u00edlek film, kter\u00fd n\u00e1m p\u0159i besed\u011b 18.&nbsp;listopadu 1992 prom\u00edtl. Besedovali jsme o discipl\u00edn\u00e1ch, kter\u00e9 na CTIF jsou. D\u00e1le jsme si prohl\u00e9dli m\u00edsta v&nbsp;Rakousku, kter\u00e1 sout\u011b\u017en\u00ed dru\u017estvo nav\u0161t\u00edvilo p\u0159i t\u00fddenn\u00edm z\u00e1jezdu. Docela jsme jim z\u00e1vid\u011bli.<\/p>\n<p style=\"text-align: justify;\"><u> \u00a0Valn\u00e1 hromada<\/u><\/p>\n<p style=\"text-align: justify;\">\u00a0Jednou z&nbsp;nejv\u011bt\u0161\u00edch ud\u00e1lost\u00ed pro na\u0161e sdru\u017een\u00ed hasi\u010d\u016f v&nbsp;Bystr\u00e9m bylo p\u0159ed\u00e1v\u00e1n\u00ed \u010destn\u00e9ho praporu SDH na slavnostn\u00ed valn\u00e9 hromad\u011b 12.&nbsp;12.&nbsp;1992. My, mlad\u00ed hasi\u010di jsme nastudovali kulturn\u00ed program na tuto sch\u016fzi. Bylo n\u00e1s 14.&nbsp;\u010ctrn\u00e1ct dn\u00ed p\u0159edem jsme si rozdali b\u00e1sni\u010dky, kter\u00e9 jsme doma piln\u011b p\u0159ed\u010d\u00edtali a u\u010dili se je. Jednou t\u00fddn\u011b jsme se sch\u00e1zeli a p\u0159edv\u00e1d\u011bli, co ji\u017e um\u00edme. Celou sch\u016fzi nat\u00e1\u010deli na video a tak jsme zv\u011bdav\u00ed, jak vypad\u00e1me. Tak\u00e9 televize byla u toho, a kr\u00e1tk\u00fd \u0161ot byl uveden i v&nbsp;televizi.<\/p>\n<p style=\"text-align: justify;\">Po\u017e\u00e1rn\u00ed prevence<\/p>\n<p style=\"text-align: justify;\">Sedmn\u00e1ct\u00e9ho b\u0159ezna 1993 k&nbsp;n\u00e1m zav\u00edtal pan Net\u00edk z&nbsp;Bystr\u00e9ho a provedl s&nbsp;n\u00e1mi besedu o po\u017e\u00e1rn\u00ed prevenci. Tak\u00e9 jsme zhotovili v\u00fdv\u011bsn\u00ed sk\u0159\u00ed\u0148ku s&nbsp;problematikou prevence.<\/p>\n<p style=\"text-align: justify;\"><u> \u00a0Nacvi\u010dujeme<\/u><\/p>\n<p style=\"text-align: justify;\">\u00a0Za\u010d\u00edn\u00e1 jaro a my za\u010d\u00edn\u00e1me nacvi\u010dovat na jarn\u00ed kolo sout\u011b\u017ee Plamen. Z\u00edskali jsme dal\u0161\u00ed dva chlapce do dru\u017estva. Venku je je\u0161t\u011b \u0161patn\u00e9 po\u010das\u00ed a tak se sch\u00e1z\u00edme v&nbsp;klubovn\u011b SDH. M\u00e1me postavenou maketu hasi\u010dsk\u00e9 st\u0159\u00edka\u010dky a nacvi\u010dujeme \u00fatok \u201e na suchu \u201c. D\u00e1le se u\u010d\u00edme smot\u00e1v\u00e1n\u00ed hadic do discipl\u00edny dvojice. Jak jen bude tro\u0161ku p\u011bkn\u011b, p\u016fjdeme ven.<\/p>\n<p style=\"text-align: justify;\"><u> \u00a0Odborky<\/u><\/p>\n<p style=\"text-align: justify;\">\u00a0Dnes jsme se p\u0159ipravovali na po\u017e\u00e1rn\u00ed \u00fatok, nebo\u0165 venku je \u0161patn\u00e9 po\u010das\u00ed. P\u0159itom jsme s&nbsp;na\u0161imi vedouc\u00edmi provedli odborky. Odznak odbornosti splnili: Pavel Moravec, Pavel Hejzlar, Jana Mart\u00ednkov\u00e1, Pavel Melich a Roman \u0160vorc.<\/p>\n<p style=\"text-align: justify;\"><u> \u00a0Kresby do sout\u011b\u017ee<\/u><\/p>\n<p style=\"text-align: justify;\">\u00a0Se\u0161li jsme se u Mart\u00ednkov\u00fdch, abychom nakreslili kresby do sout\u011b\u017ee \u201e Po\u017e\u00e1rn\u00ed ochrana o\u010dima d\u011bt\u00ed \u201c. Sv\u00e9 kresby poslali Jana Mart\u00ednkov\u00e1, Zden\u011bk Mart\u00ednek, Radim Sv\u011btl\u00edk, Jan P\u0159ibyl, Karel P\u0159ibyl.<\/p>\n<p style=\"text-align: justify;\"><u> \u00a0Pozor ho\u0159\u00ed !<\/u><\/p>\n<p style=\"text-align: justify;\">\u00a0T\u0159i dny 24. \u2013 26.&nbsp;4.&nbsp;1993 v&nbsp;Bystr\u00e9m ho\u0159elo. Byster\u0161t\u00ed hasi\u010di vyjeli celkem \u010dty\u0159ikr\u00e1t k&nbsp;ha\u0161en\u00ed lesn\u00edch po\u017e\u00e1r\u016f ve Sn\u011b\u017en\u00e9m, Nedv\u011bz\u00edm a na Bystersk\u00fdch Dolech. N\u011bkte\u0159\u00ed z&nbsp;n\u00e1s se byli na t\u011bchto m\u00edstech pod\u00edvat a vid\u011bli jsme co to znamen\u00e1 nedodr\u017eov\u00e1n\u00ed po\u017e\u00e1rn\u00ed prevence. Ve \u010dtvrtek jsme potom pom\u00e1hali p\u0159i \u00faklidu po\u017e\u00e1rn\u00ed zbrojnice, balen\u00ed hadic a \u00fadr\u017eb\u011b vozidla. P\u0159i \u00faklidu pom\u00e1halo cel\u00e9 dru\u017estvo p\u0159ipravuj\u00edc\u00ed se do sout\u011b\u017ee Plamen a celkem jsme odpracovali 23 hodin.<\/p>\n<p style=\"text-align: justify;\"><u> \u00a0Koupali\u0161t\u011b nen\u00ed jenom koup\u00e1n\u00ed<\/u><\/p>\n<p style=\"text-align: justify;\">\u00a0V sobotu 8.&nbsp;5.&nbsp;1993 jsme se z\u00fa\u010dastnili brig\u00e1dy po\u0159\u00e1dan\u00e9 obecn\u00edm \u00fa\u0159adem p\u0159i myt\u00ed koupali\u0161t\u011b. Prac\u00ed na p\u0159\u00edprav\u011b koupali\u0161t\u011b se \u00fa\u010dastn\u00edme ka\u017edoro\u010dn\u011b a m\u00e1me tak\u00e9 mo\u017enost zkusit si st\u0159\u00edk\u00e1n\u00ed vodou p\u0159i pou\u017eit\u00ed po\u017e\u00e1rn\u00edho stroje. Letos se n\u00e1s se\u0161lo 13 a odpracovali jsme 42 hodin.<\/p>\n<p style=\"text-align: justify;\"><u> \u00a0Plamen 93<\/u><\/p>\n<p style=\"text-align: justify;\">\u00a0Okresn\u00ed kolo hry Plamen se konalo v&nbsp;Dob\u0159anech v&nbsp;Orlick\u00fdch hor\u00e1ch. V&nbsp;p\u00e1tek ve\u010der pr\u0161elo, a tak jsme m\u011bli obavy, jak\u00e9 bude po\u010das\u00ed v&nbsp;sobotu a v&nbsp;ned\u011bli. Tento rok jsme nespali pod stany, proto\u017ee jsme m\u011bli v\u0161ichni bl\u00edzko dom\u016f. V&nbsp;sobotu za\u010d\u00ednali discipl\u00edny v&nbsp;9 hodin a my jsme za\u010d\u00ednali \u00fatokem hned jako \u010dtvrt\u00ed. \u00datok se n\u00e1m celkem zda\u0159il. Potom n\u00e1sledovaly d\u017eberovky. P\u0159i t\u00e9to discipl\u00edn\u011b byl proti n\u00e1m v\u00edtr. Prvn\u00ed pokus byl dlouh\u00fd, druh\u00fd se v\u0161ak vyda\u0159il l\u00e9pe. D\u00e1le byly \u0161tafety. I zde jsme dob\u0159e usp\u011bli. Posledn\u00ed akc\u00ed byly dvojice. I zde se n\u00e1m vedlo dob\u0159e. Celkem jsme se um\u00edstili na prvn\u00edm m\u00edst\u011b, bez ztr\u00e1ty jedin\u00e9ho bodu. Ve dnech 11.\u00a0 a 12.&nbsp;\u010dervna budeme reprezentovat okres v&nbsp;krajsk\u00e9m kole v&nbsp;Letohrad\u011b. Douf\u00e1me, \u017ee se n\u00e1m bude da\u0159it.<\/p>\n<p style=\"text-align: justify;\"><u> \u00a0Oblastn\u00ed kolo<\/u><\/p>\n<p style=\"text-align: justify;\">\u00a0Oblastn\u00ed kolo Plamen se konalo 12. \u2013 12.&nbsp;\u010dervna 1993 v&nbsp;Letohrad\u011b. Po p\u0159\u00edjezdu do Letohradu n\u00e1m nep\u0159\u00e1lo po\u010das\u00ed. Bylo pod mrakem a poprch\u00e1valo. V&nbsp;p\u00e1tek odpoledne byl z\u00e1vod po\u017e\u00e1rnick\u00e9 v\u0161estrannosti a d\u017eberovky. Ostatn\u00ed se m\u011blo provozovat v&nbsp;sobotu na stadi\u00f3nu v&nbsp;Letohrad\u011b. Ne\u017e vyb\u00edhala na\u0161e hl\u00eddka, pr\u0161elo. M\u011bli jsme strach, \u017ee v\u0161e bude mokr\u00e9 a bude to klouzat. St\u0159elba byla dosti slu\u0161n\u00e1, nem\u011bli jsme moc trestn\u00fdch minut. V\u0161e prob\u00edhalo dob\u0159e, a\u017e kdy\u017e jsme p\u0159i\u0161li k&nbsp;topografii, \u0161patn\u011b jsme zorientovali mapu, pak se \u0161patn\u011b uv\u00e1zal uzel. Nasko\u010dily n\u00e1m trestn\u00e9 minuty a ty se n\u00e1m nepoda\u0159ilo zkr\u00e1tit. Tak\u017ee jsme ve v\u00fdsledc\u00edch klesli a\u017e na 10.&nbsp;m\u00edsto. To pro n\u00e1s nebylo moc dobr\u00e9. D\u00e1le byly d\u017eberovky. Zde jsme si v\u011b\u0159ili, a tak\u00e9 n\u00e1m vy\u0161li podle na\u0161ich p\u0159edstav. Byli jsme v&nbsp;t\u00e9to discipl\u00edn\u011b prvn\u00ed. Druh\u00fd den jsme se p\u0159esunuli na stadi\u00f3n. Zde se n\u00e1m vedlo se st\u0159\u00eddav\u00fdmi \u00fasp\u011bchy. Na po\u017e\u00e1rn\u00edm \u00fatoku jsme byli \u010dtvrt\u00ed, ve \u0161tafet\u011b druz\u00ed, ve \u0161tafet\u011b po\u017e\u00e1rn\u00edch dvojic pak 7. . Nakonec jsme uh\u00e1jili 3.&nbsp;m\u00edsto. Jsme \u0161\u0165astni, \u017ee to tak dob\u0159e dopadlo.<\/p>\n<p style=\"text-align: justify;\">P\u0159ehled v\u00fdsledk\u016f<\/p>\n<table width=\"701\">\n<tbody>\n<tr>\n<td width=\"234\"><em>Discipl\u00edna<\/em><\/td>\n<td width=\"234\"><em> V\u00fdkon<\/em><\/td>\n<td width=\"234\"><em> Um\u00edst\u011bn\u00ed<\/em><\/td>\n<\/tr>\n<tr>\n<td width=\"234\">Z\u00e1vod po\u017e. v\u0161estrannosti<\/td>\n<td width=\"234\">38, 33 min.<\/td>\n<td width=\"234\">10<\/td>\n<\/tr>\n<tr>\n<td width=\"234\">Po\u017e\u00e1rn\u00ed \u00fatok<\/td>\n<td width=\"234\">34, 82 s<\/td>\n<td width=\"234\">4<\/td>\n<\/tr>\n<tr>\n<td width=\"234\">\u0160tafeta 4x 60&nbsp;m<\/td>\n<td width=\"234\">44, 08 s<\/td>\n<td width=\"234\">2<\/td>\n<\/tr>\n<tr>\n<td width=\"234\">\u0160tafeta po\u017e\u00e1rn\u00edch dvojic<\/td>\n<td width=\"234\">60, 29 s<\/td>\n<td width=\"234\">7<\/td>\n<\/tr>\n<tr>\n<td width=\"234\">D\u017eberovky<\/td>\n<td width=\"234\">24, 93 s<\/td>\n<td width=\"234\">1<\/td>\n<\/tr>\n<tr>\n<td width=\"234\">&nbsp;<\/td>\n<td width=\"234\">&nbsp;<\/td>\n<td width=\"234\">&nbsp;<\/td>\n<\/tr>\n<tr>\n<td width=\"234\"><em>Celkem body<\/em><\/td>\n<td width=\"234\"><em> \u00a0<\/em><\/td>\n<td width=\"234\"><em> 24<\/em><\/td>\n<\/tr>\n<\/tbody>\n<\/table>\n<p style=\"text-align: justify;\">Prvn\u00ed region\u00e1ln\u00ed sout\u011b\u017e<\/p>\n<p style=\"text-align: justify;\">Na\u0161e z\u00e1kladn\u00ed organizace se sna\u017e\u00ed nav\u00e1zat spolupr\u00e1ci s&nbsp;organizacemi v&nbsp;jin\u00fdch st\u00e1tech. Nejbl\u00ed\u017ee od n\u00e1s je Polsko a tak se zam\u011b\u0159ila na tuto zemi. Organizace zjednala sout\u011b\u017e v&nbsp;Bystr\u00e9m, kde se uskute\u010dnila na h\u0159i\u0161ti za vesnic\u00ed. Z&nbsp;na\u0161\u00ed strany se z\u00fa\u010dastnila dru\u017estva z&nbsp;Valu, Ole\u0161nice, Dob\u0159an a Bystr\u00e9ho. Tak\u00e9 dru\u017estvo dorostenc\u016f. Polsk\u00fdm d\u011btem jsme p\u0159edvedli na\u0161e discipl\u00edny ve h\u0159e Plamen, a tak\u00e9 discipl\u00edny v&nbsp;sout\u011b\u017ei CTIF. Polsk\u00e9 d\u011bti n\u00e1m pak p\u0159edvedly jejich zp\u016fsob \u00fatoku, velmi odli\u0161n\u00fd od na\u0161eho. Jako zpest\u0159en\u00ed odpoledne, byli pozv\u00e1n\u00ed \u00fatvary hasi\u010d\u016f z&nbsp;povol\u00e1n\u00ed z&nbsp;Dobru\u0161ky. Ti p\u0159edvedli pr\u00e1ci s&nbsp;t\u0159icetimetrov\u00fdm \u017eeb\u0159\u00edkem a pr\u00e1ci p\u0159i vypro\u0161\u0165ov\u00e1n\u00ed lid\u00ed z&nbsp;nabouran\u00fdch aut pomoc\u00ed hydraulick\u00fdch n\u016f\u017eek. V\u0161em se odpoledne l\u00edbilo. Na opl\u00e1tku jsme pozv\u00e1ni p\u0159\u00ed\u0161t\u00ed pr\u00e1zdniny do Polska.<\/p>\n","protected":false},"excerpt":{"rendered":"<p>Jm\u00e9no Bydli\u0161t\u011b V\u011bk Jitka Balcarov\u00e1 Janov 13 Pavel Hejzlar Ohni\u0161ov 14 Josef Je\u017eek Sedlo\u0148ov 14 Renata Je\u017ekov\u00e1 Ba\u010det\u00edn 14 Josef Kom\u016frka Sedlo\u0148ov 14 Zden\u011bk Mart\u00ednek Bystr\u00e9 10 Jana Mart\u00ednkov\u00e1 Bystr\u00e9 12 Jarom\u00edr Meier Sedlo\u0148ov 14 Pavel Melich Ohni\u0161ov 12 Stanislav Melich Ohni\u0161ov 14 Ji\u0159\u00ed Moravec Ohni\u0161ov 14 Pavel Moravec Ohni\u0161ov 13 Bohuslav P\u00e1bel Bystr\u00e9 13 [&hellip;]<\/p>\n","protected":false},"author":2,"featured_media":0,"parent":102,"menu_order":0,"comment_status":"closed","ping_status":"closed","template":"","meta":{"footnotes":""},"class_list":["post-1098","page","type-page","status-publish","hentry"],"aioseo_notices":[],"aioseo_head":"\n\t\t<!-- All in One SEO 4.9.10 - aioseo.com -->\n\t<meta name=\"robots\" content=\"max-image-preview:large\" \/>\n\t<link rel=\"canonical\" href=\"https:\/\/www.hasicibystre.cz\/?page_id=1098\" \/>\n\t<meta name=\"generator\" content=\"All in One SEO (AIOSEO) 4.9.10\" \/>\n\t\t<meta property=\"og:locale\" content=\"cs_CZ\" \/>\n\t\t<meta property=\"og:site_name\" content=\"Sbor dobrovoln\u00fdch hasi\u010d\u016f Bystr\u00e9 v Orlick\u00fdch hor\u00e1ch |\" \/>\n\t\t<meta property=\"og:type\" content=\"article\" \/>\n\t\t<meta property=\"og:title\" content=\"Ro\u010dn\u00edk 1992 \u2013 1993 | Sbor dobrovoln\u00fdch hasi\u010d\u016f Bystr\u00e9 v Orlick\u00fdch hor\u00e1ch\" \/>\n\t\t<meta property=\"og:url\" content=\"https:\/\/www.hasicibystre.cz\/?page_id=1098\" \/>\n\t\t<meta property=\"article:published_time\" content=\"2018-07-30T18:48:47+00:00\" \/>\n\t\t<meta property=\"article:modified_time\" content=\"2018-08-04T18:55:38+00:00\" \/>\n\t\t<meta name=\"twitter:card\" content=\"summary\" \/>\n\t\t<meta name=\"twitter:title\" content=\"Ro\u010dn\u00edk 1992 \u2013 1993 | Sbor dobrovoln\u00fdch hasi\u010d\u016f Bystr\u00e9 v Orlick\u00fdch hor\u00e1ch\" \/>\n\t\t<script type=\"application\/ld+json\" class=\"aioseo-schema\">\n\t\t\t{\"@context\":\"https:\\\/\\\/schema.org\",\"@graph\":[{\"@type\":\"BreadcrumbList\",\"@id\":\"https:\\\/\\\/www.hasicibystre.cz\\\/?page_id=1098#breadcrumblist\",\"itemListElement\":[{\"@type\":\"ListItem\",\"@id\":\"https:\\\/\\\/www.hasicibystre.cz#listItem\",\"position\":1,\"name\":\"Home\",\"item\":\"https:\\\/\\\/www.hasicibystre.cz\",\"nextItem\":{\"@type\":\"ListItem\",\"@id\":\"https:\\\/\\\/www.hasicibystre.cz\\\/?page_id=98#listItem\",\"name\":\"D\\u011btsk\\u00fd kolektiv\"}},{\"@type\":\"ListItem\",\"@id\":\"https:\\\/\\\/www.hasicibystre.cz\\\/?page_id=98#listItem\",\"position\":2,\"name\":\"D\\u011btsk\\u00fd kolektiv\",\"item\":\"https:\\\/\\\/www.hasicibystre.cz\\\/?page_id=98\",\"nextItem\":{\"@type\":\"ListItem\",\"@id\":\"https:\\\/\\\/www.hasicibystre.cz\\\/?page_id=102#listItem\",\"name\":\"Star\\u0161\\u00ed\"},\"previousItem\":{\"@type\":\"ListItem\",\"@id\":\"https:\\\/\\\/www.hasicibystre.cz#listItem\",\"name\":\"Home\"}},{\"@type\":\"ListItem\",\"@id\":\"https:\\\/\\\/www.hasicibystre.cz\\\/?page_id=102#listItem\",\"position\":3,\"name\":\"Star\\u0161\\u00ed\",\"item\":\"https:\\\/\\\/www.hasicibystre.cz\\\/?page_id=102\",\"nextItem\":{\"@type\":\"ListItem\",\"@id\":\"https:\\\/\\\/www.hasicibystre.cz\\\/?page_id=1098#listItem\",\"name\":\"Ro\\u010dn\\u00edk 1992 &#8211; 1993\"},\"previousItem\":{\"@type\":\"ListItem\",\"@id\":\"https:\\\/\\\/www.hasicibystre.cz\\\/?page_id=98#listItem\",\"name\":\"D\\u011btsk\\u00fd kolektiv\"}},{\"@type\":\"ListItem\",\"@id\":\"https:\\\/\\\/www.hasicibystre.cz\\\/?page_id=1098#listItem\",\"position\":4,\"name\":\"Ro\\u010dn\\u00edk 1992 &#8211; 1993\",\"previousItem\":{\"@type\":\"ListItem\",\"@id\":\"https:\\\/\\\/www.hasicibystre.cz\\\/?page_id=102#listItem\",\"name\":\"Star\\u0161\\u00ed\"}}]},{\"@type\":\"Organization\",\"@id\":\"https:\\\/\\\/www.hasicibystre.cz\\\/#organization\",\"name\":\"Sbor dobrovoln\\u00fdch hasi\\u010d\\u016f Bystr\\u00e9 v Orlick\\u00fdch hor\\u00e1ch\",\"url\":\"https:\\\/\\\/www.hasicibystre.cz\\\/\"},{\"@type\":\"WebPage\",\"@id\":\"https:\\\/\\\/www.hasicibystre.cz\\\/?page_id=1098#webpage\",\"url\":\"https:\\\/\\\/www.hasicibystre.cz\\\/?page_id=1098\",\"name\":\"Ro\\u010dn\\u00edk 1992 \\u2013 1993 | Sbor dobrovoln\\u00fdch hasi\\u010d\\u016f Bystr\\u00e9 v Orlick\\u00fdch hor\\u00e1ch\",\"inLanguage\":\"cs-CZ\",\"isPartOf\":{\"@id\":\"https:\\\/\\\/www.hasicibystre.cz\\\/#website\"},\"breadcrumb\":{\"@id\":\"https:\\\/\\\/www.hasicibystre.cz\\\/?page_id=1098#breadcrumblist\"},\"datePublished\":\"2018-07-30T20:48:47+02:00\",\"dateModified\":\"2018-08-04T20:55:38+02:00\"},{\"@type\":\"WebSite\",\"@id\":\"https:\\\/\\\/www.hasicibystre.cz\\\/#website\",\"url\":\"https:\\\/\\\/www.hasicibystre.cz\\\/\",\"name\":\"Sbor dobrovoln\\u00fdch hasi\\u010d\\u016f Bystr\\u00e9 v Orlick\\u00fdch hor\\u00e1ch\",\"inLanguage\":\"cs-CZ\",\"publisher\":{\"@id\":\"https:\\\/\\\/www.hasicibystre.cz\\\/#organization\"}}]}\n\t\t<\/script>\n\t\t<!-- All in One SEO -->\n\n","aioseo_head_json":{"title":"Ro\u010dn\u00edk 1992 \u2013 1993 | Sbor dobrovoln\u00fdch hasi\u010d\u016f Bystr\u00e9 v Orlick\u00fdch hor\u00e1ch","description":"","canonical_url":"https:\/\/www.hasicibystre.cz\/?page_id=1098","robots":"max-image-preview:large","keywords":"","webmasterTools":{"miscellaneous":""},"schema":{"@context":"https:\/\/schema.org","@graph":[{"@type":"BreadcrumbList","@id":"https:\/\/www.hasicibystre.cz\/?page_id=1098#breadcrumblist","itemListElement":[{"@type":"ListItem","@id":"https:\/\/www.hasicibystre.cz#listItem","position":1,"name":"Home","item":"https:\/\/www.hasicibystre.cz","nextItem":{"@type":"ListItem","@id":"https:\/\/www.hasicibystre.cz\/?page_id=98#listItem","name":"D\u011btsk\u00fd kolektiv"}},{"@type":"ListItem","@id":"https:\/\/www.hasicibystre.cz\/?page_id=98#listItem","position":2,"name":"D\u011btsk\u00fd kolektiv","item":"https:\/\/www.hasicibystre.cz\/?page_id=98","nextItem":{"@type":"ListItem","@id":"https:\/\/www.hasicibystre.cz\/?page_id=102#listItem","name":"Star\u0161\u00ed"},"previousItem":{"@type":"ListItem","@id":"https:\/\/www.hasicibystre.cz#listItem","name":"Home"}},{"@type":"ListItem","@id":"https:\/\/www.hasicibystre.cz\/?page_id=102#listItem","position":3,"name":"Star\u0161\u00ed","item":"https:\/\/www.hasicibystre.cz\/?page_id=102","nextItem":{"@type":"ListItem","@id":"https:\/\/www.hasicibystre.cz\/?page_id=1098#listItem","name":"Ro\u010dn\u00edk 1992 &#8211; 1993"},"previousItem":{"@type":"ListItem","@id":"https:\/\/www.hasicibystre.cz\/?page_id=98#listItem","name":"D\u011btsk\u00fd kolektiv"}},{"@type":"ListItem","@id":"https:\/\/www.hasicibystre.cz\/?page_id=1098#listItem","position":4,"name":"Ro\u010dn\u00edk 1992 &#8211; 1993","previousItem":{"@type":"ListItem","@id":"https:\/\/www.hasicibystre.cz\/?page_id=102#listItem","name":"Star\u0161\u00ed"}}]},{"@type":"Organization","@id":"https:\/\/www.hasicibystre.cz\/#organization","name":"Sbor dobrovoln\u00fdch hasi\u010d\u016f Bystr\u00e9 v Orlick\u00fdch hor\u00e1ch","url":"https:\/\/www.hasicibystre.cz\/"},{"@type":"WebPage","@id":"https:\/\/www.hasicibystre.cz\/?page_id=1098#webpage","url":"https:\/\/www.hasicibystre.cz\/?page_id=1098","name":"Ro\u010dn\u00edk 1992 \u2013 1993 | Sbor dobrovoln\u00fdch hasi\u010d\u016f Bystr\u00e9 v Orlick\u00fdch hor\u00e1ch","inLanguage":"cs-CZ","isPartOf":{"@id":"https:\/\/www.hasicibystre.cz\/#website"},"breadcrumb":{"@id":"https:\/\/www.hasicibystre.cz\/?page_id=1098#breadcrumblist"},"datePublished":"2018-07-30T20:48:47+02:00","dateModified":"2018-08-04T20:55:38+02:00"},{"@type":"WebSite","@id":"https:\/\/www.hasicibystre.cz\/#website","url":"https:\/\/www.hasicibystre.cz\/","name":"Sbor dobrovoln\u00fdch hasi\u010d\u016f Bystr\u00e9 v Orlick\u00fdch hor\u00e1ch","inLanguage":"cs-CZ","publisher":{"@id":"https:\/\/www.hasicibystre.cz\/#organization"}}]},"og:locale":"cs_CZ","og:site_name":"Sbor dobrovoln\u00fdch hasi\u010d\u016f Bystr\u00e9 v Orlick\u00fdch hor\u00e1ch |","og:type":"article","og:title":"Ro\u010dn\u00edk 1992 \u2013 1993 | Sbor dobrovoln\u00fdch hasi\u010d\u016f Bystr\u00e9 v Orlick\u00fdch hor\u00e1ch","og:url":"https:\/\/www.hasicibystre.cz\/?page_id=1098","article:published_time":"2018-07-30T18:48:47+00:00","article:modified_time":"2018-08-04T18:55:38+00:00","twitter:card":"summary","twitter:title":"Ro\u010dn\u00edk 1992 \u2013 1993 | Sbor dobrovoln\u00fdch hasi\u010d\u016f Bystr\u00e9 v Orlick\u00fdch hor\u00e1ch"},"aioseo_meta_data":{"post_id":"1098","title":null,"description":null,"keywords":null,"keyphrases":null,"primary_term":null,"canonical_url":null,"og_title":null,"og_description":null,"og_object_type":"default","og_image_type":"default","og_image_url":null,"og_image_width":null,"og_image_height":null,"og_image_custom_url":null,"og_image_custom_fields":null,"og_video":null,"og_custom_url":null,"og_article_section":null,"og_article_tags":null,"twitter_use_og":false,"twitter_card":"default","twitter_image_type":"default","twitter_image_url":null,"twitter_image_custom_url":null,"twitter_image_custom_fields":null,"twitter_title":null,"twitter_description":null,"schema":{"blockGraphs":[],"customGraphs":[],"default":{"data":{"Article":[],"Course":[],"Dataset":[],"FAQPage":[],"Movie":[],"Person":[],"Product":[],"ProductReview":[],"Car":[],"Recipe":[],"Service":[],"SoftwareApplication":[],"WebPage":[]},"graphName":"WebPage","isEnabled":true},"graphs":[]},"schema_type":null,"schema_type_options":null,"pillar_content":false,"robots_default":true,"robots_noindex":false,"robots_noarchive":false,"robots_nosnippet":false,"robots_nofollow":false,"robots_noimageindex":false,"robots_noodp":false,"robots_notranslate":false,"robots_max_snippet":null,"robots_max_videopreview":null,"robots_max_imagepreview":"large","priority":null,"frequency":null,"local_seo":null,"breadcrumb_settings":null,"limit_modified_date":false,"ai":null,"created":"2020-12-26 10:15:29","updated":"2025-07-23 16:39:30","seo_analyzer_scan_date":null},"aioseo_breadcrumb":"<div class=\"aioseo-breadcrumbs\"><span class=\"aioseo-breadcrumb\">\n\t\t\t<a href=\"https:\/\/www.hasicibystre.cz\" title=\"Home\">Home<\/a>\n\t\t<\/span><span class=\"aioseo-breadcrumb-separator\">&raquo;<\/span><span class=\"aioseo-breadcrumb\">\n\t\t\t<a href=\"https:\/\/www.hasicibystre.cz\/?page_id=98\" title=\"D\u011btsk\u00fd kolektiv\">D\u011btsk\u00fd kolektiv<\/a>\n\t\t<\/span><span class=\"aioseo-breadcrumb-separator\">&raquo;<\/span><span class=\"aioseo-breadcrumb\">\n\t\t\t<a href=\"https:\/\/www.hasicibystre.cz\/?page_id=102\" title=\"Star\u0161\u00ed\">Star\u0161\u00ed<\/a>\n\t\t<\/span><span class=\"aioseo-breadcrumb-separator\">&raquo;<\/span><span class=\"aioseo-breadcrumb\">\n\t\t\tRo\u010dn\u00edk 1992 \u2013 1993\n\t\t<\/span><\/div>","aioseo_breadcrumb_json":[{"label":"Home","link":"https:\/\/www.hasicibystre.cz"},{"label":"D\u011btsk\u00fd kolektiv","link":"https:\/\/www.hasicibystre.cz\/?page_id=98"},{"label":"Star\u0161\u00ed","link":"https:\/\/www.hasicibystre.cz\/?page_id=102"},{"label":"Ro\u010dn\u00edk 1992 &#8211; 1993","link":"https:\/\/www.hasicibystre.cz\/?page_id=1098"}],"jetpack_sharing_enabled":true,"jetpack_likes_enabled":true,"_links":{"self":[{"href":"https:\/\/www.hasicibystre.cz\/index.php?rest_route=\/wp\/v2\/pages\/1098","targetHints":{"allow":["GET"]}}],"collection":[{"href":"https:\/\/www.hasicibystre.cz\/index.php?rest_route=\/wp\/v2\/pages"}],"about":[{"href":"https:\/\/www.hasicibystre.cz\/index.php?rest_route=\/wp\/v2\/types\/page"}],"author":[{"embeddable":true,"href":"https:\/\/www.hasicibystre.cz\/index.php?rest_route=\/wp\/v2\/users\/2"}],"replies":[{"embeddable":true,"href":"https:\/\/www.hasicibystre.cz\/index.php?rest_route=%2Fwp%2Fv2%2Fcomments&post=1098"}],"version-history":[{"count":2,"href":"https:\/\/www.hasicibystre.cz\/index.php?rest_route=\/wp\/v2\/pages\/1098\/revisions"}],"predecessor-version":[{"id":1354,"href":"https:\/\/www.hasicibystre.cz\/index.php?rest_route=\/wp\/v2\/pages\/1098\/revisions\/1354"}],"up":[{"embeddable":true,"href":"https:\/\/www.hasicibystre.cz\/index.php?rest_route=\/wp\/v2\/pages\/102"}],"wp:attachment":[{"href":"https:\/\/www.hasicibystre.cz\/index.php?rest_route=%2Fwp%2Fv2%2Fmedia&parent=1098"}],"curies":[{"name":"wp","href":"https:\/\/api.w.org\/{rel}","templated":true}]}}