{"id":1106,"date":"2018-07-30T20:51:32","date_gmt":"2018-07-30T18:51:32","guid":{"rendered":"http:\/\/www.hasicibystre.cz\/?page_id=1106"},"modified":"2018-08-04T21:01:35","modified_gmt":"2018-08-04T19:01:35","slug":"rocnik-1996-1997","status":"publish","type":"page","link":"https:\/\/www.hasicibystre.cz\/?page_id=1106","title":{"rendered":"Ro\u010dn\u00edk 1996 &#8211; 1997"},"content":{"rendered":"<table width=\"557\">\n<tbody>\n<tr>\n<td width=\"186\"><strong><em>Jm\u00e9no<\/em><\/strong><\/td>\n<td width=\"186\"><strong><em>Bydli\u0161t\u011b<\/em><\/strong><\/td>\n<td width=\"186\"><strong><em>V\u011bk<\/em><\/strong><\/td>\n<\/tr>\n<tr>\n<td width=\"186\"><strong>Milan Hradeck\u00fd<\/strong><\/td>\n<td width=\"186\"><strong>Bystr\u00e9<\/strong><\/td>\n<td width=\"186\"><strong>13<\/strong><\/td>\n<\/tr>\n<tr>\n<td width=\"186\"><strong>Tom\u00e1\u0161 Hradeck\u00fd<\/strong><\/td>\n<td width=\"186\"><strong>Bohda\u0161\u00edn<\/strong><\/td>\n<td width=\"186\"><strong>14<\/strong><\/td>\n<\/tr>\n<tr>\n<td width=\"186\"><strong>Eva Mart\u00ednkov\u00e1<\/strong><\/td>\n<td width=\"186\"><strong>Bystr\u00e9<\/strong><\/td>\n<td width=\"186\"><strong>12<\/strong><\/td>\n<\/tr>\n<tr>\n<td width=\"186\"><strong>Zden\u011bk Mart\u00ednek<\/strong><\/td>\n<td width=\"186\"><strong>Bystr\u00e9<\/strong><\/td>\n<td width=\"186\"><strong>14<\/strong><\/td>\n<\/tr>\n<tr>\n<td width=\"186\"><strong>Milo\u0161 Pa\u0161tika<\/strong><\/td>\n<td width=\"186\"><strong>Dob\u0159any<\/strong><\/td>\n<td width=\"186\"><strong>13<\/strong><\/td>\n<\/tr>\n<tr>\n<td width=\"186\"><strong>Jan P\u0159ibyl<\/strong><\/td>\n<td width=\"186\"><strong>Bystr\u00e9<\/strong><\/td>\n<td width=\"186\"><strong>15<\/strong><\/td>\n<\/tr>\n<tr>\n<td width=\"186\"><strong>Roman Rudolf<\/strong><\/td>\n<td width=\"186\"><strong>Ba\u010det\u00edn<\/strong><\/td>\n<td width=\"186\"><strong>14<\/strong><\/td>\n<\/tr>\n<tr>\n<td width=\"186\"><strong>Petr \u0160evc<\/strong><\/td>\n<td width=\"186\"><strong>Sedlo\u0148ov<\/strong><\/td>\n<td width=\"186\"><strong>14<\/strong><\/td>\n<\/tr>\n<tr>\n<td width=\"186\"><strong>Ji\u0159\u00ed \u0160koda<\/strong><\/td>\n<td width=\"186\"><strong>Ohni\u0161ov<\/strong><\/td>\n<td width=\"186\"><strong>13<\/strong><\/td>\n<\/tr>\n<tr>\n<td width=\"186\"><strong>Daniel Tamchyna<\/strong><\/td>\n<td width=\"186\"><strong>Dob\u0159any<\/strong><\/td>\n<td width=\"186\"><strong>13<\/strong><\/td>\n<\/tr>\n<\/tbody>\n<\/table>\n<p style=\"text-align: justify;\"><u>\u00a0A zase znovu !<\/u><\/p>\n<p style=\"text-align: justify;\">\u00a0P\u0159ipravujeme se znovu na z\u00e1vod po\u017e\u00e1rnick\u00e9 v\u0161estrannosti, kter\u00fd se kon\u00e1 19.&nbsp;10.&nbsp;1996 v&nbsp;\u010cern\u00edkovic\u00edch. Nenech\u00e1v\u00e1me v\u0161e a\u017e na posledn\u00ed chv\u00edli, a za\u010d\u00edn\u00e1me ihned po skon\u010den\u00ed p\u0159edchoz\u00edho ro\u010dn\u00edku hry Plamen. Sch\u00e1z\u00edme se ka\u017ed\u00fd t\u00fdden i o pr\u00e1zdnin\u00e1ch. Velice se n\u00e1m v\u011bnuje Michal Dus\u00edlek, kter\u00fd s&nbsp;n\u00e1mi v\u0161echny trat\u011b i b\u011bh\u00e1.<\/p>\n<p style=\"text-align: justify;\">\u00a0Oslava 110 let sboru<\/p>\n<p style=\"text-align: justify;\">\u00a0V r\u00e1mci p\u0159\u00edpravy na nov\u00fd ro\u010dn\u00edk hry Plamen jsme se p\u0159ipravovali na uk\u00e1zku po\u017e\u00e1rn\u00edho \u00fatoku CTIF, kter\u00fd jsme p\u0159edvedli na oslav\u00e1ch 110 let zalo\u017een\u00ed hasi\u010dsk\u00e9ho sboru v&nbsp;Bystr\u00e9m. Oslavy se konaly o pouti 25.&nbsp;8.&nbsp;1996, na n\u00e1m\u011bst\u00ed. Cel\u00fd den pr\u0161elo a to zkazilo na\u0161i n\u00e1ladu. Ale oslavy se p\u0159esto vyda\u0159ily a i na\u0161e uk\u00e1zky se l\u00edbily. Druhou uk\u00e1zkou jsme m\u011bli se starou d\u011btskou hasi\u010dskou st\u0159\u00edka\u010dkou na ru\u010dn\u00ed pumpov\u00e1n\u00ed.<\/p>\n<p style=\"text-align: justify;\"><u> \u00a0Z\u00e1vod po\u017e\u00e1rnick\u00e9 v\u0161estrannosti<\/u><\/p>\n<p style=\"text-align: justify;\">\u00a0Dne 19.&nbsp;\u0159\u00edjna 1996 se uskute\u010dnil Z\u00e1vod po\u017e\u00e1rnick\u00e9 v\u0161estrannosti v&nbsp;\u010cern\u00edkovic\u00edch. Po\u010das\u00ed n\u00e1m celkem p\u0159\u00e1lo. Um\u00edstili jsme se na 8.&nbsp;m\u00edst\u011b. M\u00e1me tedy co napravovat.<\/p>\n<p style=\"text-align: justify;\"><u> \u00a0V\u00fdro\u010dn\u00ed valn\u00e1 hromada SDH<\/u><\/p>\n<p style=\"text-align: justify;\">\u00a0My mlad\u00ed hasi\u010di jsme se z\u00fa\u010dastnili 28.&nbsp;12.&nbsp;1996 v\u00fdro\u010dn\u00ed valn\u00e9 hromady SDH v&nbsp;Bystr\u00e9m. P\u0159ednesli jsme zde v\u0161ichni n\u011bkolik b\u00e1sn\u00ed. Pot\u00e9 jsme si vyslechli refer\u00e1ty o \u00fasp\u011b\u0161\u00edch na\u0161eho SDH.<\/p>\n<p style=\"text-align: justify;\"><u> \u00a0Tr\u00e9nujeme v&nbsp;hale<\/u><\/p>\n<p style=\"text-align: justify;\">\u00a0Abychom mohli tr\u00e9novat i v&nbsp;zim\u011b v\u0161echny discipl\u00edny hry Plamen, zajistil pro n\u00e1s pan Dus\u00edlek halu b\u00fdval\u00e9ho JZD v&nbsp;Ba\u010det\u00edn\u011b. K&nbsp;tr\u00e9nink\u016fm jsme se sj\u00ed\u017ed\u011bli pravideln\u011b v&nbsp;sobotu.<\/p>\n<p style=\"text-align: justify;\"><u> \u00a0Plav\u00e1n\u00ed<\/u><\/p>\n<p style=\"text-align: justify;\">\u00a0S Michalem Dus\u00edlkem jsme se domluvili, \u017ee budeme ka\u017ed\u00fd t\u00fdden jezdit na plav\u00e1n\u00ed do baz\u00e9nu v&nbsp;Dobru\u0161ce. Bylo to p\u0159\u00edjemn\u00e9 zpest\u0159en\u00ed k&nbsp;p\u0159e\u010dk\u00e1n\u00ed zimn\u00edch m\u011bs\u00edc\u016f.<\/p>\n<p style=\"text-align: justify;\"><u> \u00a0Divadlo \u201e Tureck\u00e1 v\u011b\u017e \u201c<\/u><\/p>\n<p style=\"text-align: justify;\">\u00a0Podobn\u011b jako v&nbsp;lo\u0148sk\u00e9m roce, nastudovali i letos byster\u0161t\u00ed ochotn\u00edci p\u0159es zimu divadeln\u00ed hru s&nbsp;n\u00e1zvem \u201e Tureck\u00e1 v\u011b\u017e \u201c. Mezi ochotn\u00edky je i hodn\u011b hasi\u010d\u016f a hasi\u010dek, na\u0161ich rodi\u010d\u016f. V&nbsp;leto\u0161n\u00ed h\u0159e dostali \u0161anci zahr\u00e1t si i t\u0159i mlad\u00ed hasi\u010di. V\u0161em se hra velmi l\u00edbila.<\/p>\n<p style=\"text-align: justify;\">P\u0159\u00edprava na okresn\u00ed kolo hry Plamen 1997<\/p>\n<p style=\"text-align: justify;\">Nacvi\u010dujeme pr\u016fb\u011b\u017en\u011b na okresn\u00ed kolo hry Plamen 1997. M\u00e1me postavenou dr\u00e1hu na CTIF na h\u0159i\u0161ti, dal\u0161\u00ed discipl\u00edny nacvi\u010dujeme u zbrojnice. N\u00e1\u0161 kolektiv se rozrostl o Tom\u00e1\u0161e K\u00e1rn\u00edka z&nbsp;Ba\u010det\u00edna, Zuzanu Je\u017ekovou a Martinu Kafkovou z&nbsp;Dob\u0159an.<\/p>\n<p style=\"text-align: justify;\"><u> \u00a0Osvobozen\u00ed Janova<\/u><\/p>\n<p style=\"text-align: justify;\">\u00a0Jak je ji\u017e ka\u017edoro\u010dn\u00edm pravidlem, \u017ee se z\u00fa\u010dast\u0148ujeme v&nbsp;hojn\u00e9m po\u010dtu akce \u201e Osvobozen\u00ed Janova \u201c, tak i letos jsme se zapojili p\u0159\u00edmo do akce jako\u00a0 mlad\u00ed janov\u0161t\u00ed partyz\u00e1ni.<\/p>\n<p style=\"text-align: justify;\">Okresn\u00ed kolo sout\u011b\u017ee Plamen 1997<\/p>\n<p style=\"text-align: justify;\">Sout\u011b\u017e okresn\u00edho kola Plamen 1997 prob\u00edhala v&nbsp;Li\u010dn\u011b za nevl\u00eddn\u00e9ho po\u010das\u00ed. Veden\u00ed kolektivu se proto rozhodlo nespat pod stany a denn\u011b doj\u00ed\u017ed\u011bt. Po jarn\u00ed p\u0159\u00edprav\u011b odj\u00ed\u017ed\u011bl kolektiv na sout\u011b\u017e s&nbsp;tajnou my\u0161lenkou promluvit op\u011bt po t\u0159\u00edlet\u00e9 odmlce do \u010deln\u00e9ho um\u00edst\u011bn\u00ed v&nbsp;sout\u011b\u017ei. Stalo se v\u0161ak ne\u010dekan\u00e9. Po standardn\u00edch v\u00fdkonech jsme z\u00edskali v&nbsp;discipl\u00edn\u00e1ch \u010dty\u0159i prvn\u00ed um\u00edst\u011bn\u00ed, jedno druh\u00e9 a v&nbsp;celkov\u00e9m hodnocen\u00ed dohnali ztr\u00e1tu z&nbsp;podzimu a zv\u00edt\u011bzili s&nbsp;rozd\u00edlem 8 bod\u016f na druh\u00e9ho v&nbsp;po\u0159ad\u00ed. Postupujeme do oblastn\u00edho kola do Ji\u010d\u00edna.<\/p>\n<p style=\"text-align: justify;\">P\u0159ehled v\u00fdsledk\u016f<\/p>\n<table width=\"701\">\n<tbody>\n<tr>\n<td width=\"234\"><em>Discipl\u00edna<\/em><\/td>\n<td width=\"234\"><em> V\u00fdkon<\/em><\/td>\n<td width=\"234\"><em> Um\u00edst\u011bn\u00ed<\/em><\/td>\n<\/tr>\n<tr>\n<td width=\"234\">Z\u00e1vod po\u017e. v\u0161estrannosti<\/td>\n<td width=\"234\">33, 04 min.<\/td>\n<td width=\"234\">6<\/td>\n<\/tr>\n<tr>\n<td width=\"234\">Po\u017e\u00e1rn\u00ed \u00fatok<\/td>\n<td width=\"234\">33, 60 s<\/td>\n<td width=\"234\">1<\/td>\n<\/tr>\n<tr>\n<td width=\"234\">\u0160tafeta 4 x 60<\/td>\n<td width=\"234\">47, 80 s<\/td>\n<td width=\"234\">1<\/td>\n<\/tr>\n<tr>\n<td width=\"234\">Dvojice<\/td>\n<td width=\"234\">57, 60 s<\/td>\n<td width=\"234\">1<\/td>\n<\/tr>\n<tr>\n<td width=\"234\">D\u017eberov\u00e1 st\u0159\u00edka\u010dka<\/td>\n<td width=\"234\">28, 40 s<\/td>\n<td width=\"234\">1<\/td>\n<\/tr>\n<tr>\n<td width=\"234\">\u0160tafeta CTIF<\/td>\n<td width=\"234\">84, 29 s<\/td>\n<td width=\"234\">2<\/td>\n<\/tr>\n<tr>\n<td width=\"234\">&nbsp;<\/td>\n<td width=\"234\">&nbsp;<\/td>\n<td width=\"234\">&nbsp;<\/td>\n<\/tr>\n<tr>\n<td width=\"234\"><em>Celkem body<\/em><\/td>\n<td width=\"234\"><em> \u00a0<\/em><\/td>\n<td width=\"234\"><em> 12<\/em><\/td>\n<\/tr>\n<\/tbody>\n<\/table>\n<p style=\"text-align: justify;\"><u>Oblastn\u00ed kolo hry Plamen &#8211; Ji\u010d\u00edn<\/u><\/p>\n<p style=\"text-align: justify;\">V sout\u011b\u017ei se n\u00e1m da\u0159ilo se st\u0159\u00eddav\u00fdmi \u00fasp\u011bchy a celkov\u011b jsme obsadili 8.&nbsp;m\u00edsto.<\/p>\n<p style=\"text-align: justify;\"><u> \u00a0Putovn\u00ed t\u00e1bor <\/u><\/p>\n<p style=\"text-align: justify;\">\u00a0P\u011btidenn\u00ed putovn\u00ed t\u00e1bor se uskute\u010dnil ve dnech 13. \u2013 17.&nbsp;srpna 1997. Byli jsme hosty u hasi\u010d\u016f v&nbsp;Hr\u00e1dku nad Nisou. Za hezk\u00e9ho po\u010das\u00ed jsme vyjeli lanovkou na Je\u0161t\u011bd. Dal\u0161\u00ed den jsme nav\u0161t\u00edvili Dr\u00e1\u017e\u010fany, po kter\u00fdch n\u00e1s prov\u00e1zel bystersk\u00fd rod\u00e1k pan Sacher. Zittau \u2013 n\u00e1v\u0161t\u011bva po\u017e\u00e1rn\u00edho \u00fatvaru. Chrastava \u2013 muzeum hasi\u010dsk\u00e9 techniky. Polsk\u00e1 strana Krkono\u0161 \u2013 Skl\u00e1rsk\u00e1 Poreba. P\u011bkn\u00e9 po\u010das\u00ed n\u00e1s prov\u00e1zelo cel\u00fdm z\u00e1jezdem. D\u011bkujeme t\u00edmto sponzor\u016fm, d\u00edky kter\u00fdm se tento z\u00e1jezd mohl uskute\u010dnit.<\/p>\n","protected":false},"excerpt":{"rendered":"<p>Jm\u00e9no Bydli\u0161t\u011b V\u011bk Milan Hradeck\u00fd Bystr\u00e9 13 Tom\u00e1\u0161 Hradeck\u00fd Bohda\u0161\u00edn 14 Eva Mart\u00ednkov\u00e1 Bystr\u00e9 12 Zden\u011bk Mart\u00ednek Bystr\u00e9 14 Milo\u0161 Pa\u0161tika Dob\u0159any 13 Jan P\u0159ibyl Bystr\u00e9 15 Roman Rudolf Ba\u010det\u00edn 14 Petr \u0160evc Sedlo\u0148ov 14 Ji\u0159\u00ed \u0160koda Ohni\u0161ov 13 Daniel Tamchyna Dob\u0159any 13 \u00a0A zase znovu ! \u00a0P\u0159ipravujeme se znovu na z\u00e1vod po\u017e\u00e1rnick\u00e9 v\u0161estrannosti, kter\u00fd [&hellip;]<\/p>\n","protected":false},"author":2,"featured_media":0,"parent":102,"menu_order":0,"comment_status":"closed","ping_status":"closed","template":"","meta":{"footnotes":""},"class_list":["post-1106","page","type-page","status-publish","hentry"],"aioseo_notices":[],"aioseo_head":"\n\t\t<!-- All in One SEO 4.9.10 - aioseo.com -->\n\t<meta name=\"robots\" content=\"max-image-preview:large\" \/>\n\t<link rel=\"canonical\" href=\"https:\/\/www.hasicibystre.cz\/?page_id=1106\" \/>\n\t<meta name=\"generator\" content=\"All in One SEO (AIOSEO) 4.9.10\" \/>\n\t\t<meta property=\"og:locale\" content=\"cs_CZ\" \/>\n\t\t<meta property=\"og:site_name\" content=\"Sbor dobrovoln\u00fdch hasi\u010d\u016f Bystr\u00e9 v Orlick\u00fdch hor\u00e1ch |\" \/>\n\t\t<meta property=\"og:type\" content=\"article\" \/>\n\t\t<meta property=\"og:title\" content=\"Ro\u010dn\u00edk 1996 \u2013 1997 | Sbor dobrovoln\u00fdch hasi\u010d\u016f Bystr\u00e9 v Orlick\u00fdch hor\u00e1ch\" \/>\n\t\t<meta property=\"og:url\" content=\"https:\/\/www.hasicibystre.cz\/?page_id=1106\" \/>\n\t\t<meta property=\"article:published_time\" content=\"2018-07-30T18:51:32+00:00\" \/>\n\t\t<meta property=\"article:modified_time\" content=\"2018-08-04T19:01:35+00:00\" \/>\n\t\t<meta name=\"twitter:card\" content=\"summary\" \/>\n\t\t<meta name=\"twitter:title\" content=\"Ro\u010dn\u00edk 1996 \u2013 1997 | Sbor dobrovoln\u00fdch hasi\u010d\u016f Bystr\u00e9 v Orlick\u00fdch hor\u00e1ch\" \/>\n\t\t<script type=\"application\/ld+json\" class=\"aioseo-schema\">\n\t\t\t{\"@context\":\"https:\\\/\\\/schema.org\",\"@graph\":[{\"@type\":\"BreadcrumbList\",\"@id\":\"https:\\\/\\\/www.hasicibystre.cz\\\/?page_id=1106#breadcrumblist\",\"itemListElement\":[{\"@type\":\"ListItem\",\"@id\":\"https:\\\/\\\/www.hasicibystre.cz#listItem\",\"position\":1,\"name\":\"Home\",\"item\":\"https:\\\/\\\/www.hasicibystre.cz\",\"nextItem\":{\"@type\":\"ListItem\",\"@id\":\"https:\\\/\\\/www.hasicibystre.cz\\\/?page_id=98#listItem\",\"name\":\"D\\u011btsk\\u00fd kolektiv\"}},{\"@type\":\"ListItem\",\"@id\":\"https:\\\/\\\/www.hasicibystre.cz\\\/?page_id=98#listItem\",\"position\":2,\"name\":\"D\\u011btsk\\u00fd kolektiv\",\"item\":\"https:\\\/\\\/www.hasicibystre.cz\\\/?page_id=98\",\"nextItem\":{\"@type\":\"ListItem\",\"@id\":\"https:\\\/\\\/www.hasicibystre.cz\\\/?page_id=102#listItem\",\"name\":\"Star\\u0161\\u00ed\"},\"previousItem\":{\"@type\":\"ListItem\",\"@id\":\"https:\\\/\\\/www.hasicibystre.cz#listItem\",\"name\":\"Home\"}},{\"@type\":\"ListItem\",\"@id\":\"https:\\\/\\\/www.hasicibystre.cz\\\/?page_id=102#listItem\",\"position\":3,\"name\":\"Star\\u0161\\u00ed\",\"item\":\"https:\\\/\\\/www.hasicibystre.cz\\\/?page_id=102\",\"nextItem\":{\"@type\":\"ListItem\",\"@id\":\"https:\\\/\\\/www.hasicibystre.cz\\\/?page_id=1106#listItem\",\"name\":\"Ro\\u010dn\\u00edk 1996 &#8211; 1997\"},\"previousItem\":{\"@type\":\"ListItem\",\"@id\":\"https:\\\/\\\/www.hasicibystre.cz\\\/?page_id=98#listItem\",\"name\":\"D\\u011btsk\\u00fd kolektiv\"}},{\"@type\":\"ListItem\",\"@id\":\"https:\\\/\\\/www.hasicibystre.cz\\\/?page_id=1106#listItem\",\"position\":4,\"name\":\"Ro\\u010dn\\u00edk 1996 &#8211; 1997\",\"previousItem\":{\"@type\":\"ListItem\",\"@id\":\"https:\\\/\\\/www.hasicibystre.cz\\\/?page_id=102#listItem\",\"name\":\"Star\\u0161\\u00ed\"}}]},{\"@type\":\"Organization\",\"@id\":\"https:\\\/\\\/www.hasicibystre.cz\\\/#organization\",\"name\":\"Sbor dobrovoln\\u00fdch hasi\\u010d\\u016f Bystr\\u00e9 v Orlick\\u00fdch hor\\u00e1ch\",\"url\":\"https:\\\/\\\/www.hasicibystre.cz\\\/\"},{\"@type\":\"WebPage\",\"@id\":\"https:\\\/\\\/www.hasicibystre.cz\\\/?page_id=1106#webpage\",\"url\":\"https:\\\/\\\/www.hasicibystre.cz\\\/?page_id=1106\",\"name\":\"Ro\\u010dn\\u00edk 1996 \\u2013 1997 | Sbor dobrovoln\\u00fdch hasi\\u010d\\u016f Bystr\\u00e9 v Orlick\\u00fdch hor\\u00e1ch\",\"inLanguage\":\"cs-CZ\",\"isPartOf\":{\"@id\":\"https:\\\/\\\/www.hasicibystre.cz\\\/#website\"},\"breadcrumb\":{\"@id\":\"https:\\\/\\\/www.hasicibystre.cz\\\/?page_id=1106#breadcrumblist\"},\"datePublished\":\"2018-07-30T20:51:32+02:00\",\"dateModified\":\"2018-08-04T21:01:35+02:00\"},{\"@type\":\"WebSite\",\"@id\":\"https:\\\/\\\/www.hasicibystre.cz\\\/#website\",\"url\":\"https:\\\/\\\/www.hasicibystre.cz\\\/\",\"name\":\"Sbor dobrovoln\\u00fdch hasi\\u010d\\u016f Bystr\\u00e9 v Orlick\\u00fdch hor\\u00e1ch\",\"inLanguage\":\"cs-CZ\",\"publisher\":{\"@id\":\"https:\\\/\\\/www.hasicibystre.cz\\\/#organization\"}}]}\n\t\t<\/script>\n\t\t<!-- All in One SEO -->\n\n","aioseo_head_json":{"title":"Ro\u010dn\u00edk 1996 \u2013 1997 | Sbor dobrovoln\u00fdch hasi\u010d\u016f Bystr\u00e9 v Orlick\u00fdch hor\u00e1ch","description":"","canonical_url":"https:\/\/www.hasicibystre.cz\/?page_id=1106","robots":"max-image-preview:large","keywords":"","webmasterTools":{"miscellaneous":""},"schema":{"@context":"https:\/\/schema.org","@graph":[{"@type":"BreadcrumbList","@id":"https:\/\/www.hasicibystre.cz\/?page_id=1106#breadcrumblist","itemListElement":[{"@type":"ListItem","@id":"https:\/\/www.hasicibystre.cz#listItem","position":1,"name":"Home","item":"https:\/\/www.hasicibystre.cz","nextItem":{"@type":"ListItem","@id":"https:\/\/www.hasicibystre.cz\/?page_id=98#listItem","name":"D\u011btsk\u00fd kolektiv"}},{"@type":"ListItem","@id":"https:\/\/www.hasicibystre.cz\/?page_id=98#listItem","position":2,"name":"D\u011btsk\u00fd kolektiv","item":"https:\/\/www.hasicibystre.cz\/?page_id=98","nextItem":{"@type":"ListItem","@id":"https:\/\/www.hasicibystre.cz\/?page_id=102#listItem","name":"Star\u0161\u00ed"},"previousItem":{"@type":"ListItem","@id":"https:\/\/www.hasicibystre.cz#listItem","name":"Home"}},{"@type":"ListItem","@id":"https:\/\/www.hasicibystre.cz\/?page_id=102#listItem","position":3,"name":"Star\u0161\u00ed","item":"https:\/\/www.hasicibystre.cz\/?page_id=102","nextItem":{"@type":"ListItem","@id":"https:\/\/www.hasicibystre.cz\/?page_id=1106#listItem","name":"Ro\u010dn\u00edk 1996 &#8211; 1997"},"previousItem":{"@type":"ListItem","@id":"https:\/\/www.hasicibystre.cz\/?page_id=98#listItem","name":"D\u011btsk\u00fd kolektiv"}},{"@type":"ListItem","@id":"https:\/\/www.hasicibystre.cz\/?page_id=1106#listItem","position":4,"name":"Ro\u010dn\u00edk 1996 &#8211; 1997","previousItem":{"@type":"ListItem","@id":"https:\/\/www.hasicibystre.cz\/?page_id=102#listItem","name":"Star\u0161\u00ed"}}]},{"@type":"Organization","@id":"https:\/\/www.hasicibystre.cz\/#organization","name":"Sbor dobrovoln\u00fdch hasi\u010d\u016f Bystr\u00e9 v Orlick\u00fdch hor\u00e1ch","url":"https:\/\/www.hasicibystre.cz\/"},{"@type":"WebPage","@id":"https:\/\/www.hasicibystre.cz\/?page_id=1106#webpage","url":"https:\/\/www.hasicibystre.cz\/?page_id=1106","name":"Ro\u010dn\u00edk 1996 \u2013 1997 | Sbor dobrovoln\u00fdch hasi\u010d\u016f Bystr\u00e9 v Orlick\u00fdch hor\u00e1ch","inLanguage":"cs-CZ","isPartOf":{"@id":"https:\/\/www.hasicibystre.cz\/#website"},"breadcrumb":{"@id":"https:\/\/www.hasicibystre.cz\/?page_id=1106#breadcrumblist"},"datePublished":"2018-07-30T20:51:32+02:00","dateModified":"2018-08-04T21:01:35+02:00"},{"@type":"WebSite","@id":"https:\/\/www.hasicibystre.cz\/#website","url":"https:\/\/www.hasicibystre.cz\/","name":"Sbor dobrovoln\u00fdch hasi\u010d\u016f Bystr\u00e9 v Orlick\u00fdch hor\u00e1ch","inLanguage":"cs-CZ","publisher":{"@id":"https:\/\/www.hasicibystre.cz\/#organization"}}]},"og:locale":"cs_CZ","og:site_name":"Sbor dobrovoln\u00fdch hasi\u010d\u016f Bystr\u00e9 v Orlick\u00fdch hor\u00e1ch |","og:type":"article","og:title":"Ro\u010dn\u00edk 1996 \u2013 1997 | Sbor dobrovoln\u00fdch hasi\u010d\u016f Bystr\u00e9 v Orlick\u00fdch hor\u00e1ch","og:url":"https:\/\/www.hasicibystre.cz\/?page_id=1106","article:published_time":"2018-07-30T18:51:32+00:00","article:modified_time":"2018-08-04T19:01:35+00:00","twitter:card":"summary","twitter:title":"Ro\u010dn\u00edk 1996 \u2013 1997 | Sbor dobrovoln\u00fdch hasi\u010d\u016f Bystr\u00e9 v Orlick\u00fdch hor\u00e1ch"},"aioseo_meta_data":{"post_id":"1106","title":null,"description":null,"keywords":null,"keyphrases":null,"primary_term":null,"canonical_url":null,"og_title":null,"og_description":null,"og_object_type":"default","og_image_type":"default","og_image_url":null,"og_image_width":null,"og_image_height":null,"og_image_custom_url":null,"og_image_custom_fields":null,"og_video":null,"og_custom_url":null,"og_article_section":null,"og_article_tags":null,"twitter_use_og":false,"twitter_card":"default","twitter_image_type":"default","twitter_image_url":null,"twitter_image_custom_url":null,"twitter_image_custom_fields":null,"twitter_title":null,"twitter_description":null,"schema":{"blockGraphs":[],"customGraphs":[],"default":{"data":{"Article":[],"Course":[],"Dataset":[],"FAQPage":[],"Movie":[],"Person":[],"Product":[],"ProductReview":[],"Car":[],"Recipe":[],"Service":[],"SoftwareApplication":[],"WebPage":[]},"graphName":"WebPage","isEnabled":true},"graphs":[]},"schema_type":null,"schema_type_options":null,"pillar_content":false,"robots_default":true,"robots_noindex":false,"robots_noarchive":false,"robots_nosnippet":false,"robots_nofollow":false,"robots_noimageindex":false,"robots_noodp":false,"robots_notranslate":false,"robots_max_snippet":null,"robots_max_videopreview":null,"robots_max_imagepreview":"large","priority":null,"frequency":null,"local_seo":null,"breadcrumb_settings":null,"limit_modified_date":false,"ai":null,"created":"2020-12-26 10:15:29","updated":"2025-07-23 16:39:30","seo_analyzer_scan_date":null},"aioseo_breadcrumb":"<div class=\"aioseo-breadcrumbs\"><span class=\"aioseo-breadcrumb\">\n\t\t\t<a href=\"https:\/\/www.hasicibystre.cz\" title=\"Home\">Home<\/a>\n\t\t<\/span><span class=\"aioseo-breadcrumb-separator\">&raquo;<\/span><span class=\"aioseo-breadcrumb\">\n\t\t\t<a href=\"https:\/\/www.hasicibystre.cz\/?page_id=98\" title=\"D\u011btsk\u00fd kolektiv\">D\u011btsk\u00fd kolektiv<\/a>\n\t\t<\/span><span class=\"aioseo-breadcrumb-separator\">&raquo;<\/span><span class=\"aioseo-breadcrumb\">\n\t\t\t<a href=\"https:\/\/www.hasicibystre.cz\/?page_id=102\" title=\"Star\u0161\u00ed\">Star\u0161\u00ed<\/a>\n\t\t<\/span><span class=\"aioseo-breadcrumb-separator\">&raquo;<\/span><span class=\"aioseo-breadcrumb\">\n\t\t\tRo\u010dn\u00edk 1996 \u2013 1997\n\t\t<\/span><\/div>","aioseo_breadcrumb_json":[{"label":"Home","link":"https:\/\/www.hasicibystre.cz"},{"label":"D\u011btsk\u00fd kolektiv","link":"https:\/\/www.hasicibystre.cz\/?page_id=98"},{"label":"Star\u0161\u00ed","link":"https:\/\/www.hasicibystre.cz\/?page_id=102"},{"label":"Ro\u010dn\u00edk 1996 &#8211; 1997","link":"https:\/\/www.hasicibystre.cz\/?page_id=1106"}],"jetpack_sharing_enabled":true,"jetpack_likes_enabled":true,"_links":{"self":[{"href":"https:\/\/www.hasicibystre.cz\/index.php?rest_route=\/wp\/v2\/pages\/1106","targetHints":{"allow":["GET"]}}],"collection":[{"href":"https:\/\/www.hasicibystre.cz\/index.php?rest_route=\/wp\/v2\/pages"}],"about":[{"href":"https:\/\/www.hasicibystre.cz\/index.php?rest_route=\/wp\/v2\/types\/page"}],"author":[{"embeddable":true,"href":"https:\/\/www.hasicibystre.cz\/index.php?rest_route=\/wp\/v2\/users\/2"}],"replies":[{"embeddable":true,"href":"https:\/\/www.hasicibystre.cz\/index.php?rest_route=%2Fwp%2Fv2%2Fcomments&post=1106"}],"version-history":[{"count":2,"href":"https:\/\/www.hasicibystre.cz\/index.php?rest_route=\/wp\/v2\/pages\/1106\/revisions"}],"predecessor-version":[{"id":1358,"href":"https:\/\/www.hasicibystre.cz\/index.php?rest_route=\/wp\/v2\/pages\/1106\/revisions\/1358"}],"up":[{"embeddable":true,"href":"https:\/\/www.hasicibystre.cz\/index.php?rest_route=\/wp\/v2\/pages\/102"}],"wp:attachment":[{"href":"https:\/\/www.hasicibystre.cz\/index.php?rest_route=%2Fwp%2Fv2%2Fmedia&parent=1106"}],"curies":[{"name":"wp","href":"https:\/\/api.w.org\/{rel}","templated":true}]}}