{"id":1118,"date":"2018-07-30T20:56:17","date_gmt":"2018-07-30T18:56:17","guid":{"rendered":"http:\/\/www.hasicibystre.cz\/?page_id=1118"},"modified":"2018-08-04T21:12:37","modified_gmt":"2018-08-04T19:12:37","slug":"rocnik-2002-2003","status":"publish","type":"page","link":"https:\/\/www.hasicibystre.cz\/?page_id=1118","title":{"rendered":"Ro\u010dn\u00edk 2002 &#8211; 2003"},"content":{"rendered":"<p><strong><span style=\"background-color: #ffff00;\">OPRAV!!!<\/span>Alexandr Franc<\/strong><strong> Sedlo\u0148ov<\/strong><strong>15<\/strong><strong> Simon Krpata<\/strong><strong> Bystr\u00e9<\/strong><strong>14<\/strong><strong> David Kv\u011bto\u0148<\/strong><strong> Sedlo\u0148ov<\/strong><strong>13<\/strong><strong> Martina Mackov\u00e1<\/strong><strong> Bystr\u00e9<\/strong><strong>15<\/strong><strong> Ji\u0159\u00ed Mat\u011bj\u016f<\/strong><strong> Kounov<\/strong><strong>14<\/strong><strong> Tom\u00e1\u0161 Mat\u011bj\u016f<\/strong><strong> Kounov<\/strong><strong>15<\/strong><strong> Tom\u00e1\u0161 Mat\u011bj\u016f<\/strong><strong> Sud\u00edn<\/strong><strong>13<\/strong><strong> V\u00e1clav Novotn\u00fd<\/strong><strong> Ba\u010det\u00edn<\/strong><strong>15<\/strong><strong> Michael Stod\u016flka<\/strong><strong> Ba\u010det\u00edn<\/strong><strong>14<\/strong><strong> Ad\u00e9la Sv\u011btl\u00edkov\u00e1<\/strong><strong> Bystr\u00e9<\/strong><strong>15<\/strong>Richard \u0160t\u011bp\u00e1n<strong> Kounov<\/strong>12<\/p>\n<table width=\"557\">\n<tbody>\n<tr>\n<td width=\"186\"><strong><em>Jm\u00e9no<\/em><\/strong><\/td>\n<td width=\"186\"><strong><em>Bydli\u0161t\u011b<\/em><\/strong><\/td>\n<td width=\"186\"><strong><em>V\u011bk<\/em><\/strong><\/td>\n<\/tr>\n<tr>\n<td width=\"33%\"><strong>Veronika Krpatov\u00e1<\/strong><\/td>\n<td width=\"33%\"><strong>Bystr\u00e9<\/strong><\/td>\n<td style=\"text-align: justify;\" width=\"33%\"><strong>12<\/strong><\/td>\n<\/tr>\n<\/tbody>\n<\/table>\n<p style=\"text-align: justify;\"><u>Z\u00e1vod po\u017e\u00e1rnick\u00e9 v\u0161estrannosti v&nbsp;Meziles\u00ed<\/u><\/p>\n<p style=\"text-align: justify;\">V sobotu 12.&nbsp;\u0159\u00edjna jsme se spole\u010dn\u011b s&nbsp;dru\u017estvem mlad\u0161\u00edch vydali do Meziles\u00ed, kde jsme se z\u00fa\u010dastnili poh\u00e1rov\u00e9ho z\u00e1vodu po\u017e\u00e1rnick\u00e9 v\u0161estrannosti. Z\u00e1vodu, kter\u00fd prob\u00edhal za mraziv\u00e9ho po\u010das\u00ed se z\u00fa\u010dastnilo celkem 51 hl\u00eddek star\u0161\u00edch a 24 hl\u00eddek mlad\u0161\u00edch. Start do z\u00e1vodu se n\u00e1m p\u0159\u00edli\u0161 nevyda\u0159il, proto\u017ee jsme na startu zapomn\u011bli z\u00e1vodnick\u00fd pr\u016fkaz. Ve zbytku trati se n\u00e1m v\u0161ak poda\u0159ilo v\u0161echno napravit, proto\u017ee jsme z\u00edskali jenom 8 trestn\u00fdch bod\u016f. Celkov\u011b jsme obsadili 4.&nbsp;m\u00edsto t\u011bsn\u011b &#8222;za bednou&#8220;. Douf\u00e1me, \u017ee se n\u00e1m bude da\u0159it l\u00e9pe p\u0159\u00ed\u0161t\u00ed t\u00fdden u n\u00e1s doma v&nbsp;Bystr\u00e9m.<\/p>\n<p style=\"text-align: justify;\"><u>Zahajovac\u00ed z\u00e1vod po\u017e\u00e1rnick\u00e9 v\u0161estrannosti hry Plamen &#8211; Bystr\u00e9<\/u><\/p>\n<p style=\"text-align: justify;\">Tento rok se brann\u00fd z\u00e1vod konal 19.&nbsp;\u0159\u00edjna na koupali\u0161ti v&nbsp;Bystr\u00e9m. Hasi\u010dsk\u00e1 dru\u017estva se tu se\u0161la v&nbsp;hojn\u00e9m po\u010dtu aby zah\u00e1jila sezonu hry Plamen. Z\u00e1vodilo se u\u017e od \u010dasn\u00e9ho r\u00e1na, ale na\u0161e dru\u017estvo se se\u0161lo a\u017e okolo des\u00e1t\u00e9 hodiny. Po\u010das\u00ed se n\u00e1m tak\u00e9 moc nevyda\u0159ilo, proto\u017ee byla zima, pr\u0161elo a m\u00edsty padaly i kroupy. Asi v&nbsp;poledne vyb\u00edhala na\u0161e jedin\u00e1 p\u011btka. Moc se j\u00ed neda\u0159ilo, proto\u017ee nachytala trestn\u00e9 body na st\u0159elb\u011b a topografii. Celkem jsme m\u011bli 7 trestn\u00fdch bod\u016f. Kdy\u017e dob\u011bhla v\u0161echna dru\u017estva i dru\u017estva dorostenc\u016f, bylo slavnostn\u00ed vyhl\u00e1\u0161en\u00ed. Mezit\u00edm jsme se najedli. Celkov\u011b jsme se um\u00edstili na 3.&nbsp;m\u00edst\u011b a po n\u00e1stupu jsme se roze\u0161li do sv\u00fdch domov\u016f.<\/p>\n<p style=\"text-align: justify;\"><u>P\u0159edn\u00e1\u0161ka o SH \u010cMS<\/u><\/p>\n<p style=\"text-align: justify;\">Ve \u010dtvrtek 7.&nbsp;listopadu jsme se se\u0161li v&nbsp;na\u0161\u00ed klubovn\u011b, abychom si n\u011bco \u0159ekli o SH \u010cMS. Vysv\u011btlili jsme si pojmy, jako nap\u0159\u00edklad co je to organiza\u010dn\u00ed struktura SH \u010cMS, SDH, okrsek, okres, krajsk\u00e9 sdru\u017een\u00ed s&nbsp;v\u00fdkonn\u00fd v\u00fdbor SH \u010cMS. Tak\u00e9 jsme si jmenovali zn\u00e1m\u00e1 jm\u00e9na jako Anton\u00edn Ulrych, Karel Richter, \u0158eh\u00e1\u010dek atd. . Tato p\u0159edn\u00e1\u0161ka byla velmi zaj\u00edmav\u00e1.<\/p>\n<p style=\"text-align: justify;\"><u>P\u0159edn\u00e1\u0161ka o IZS<\/u><\/p>\n<p style=\"text-align: justify;\">I ve \u010dtvrtek 14.&nbsp;listopadu jsme se op\u011bt se\u0161li v&nbsp;klubovn\u011b. Tentokr\u00e1t jsme vyslechli p\u0159edn\u00e1\u0161ku o IZS. Hovo\u0159ili jsme o tom, co zahrnuje problematika IZS, jak\u00e9 jsou z\u00e1kladn\u00ed druhy z\u00e1sah\u016f a jak\u00e9 jsou varovn\u00e9 sign\u00e1ly. Tak\u00e9 jsme si zodpov\u011bd\u011bli ot\u00e1zky jako nap\u0159\u00edklad co d\u011blat v&nbsp;p\u0159\u00edpad\u011b ohro\u017een\u00ed, jak se chvat p\u0159i evakuaci, co d\u011blat p\u0159\u00ed \u00fatoku z&nbsp;vn\u011bj\u0161\u00ed, jak se chr\u00e1nit atd. . Tato p\u0159edn\u00e1\u0161ka byla velmi pou\u010dn\u00e1.<\/p>\n<p style=\"text-align: justify;\"><u>Chod\u00edme do t\u011blocvi\u010dny<\/u><\/p>\n<p style=\"text-align: justify;\">Proto\u017ee je venku mraziv\u00e9 po\u010das\u00ed, jezd\u00edme ka\u017ed\u00fd \u010dtvrtek do dob\u0159ansk\u00e9 sokolovny. Na za\u010d\u00e1tku je v\u017edy mal\u00e1 rozcvi\u010dka. Potom nacvi\u010dujeme p\u0159edev\u0161\u00edm \u00fatok a dvojice. Na konci, v\u017edy kdy\u017e n\u00e1m zbude \u010das, si zahrajeme n\u011bjakou m\u00ed\u010dovou hru. Okolo \u0161est\u00e9 pro n\u00e1s p\u0159ijede pan P\u0159ibyl nebo Jirka Tom\u00e1\u0161 a zaveze n\u00e1s dom\u016f.<\/p>\n<p style=\"text-align: justify;\"><u>V\u00fdro\u010dn\u00ed valn\u00e1 hromada<\/u><\/p>\n<p style=\"text-align: justify;\">V sobotu 28.&nbsp;prosince 2002 se v&nbsp;m\u00edstn\u00edm hostinci uskute\u010dnila tradi\u010dn\u00ed V\u00fdro\u010dn\u00ed valn\u00e1 hromada na\u0161eho sboru. Na t\u00e9to valn\u00e9 hromad\u011b byla zhodnocena cel\u00e1 \u010dinnost na\u0161eho sboru, kter\u00e1 je velmi bohat\u00e1. Mimo jin\u00e9 se mluvilo i o tom, \u017ee chod\u00edme m\u00e1lo tr\u00e9novat a budeme se muset hodn\u011b zlep\u0161it. Jinak by bylo lep\u0161\u00ed, abychom jako dru\u017estvo skon\u010dili. Krom\u011b na\u0161eho kulturn\u00edho programu p\u0159ednesli sv\u00e9 p\u0159\u00edsp\u011bvky p\u0159edstavitel\u00e9 sboru, A. Ulrych a dal\u0161\u00ed. V\u00fdro\u010dn\u00ed valnou hromadu zakon\u010di p. Ren\u00e9 Hagen z&nbsp;Holandska, kter\u00fd m\u00e1 chatu v&nbsp;na\u0161\u00ed obci a kter\u00fd n\u00e1m ud\u011blal p\u0159edn\u00e1\u0161ku o syst\u00e9mu po\u017e\u00e1rn\u00ed ochrany v&nbsp;Holandsku.<\/p>\n<p style=\"text-align: justify;\"><u>Zkou\u0161ky specializace<\/u><\/p>\n<p style=\"text-align: justify;\">M\u011bs\u00edc \u00fanor je tradi\u010dn\u00edm m\u011bs\u00edcem, kdy p\u0159\u00edli\u0161 netr\u00e9nujeme a v\u011bnujeme se sp\u00ed\u0161e zdokonalen\u00ed na\u0161ich znalost\u00ed hasi\u010dsk\u00e9 pr\u00e1ce. Ani letos tomu nebylo jinak. Po d\u016fkladn\u00e9 p\u0159\u00edprav\u011b jsme se se\u0161li v&nbsp;sobotu 22.&nbsp;\u00fanora v&nbsp;na\u0161\u00ed klubovn\u011b, abychom vykonali zkou\u0161ky odbornosti. N\u00e1ro\u010dn\u00fdm testem pro\u0161li a odbornost z\u00edskali tito \u010dlenov\u00e9:<\/p>\n<p style=\"text-align: justify;\">Veronika Krpatov\u00e1<\/p>\n<p style=\"text-align: justify;\">Richard \u0160t\u011bp\u00e1n<\/p>\n<p style=\"text-align: justify;\">Alexandr Franc<\/p>\n<p style=\"text-align: justify;\">Michael Stod\u016flka<\/p>\n<p style=\"text-align: justify;\">Simon Krpata<\/p>\n<p style=\"text-align: justify;\">Gratulujeme !<\/p>\n<p style=\"text-align: justify;\"><u>N\u00e1st\u011bnka IZS<\/u><\/p>\n<p style=\"text-align: justify;\">V m\u011bs\u00edci b\u0159eznu jsme na n\u00e1st\u011bnce sboru u autobusov\u00e9 zast\u00e1vky p\u0159ipravili pro na\u0161e ob\u010dany n\u00e1st\u011bnku s&nbsp;t\u00e9matikou IZS. Douf\u00e1me, \u017ee jim pom\u016f\u017ee orientovat se v&nbsp;t\u00e9to d\u016fle\u017eit\u00e9 a slo\u017eit\u00e9 problematice.<\/p>\n<p style=\"text-align: justify;\"><u>Setk\u00e1n\u00ed d\u016fchodc\u016f<\/u><\/p>\n<p style=\"text-align: justify;\">V ned\u011bli 13.&nbsp;dubna jsme p\u0159ednesli kulturn\u00ed program na setk\u00e1n\u00ed d\u016fchodc\u016f z&nbsp;na\u0161\u00ed obce a se z\u00e1jmem vyslechli p\u0159edn\u00e1\u0161ku o poh\u00e1dk\u00e1ch a pov\u011bstech Orlick\u00fdch hor.<\/p>\n<p style=\"text-align: justify;\"><u>V\u00fdlet<\/u><\/p>\n<p style=\"text-align: justify;\">Proto\u017ee nejen b\u011bh\u00e1n\u00edm, ale i ch\u016fz\u00ed \u017eiv je \u010dlov\u011bk, vyrazili jsme na za\u010d\u00e1tku kv\u011btna na p\u011b\u0161\u00ed v\u00fdlet do okol\u00ed. Nejprve jsme autobusem dojeli do Sn\u011b\u017en\u00e9ho, odkud jsme se p\u011b\u0161ky vydali sm\u011brem k&nbsp;Sedlo\u0148ovu. B\u011bhem cesty jsme se zaj\u00edmali zejm\u00e9na o pam\u00e1tky minulosti v&nbsp;podob\u011b bunkr\u016f z&nbsp;doby p\u0159ed 2.&nbsp;sv\u011btovou v\u00e1lkou a zaj\u00edmav\u00fdch budov, kter\u00e9 dnes \u010dasto slou\u017e\u00ed \u00fapln\u011b jin\u00e9mu \u00fa\u010delu ne\u017e v&nbsp;minulosti. Dom\u016f jsme se vr\u00e1tili zna\u010dn\u011b unaveni.<\/p>\n<p style=\"text-align: justify;\"><u>\u010ci\u0161t\u011bn\u00ed koupali\u0161t\u011b<\/u><\/p>\n<p style=\"text-align: justify;\">V sobotu 24.&nbsp;kv\u011btna jsme se z\u00fa\u010dastnili tradi\u010dn\u00edho \u010di\u0161t\u011bn\u00ed m\u00edstn\u00edho koupali\u0161t\u011b, kter\u00e9 m\u00e1 nejbl\u00ed\u017ee k&nbsp;na\u0161\u00ed pr\u00e1ci, proto\u017ee mus\u00edme pou\u017e\u00edvat \u010derpadlo, hadice a proudnice k&nbsp;tomu, abychom v\u0161e \u0159\u00e1dn\u011b vy\u010distili od n\u00e1nos\u016f bahna. Pr\u00e1ce za\u010dala \u010dasn\u011b r\u00e1no a proto\u017ee usazenin bylo trochu v\u00edce ne\u017e jsme \u010dekali, vr\u00e1tili jsme se dom\u016f a\u017e odpoledne.<\/p>\n<p style=\"text-align: justify;\"><u>V\u00fdlet do Polska<\/u><\/p>\n<p style=\"text-align: justify;\">Jako ka\u017ed\u00fd rok, samoz\u0159ejm\u011b i tento jsme si ud\u011blali mal\u00fd \u010dty\u0159denn\u00ed v\u00fdlet. Pro n\u00e1s u\u017e posledn\u00ed. Se\u0161li jsme se v&nbsp;p\u00e1tek 4.&nbsp;\u010dervence v&nbsp;16 hodin u zbrojnice se v\u0161emi zavazadly a mohli jsme vyrazit. Na\u0161im c\u00edlem byl Lewin v&nbsp;sousedn\u00edm Polsku. Kdy\u017e jsme dorazili, v\u0161ichni n\u00e1s p\u0159iv\u00edtali. Pak jsme si postavili stan, \u0161li jsme na ve\u010de\u0159i a potom sp\u00e1t. Druh\u00fd den po sn\u00eddani v&nbsp;podob\u011b oblo\u017een\u00fdch tal\u00ed\u0159\u016f byl n\u00e1stup na n\u00e1m\u011bst\u00ed, kde n\u00e1s, slovensk\u00e9 a n\u011bmeck\u00e9 hasi\u010de p\u0159\u00edjemn\u011b p\u0159iv\u00edtal starosta a byly n\u00e1m vysv\u011btleny pravidla leto\u0161n\u00edch Her bez hranic. Ty n\u00e1sledovaly po ob\u011bd\u011b, kdy \u0161esti\u010dlenn\u00e1 dru\u017estva sout\u011b\u017eila ve t\u0159ech discipl\u00edn\u00e1ch. A ve\u010der byla diskot\u00e9ka. N\u00e1sleduj\u00edc\u00ed den po sn\u00eddani se dokon\u010dily Hry bez hranic a po ob\u011bd\u011b se zah\u00e1jila sout\u011b\u017e v&nbsp;discipl\u00edn\u00e1ch CTIF. Na\u0161e dru\u017estvo skon\u010dilo na 2.&nbsp;m\u00edst\u011b. Po skon\u010den\u00ed byl op\u011bt slavnostn\u00ed n\u00e1stup, kde bylo vyhodnocen\u00ed Her bez hranic. Dal\u0161\u00ed den jsme m\u011bli na programu v\u00fdlet, p\u0159i kter\u00e9m jsme nav\u0161t\u00edvili Bludn\u00e9 sk\u00e1ly a aquacentrum. Moc se n\u00e1m to l\u00edbilo. A proto\u017ee jsme byli unaven\u00ed, \u0161li jsme brzy sp\u00e1t. A nastal den odjezdu. Po sn\u00eddani jsme si zabalili v\u011bci a po rozlou\u010den\u00ed se v\u0161emi jsme odj\u00ed\u017ed\u011bli sm\u011brem k&nbsp;na\u0161im domov\u016fm. Tento n\u00e1\u0161 posledn\u00ed v\u00fdlet se vyda\u0159il a moc se n\u00e1m l\u00edbil.<\/p>\n<p style=\"text-align: justify;\"><u>Slovo na rozlou\u010denou<\/u><\/p>\n<p style=\"text-align: justify;\">&#8230;Tak u\u017e je to tady. P\u011bt let na\u0161\u00ed spole\u010dn\u00e9 pr\u00e1ce je u konce. Vezm\u011bme to v\u0161ak o za\u010d\u00e1tku. Na\u0161e za\u010d\u00e1tky nebyly zrovna nejlep\u0161\u00ed, ale postupem \u010dasu se v\u0161e zlep\u0161ovalo. Jako kolektiv jsme 2 x zv\u00edt\u011bzili v&nbsp;okresn\u00edm kole Plamenu a jednou jsme obsadili 2.&nbsp;a 3.&nbsp;m\u00edsto. Tak\u00e9 jsme 2 x reprezentovali n\u00e1\u0161 okres v&nbsp;krajsk\u00fdch kolech Plamenu. \u00da\u010dastnili jsme se mnoha sout\u011b\u017e\u00ed a hlavn\u011b p\u011bkn\u00fdch v\u00fdlet\u016f do zahrani\u010d\u00ed. Za to a v\u0161echno ostatn\u00ed bychom m\u011bli pod\u011bkovat panu Michalu Dus\u00edlkovi, na\u0161emu tren\u00e9rovi. Tak\u00e9 mnoho d\u00edk\u016f pat\u0159\u00ed i \u0159idi\u010d\u016fm, kte\u0159\u00ed n\u00e1s vozili po sout\u011b\u017e\u00edch a v\u00fdletech a v\u0161em, kte\u0159\u00ed n\u00e1s v&nbsp;na\u0161\u00ed pr\u00e1ci podporovali. Na t\u011bchto p\u011bt let str\u00e1ven\u00fdch v&nbsp;hasi\u010dsk\u00e9m duchu budeme v\u0161ichni jist\u011b v&nbsp;dobr\u00e9m vzpom\u00ednat.<\/p>\n","protected":false},"excerpt":{"rendered":"<p>OPRAV!!!Alexandr Franc Sedlo\u0148ov15 Simon Krpata Bystr\u00e914 David Kv\u011bto\u0148 Sedlo\u0148ov13 Martina Mackov\u00e1 Bystr\u00e915 Ji\u0159\u00ed Mat\u011bj\u016f Kounov14 Tom\u00e1\u0161 Mat\u011bj\u016f Kounov15 Tom\u00e1\u0161 Mat\u011bj\u016f Sud\u00edn13 V\u00e1clav Novotn\u00fd Ba\u010det\u00edn15 Michael Stod\u016flka Ba\u010det\u00edn14 Ad\u00e9la Sv\u011btl\u00edkov\u00e1 Bystr\u00e915Richard \u0160t\u011bp\u00e1n Kounov12 Jm\u00e9no Bydli\u0161t\u011b V\u011bk Veronika Krpatov\u00e1 Bystr\u00e9 12 Z\u00e1vod po\u017e\u00e1rnick\u00e9 v\u0161estrannosti v&nbsp;Meziles\u00ed V&nbsp;sobotu 12.&nbsp;\u0159\u00edjna jsme se spole\u010dn\u011b s&nbsp;dru\u017estvem mlad\u0161\u00edch vydali do Meziles\u00ed, kde [&hellip;]<\/p>\n","protected":false},"author":2,"featured_media":0,"parent":102,"menu_order":0,"comment_status":"closed","ping_status":"closed","template":"","meta":{"footnotes":""},"class_list":["post-1118","page","type-page","status-publish","hentry"],"aioseo_notices":[],"jetpack_sharing_enabled":true,"jetpack_likes_enabled":true,"_links":{"self":[{"href":"https:\/\/www.hasicibystre.cz\/index.php?rest_route=\/wp\/v2\/pages\/1118","targetHints":{"allow":["GET"]}}],"collection":[{"href":"https:\/\/www.hasicibystre.cz\/index.php?rest_route=\/wp\/v2\/pages"}],"about":[{"href":"https:\/\/www.hasicibystre.cz\/index.php?rest_route=\/wp\/v2\/types\/page"}],"author":[{"embeddable":true,"href":"https:\/\/www.hasicibystre.cz\/index.php?rest_route=\/wp\/v2\/users\/2"}],"replies":[{"embeddable":true,"href":"https:\/\/www.hasicibystre.cz\/index.php?rest_route=%2Fwp%2Fv2%2Fcomments&post=1118"}],"version-history":[{"count":2,"href":"https:\/\/www.hasicibystre.cz\/index.php?rest_route=\/wp\/v2\/pages\/1118\/revisions"}],"predecessor-version":[{"id":1365,"href":"https:\/\/www.hasicibystre.cz\/index.php?rest_route=\/wp\/v2\/pages\/1118\/revisions\/1365"}],"up":[{"embeddable":true,"href":"https:\/\/www.hasicibystre.cz\/index.php?rest_route=\/wp\/v2\/pages\/102"}],"wp:attachment":[{"href":"https:\/\/www.hasicibystre.cz\/index.php?rest_route=%2Fwp%2Fv2%2Fmedia&parent=1118"}],"curies":[{"name":"wp","href":"https:\/\/api.w.org\/{rel}","templated":true}]}}