{"id":1120,"date":"2018-07-30T20:56:54","date_gmt":"2018-07-30T18:56:54","guid":{"rendered":"http:\/\/www.hasicibystre.cz\/?page_id=1120"},"modified":"2018-08-04T21:14:24","modified_gmt":"2018-08-04T19:14:24","slug":"rocnik-2003-2004","status":"publish","type":"page","link":"https:\/\/www.hasicibystre.cz\/?page_id=1120","title":{"rendered":"Ro\u010dn\u00edk 2003 &#8211; 2004"},"content":{"rendered":"<p><strong><em><span style=\"background-color: #ffff00;\">OPRAV!!!<\/span>Jm\u00e9no<\/em><\/strong><\/p>\n<p><strong><em>Bydli\u0161t\u011b<\/em><\/strong><\/p>\n<p><strong><em>V\u011bk<\/em><\/strong><\/p>\n<p><strong>Marek Du\u0161ka<\/strong><strong> Bystr\u00e9<\/strong><strong>10<\/strong><strong>Mark\u00e9ta Dyntarov\u00e1<\/strong><strong>Sn\u011b\u017en\u00e9<\/strong><strong>11<\/strong><strong>Jan Franc<\/strong><strong>Bystr\u00e9<\/strong><strong>11<\/strong>Samuel HejzlarBystr\u00e9<strong>11<\/strong><strong>Tom\u00e1\u0161 Kav\u00e1lek<\/strong><strong> Bystr\u00e9<\/strong><strong>10<\/strong><strong>Veronika Machov\u00e1<\/strong><strong>Sn\u011b\u017en\u00e9<\/strong><strong>10<\/strong><strong>Jarom\u00edr Maisner<\/strong><strong>Bystr\u00e9<\/strong><strong>12<\/strong><strong>Martin \u0160tainer<\/strong><strong>Sn\u011b\u017en\u00e9<\/strong><strong>12<\/strong><strong>Radek \u0160op\u00edk <\/strong><strong>Sedlo\u0148ov<\/strong><strong>11<\/strong><\/p>\n<table width=\"557\">\n<tbody>\n<tr>\n<td width=\"33%\"><strong>Jan Krahulec<\/strong><\/td>\n<td width=\"33%\"><strong>Sn\u011b\u017en\u00e9<\/strong><\/td>\n<td width=\"33%\"><strong>11<\/strong><\/td>\n<\/tr>\n<tr>\n<td width=\"33%\"><strong>Roman Kv\u011bto\u0148<\/strong><\/td>\n<td width=\"33%\"><strong>Sedlo\u0148ov<\/strong><\/td>\n<td width=\"33%\"><strong>10<\/strong><\/td>\n<\/tr>\n<tr>\n<td width=\"33%\"><strong>Jan Maisner<\/strong><\/td>\n<td width=\"33%\"><strong>Bystr\u00e9<\/strong><\/td>\n<td style=\"text-align: justify;\" width=\"33%\"><strong>10<\/strong><\/td>\n<\/tr>\n<\/tbody>\n<\/table>\n<p style=\"text-align: justify;\"><u>V\u00edtejte<\/u><\/p>\n<p style=\"text-align: justify;\">M\u011bs\u00edc z\u00e1\u0159\u00ed je prvn\u00edm m\u011bs\u00edcem na\u0161eho nov\u00e9ho dru\u017estva. Minul\u00e9 dru\u017estvo ode\u0161lo do kategorie dorostenc\u016f a tak jsme museli nastoupit my. Se\u0161li jsme se v&nbsp;jednom dru\u017estvu z&nbsp;Bystr\u00e9ho, Sn\u011b\u017en\u00e9ho a Sedlo\u0148ova. Douf\u00e1me, \u017ee se n\u00e1m bude da\u0159it podobn\u011b jako minul\u00e9mu dru\u017estvu.<\/p>\n<p style=\"text-align: justify;\"><u>P\u0159\u00edprava na z\u00e1vod po\u017e\u00e1rnick\u00e9 v\u0161estrannosti<\/u><\/p>\n<p style=\"text-align: justify;\">Necht\u011bli jsem ztr\u00e1cet \u010das a proto jsme se s&nbsp;plnou vervou pustili do pr\u00e1ce. Sch\u00e1z\u00edme se dvakr\u00e1t t\u00fddn\u011b a piln\u011b se p\u0159ipravujeme na n\u00e1\u0161 prvn\u00ed velk\u00fd z\u00e1vod. Nacvi\u010dujeme st\u0159elbu, uzle, zna\u010dky a dal\u0161\u00ed pot\u0159ebn\u00e9 v\u011bci. Z\u00e1rove\u0148 pracujeme na na\u0161\u00ed fyzi\u010dce, kterou mus\u00edme je\u0161t\u011b hodn\u011b zlep\u0161it. B\u011bh\u00e1me sprinty na \u010das a n\u011bkolikr\u00e1t jsme ji\u017e vyrazili na 3 kilometry do ter\u00e9nu. Snad se n\u00e1m bude v&nbsp;z\u00e1vod\u011b da\u0159it.<\/p>\n<p style=\"text-align: justify;\"><u>Z\u00e1vod po\u017e\u00e1rnick\u00e9 v\u0161estrannosti &#8211; Rokytnice v&nbsp;Orlick\u00fdch hor\u00e1ch<\/u><\/p>\n<p style=\"text-align: justify;\">V sobotu 18.&nbsp;\u0159\u00edjna 2003 jsme vyrazili hasi\u010dsk\u00fdm autem na n\u00e1\u0161 prvn\u00ed z\u00e1vod. Doufali jsme, \u017ee se n\u00e1m poda\u0159\u00ed vybojovat dobr\u00fd v\u00fdsledek. P\u0159esto\u017ee n\u011bkte\u0159\u00ed z&nbsp;n\u00e1s ji\u017e tento z\u00e1vod za\u017eili, nastupovali jsme na start hodn\u011b nerv\u00f3zn\u00ed co\u017e se tak\u00e9 uk\u00e1zalo na trati. Pokazili jsme jeden azimut a dva uzle. I kdy\u017e jsme b\u011b\u017eeli naplno, nepoda\u0159ilo se n\u00e1m tyto chyby napravit. Celkov\u011b jsme se tak um\u00edstili na 10.&nbsp;m\u00edst\u011b. Dom\u016f jsme se vraceli trochu zklaman\u00ed. Ned\u00e1 se ale nic d\u011blat. Snad to bude p\u0159\u00ed\u0161t\u011b lep\u0161\u00ed.<\/p>\n<p style=\"text-align: justify;\"><u>Beseda o po\u017e\u00e1rn\u00ed prevenci<\/u><\/p>\n<p style=\"text-align: justify;\">B\u011bhem jedn\u00e9 z&nbsp;listopadov\u00fdch sch\u016fzek jsme se se\u0161li spole\u010dn\u011b s&nbsp;dru\u017estvem z&nbsp;Valu v&nbsp;na\u0161\u00ed hasi\u010dsk\u00e9 klubovn\u011b. Nav\u0161t\u00edvil n\u00e1s toti\u017e pan Bo\u0159ek z&nbsp;Rychnova nad Kn\u011b\u017enou, kter\u00fd si pro n\u00e1s p\u0159ipravil uk\u00e1zku pou\u017eit\u00ed ru\u010dn\u00edch has\u00edc\u00edch p\u0159\u00edstroj\u016f. Nejprve jsme si venku u ohni\u0161t\u011b vyzkou\u0161eli pou\u017eit\u00ed pr\u00e1\u0161kov\u00e9ho a vodn\u00edho has\u00edc\u00edho p\u0159\u00edstroje. Pak jsme se p\u0159esunuli do klubovny, kde n\u00e1m pan Bo\u0159ek vypr\u00e1v\u011bl dal\u0161\u00ed zaj\u00edmav\u00e9 v\u011bci o has\u00edc\u00edch p\u0159\u00edstroj\u00edch. Tak\u00e9 n\u00e1m vysv\u011btlil, jak se chovat, kdy\u017e u n\u00e1s doma vypukne po\u017e\u00e1r. Celou besedu jsme zakon\u010dili chutn\u00fdm ob\u010derstven\u00edm.<\/p>\n<p style=\"text-align: justify;\"><u>V\u00fdro\u010dn\u00ed valn\u00e1 hromada<\/u><\/p>\n<p style=\"text-align: justify;\">V soboru 17.&nbsp;ledna 2004 jsme se podobn\u011b jako ostatn\u00ed \u010dlenov\u00e9 z\u00fa\u010dastnili V\u00fdro\u010dn\u00ed valn\u00e9 hromady na\u0161eho sboru. Na t\u00e9to hromad\u011b se v\u017edy hodnot\u00ed to, jak n\u00e1\u0161 sbor pracoval v&nbsp;minul\u00e9m roce. To si p\u0159i\u0161li poslechnout i host\u00e9 z&nbsp;Polska, N\u011bmecka, Slovenska a Holandska. Krom\u011b nich n\u00e1s nav\u0161t\u00edvil i hejtman p. Brad\u00edk a p. sen\u00e1torka Dom\u0161ov\u00e1. Spole\u010dn\u011b s&nbsp;dru\u017estvem mlad\u0161\u00edch jsme pro v\u0161echny \u00fa\u010dastn\u00edky sch\u016fze p\u0159ipravili kr\u00e1tk\u00e9 vystoupen\u00ed.<\/p>\n<p style=\"text-align: justify;\"><u>Jedeme do baz\u00e9nu<\/u><\/p>\n<p style=\"text-align: justify;\">Proto\u017ee v&nbsp;zim\u011b trochu zah\u00e1l\u00edme a netr\u00e9nujeme, rozhodli jsme se, \u017ee n\u011bkolikr\u00e1t nav\u0161t\u00edv\u00edme baz\u00e9n v&nbsp;Dobru\u0161ce. Snad trochu zabijeme nudu.<\/p>\n<p style=\"text-align: justify;\"><u>Beseda o historii sboru<\/u><\/p>\n<p style=\"text-align: justify;\">Na dne\u0161n\u00ed sch\u016fzku n\u00e1s p\u0159i\u0161el nav\u0161t\u00edvit pan K\u00e1rn\u00edk, kter\u00fd je nejstar\u0161\u00edm \u010dlenem na\u0161eho sboru. Nejprve n\u00e1m \u0159ekl n\u011bco o tom, jak on s\u00e1m za\u010d\u00ednal v&nbsp;roce 1932 v&nbsp;dru\u017estvu dorostenc\u016f a co v&nbsp;n\u011bm v\u0161echno d\u011blal a za\u017eil. Potom si s&nbsp;n\u00e1mi prohl\u00e9dl star\u00e9 kroniky a fotografie. Ke ka\u017ed\u00e9 z&nbsp;nich n\u00e1m n\u011bco \u0159ekl. Nakonec si prohl\u00e9dl na\u0161e kroniky a pop\u0159\u00e1l n\u00e1m hodn\u011b \u0161t\u011bst\u00ed do na\u0161\u00ed pr\u00e1ce.<\/p>\n<p style=\"text-align: justify;\"><u>Malujeme v\u00fdkresy<\/u><\/p>\n<p style=\"text-align: justify;\">Po del\u0161\u00ed dob\u011b se op\u011bt \u00fa\u010dastn\u00edme sout\u011b\u017ee &#8222;Po\u017e\u00e1rn\u00ed ochrana o\u010dima d\u011bt\u00ed&#8220;. Jednoho odpoledne jsme se se\u0161li v&nbsp;na\u0161\u00ed klubovn\u011b a ka\u017ed\u00fd si s&nbsp;sebou p\u0159inesl v\u00fdtvarn\u00e9 pot\u0159eby. Pan vedouc\u00ed n\u00e1m rozdal \u010dtvrtky a mohli jsme za\u010d\u00edt malovat. N\u011bkomu se da\u0159ilo m\u00e9n\u011b, n\u011bkomu v\u00edce a n\u011bkdo m\u011bl v\u00edce barev na oble\u010den\u00ed ne\u017e na \u010dtvrtce. Nakonec jsme vybrali v\u00fdkresy Mark\u00e9ty, Jardy a Martina, kter\u00e9 jsme poslali do okresn\u00edho kola. Snad se jim budou l\u00edbit.<\/p>\n<p style=\"text-align: justify;\"><u>P\u0159ipravujeme se na okres<\/u><\/p>\n<p style=\"text-align: justify;\">Na konci kv\u011btna n\u00e1s \u010dek\u00e1 sout\u011b\u017e ve Vamberku, kde si chceme vylep\u0161it n\u00e1\u0161 v\u00fdsledek z&nbsp;podzimu. Proto jsme za\u010dali chodit do t\u011blocvi\u010dny, kde jsme nacvi\u010dovali dvojice a po\u017e\u00e1rn\u00ed \u00fatok na sucho. Jakmile rozt\u00e1l sn\u00edh, vyrazili jsme ven a za\u010dali piln\u011b pracovat. Sch\u00e1z\u00edme se t\u0159ikr\u00e1t t\u00fddn\u011b a nacvi\u010dujeme v\u0161echny discipl\u00edny, kter\u00e9 n\u00e1s \u010dekaj\u00ed. Tr\u00e9ninky n\u00e1m kaz\u00ed ti, kte\u0159\u00ed na tr\u00e9nink nep\u0159ijdou. Mus\u00edme to m\u00edsto nich b\u011bhat. T\u011bm, co nep\u0159ijdou pak zase chyb\u00ed to, co my jsme natr\u00e9novali. V&nbsp;tomto se mus\u00edme hodn\u011b zlep\u0161it.<\/p>\n<p style=\"text-align: justify;\"><u>Okresn\u00ed kolo hry Plamen<\/u><\/p>\n<p style=\"text-align: justify;\">Je p\u00e1tek a my vyr\u00e1\u017e\u00edme na okresn\u00ed sout\u011b\u017e do Vamberka. Piln\u011b jsme tr\u00e9novali a snad se to uk\u00e1\u017ee i v&nbsp;sout\u011b\u017ei. Po p\u0159\u00edjezdu jsme nejprve postavili stany, ve kter\u00fdch budeme t\u0159i dny sp\u00e1t. Kdy\u017e byly stany postaveny, za\u010dali jsme se jen tak poflakovat a vyv\u00e1d\u011bt voloviny. Je sobota a sout\u011b\u017e za\u010d\u00edn\u00e1. Po slavnostn\u00edm n\u00e1stupu nastupujeme na prvn\u00ed discipl\u00ednu &#8211; \u00fatok CTIF. Celkem se n\u00e1m v&nbsp;n\u011bm da\u0159\u00ed i kdy\u017e jsme se drobn\u00fdm chyb\u00e1m nevyhnuli. Tyto chyby n\u00e1s st\u00e1ly cenn\u00e9 sekundy. Pot\u00e9 se chyst\u00e1me na na\u0161i nejob\u00e1van\u011bj\u0161\u00ed discipl\u00ednu &#8211; po\u017e\u00e1rn\u00ed \u00fatok. Ten se n\u00e1m celkem poda\u0159il, ale trval p\u0159\u00edli\u0161 dlouho. Po \u00fatoku n\u00e1s ji\u017e \u010dek\u00e1 ob\u011bd a po n\u011bm posledn\u00ed dne\u0161n\u00ed discipl\u00edna &#8211; \u0161tafeta. B\u011b\u017eme v\u00fdborn\u011b, ale kv\u016fli chyb\u011b v&nbsp;z\u00e1v\u011bru je na\u0161e \u0161tafeta diskvalifikov\u00e1na. Co se d\u00e1 d\u011blat. Po sobot\u011b jsme na p\u0159ekvapiv\u00e9m 5.&nbsp;m\u00edst\u011b a m\u00e1me \u0161anci za\u00fato\u010dit je\u0161t\u011b v\u00fd\u0161. Nejprve se chyst\u00e1me na discipl\u00ednu, ve kter\u00e9 si nejv\u00edce v\u011b\u0159\u00edme &#8211; dvojice. Zde se \u00fasp\u011b\u0161n\u011b pot\u00fdk\u00e1me se star\u0161\u00edmi dru\u017estvy a obsazujeme v&nbsp;n\u00ed 4.&nbsp;m\u00edsto. O na\u0161em v\u00fdsledku tak rozhodne posledn\u00ed discipl\u00edna &#8211; \u0161tafeta CTIF. I zde ud\u011bl\u00e1me chybu v&nbsp;z\u00e1v\u011bru, kter\u00e1 n\u00e1s posune hodn\u011b dozadu. Po ukon\u010den\u00ed discipl\u00edn za\u010d\u00edn\u00e1me balit na\u0161e t\u00e1bo\u0159i\u0161t\u011b. P\u0159ich\u00e1z\u00ed vyhl\u00e1\u0161en\u00ed v\u00fdsledk\u016f. Celkov\u00fd sou\u010det bod\u016f n\u00e1s posunul na celkov\u00e9 5.&nbsp;m\u00edsto. \u00datok na vy\u0161\u0161\u00ed pozice se n\u00e1m \u00fapln\u011b nepoda\u0159il, ale i tak m\u016f\u017eeme b\u00fdt s&nbsp;na\u0161im v\u00fdsledkem spokojeni. Vylep\u0161it to m\u016f\u017eeme a\u017e p\u0159\u00ed\u0161t\u00ed jaro a tak m\u00e1me dost \u010dasu na zlep\u0161en\u00ed toho, co jsme pokazili.<\/p>\n<p style=\"text-align: justify;\"><u>Sout\u011b\u017e v&nbsp;Opo\u010dn\u011b<\/u><\/p>\n<p style=\"text-align: justify;\">Kr\u00e1tce p\u0159ed pr\u00e1zdninami jsme vyrazili na sout\u011b\u017e do Opo\u010dna. Zde n\u00e1s \u010dekaly jenom dv\u011b discipl\u00edny a proto ani n\u00e1\u0161 tr\u00e9nink na tuto sout\u011b\u017e nebyl tak n\u00e1ro\u010dn\u00fd. Nejprve jsme nastoupili na pokus v&nbsp;po\u017e\u00e1rn\u00edm \u00fatoku, kter\u00fd byl sice lep\u0161\u00ed ne\u017e na okrese, ale po\u0159\u00e1d to nebylo ono. Naopak se n\u00e1m da\u0159ilo ve \u0161tafet\u011b. Druh\u00fd pokus v&nbsp;\u00fatoku byl pro n\u00e1s veselej\u0161\u00ed a my jsme zjistili, \u017ee i v&nbsp;tomto \u00fatoku to snad brzy p\u016fjde l\u00e9pe. Celkov\u011b jsme obsadili 9.&nbsp;m\u00edsto.<\/p>\n<p style=\"text-align: justify;\"><u>\u00daklid zbrojnice<\/u><\/p>\n<p style=\"text-align: justify;\">B\u011bhem na\u0161eho tr\u00e9nov\u00e1n\u00ed jsme ud\u011blali v&nbsp;na\u0161\u00ed zbrojnici p\u011bkn\u00fd nepo\u0159\u00e1dek. Svoji posledn\u00ed sch\u016fzku p\u0159ed pr\u00e1zdninami jsme ji tedy museli d\u00e1t do po\u0159\u00e1dku. Nejprve jsme v\u0161echno ze zbrojnice vynosili ven a rozt\u0159\u00eddili. Pak jsme v\u0161e op\u011bt ulo\u017eili na prav\u00e9 m\u00edsto. Hlavn\u00ed sez\u00f3na skon\u010dila. Te\u010f n\u00e1s \u010dekaj\u00ed pr\u00e1zdniny a v&nbsp;nich i z\u00e1jezd k&nbsp;hasi\u010d\u016fm na Slovensko.<\/p>\n<p style=\"text-align: justify;\"><u>V\u00fdlet na Slovensko<\/u><\/p>\n<p style=\"text-align: justify;\">Na z\u00e1v\u011br na\u0161\u00ed prvn\u00ed spole\u010dn\u00e9 sez\u00f3ny jsme vyrazili k\u00a0na\u0161im kamar\u00e1d\u016fm do Bystr\u00e9ho na Slovensku. Tam se konal dal\u0161\u00ed ro\u010dn\u00edk Her bez hranic, kter\u00e9ho se z\u00fa\u010dastnili kamar\u00e1di ze Slovenska, Polska a N\u011bmecka. Karavana hasi\u010dsk\u00fdch vozidel a osob\u00e1k\u016f vyrazila brzy po r\u00e1nu a v\u00a0podve\u010der dorazila na m\u00edsto. Nejprve jsme se ubytovali ve \u0161kole a pak jsme vyrazili na prohl\u00eddku vesnice. Druh\u00fd den r\u00e1no prob\u011bhlo slavnostn\u00ed zah\u00e1jen\u00ed her, p\u0159i kter\u00e9m zazn\u011bly st\u00e1tn\u00ed hymny a byly vyv\u011b\u0161eny vlajky v\u0161ech st\u00e1t\u016f. Pot\u00e9 se ji\u017e rozb\u011bhly v\u0161echny sout\u011b\u017ee. V\u00a0nich jsme bojovaly v\u00a0nov\u00fdch dru\u017estvech, ve kter\u00fdch se n\u00e1m ob\u010das \u0161patn\u011b spolupracovalo. Ona ta slov\u00ed\u010dka jsou toti\u017e ob\u010das \u00fapln\u011b jin\u00e1 ne\u017e na\u0161e. Druh\u00fd den dopoledne prob\u00edhaly za \u00famorn\u00e9ho \u0161tafety na fotbalov\u00e9m h\u0159i\u0161ti. Jednu \u0161tafetu jsme b\u011bhaly podle slovensk\u00fdch a druhou podle mezin\u00e1rodn\u00edch pravidel. Proto\u017ee n\u00e1s na Slovensko p\u0159ijelo m\u00e1lo, v\u00a0b\u011bhu n\u00e1m pomohl jeden slovensk\u00fd kamar\u00e1d. Ve \u0161tafet\u00e1ch se n\u00e1m tak celkem da\u0159ilo. Po ukon\u010den\u00ed discipl\u00edn prob\u011bhlo slavnostn\u00ed vyhl\u00e1\u0161en\u00ed. Celkov\u011b jsme v\u00a0hasi\u010dsk\u00fdch discipl\u00edn\u00e1ch obsadili 5.&nbsp;m\u00edsto. Dal\u0161\u00ed den jsme se ji\u017e mohli t\u011b\u0161it na v\u00fdlet do okol\u00ed. Nav\u0161t\u00edvili jsme m\u011bsto Bardejov a vykoupali se v\u00a0term\u00e1ln\u00edm baz\u00e9nu. To u\u017e v\u0161ak nastal \u010das smutn\u00e9ho lou\u010den\u00ed. Po p\u011bti dnech jsme se vraceli dom\u016f plni z\u00e1\u017eitk\u016f. Na zp\u00e1te\u010dn\u00ed cest\u011b jsme je\u0161t\u011b nav\u0161t\u00edvili jeskyn\u011b v\u00a0Javo\u0159\u00ed\u010dku. Tak za rok u n\u00e1s v\u00a0Bystr\u00e9m !<\/p>\n","protected":false},"excerpt":{"rendered":"<p>OPRAV!!!Jm\u00e9no Bydli\u0161t\u011b V\u011bk Marek Du\u0161ka Bystr\u00e910Mark\u00e9ta Dyntarov\u00e1Sn\u011b\u017en\u00e911Jan FrancBystr\u00e911Samuel HejzlarBystr\u00e911Tom\u00e1\u0161 Kav\u00e1lek Bystr\u00e910Veronika Machov\u00e1Sn\u011b\u017en\u00e910Jarom\u00edr MaisnerBystr\u00e912Martin \u0160tainerSn\u011b\u017en\u00e912Radek \u0160op\u00edk Sedlo\u0148ov11 Jan Krahulec Sn\u011b\u017en\u00e9 11 Roman Kv\u011bto\u0148 Sedlo\u0148ov 10 Jan Maisner Bystr\u00e9 10 V\u00edtejte M\u011bs\u00edc z\u00e1\u0159\u00ed je prvn\u00edm m\u011bs\u00edcem na\u0161eho nov\u00e9ho dru\u017estva. Minul\u00e9 dru\u017estvo ode\u0161lo do kategorie dorostenc\u016f a tak jsme museli nastoupit my. Se\u0161li jsme se v&nbsp;jednom dru\u017estvu z&nbsp;Bystr\u00e9ho, [&hellip;]<\/p>\n","protected":false},"author":2,"featured_media":0,"parent":102,"menu_order":0,"comment_status":"closed","ping_status":"closed","template":"","meta":{"footnotes":""},"class_list":["post-1120","page","type-page","status-publish","hentry"],"aioseo_notices":[],"jetpack_sharing_enabled":true,"jetpack_likes_enabled":true,"_links":{"self":[{"href":"https:\/\/www.hasicibystre.cz\/index.php?rest_route=\/wp\/v2\/pages\/1120","targetHints":{"allow":["GET"]}}],"collection":[{"href":"https:\/\/www.hasicibystre.cz\/index.php?rest_route=\/wp\/v2\/pages"}],"about":[{"href":"https:\/\/www.hasicibystre.cz\/index.php?rest_route=\/wp\/v2\/types\/page"}],"author":[{"embeddable":true,"href":"https:\/\/www.hasicibystre.cz\/index.php?rest_route=\/wp\/v2\/users\/2"}],"replies":[{"embeddable":true,"href":"https:\/\/www.hasicibystre.cz\/index.php?rest_route=%2Fwp%2Fv2%2Fcomments&post=1120"}],"version-history":[{"count":2,"href":"https:\/\/www.hasicibystre.cz\/index.php?rest_route=\/wp\/v2\/pages\/1120\/revisions"}],"predecessor-version":[{"id":1366,"href":"https:\/\/www.hasicibystre.cz\/index.php?rest_route=\/wp\/v2\/pages\/1120\/revisions\/1366"}],"up":[{"embeddable":true,"href":"https:\/\/www.hasicibystre.cz\/index.php?rest_route=\/wp\/v2\/pages\/102"}],"wp:attachment":[{"href":"https:\/\/www.hasicibystre.cz\/index.php?rest_route=%2Fwp%2Fv2%2Fmedia&parent=1120"}],"curies":[{"name":"wp","href":"https:\/\/api.w.org\/{rel}","templated":true}]}}