{"id":1124,"date":"2018-07-30T20:58:03","date_gmt":"2018-07-30T18:58:03","guid":{"rendered":"http:\/\/www.hasicibystre.cz\/?page_id=1124"},"modified":"2018-08-04T21:21:13","modified_gmt":"2018-08-04T19:21:13","slug":"rocnik-2005-2006","status":"publish","type":"page","link":"https:\/\/www.hasicibystre.cz\/?page_id=1124","title":{"rendered":"Ro\u010dn\u00edk 2005 &#8211; 2006"},"content":{"rendered":"<p><strong><em><span style=\"background-color: #ffff00;\">OPRAV!!!<\/span>Jm\u00e9no<\/em><\/strong><\/p>\n<p><strong><em>Bydli\u0161t\u011b<\/em><\/strong><\/p>\n<p><strong><em>V\u011bk<\/em><\/strong><\/p>\n<p><strong>Zden\u011bk B\u00edma<\/strong><strong> Sedlo\u0148ov<\/strong><strong>11<\/strong><strong>Marek Du\u0161ka<\/strong><strong> Bystr\u00e9<\/strong><strong>12<\/strong><strong>Mark\u00e9ta Dyntarov\u00e1<\/strong><strong>Sn\u011b\u017en\u00e9<\/strong><strong>13<\/strong><strong>Jan Franc<\/strong><strong>Bystr\u00e9<\/strong><strong>13<\/strong><strong>Marek Frelich<\/strong><strong>Dobru\u0161ka<\/strong><strong>13<\/strong><strong>Veronika Machov\u00e1<\/strong><strong>Sn\u011b\u017en\u00e9<\/strong><strong>12<\/strong><strong>Zden\u011bk Sk\u00e1cel<\/strong><strong>Sedlo\u0148ov<\/strong><strong>12<\/strong><strong>Martin \u0160tainer<\/strong><strong>Sn\u011b\u017en\u00e9<\/strong><strong>14<\/strong><strong>Erik Tyl\u0161<\/strong><strong>Dobru\u0161ka<\/strong><strong>12<\/strong><\/p>\n<table width=\"557\">\n<tbody>\n<tr>\n<td width=\"33%\"><strong>Rostislav B\u00edma<\/strong><\/td>\n<td width=\"33%\"><strong>Sedlo\u0148ov<\/strong><\/td>\n<td width=\"33%\"><strong>9<\/strong><\/td>\n<\/tr>\n<\/tbody>\n<\/table>\n<p style=\"text-align: justify;\"><u>Pl\u00e1n \u010dinnosti d<\/u><u>\u011btsk\u00e9ho kolektivu na rok 2005 \u2013 2006<\/u><\/p>\n<table>\n<tbody>\n<tr>\n<td>Z\u00e1\u0159\u00ed 2005<\/td>\n<td>P\u0159\u00edprava na z\u00e1vod po\u017e\u00e1rnick\u00e9 v\u0161estrannosti<\/td>\n<\/tr>\n<tr>\n<td>\u0158\u00edjen 2005<\/td>\n<td>\u00da\u010dast na z\u00e1vodu po\u017e\u00e1rnick\u00e9 v\u0161estrannosti \u2013 Meziles\u00ed<\/td>\n<\/tr>\n<tr>\n<td>\u0158\u00edjen 2005<\/td>\n<td>Brig\u00e1da \u2013 \u00fadr\u017eba po\u017e\u00e1rn\u00edch p\u0159ek\u00e1\u017eek<\/td>\n<\/tr>\n<tr>\n<td>Listopad 2005<\/td>\n<td>Sb\u011br star\u00e9ho pap\u00edru<\/td>\n<\/tr>\n<tr>\n<td>Prosinec 2005<\/td>\n<td>Beseda o po\u017e\u00e1rn\u00edm sportu<\/td>\n<\/tr>\n<tr>\n<td>Leden 2006<\/td>\n<td>Kulturn\u00ed program na V\u00fdro\u010dn\u00ed valn\u00e9 hromad\u011b sboru<\/td>\n<\/tr>\n<tr>\n<td>\u00danor 2006<\/td>\n<td>Beseda o po\u017e\u00e1rn\u00ed technice<\/td>\n<\/tr>\n<tr>\n<td>B\u0159ezen 2006<\/td>\n<td>Zkou\u0161ky odbornosti; \u00da\u010dast v\u00a0sout\u011b\u017ei \u201ePo\u017e\u00e1rn\u00ed ochrana o\u010dima d\u011bt\u00ed\u201c<\/td>\n<\/tr>\n<tr>\n<td>Duben \u2013 Kv\u011bten 2006<\/td>\n<td>P\u0159\u00edprava na okresn\u00ed kolo hry Plamen; \u00da\u010dast v\u00a0turistick\u00e9m pochodu \u201eCik\u00e1nsk\u00e9 toulky\u201c<\/td>\n<\/tr>\n<tr>\n<td>\u010cerven 2006<\/td>\n<td>\u00da\u010dast v\u00a0Poh\u00e1ru hasi\u010dsk\u00e9 ml\u00e1de\u017ee \u2013 Opo\u010dno<\/td>\n<\/tr>\n<tr>\n<td>\u010cervenec 2006<\/td>\n<td>Hry bez Hranic \u2013 Polsko<\/td>\n<\/tr>\n<\/tbody>\n<\/table>\n<p style=\"text-align: justify;\"><u>P<\/u><u>\u0159ipravujeme se na bra\u0148\u00e1k<\/u><\/p>\n<p style=\"text-align: justify;\">Stejn\u011b jako ka\u017ed\u00fd rok, i letos za\u010d\u00edn\u00e1 na\u0161e sout\u011b\u017en\u00ed sez\u00f3na p\u0159\u00edpravou na z\u00e1vod po\u017e\u00e1rnick\u00e9 v\u0161estrannosti, kter\u00fd se bude konat v\u00a0Houdkovic\u00edch. Sch\u00e1z\u00edme se piln\u011b t\u0159ikr\u00e1t t\u00fddn\u011b a tr\u00e9nujeme st\u0159elbu ze vzduchovky, zna\u010dky, uzle a nezapom\u00edn\u00e1me ani na b\u011bh. Ve v\u0161em se n\u00e1m celkem da\u0159\u00ed, a proto douf\u00e1me, \u017ee se n\u00e1m sout\u011b\u017e povede.<\/p>\n<p style=\"text-align: justify;\"><u>Z\u00e1vod po\u017e\u00e1rnick\u00e9 v\u0161estrannosti \u2013 Houdkovice, 8.&nbsp;10.&nbsp;2005<\/u><\/p>\n<p style=\"text-align: justify;\">V\u00a0sobotu osm\u00e9ho \u0159\u00edjna jsme vyrazili na z\u00e1vod po\u017e\u00e1rnick\u00e9 v\u0161estrannosti do Houdkovic. Kv\u016fli nemoci jsme do sout\u011b\u017ee nasadili pouze jednu hl\u00eddku. Ta na trati ud\u011blala n\u011bkolik chyb, a proto jsme si z\u00a0Houdkovic odvezli a\u017e dev\u00e1t\u00e9 m\u00edsto. Byli jsme tak trochu zklaman\u00ed, proto\u017ee jsme si v\u011b\u0159ili na lep\u0161\u00ed um\u00edst\u011bn\u00ed. Snad p\u0159\u00ed\u0161t\u011b.<\/p>\n<p style=\"text-align: justify;\"><u>Z\u00e1vod po\u017e\u00e1rnick\u00e9 v\u0161estrannosti \u2013 Meziles\u00ed, 15.10.2005<\/u><\/p>\n<p style=\"text-align: justify;\">T\u00fdden po z\u00e1vodu v\u00a0Houdkovic\u00edch jsme ji\u017e tradi\u010dn\u011b vyrazili na dal\u0161\u00ed brann\u00fd z\u00e1vod do Meziles\u00ed. Veden\u00ed na\u0161eho dru\u017estva se pro tentokr\u00e1t ujali na\u0161i dorostenci. V\u00a0z\u00e1vod\u011b jsme ud\u011blali chybu ve zdravov\u011bd\u011b, kter\u00e1 n\u00e1s st\u00e1la cenn\u00e9 um\u00edst\u011bn\u00ed. Celkov\u011b jsme obsadili 23.&nbsp;m\u00edsto. Martin \u0160tainer se je\u0161t\u011b z\u00fa\u010dastnil dopl\u0148kov\u00e9 sout\u011b\u017ee jednotlivc\u016f v\u00a0b\u011bhu na 60&nbsp;m p\u0159ek\u00e1\u017eek.<\/p>\n<p style=\"text-align: justify;\"><u>Nat\u00edr\u00e1me p<\/u><u>\u0159ek\u00e1\u017eky<\/u><\/p>\n<p style=\"text-align: justify;\">Dvac\u00e1t\u00e9ho \u0161est\u00e9ho \u0159\u00edjna jsme se se\u0161li u zbrojnice, kde n\u00e1s \u010dekal zvl\u00e1\u0161tn\u00ed pohled. Le\u017eely tam toti\u017e rozebran\u00e9 p\u0159ek\u00e1\u017eky, po kter\u00fdch na je\u0159e b\u011bh\u00e1me a u ka\u017ed\u00e9 z\u00a0nich byl p\u0159ipraven ocelov\u00fd kart\u00e1\u010d a hadr. Za\u010dala tak na\u0161e podzimn\u00ed brig\u00e1da. V\u0161echny \u017eelezn\u00e9 \u010d\u00e1sti jsme d\u016fkladn\u011b obrousili od rzi a odmastili. Kdy\u017e v\u0161e zaschlo, za\u010dali jsme je nat\u00edrat modrou barvou. P\u0159ek\u00e1\u017eky jsme pak je\u0161t\u011b doplnili o chyb\u011bj\u00edc\u00ed \u0161rouby a tak m\u00e1me v\u0161e na jaro znovu p\u0159ipraveno.<\/p>\n<p style=\"text-align: justify;\"><u>Sb\u00edr\u00e1n\u00ed pap\u00edru<\/u><\/p>\n<p style=\"text-align: justify;\">V\u00a0listopadu jsme spole\u010dn\u011b s\u00a0dru\u017estvem na\u0161ich mlad\u0161\u00edch pom\u00e1hali p\u0159i sb\u011bru star\u00e9ho pap\u00edru. Sv\u00e1zan\u00fd pap\u00edr od lid\u00ed jsme sv\u00e1\u017eeli na k\u00e1rk\u00e1ch a p\u0159\u00edv\u011bsech k&nbsp;\u201eDrutce\u201c, kde jsme v\u0161e ukl\u00e1dali. Z\u00a0v\u00fdt\u011b\u017eku sb\u011bru si koup\u00edme hry do na\u0161\u00ed klubovny, abychom m\u011bli v\u00a0zim\u011b co d\u011blat.<\/p>\n<p style=\"text-align: justify;\"><u>Beseda o po\u017e\u00e1rn\u00edm sportu<\/u><\/p>\n<p style=\"text-align: justify;\">Kr\u00e1tce p\u0159ed V\u00e1noci jsme se se\u0161li v\u00a0na\u0161\u00ed klubovn\u011b. Na programu na\u0161\u00ed sch\u016fzky byla beseda o po\u017e\u00e1rn\u00edm sportu. P\u0159i\u0161li mezi n\u00e1s i dorostenci, kte\u0159\u00ed se v\u00a0leto\u0161n\u00edm roce z\u00fa\u010dastnili mistrovstv\u00ed republiky v\u00a0Plzni. Po kr\u00e1tk\u00e9m sezn\u00e1men\u00ed s\u00a0discipl\u00ednami sportu jsme shl\u00e9dli videokazetu z\u00a0Plzn\u011b a n\u011bkter\u00e1 dal\u0161\u00ed videa.<\/p>\n<p style=\"text-align: justify;\"><u>V\u00fdro\u010dn\u00ed valn\u00e1 hromada<\/u><\/p>\n<p style=\"text-align: justify;\">V\u00fdro\u010dn\u00ed valn\u00e1 hromada na\u0161eho sboru se konala v\u00a0sobotu 14.&nbsp;ledna v\u00a0m\u00edstn\u00edm hostinci. Cel\u00e1 valn\u00e1 hromada za\u010dala zamy\u0161len\u00edm nad histori\u00ed na\u0161eho sboru, kter\u00fd v\u00a0leto\u0161n\u00edm roce oslav\u00ed 120.&nbsp;v\u00fdro\u010d\u00ed sv\u00e9ho zalo\u017een\u00ed. Po zamy\u0161len\u00ed n\u00e1sledoval kulturn\u00ed program v\u00a0na\u0161em proveden\u00ed. Po skon\u010den\u00ed programu jsme spole\u010dn\u011b s\u00a0ostatn\u00edmi vyslechli v\u0161echny zpr\u00e1vy a mohli spole\u010dn\u011b zatleskat na\u0161im dorostenc\u016fm, kte\u0159\u00ed v\u00a0uplynul\u00e9m roce vybojovali nejcenn\u011bj\u0161\u00ed v\u00fdsledek. Na\u0161\u00ed valn\u00e9 hromady se z\u00fa\u010dastnili i host\u00e9 z\u00a0Polska, Slovenska, Holandska a N\u011bmecka, kam snad na podzim spole\u010dn\u011b vyraz\u00edme.<\/p>\n<p style=\"text-align: justify;\"><u>Beseda o technice<\/u><\/p>\n<p style=\"text-align: justify;\">Dal\u0161\u00ed p\u0159edn\u00e1\u0161kou, kterou jsme vyplnili dlouh\u00fd \u010das zimy, byla p\u0159edn\u00e1\u0161ka o hasi\u010dsk\u00e9 technice. Nejprve jsme si prohl\u00e9dli fotografie nej\u010dast\u011bji pou\u017e\u00edvan\u00e9 po\u017e\u00e1rnick\u00e9 techniky a potom jsme si \u0159ekli, kdy se jak\u00e1 technika pou\u017e\u00edv\u00e1. Nakonec jsme se nau\u010dili pozn\u00e1vat i schematick\u00e9 zna\u010dky t\u00e9to techniky a v\u0161e zakreslili na plak\u00e1t v\u00a0na\u0161\u00ed klubovn\u011b.<\/p>\n<p style=\"text-align: justify;\"><u>Zkou\u0161ky odbornosti<\/u><\/p>\n<p style=\"text-align: justify;\">Po kr\u00e1tk\u00e9 p\u0159\u00edprav\u011b jsme se dne 26.&nbsp;dubna se\u0161li v\u00a0na\u0161\u00ed klubovn\u011b, abychom slo\u017eili dal\u0161\u00ed zkou\u0161ky odbornosti. Po n\u011bkter\u00e9 z\u00a0n\u00e1s to byli ji\u017e n\u011bkolik\u00e1t\u00e9 zkou\u0161ky, proto jsme se c\u00edtili jako mist\u0159i. \u00davodn\u00ed test n\u00e1s v\u0161ak trochu p\u0159ekvapil a hodn\u011b potr\u00e1pil. Po testu se konalo kr\u00e1tk\u00e9 p\u0159ezkou\u0161en\u00ed. V\u0161ichni nakonec usp\u011bli a z\u00edskali tak dal\u0161\u00ed odznaky odbornosti.<\/p>\n<p style=\"text-align: justify;\"><u>P<\/u><u>\u0159\u00edprava na okres<\/u><\/p>\n<p style=\"text-align: justify;\">Po rozt\u00e1t\u00ed v\u011b\u010dn\u00e9ho sn\u011bhu p\u0159ed na\u0161\u00ed zbrojnic\u00ed jsme se za\u010dali op\u011bt p\u0159ipravovat na okresn\u00ed sout\u011b\u017e. Tr\u00e9nujeme v\u0161echny discipl\u00edny, kter\u00e9 n\u00e1s na sout\u011b\u017ei \u010dekaj\u00ed. Bohu\u017eel se n\u00e1m op\u011bt st\u00e1v\u00e1, \u017ee n\u011bkte\u0159\u00ed nep\u0159ijdou a my tak nem\u016f\u017eeme dob\u0159e tr\u00e9novat. Snad ale v\u0161e do sout\u011b\u017ee do\u017eeneme.<\/p>\n<p style=\"text-align: justify;\"><u>Okresn\u00ed kolo hry Plamen &#8211; J\u00edlovice<\/u><\/p>\n<p style=\"text-align: justify;\">Po odpoledn\u00edch pln\u00fdch tr\u00e9nink\u016f jsme v\u00a0p\u00e1tek 26.&nbsp;kv\u011btna vyrazili spole\u010dn\u011b s\u00a0dru\u017estvem mlad\u0161\u00edch do J\u00edlovic na okresn\u00ed kolo. Za podmra\u010den\u00e9ho po\u010das\u00ed jsme postavili za pomoci na\u0161ich dorostenc\u016f stany, abychom m\u011bli kde hlavu slo\u017eit. Napjat\u011b jsme o\u010dek\u00e1vali z\u00edt\u0159ej\u0161\u00ed za\u010d\u00e1tek discipl\u00edn. Rann\u00ed n\u00e1stup se konal za sychrav\u00e9ho po\u010das\u00ed, co\u017e n\u00e1m na n\u00e1lad\u011b p\u0159\u00edli\u0161 nep\u0159idalo. Cel\u00fd z\u00e1vod jsme za\u010d\u00ednali pokusem v\u00a0po\u017e\u00e1rn\u00edm \u00fatoku CTIF, kde jsme nasb\u00edrali spoustu trestn\u00fdch bod\u016f a tak jsme moc spokojeni nebyli. Jako druh\u00e1 discipl\u00edna byl pro n\u00e1s p\u0159ipraven ob\u00e1van\u00fd po\u017e\u00e1rn\u00ed \u00fatok, kter\u00fd jsme p\u0159ed sout\u011b\u017e\u00ed moc netr\u00e9novali. Ten se n\u00e1m naopak poda\u0159il nad o\u010dek\u00e1v\u00e1n\u00ed a s\u00a0\u010dasem 32 s.\u00a0jsme obsadili v\u00a0\u00fatoku 4.&nbsp;m\u00edsto. Se zlep\u0161enou n\u00e1ladou jsme nastoupili na \u0161tafetu 4 x 60 metr\u016f, kde jsme znovu obsadili 4.&nbsp;m\u00edsto. I kdy\u017e se n\u00e1m v\u00a0druh\u00e9m pokusu nepoda\u0159ilo zlep\u0161it po\u017e\u00e1rn\u00ed \u00fatok CTIF, mohli jsme b\u00fdt s\u00a0prvn\u00edmi v\u00fdsledky celkem spokojeni. Za slune\u010dn\u00e9ho odpoledne se konaly z\u00e1vody jednotlivc\u016f, kter\u00fdch se z\u00fa\u010dastnili Martin, Marek a Mark\u00e9ta. Martina a Mark\u00e9ta zde z\u00edskali bronzov\u00e9 medaile. Po sout\u011b\u017ei jednotlivc\u016f n\u00e1m odpoledne zpest\u0159ila pr\u016ftr\u017e mra\u010den, p\u0159i kter\u00e9 jsme museli zachra\u0148ovat i n\u00e1\u0161 skromn\u00fd p\u0159\u00edst\u0159e\u0161ek. V\u00a0ned\u011bln\u00ed \u010d\u00e1sti sout\u011b\u017ee n\u00e1s \u010dekaly \u0161tafeta CTIF a dvojice. Ve dvojic\u00edch jsme si v\u011b\u0159ili, ale m\u011bli jsme trochu strach z\u00a0rozbahn\u011bn\u00e9 trati. To n\u00e1s svazovalo v\u00a0b\u011bhu a tak bylo 5.&nbsp;m\u00edsto v\u00a0t\u00e9to discipl\u00edn\u011b v\u00a0celku dobr\u00fdm um\u00edst\u011bn\u00edm. V\u00a0posledn\u00ed discipl\u00edn\u011b CTIF jsme pak obsadili 7.&nbsp;m\u00edsto a t\u00edm pro n\u00e1s sout\u011b\u017een\u00ed skon\u010dilo. Ne\u017e byly spo\u010d\u00edt\u00e1ny v\u00fdsledky, \u0161li jsme na ob\u011bd a balili na\u0161e v\u011bci. Pak u\u017e p\u0159i\u0161el okam\u017eik pravdy. Po vyrovnan\u00fdch v\u00fdkonech jsme obsadili 4.&nbsp;m\u00edsto, co\u017e by po na\u0161ich probl\u00e9mech v\u00a0tr\u00e9ninku celkem \u00fasp\u011bch. S\u00a0vyhranou d\u017eberovkou jsme radostn\u011b vyrazili dom\u016f.<\/p>\n<p style=\"text-align: justify;\"><u>Hry bez hranic &#8211; Polsko<\/u><\/p>\n<p style=\"text-align: justify;\">Spole\u010dn\u011b s\u00a0dru\u017estvem mlad\u0161\u00edch se n\u011bkte\u0159\u00ed \u010dlenov\u00e9 na\u0161eho dru\u017estva z\u00fa\u010dastnili dal\u0161\u00edch Her bez hranic v\u00a0polsk\u00e9m Lew\u00edn\u011b. Zde obsadili celkov\u00e9 5.&nbsp;m\u00edsto.<\/p>\n","protected":false},"excerpt":{"rendered":"<p>OPRAV!!!Jm\u00e9no Bydli\u0161t\u011b V\u011bk Zden\u011bk B\u00edma Sedlo\u0148ov11Marek Du\u0161ka Bystr\u00e912Mark\u00e9ta Dyntarov\u00e1Sn\u011b\u017en\u00e913Jan FrancBystr\u00e913Marek FrelichDobru\u0161ka13Veronika Machov\u00e1Sn\u011b\u017en\u00e912Zden\u011bk Sk\u00e1celSedlo\u0148ov12Martin \u0160tainerSn\u011b\u017en\u00e914Erik Tyl\u0161Dobru\u0161ka12 Rostislav B\u00edma Sedlo\u0148ov 9 Pl\u00e1n \u010dinnosti d\u011btsk\u00e9ho kolektivu na rok 2005 \u2013 2006 Z\u00e1\u0159\u00ed 2005 P\u0159\u00edprava na z\u00e1vod po\u017e\u00e1rnick\u00e9 v\u0161estrannosti \u0158\u00edjen 2005 \u00da\u010dast na z\u00e1vodu po\u017e\u00e1rnick\u00e9 v\u0161estrannosti \u2013 Meziles\u00ed \u0158\u00edjen 2005 Brig\u00e1da \u2013 \u00fadr\u017eba po\u017e\u00e1rn\u00edch p\u0159ek\u00e1\u017eek Listopad 2005 Sb\u011br star\u00e9ho [&hellip;]<\/p>\n","protected":false},"author":2,"featured_media":0,"parent":102,"menu_order":0,"comment_status":"closed","ping_status":"closed","template":"","meta":{"footnotes":""},"class_list":["post-1124","page","type-page","status-publish","hentry"],"aioseo_notices":[],"jetpack_sharing_enabled":true,"jetpack_likes_enabled":true,"_links":{"self":[{"href":"https:\/\/www.hasicibystre.cz\/index.php?rest_route=\/wp\/v2\/pages\/1124","targetHints":{"allow":["GET"]}}],"collection":[{"href":"https:\/\/www.hasicibystre.cz\/index.php?rest_route=\/wp\/v2\/pages"}],"about":[{"href":"https:\/\/www.hasicibystre.cz\/index.php?rest_route=\/wp\/v2\/types\/page"}],"author":[{"embeddable":true,"href":"https:\/\/www.hasicibystre.cz\/index.php?rest_route=\/wp\/v2\/users\/2"}],"replies":[{"embeddable":true,"href":"https:\/\/www.hasicibystre.cz\/index.php?rest_route=%2Fwp%2Fv2%2Fcomments&post=1124"}],"version-history":[{"count":5,"href":"https:\/\/www.hasicibystre.cz\/index.php?rest_route=\/wp\/v2\/pages\/1124\/revisions"}],"predecessor-version":[{"id":1370,"href":"https:\/\/www.hasicibystre.cz\/index.php?rest_route=\/wp\/v2\/pages\/1124\/revisions\/1370"}],"up":[{"embeddable":true,"href":"https:\/\/www.hasicibystre.cz\/index.php?rest_route=\/wp\/v2\/pages\/102"}],"wp:attachment":[{"href":"https:\/\/www.hasicibystre.cz\/index.php?rest_route=%2Fwp%2Fv2%2Fmedia&parent=1124"}],"curies":[{"name":"wp","href":"https:\/\/api.w.org\/{rel}","templated":true}]}}