{"id":1140,"date":"2018-07-30T21:03:11","date_gmt":"2018-07-30T19:03:11","guid":{"rendered":"http:\/\/www.hasicibystre.cz\/?page_id=1140"},"modified":"2018-08-04T21:35:39","modified_gmt":"2018-08-04T19:35:39","slug":"rocnik-2013-2014","status":"publish","type":"page","link":"https:\/\/www.hasicibystre.cz\/?page_id=1140","title":{"rendered":"Ro\u010dn\u00edk 2013 &#8211; 2014"},"content":{"rendered":"<table width=\"556\">\n<tbody>\n<tr>\n<td><strong><em>Jm\u00e9no<\/em><\/strong><\/td>\n<td><strong><em>Bydli\u0161t\u011b<\/em><\/strong><\/td>\n<td><strong><em> V\u011bk<\/em><\/strong><\/td>\n<\/tr>\n<tr>\n<td><strong>Luk\u00e1\u0161 Dyntar <\/strong><\/td>\n<td><strong>Janov <\/strong><\/td>\n<td><strong>14<\/strong><\/td>\n<\/tr>\n<tr>\n<td><strong>Vojt\u011bch Hejzlar<\/strong><\/td>\n<td><strong>Bystr\u00e9<\/strong><\/td>\n<td><strong>11<\/strong><\/td>\n<\/tr>\n<tr>\n<td><strong>Maty\u00e1\u0161 Chytr\u00fd<\/strong><\/td>\n<td><strong>Sn\u011b\u017en\u00e9 <\/strong><\/td>\n<td><strong>13<\/strong><\/td>\n<\/tr>\n<tr>\n<td><strong>Daniel Kriv\u010d\u00edk<\/strong><\/td>\n<td><strong>Ba\u010det\u00edn<\/strong><\/td>\n<td><strong>13<\/strong><\/td>\n<\/tr>\n<tr>\n<td><strong>Ond\u0159ej Marek <\/strong><\/td>\n<td><strong>Janov <\/strong><\/td>\n<td><strong>11<\/strong><\/td>\n<\/tr>\n<tr>\n<td><strong>Jakub Mencl<\/strong><\/td>\n<td><strong>Bystr\u00e9<\/strong><\/td>\n<td><strong>11<\/strong><\/td>\n<\/tr>\n<tr>\n<td><strong>Ond\u0159ej Musil<\/strong><\/td>\n<td><strong>Ba\u010det\u00edn<\/strong><\/td>\n<td><strong>12<\/strong><\/td>\n<\/tr>\n<tr>\n<td><strong>Richard Poul <\/strong><\/td>\n<td><strong>Bystr\u00e9<\/strong><\/td>\n<td><strong>13<\/strong><\/td>\n<\/tr>\n<tr>\n<td><strong>Aneta Pr\u00e1zov\u00e1 <\/strong><\/td>\n<td><strong>Bystr\u00e9<\/strong><\/td>\n<td><strong>12<\/strong><\/td>\n<\/tr>\n<tr>\n<td><strong>Mat\u011bj Syrov\u00e1tko<\/strong><\/td>\n<td><strong>Ba\u010det\u00edn<\/strong><\/td>\n<td><strong>12<\/strong><\/td>\n<\/tr>\n<tr>\n<td><strong>Pavel Zahradn\u00edk <\/strong><\/td>\n<td><strong>Janov <\/strong><\/td>\n<td><strong>13<\/strong><\/td>\n<\/tr>\n<\/tbody>\n<\/table>\n<p style=\"text-align: justify;\"><u>Pl\u00e1n pr\u00e1ce dru\u017estva star\u0161\u00edch pro sout\u011b\u017en\u00ed ro\u010dn\u00edk 2013 \u2013 2014<\/u><\/p>\n<table>\n<tbody>\n<tr>\n<td rowspan=\"6\" width=\"180\">Z\u00e1\u0159\u00ed \u2013 \u0159\u00edjen 2013<\/td>\n<td>P\u0159\u00edprava na zahajovac\u00ed ZPV<\/td>\n<\/tr>\n<tr>\n<td>\u00da\u010dast v\u00a0zahajovac\u00edm ZPV &#8211; Ole\u0161nice u RK<\/td>\n<\/tr>\n<tr>\n<td>\u00da\u010dast na sout\u011b\u017ei nad r\u00e1mec hry Plamen (ZPV Lukavice)<\/td>\n<\/tr>\n<tr>\n<td>\u00da\u010dast na sout\u011b\u017ei nad r\u00e1mec hry Plamen (60&nbsp;m Javornice)<\/td>\n<\/tr>\n<tr>\n<td>\u00dadr\u017eba v\u00fdzbroje a v\u00fdstroje<\/td>\n<\/tr>\n<tr>\n<td>Sb\u011br star\u00e9ho pap\u00edru<\/td>\n<\/tr>\n<tr>\n<td rowspan=\"4\" width=\"180\">Listopad \u2013 prosinec 2013<\/td>\n<td>Odborn\u00e1 p\u0159\u00edprava \u2013 cvi\u010debn\u00ed \u0159\u00e1d po\u017e\u00e1rn\u00edch jednotek<\/td>\n<\/tr>\n<tr>\n<td>Odborn\u00e1 p\u0159\u00edprava \u2013 v\u011bcn\u00e9 prost\u0159edky po\u017e\u00e1rn\u00ed ochrany<\/td>\n<\/tr>\n<tr>\n<td>Odborn\u00e1 p\u0159\u00edprava \u2013 \u00fadr\u017eba a zkou\u0161en\u00ed po\u017e\u00e1rn\u00edch dvojic<\/td>\n<\/tr>\n<tr>\n<td>Odborn\u00e1 p\u0159\u00edprava \u2013 po\u017e\u00e1rn\u00ed z\u00e1sah<\/td>\n<\/tr>\n<tr>\n<td rowspan=\"2\" width=\"180\">Leden 2014<\/td>\n<td>Odborn\u00e1 p\u0159\u00edprava \u2013 strategie z\u00e1sahu<\/td>\n<\/tr>\n<tr>\n<td>Odborn\u00e1 p\u0159\u00edprava \u2013 nebezpe\u010d\u00ed na m\u00edst\u011b z\u00e1sahu<\/td>\n<\/tr>\n<tr>\n<td rowspan=\"2\" width=\"180\">\u00danor \u2013 B\u0159ezen 2014<\/td>\n<td>Spole\u010dn\u00e9 bruslen\u00ed &#8211; Nov\u00e9 M\u011bsto nad Metuj\u00ed<\/td>\n<\/tr>\n<tr>\n<td>\u00da\u010dast v&nbsp;sout\u011b\u017ei nad r\u00e1mec hry Plamen<\/td>\n<\/tr>\n<tr>\n<td rowspan=\"6\" width=\"180\">Duben \u2013 Kv\u011bten 2014<\/td>\n<td>Odborn\u00e1 p\u0159\u00edprava \u2013 n\u00e1stupov\u00e9 tvary<\/td>\n<\/tr>\n<tr>\n<td>Odborn\u00e1 p\u0159\u00edprava \u2013 \u00fadr\u017eba motorov\u00e9 st\u0159\u00edka\u010dky<\/td>\n<\/tr>\n<tr>\n<td>P\u0159\u00edprava na okresn\u00ed kolo hry Plamen<\/td>\n<\/tr>\n<tr>\n<td>Zkou\u0161ky odbornosti MH<\/td>\n<\/tr>\n<tr>\n<td>\u010cist\u011bn\u00ed m\u00edstn\u00edho koupali\u0161t\u011b<\/td>\n<\/tr>\n<tr>\n<td>\u00da\u010dast v\u00a0sout\u011b\u017e\u00edch nad r\u00e1mec hry Plamen<\/td>\n<\/tr>\n<tr>\n<td width=\"180\">\u010cerven 2014<\/td>\n<td>Slavnostn\u00ed ukon\u010den\u00ed sout\u011b\u017en\u00edho ro\u010dn\u00edku<\/td>\n<\/tr>\n<tr>\n<td width=\"180\">\u010cervenec &#8211; srpen 2014<\/td>\n<td>\u00da\u010dast v&nbsp;sout\u011b\u017e\u00edch nad r\u00e1mec hry Plamen<\/td>\n<\/tr>\n<\/tbody>\n<\/table>\n<p style=\"text-align: justify;\"><u>Lukavick\u00fd bra\u0148\u00e1\u010dek<\/u><\/p>\n<p style=\"text-align: justify;\">Tak n\u00e1m skon\u010dily pr\u00e1zdniny a dostali jsme se k&nbsp;prvn\u00ed sout\u011b\u017ei. 21.&nbsp;z\u00e1\u0159\u00ed jsme jeli na na\u0161i prvn\u00ed sout\u011b\u017e na Lukavick\u00fd bra\u0148\u00e1\u010dek a poprv\u00e9 se s&nbsp;n\u00e1mi jeli pod\u00edvat i na\u0161i nov\u00ed \u010dlenov\u00e9. Celkem startovaly 2 hl\u00eddky a obsadily 2.&nbsp;a 11.&nbsp;m\u00edsto. Jeli s&nbsp;n\u00e1mi i na\u0161i mlad\u0161\u00ed kolegov\u00e9, kte\u0159\u00ed byli tak\u00e9 dob\u0159\u00ed.<\/p>\n<p style=\"text-align: justify;\"><u>Z\u00e1vod po\u017e\u00e1rnick\u00e9 v\u0161estrannosti &#8211; Ole\u0161nice u Rychnova nad Kn\u011b\u017enou<\/u><\/p>\n<p style=\"text-align: justify;\">Ub\u011bhlo n\u00e1m sotva 14&nbsp;dn\u00ed a jenom 4 tr\u00e9ninky a zase jedeme na sout\u011b\u017e. 5.&nbsp;\u0159\u00edjna jsme se vydali do Ole\u0161nice u RK na zahajovac\u00ed z\u00e1vod po\u017e\u00e1rnick\u00e9 v\u0161estrannosti. Startovaly celkem 2 hl\u00eddky a celkov\u011b jsme se um\u00edstili na 5.&nbsp;m\u00edst\u011b. Na tomto z\u00e1vod\u011b poprv\u00e9 sout\u011b\u017eili i na\u0161i nov\u00ed kamar\u00e1di, kte\u0159\u00ed k&nbsp;n\u00e1m p\u0159i\u0161li v&nbsp;z\u00e1\u0159\u00ed.<\/p>\n<p style=\"text-align: justify;\"><u>72 hodin 2013<\/u><\/p>\n<p style=\"text-align: justify;\">Ub\u011bhl t\u00fdden a jako ka\u017ed\u00fd rok s&nbsp;\u010dlenov\u00e9 dru\u017estva stra\u0161\u00edch vydali na projekt 72 hodin do m\u00edstn\u00ed \u0161kolky. Pom\u00e1hali jsme d\u011btem s&nbsp;vymalov\u00e1v\u00e1n\u00edm omalov\u00e1nek a tak\u00e9 jsme jim p\u0159edstavili hasi\u010dsk\u00e9 auto, \u0161tafetu po\u017e\u00e1rn\u00edch dvojic a d\u017eberov\u00e9 st\u0159\u00edka\u010dky. D\u011bti byly tak\u00e9 sezn\u00e1meny s&nbsp;hasi\u010dsk\u00fdmi prost\u0159edky, nap\u0159\u00edklad se sir\u00e9nou, hasi\u010dskou v\u00fdzbroj\u00ed, hasi\u010dsk\u00fdm autem. Na konci d\u011bti dostaly diplom a my jsme v&nbsp;klidu ode\u0161li a nechali d\u011bti sp\u00e1t.<\/p>\n<p style=\"text-align: justify;\"><u>60&nbsp;m Javornice<\/u><\/p>\n<p style=\"text-align: justify;\">Ub\u011bhla jenom noc a my jsme se zase vydali na sout\u011b\u017e. 12.&nbsp;\u0159\u00edjna 2013 jsme se vydali do Javornice na b\u011bh 60 metr\u016f. Celkem startovalo 7 z\u00e1vodn\u00edk\u016f a dru\u017estvo obsadilo 7.&nbsp;m\u00edsto.<\/p>\n<p style=\"text-align: justify;\"><u>\u00daklid zbrojnice a p\u0159ek\u00e1\u017eek<\/u><\/p>\n<p style=\"text-align: justify;\">Ub\u011bhl t\u00fdden a 4 dny a dru\u017estvo se jako ka\u017edoro\u010dn\u011b se\u0161lo k&nbsp;\u00faklidu zbrojnice a zazimov\u00e1n\u00ed p\u0159ek\u00e1\u017eek. To v\u0161e 23.&nbsp;\u0159\u00edjna.<\/p>\n<p style=\"text-align: justify;\"><u>Sb\u011br star\u00e9ho pap\u00edru<\/u><\/p>\n<p style=\"text-align: justify;\">Ub\u011bhly 3 dny a dobrovoln\u00ed \u010dlenov\u00e9, kte\u0159\u00ed jsou ochotni pomoci se sb\u011brem star\u00e9ho pap\u00edru, se se\u0161li u zbrojnice. Sb\u011br odevzd\u00e1vali hlavn\u011b m\u00edstn\u00ed obyvatel\u00e9. Pap\u00edr jsme tak\u00e9 vykl\u00edzeli v&nbsp;na\u0161\u00ed mal\u00e9 boudi\u010dce u skladov\u00e9 haly. Celkem jsme nasb\u00edrali pap\u00edr za 1&nbsp;500&nbsp;K\u010d.<\/p>\n<p style=\"text-align: justify;\"><u>Odborky<\/u><\/p>\n<p style=\"text-align: justify;\">Nakonec jsme si v&nbsp;m\u011bs\u00edci listopadu prob\u00edrali odborky, nap\u0159\u00edklad bojov\u00fd \u0159\u00e1d, cvi\u010debn\u00ed \u0159\u00e1d, po\u017e\u00e1rn\u00ed v\u00fdjezdy. Ka\u017ed\u00fd pak d\u011blal prezentaci pro ostatn\u00ed \u010dleny.<\/p>\n<p style=\"text-align: justify;\"><u>T\u011blocvi\u010dna<\/u><\/p>\n<p style=\"text-align: justify;\">Tak n\u00e1m za\u010dala zima a my jsme se vydali jako ka\u017ed\u00fd rok do t\u011blocvi\u010dny v\u00a0are\u00e1lu Gymn\u00e1zia v\u00a0Dobru\u0161ce. Cvi\u010d\u00edme s\u00a0dru\u017estvem na\u0161ich star\u0161\u00edch kamar\u00e1d\u016f dorostenc\u016f. Za\u010dali jsme tr\u00e9novat \u0161tafetu dvojic na sout\u011b\u017e v&nbsp;Hav\u00ed\u0159ov\u011b.<\/p>\n<p style=\"text-align: justify;\"><u>V\u00fdro\u010dn\u00ed valn\u00e1 hromada<\/u><\/p>\n<ol style=\"text-align: justify;\" start=\"11\">\n<li>ledna 2014 m\u011bl n\u00e1\u0161 sbor dobrovoln\u00fdch hasi\u010d\u016f V\u00fdro\u010dn\u00ed valnou hromadu, kde jsme se dozv\u011bd\u011bli o \u010dinnosti hasi\u010d\u016f v\u00a0minul\u00e9m roce. M\u011bli jsme tu hosty ze Slovensk\u00e9 republiky a z\u00a0Nizozem\u00ed. Na\u0161i mlad\u0161\u00ed kamar\u00e1di si pro n\u00e1s p\u0159ipravili kulturn\u00ed p\u0159edstaven\u00ed.<\/li>\n<\/ol>\n<p style=\"text-align: justify;\"><u>Tr\u00e9nujeme uzle<\/u><\/p>\n<p style=\"text-align: justify;\">Od V\u00fdro\u010dn\u00ed valn\u00e9 hromady jsme se tak\u00e9 ka\u017ed\u00fd p\u00e1tek sch\u00e1zeli na tr\u00e9ninku uzl\u016f a p\u0159\u00edprav\u011b na Hav\u00ed\u0159ovskou halu. Tr\u00e9novali jsme hlavn\u011b zkracova\u010dku, lodn\u00ed uzel, tesa\u0159sk\u00fd uzel, z\u00e1chrann\u00fd uzel a \u00favaz na proudnici.<\/p>\n<p style=\"text-align: justify;\"><u>Hav\u00ed\u0159ovsk\u00e1 hala<\/u><\/p>\n<p style=\"text-align: justify;\">Sout\u011b\u017e se konala 22.&nbsp;\u00fanora v&nbsp;Hav\u00ed\u0159ov\u011b. My jsme se ale vydali na cestu ji\u017e 21.&nbsp;\u00fanora odpoledne, abychom to do Hav\u00ed\u0159ova stihli. V&nbsp;sout\u011b\u017ei se n\u00e1m povedla \u0161tafeta dvojic a \u0161tafeta uzl\u016f, ale p\u0159i posledn\u00ed \u0161tafet\u011b 4 x 60&nbsp;m jsme ud\u011blali chybu. Celkov\u011b jsme tak skon\u010dili na 12.&nbsp;m\u00edst\u011b.<\/p>\n<p style=\"text-align: justify;\"><u>Uzlovka v&nbsp;Provozi<\/u><\/p>\n<ol style=\"text-align: justify;\" start=\"8\">\n<li>b\u0159ezna jsme se vydali do nedalek\u00e9 vesni\u010dky Provoz u Dobru\u0161ky na sout\u011b\u017e v&nbsp;uzlov\u00e1n\u00ed. Byl to dal\u0161\u00ed z\u00e1vod Ligy ml\u00e1de\u017ee, tak\u017ee jsme jeli spolu s&nbsp;mlad\u0161\u00edmi kolegy. M\u011bli jsme v\u00fdborn\u00fd \u010das, kter\u00fd n\u00e1s dovedl a\u017e na prvn\u00ed m\u00edsto. Na\u0161i z\u00e1vodnici Anet\u011b Pr\u00e1zov\u00e9 se da\u0159ilo i v&nbsp;sout\u011b\u017ei jednotlivc\u016f, kde obsadila 2.&nbsp;m\u00edsto.<\/li>\n<\/ol>\n<p style=\"text-align: justify;\"><u>Kvasinsk\u00e1 automobilka<\/u><\/p>\n<p style=\"text-align: justify;\">Dne 26.&nbsp;b\u0159ezna 2014 jsme se vydali do kvasinsk\u00e9 automobilky, kde n\u00e1m nejd\u0159\u00edve uk\u00e1zali v\u00fdrobn\u00ed linky a pot\u00e9 hasi\u010dskou zbrojnici.<\/p>\n<p style=\"text-align: justify;\"><u>60&nbsp;m Jablonec<\/u><\/p>\n<p style=\"text-align: justify;\">Dne 29.&nbsp;b\u0159ezna se Aneta Pr\u00e1zov\u00e1, Jakub Mencl, Richard Poul, Maty\u00e1\u0161 Chytr\u00fd a Luk\u00e1\u0161 Dyntar z\u00fa\u010dastnili b\u011bhu na 60 m\u011btr\u016f v&nbsp;Jablonci nad Nisou. M\u011bli jsme silnou konkurenci, ale p\u0159esto um\u00edst\u011bn\u00ed ve st\u0159edn\u00ed a\u017e doln\u00ed polovin\u011b. Nejlep\u0161\u00ed um\u00edst\u011bn\u00ed m\u011bl Luk\u00e1\u0161 Dyntar.<\/p>\n<p style=\"text-align: justify;\"><u>Sb\u011br star\u00e9ho pap\u00edru<\/u><\/p>\n<p style=\"text-align: justify;\">Dne 5.&nbsp;dubna se n\u00e1\u0161 sbor z\u00fa\u010dastnil sb\u011bru star\u00e9ho pap\u00edru. Nejd\u0159\u00edve jsme svezli skaldovou halu a potom jsme sv\u00e1\u017eeli pap\u00edr na obci. Celkem jsme nasb\u00edrali sb\u011br za 2&nbsp;115&nbsp;K\u010d.<\/p>\n<p style=\"text-align: justify;\"><u>Odborn\u00e9 zkou\u0161ky<\/u><\/p>\n<p style=\"text-align: justify;\">Akce se konala dne 23.&nbsp;dubna v&nbsp;na\u0161\u00ed klubovn\u011b. Prob\u00edhalo to tak, \u017ee si ka\u017ed\u00fd vybral ot\u00e1zku, na kterou si p\u0159ipravil odpov\u011b\u010f. To, co si p\u0159ipravil, potom prezentoval p\u0159ede v\u0161emi, kte\u0159\u00ed tam byli, a ostatn\u00ed mu mohli kl\u00e1st ot\u00e1zky.<\/p>\n<p style=\"text-align: justify;\">Odznaky:<\/p>\n<p style=\"text-align: justify;\">Velitel\u00e9 &#8211; Aneta Pr\u00e1zov\u00e1, R. Poul, L. Dyntar<\/p>\n<p style=\"text-align: justify;\">Cvi\u010ditel\u00e9 &#8211; V. Hejzlar, M. Syrov\u00e1tko, P. Zahradn\u00edk<\/p>\n<p style=\"text-align: justify;\">Strojn\u00edk &#8211; M. Chytr\u00fd<\/p>\n<p style=\"text-align: justify;\">Preventist\u00e9 &#8211; D. Kriv\u010d\u00edk, O. Musil<\/p>\n<p style=\"text-align: justify;\">Kronik\u00e1\u0159 &#8211; J. Mencl<\/p>\n<p style=\"text-align: justify;\"><u>Sout\u011b\u017e v&nbsp;Bystr\u00e9m<\/u><\/p>\n<p style=\"text-align: justify;\">Akce se konala 26.&nbsp;dubna 2014 a byla to dal\u0161\u00ed sout\u011b\u017e Ligy ml\u00e1de\u017ee, kde se b\u011bhala \u0161tafeta CTIF a \u00fatok CTIF. Sout\u011b\u017e prob\u00edhala na rovince v&nbsp;b\u0159\u00edzov\u00e9 aleji a na koupali\u0161ti. Po \u0161tafet\u011b jsme dr\u017eeli 1.&nbsp;m\u00edsto, ale chyba v&nbsp;p\u0159eskoku u \u00fatoku CTIF pro n\u00e1s znamenala probl\u00e9m. Celkov\u011b jsme obsadili 2.&nbsp;m\u00edsto.<\/p>\n<p style=\"text-align: justify;\"><u>\u010ci\u0161t\u011bn\u00ed koupali\u0161t\u011b<\/u><\/p>\n<p style=\"text-align: justify;\">Akce se konala 3.&nbsp;kv\u011btna na m\u00edstn\u00edm koupali\u0161ti za velmi chladn\u00e9ho po\u010das\u00ed. Pracovalo se hlavn\u011b na \u010di\u0161t\u011bn\u00ed st\u011bn a oplachov\u00e1n\u00ed vodou ze st\u0159\u00edka\u010dky.<\/p>\n<p style=\"text-align: justify;\"><u>Hasi\u010dsk\u00e9 muzeum<\/u><\/p>\n<p style=\"text-align: justify;\">Akce se konala 4.&nbsp;kv\u011btna odpoledne, kdy jsme vyrazili do Velk\u00fdch Svato\u0148ovic do hasi\u010dsk\u00e9ho muzea. Uk\u00e1zka do nejstar\u0161\u00ed a\u017e po nejnov\u011bj\u0161\u00ed hasi\u010dsk\u00e9 st\u0159\u00edka\u010dky, nap\u0159. Tatra 805.<\/p>\n<p style=\"text-align: justify;\"><u>Sout\u011b\u017e v&nbsp;Houdkovic\u00edch<\/u><\/p>\n<p style=\"text-align: justify;\">Akce se konala 10.&nbsp;kv\u011btna v&nbsp;Houdkovic\u00edch. B\u011bhala se \u0161tafeta dvojic a \u0161tafeta CTIF. V&nbsp;obou discipl\u00edn\u00e1ch jsme obsadili 1.&nbsp;m\u00edsto a tak jsme logicky byly na prvn\u00edm m\u00edst\u011b. M\u011bli jsme dobrou formu p\u0159ed okresem.<\/p>\n<p style=\"text-align: justify;\"><u>Kv\u011btinov\u00fd den<\/u><\/p>\n<p style=\"text-align: justify;\">Ve st\u0159edu 14.&nbsp;kv\u011btna 2014 jsme se op\u011bt zapojili do prodeje kyti\u010dek pro Ligu proti rakovin\u011b. Celkem jsme vytvo\u0159ili \u0161est skupinek a za doprovodu vedouc\u00edch poctiv\u011b obe\u0161li celou obec a jej\u00ed okol\u00ed. Prodejem kyti\u010dek se n\u00e1m letos poda\u0159ilo nasb\u00edrat 5\u00a0504&nbsp;K\u010d.<\/p>\n<p style=\"text-align: justify;\"><u>Okresn\u00ed kolo Plamen &#8211; Je\u0161tetice<\/u><\/p>\n<p style=\"text-align: justify;\">Ve dnech 23. &#8211; 25.&nbsp;kv\u011btna se konalo okresn\u00ed kolo hry Plamen, tentokr\u00e1t v&nbsp;Je\u0161t\u011btic\u00edch.Po zah\u00e1jen\u00ed jsme nastoupili na 1 discipl\u00ednu, kterou byl po\u017e\u00e1rn\u00ed \u00fatok CTIF, ve kter\u00e9m se n\u00e1m pom\u011brn\u011b da\u0159ilo a\u017e na p\u00e1r drobn\u00fdch, ale p\u0159esto trestan\u00fdch chyb.Jako druhou discipl\u00ednu jsme m\u011bli po\u017e\u00e1rn\u00ed \u00fatok. V&nbsp;prvn\u00edm pokusu se n\u00e1m neda\u0159ilo, ale v&nbsp;tom druh\u00e9m st\u00e1lo \u0161t\u011bst\u00ed p\u0159i n\u00e1s.Pot\u00e9 jsme si dali ob\u011bd a po ob\u011bd\u011b n\u00e1s \u010dekala \u0161tafeta 4\u00d760, ve kter\u00e9 se n\u00e1m tak\u00e9 nevedlo.Pot\u00e9 n\u00e1s \u010dekal z\u00e1v\u011br na\u0161eho b\u011bhac\u00edho dne a ten jsme zakon\u010dili 2.&nbsp;pokusem po\u017e\u00e1rn\u00edho \u00fatoku CTIF. Po tomto n\u00e1ro\u010dn\u00e9m dni jsme nakonec obsadili pr\u016fb\u011b\u017en\u00e9 3.&nbsp;m\u00edsto v&nbsp;tabulce.V ned\u011bli n\u00e1s \u010dekala jenom \u0161tafeta Po\u017e\u00e1rn\u00edch dvojic, proto\u017ee \u0161tafeta CTIF se kv\u016fli namokl\u00e9mu ter\u00e9nu zru\u0161ila. \u0160tafetu dvojic jsme zab\u011bhli precizn\u011b. Celkov\u011b jsme pak obsadili 1.&nbsp;m\u00edsto a tak pojedeme na krajsk\u00e9 kolo hry Plamen do P\u0159elou\u010de.<\/p>\n<p style=\"text-align: justify;\"><u>B\u011bh na 60&nbsp;m Kvasiny<\/u><\/p>\n<p style=\"text-align: justify;\">Dne 31.&nbsp;kv\u011btna se Maty\u00e1\u0161 Chytr\u00fd, Jakub Mencl, Ond\u0159ej Musil, Pavel Zahradn\u00edk, Richard Poul, Daniel Kriv\u010d\u00edk, Filip Antal a Luk\u00e1\u0161 Dyntar z\u00fa\u010dastnili b\u011bhu na 60&nbsp;m v&nbsp;Kvasin\u00e1ch.Konkurence byla siln\u00e1, ale p\u0159esto se poda\u0159ilo Richardu Poulovi obsadit 8.&nbsp;m\u00edsto. Celkov\u011b jsme na tom byli hodn\u011b mizern\u011b a tak se to projevilo jak na v\u00fdsledc\u00edch sout\u011b\u017ee, tak i na celkov\u00e9m hodnocen\u00ed Ligy ml\u00e1de\u017ee.<\/p>\n<p style=\"text-align: justify;\"><u>Krajsk\u00e9 kolo hry Plamen<\/u><\/p>\n<p style=\"text-align: justify;\">Krajsk\u00e9 kolo hry Plamen se konalo 7.&nbsp;a 8.&nbsp;\u010dervna 2014 tentokr\u00e1te v&nbsp;P\u0159elou\u010di. Proto\u017ee byli n\u011bkte\u0159\u00ed \u010dlenov\u00e9 dru\u017estva na \u0161koln\u00edm v\u00fdlet\u011b, m\u011bli jsme spojen\u00e9 dru\u017estvo spole\u010dn\u011b se \u010dleny SDH Ole\u0161nice u RK a SDH Provoz. Z&nbsp;Ole\u0161nice n\u00e1m pomohli Eda, Ka\u010dka a Kuba, z&nbsp;Provozi Petra. V&nbsp;z\u00e1vod\u011b se n\u00e1m bohu\u017eel nepovedl z\u00e1vod po\u017e\u00e1rnick\u00e9 v\u0161estrannosti a \u0161tafeta po\u017e\u00e1rn\u00edch dvojic. Trochu p\u0159ekvapiv\u011b se n\u00e1m povedly ob\u011b dv\u011b \u0161tafety. V&nbsp;t\u00e9to sout\u011b\u017ei jsme nakonec obsadili 6.&nbsp;m\u00edsto.<\/p>\n<p style=\"text-align: justify;\"><u>Poh\u00e1r hasi\u010dsk\u00e9 ml\u00e1de\u017ee Opo\u010dno<\/u><\/p>\n<p style=\"text-align: justify;\">Dne 22.&nbsp;\u010derfvna 2014 prob\u011bhl Poh\u00e1r hasi\u010dsk\u00e9 ml\u00e1de\u017ee, kter\u00fd se, jak n\u00e1zve napov\u00edd\u00e1, konal v&nbsp;Opo\u010dn\u011b. Na t\u00e9to sout\u011b\u017ei jsme obhajovali lo\u0148sk\u00e9 v\u00edt\u011bzstv\u00ed. Sout\u011b\u017eilo se op\u011bt v&nbsp;\u00fatoku a &#8222;opo\u010densk\u00e9 \u0161tafet\u011b&#8220;. Oba \u00fatoky byly pro n\u00e1s poveden\u00e9, ale d\u00edky 10 trestn\u00fdm bod\u016fm ve \u0161tafet\u011b jsme se um\u00edstili na celkov\u00e9m 3.&nbsp;m\u00edst\u011b. T\u00edm jsme si sn\u00ed\u017eili n\u00e1skok v&nbsp;Lize na pouh\u00e9 4 body<\/p>\n<p style=\"text-align: justify;\"><u>\u010c\u00e1neck\u00fd poh\u00e1r<\/u><\/p>\n<p style=\"text-align: justify;\">Z\u00e1vod se tentokr\u00e1t konal 5.&nbsp;\u010dervence 2014. Oba dva \u00fatoky, ve kter\u00fdch se sout\u011b\u017eilo, se n\u00e1m op\u011bt povedly. P\u0159esto\u017ee se n\u00e1m nepoda\u0159ilo dos\u00e1hnout lo\u0148sk\u00e9ho rekordu, um\u00edstili jsme se na 1.&nbsp;m\u00edst\u011b.<\/p>\n<p style=\"text-align: justify;\"><u>V\u00fdlet do De\u0161tn\u00e9ho v&nbsp;Orlick\u00fdch hor\u00e1ch<\/u><\/p>\n<p style=\"text-align: justify;\">V\u00fdlet se konal od 28.&nbsp;\u010dervence do 1.&nbsp;srpna 2014. Vyr\u00e1\u017eeli jsme z&nbsp;Bystr\u00e9ho a pokra\u010dovali p\u0159es Ba\u010det\u00edn a\u017e do De\u0161tn\u00e9ho. Spali jsme v&nbsp;autokempu Z\u00e1kout\u00ed v&nbsp;De\u0161tn\u00e9m. Druh\u00fd den jsme se vydali na v\u00fdlet do Rokytnice, p\u0159esn\u011bji do d\u011blost\u0159eleck\u00e9ho srubu Hani\u010dka. Prohl\u00e9dli jsme si tvrz a zase vyrazili nazp\u00e1tek do De\u0161tn\u00e9ho. Cestou tam i zp\u00e1tky jsme celkem najeli 69 km. Jedno odpoledne jsme taky str\u00e1vili na bowlingu ve srubu Karolina v&nbsp;De\u0161tn\u00e9m. Kv\u016fli \u0161patn\u00e9mu po\u010das\u00ed jsme tentokr\u00e1t bohu\u017eel museli zru\u0161it n\u00e1v\u0161t\u011bvu lanov\u00e9ho centra.<\/p>\n<p style=\"text-align: justify;\"><u>Poh\u00e1r starosty obce Ledce<\/u><\/p>\n<p style=\"text-align: justify;\">Sout\u011b\u017e se konala dne 23.&nbsp;srpna v&nbsp;Ledc\u00edch. Sout\u011b\u017eilo se zde v&nbsp;po\u017e\u00e1rn\u00edm \u00fatoku. V&nbsp;prvn\u00edm pokusu jsme vytvo\u0159ili nejlep\u0161\u00ed v\u00fdkon za cellu sez\u00f3nu. \u0160koda, \u017ee a\u017e na jej\u00edm konci. Druh\u00fd pokus byl jen t\u011bsn\u011b hor\u0161\u00ed a proto jsme celkov\u011b skon\u010dili na 1.&nbsp;m\u00edst\u011b. Ud\u011blali jsme tak d\u016fle\u017eit\u00fd krok k&nbsp;celkov\u00e9mu v\u00edt\u011bzstv\u00ed v&nbsp;Lize ml\u00e1de\u017ee.<\/p>\n<p style=\"text-align: justify;\"><u>Hasi\u010dsk\u00e9 kl\u00e1n\u00ed 2014<\/u><\/p>\n<p style=\"text-align: justify;\">Z\u00e1vod se konal 30.&nbsp;srpna 2014 v&nbsp;K\u0159ovic\u00edch u Dobru\u0161ky. Byl to posledn\u00ed z\u00e1vod leto\u0161n\u00edho ro\u010dn\u00edku, ve kter\u00e9m se sout\u011b\u017eilo v&nbsp;po\u017e\u00e1rn\u00edm \u00fatoku a \u0161tafet\u011b 4 x 60&nbsp;m. Ob\u011b dv\u011b discipl\u00edny se n\u00e1m tak \u00fapln\u011b nepovedly. Ostatn\u00ed dru\u017estva ale byla slab\u0161\u00ed, tak\u017ee jsme nakonec skon\u010dili na 1.&nbsp;m\u00edst\u011b v&nbsp;sout\u011b\u017ei. Jeliko\u017e to byl posledn\u00ed z\u00e1vod Ligy, vyhla\u0161ovaly se i v\u00fdsledky cel\u00e9 t\u00e9to sout\u011b\u017ee. Zde jsme zaslou\u017een\u011b skon\u010dili na 1.&nbsp;m\u00edst\u011b.<\/p>\n","protected":false},"excerpt":{"rendered":"<p>Jm\u00e9no Bydli\u0161t\u011b V\u011bk Luk\u00e1\u0161 Dyntar Janov 14 Vojt\u011bch Hejzlar Bystr\u00e9 11 Maty\u00e1\u0161 Chytr\u00fd Sn\u011b\u017en\u00e9 13 Daniel Kriv\u010d\u00edk Ba\u010det\u00edn 13 Ond\u0159ej Marek Janov 11 Jakub Mencl Bystr\u00e9 11 Ond\u0159ej Musil Ba\u010det\u00edn 12 Richard Poul Bystr\u00e9 13 Aneta Pr\u00e1zov\u00e1 Bystr\u00e9 12 Mat\u011bj Syrov\u00e1tko Ba\u010det\u00edn 12 Pavel Zahradn\u00edk Janov 13 Pl\u00e1n pr\u00e1ce dru\u017estva star\u0161\u00edch pro sout\u011b\u017en\u00ed ro\u010dn\u00edk 2013 [&hellip;]<\/p>\n","protected":false},"author":2,"featured_media":0,"parent":102,"menu_order":0,"comment_status":"closed","ping_status":"closed","template":"","meta":{"footnotes":""},"class_list":["post-1140","page","type-page","status-publish","hentry"],"aioseo_notices":[],"jetpack_sharing_enabled":true,"jetpack_likes_enabled":true,"_links":{"self":[{"href":"https:\/\/www.hasicibystre.cz\/index.php?rest_route=\/wp\/v2\/pages\/1140","targetHints":{"allow":["GET"]}}],"collection":[{"href":"https:\/\/www.hasicibystre.cz\/index.php?rest_route=\/wp\/v2\/pages"}],"about":[{"href":"https:\/\/www.hasicibystre.cz\/index.php?rest_route=\/wp\/v2\/types\/page"}],"author":[{"embeddable":true,"href":"https:\/\/www.hasicibystre.cz\/index.php?rest_route=\/wp\/v2\/users\/2"}],"replies":[{"embeddable":true,"href":"https:\/\/www.hasicibystre.cz\/index.php?rest_route=%2Fwp%2Fv2%2Fcomments&post=1140"}],"version-history":[{"count":2,"href":"https:\/\/www.hasicibystre.cz\/index.php?rest_route=\/wp\/v2\/pages\/1140\/revisions"}],"predecessor-version":[{"id":1378,"href":"https:\/\/www.hasicibystre.cz\/index.php?rest_route=\/wp\/v2\/pages\/1140\/revisions\/1378"}],"up":[{"embeddable":true,"href":"https:\/\/www.hasicibystre.cz\/index.php?rest_route=\/wp\/v2\/pages\/102"}],"wp:attachment":[{"href":"https:\/\/www.hasicibystre.cz\/index.php?rest_route=%2Fwp%2Fv2%2Fmedia&parent=1140"}],"curies":[{"name":"wp","href":"https:\/\/api.w.org\/{rel}","templated":true}]}}