{"id":166,"date":"2017-08-24T23:23:17","date_gmt":"2017-08-24T21:23:17","guid":{"rendered":"http:\/\/www.hasicibystre.cz\/?page_id=166"},"modified":"2018-07-28T19:27:11","modified_gmt":"2018-07-28T17:27:11","slug":"ostrava-2009","status":"publish","type":"page","link":"https:\/\/www.hasicibystre.cz\/?page_id=166","title":{"rendered":"Ostrava 2009"},"content":{"rendered":"<p><a href=\"http:\/\/www.ctif2009-ostrava.cz\/\" target=\"_blank\" rel=\"noopener\"><img data-recalc-dims=\"1\" loading=\"lazy\" decoding=\"async\" class=\"wp-image-670 aligncenter\" src=\"https:\/\/i0.wp.com\/www.hasicibystre.cz\/wp-content\/uploads\/2018\/07\/ctif.gif?resize=181%2C181\" alt=\"\" width=\"181\" height=\"181\" srcset=\"https:\/\/i0.wp.com\/www.hasicibystre.cz\/wp-content\/uploads\/2018\/07\/ctif.gif?resize=300%2C300&amp;ssl=1 300w, https:\/\/i0.wp.com\/www.hasicibystre.cz\/wp-content\/uploads\/2018\/07\/ctif.gif?resize=150%2C150&amp;ssl=1 150w\" sizes=\"auto, (max-width: 181px) 100vw, 181px\" \/><\/a><\/p>\n<p style=\"text-align: justify;\"><strong>Ned\u011ble 19.&nbsp;\u010dervence<\/strong><\/p>\n<p style=\"text-align: justify;\">Je ned\u011ble, kr\u00e1tce po p\u016fl jeden\u00e1ct\u00e9 r\u00e1no. Za de\u0161tiv\u00e9ho po\u010das\u00ed nakl\u00e1d\u00e1me posledn\u00ed materi\u00e1l a na\u0161\u00ed Avi\u00ed vyr\u00e1\u017e\u00edme sm\u011br Ostrava. Po kr\u00e1tk\u00e9 zast\u00e1vce v&nbsp;Mohelnici p\u0159ich\u00e1z\u00ed prvn\u00ed nep\u0159\u00edjemn\u00e1 zpr\u00e1va &#8211; Avie m\u00e1 pot\u00ed\u017ee s&nbsp;chlazen\u00edm a cesta se proto velmi prodlu\u017euje. Ke sportovn\u00ed hale ve V\u00edtkovic\u00edch tak dor\u00e1\u017e\u00edme pozd\u011bji, ne\u017e jsme \u010dekali a vyr\u00e1\u017e\u00edme na prezenci. Po hodinov\u00e9m \u010dek\u00e1n\u00ed ve z\u00e1cp\u011b u vchodu se vedouc\u00edmu dru\u017estva poda\u0159ilo dru\u017estvo \u00fasp\u011b\u0161n\u011b akreditovat a m\u016f\u017eeme tak vyrazit do Poruby, m\u00edsta na\u0161eho t\u00fddenn\u00edho pobytu. Zde absolvujeme zvl\u00e1\u0161tn\u00ed kole\u010dko auto &#8211; kl\u00ed\u010de (bez \u00fasp\u011bchu) &#8211; auto &#8211; \u00fahrada kauce &#8211; kl\u00ed\u010de (s&nbsp;\u00fasp\u011bchem) &#8211; ubytov\u00e1n\u00ed. Po ubytov\u00e1n\u00ed vyr\u00e1\u017e\u00edme na zaslou\u017eenou ve\u010de\u0159i a potk\u00e1v\u00e1me se s&nbsp;dal\u0161\u00edmi dru\u017estvy z&nbsp;\u010cesk\u00e9 republiky.<\/p>\n<p style=\"text-align: justify;\"><strong>Pond\u011bl\u00ed 20.&nbsp;\u010dervence<\/strong><\/p>\n<p style=\"text-align: justify;\">Po sn\u00eddani vyr\u00e1\u017e\u00edme za doprovodu dobrovoln\u00edk\u016f tramvaj\u00ed na stadion ve V\u00edtkovic\u00edch. V&nbsp;dev\u011bt hodin se chyst\u00e1me na n\u00e1\u0161 prvn\u00ed seznamovac\u00ed tr\u00e9nink po\u017e\u00e1rn\u00edho \u00fatoku. N\u011bkte\u0159\u00ed z&nbsp;n\u00e1s vyr\u00e1\u017eej\u00ed ve sportovn\u00ed \u00faprav\u011b, proto\u017ee si nevzali cel\u00fd PS. V&nbsp;prvn\u00edm \u00fatoku d\u011bl\u00e1me spoustu chyb, ale nic se ned\u011bje, proto\u017ee se skute\u010dn\u011b jedn\u00e1 sp\u00ed\u0161e o sezn\u00e1men\u00ed s&nbsp;materi\u00e1lem. Ostatn\u00ed \u00fatoky se n\u00e1m da\u0159\u00ed l\u00e9pe a dosahujeme v&nbsp;nich pro n\u00e1s b\u011b\u017en\u00e9ho \u010dasu na \u00farovni 50 s. Po skon\u010den\u00ed tr\u00e9ninku sledujeme tr\u00e9nink po\u017e\u00e1rn\u00edho sportu a sna\u017e\u00edme se naj\u00edt m\u00edsto na\u0161eho ob\u011bda. Po n\u011bm vyr\u00e1\u017e\u00edme zp\u011bt na ubytovnu a m\u00e1me voln\u00fd program.<\/p>\n<p style=\"text-align: justify;\"><strong>\u00dater\u00fd 21.&nbsp;\u010dervence<\/strong><\/p>\n<p style=\"text-align: justify;\">Na dne\u0161n\u00ed tr\u00e9nink vyr\u00e1\u017e\u00edme d\u0159\u00edve, proto\u017ee se nejedn\u00e1 o tr\u00e9nink seznamovac\u00ed, ale ji\u017e ofici\u00e1ln\u00ed. V\u0161e tedy prob\u00edh\u00e1 tak, jak to bude prob\u00edhat p\u0159i p\u00e1te\u010dn\u00ed sout\u011b\u017ei. V&nbsp;\u00fatoku se n\u00e1m da\u0159\u00ed a jedinou chybou je chybn\u011b nav\u00e1zan\u00e9 lano na madlo u stroje. V&nbsp;n\u00e1sledn\u00e9 \u0161tafet\u011b se Jirka odb\u00fdv\u00e1 svoji premi\u00e9ru p\u0159i proskakov\u00e1n\u00ed potrub\u00ed, kter\u00e1 se obe\u0161la bez jak\u00fdchkoliv n\u00e1sledk\u016f. Jsme proto spokojeni a douf\u00e1me v&nbsp;dobr\u00fd p\u00e1te\u010dn\u00ed v\u00fdsledek. N\u011bkte\u0159\u00ed z&nbsp;n\u00e1s se ve\u010der vyd\u00e1vaj\u00ed na p\u0159edstaven\u00ed dru\u017estev mlad\u00fdch hasi\u010d\u016f, kter\u00e9 nab\u00edz\u00ed spoustu z\u00e1\u017eitk\u016f.<\/p>\n<p style=\"text-align: justify;\"><strong>St\u0159eda 22.&nbsp;\u010dervence<\/strong><\/p>\n<p style=\"text-align: justify;\">Dne\u0161n\u00ed den je pro n\u00e1s dnem volna. N\u011bkte\u0159\u00ed vyr\u00e1\u017eej\u00ed do m\u011bsta, jin\u00ed sleduj\u00ed tr\u00e9nink dru\u017estev mlad\u00fdch hasi\u010d\u016f a po\u017e\u00e1rn\u00edho sportu. Na \u0159adu se dostala tak\u00e9 na\u0161e Avie, kter\u00e9 jsme za pomoc\u00ed hasi\u010d\u016f v&nbsp;Porub\u011b &#8222;vyoperovali&#8220; termostat, mo\u017enou p\u0159\u00ed\u010dinu na\u0161ich ned\u011bln\u00edch pot\u00ed\u017e\u00ed.V podve\u010der vyr\u00e1\u017e\u00edme v&nbsp;p\u0159edepsan\u00e9 \u00fastroji zp\u011bt na stadion ke slavnostn\u00edmu zah\u00e1jen\u00ed sout\u011b\u017ee. Zji\u0161\u0165ujeme, \u017ee n\u011bkter\u00e1 dru\u017estva si pokyn o p\u0159edepsan\u00e9 v\u00fdstroji vylo\u017eila jinak a vyrazila na lehko. P\u0159ed\u00e1v\u00e1me proto \u010d\u00e1sti sv\u00e9ho od\u011bvu na\u0161im dobrovoln\u00edk\u016fm a \u0159ad\u00edme se na slavnostn\u00ed n\u00e1stup. Na stadionu jsme v\u00edt\u00e1n\u00ed bou\u0159liv\u00fdm potleskem na\u0161ich fanou\u0161k\u016f. Po \u00favodn\u00edch projevech je zap\u00e1len olympijsk\u00fd ohe\u0148 a n\u00e1sleduje slavnostn\u00ed pr\u016fvod, p\u0159i kter\u00e9m skandov\u00e1n\u00ed fanou\u0161k\u016f &#8222;\u010ce\u0161i, \u010ce\u0161i&#8220; vyvol\u00e1v\u00e1 velmi siln\u00e9 emoce.<\/p>\n<p style=\"text-align: justify;\"><strong>\u010ctvrtek 23.&nbsp;\u010dervence<\/strong><\/p>\n<p style=\"text-align: justify;\">Dnes m\u00e1me poprv\u00e9 mo\u017enost sledovat ostr\u00e9 sout\u011b\u017ee a to v&nbsp;kategorii mlad\u00fdch hasi\u010d\u016f. Fand\u00edme v\u0161em \u010desk\u00fdm dru\u017estv\u016fm a t\u011b\u0161\u00ed n\u00e1s, jejich v\u00fdborn\u00e9 v\u00fdkony. Za hork\u00e9ho po\u010das\u00ed vyr\u00e1\u017e\u00edme k&nbsp;vod\u011b. V&nbsp;odpoledn\u00edch hodin\u00e1ch sledujeme sout\u011b\u017e ve v\u00fdstupu na cvi\u010dnou v\u011b\u017e.<\/p>\n<p style=\"text-align: justify;\"><strong>P\u00e1tek 24.&nbsp;\u010dervence<\/strong><\/p>\n<p style=\"text-align: justify;\">Je p\u00e1tek a pro na\u0161e dru\u017estvo nast\u00e1v\u00e1 den D. Dnes vypukne v\u0161echno naplno a my budeme moci z\u00faro\u010dit hodiny na\u0161eho tr\u00e9ninku. Sout\u011b\u017e v\u0161ak za\u010d\u00edn\u00e1 s&nbsp;v\u00edce ne\u017e hodinov\u00fdm zpo\u017ed\u011bn\u00edm a proto budeme b\u011bhat ji\u017e za odpoledn\u00edho vedra. Ve fantastick\u00e9 atmosf\u00e9\u0159e z\u00e1vod\u016f, kdy nen\u00ed sly\u0161et vlastn\u00edho slova, vyr\u00e1\u017e\u00edme na po\u017e\u00e1rn\u00ed \u00fatok. v&nbsp;n\u011bm se n\u00e1m p\u0159\u00edli\u0161 neda\u0159\u00ed a dosahujeme \u010dasu na \u00farovni 62 s. \u00datok je v\u0161ak bez chyb a proto p\u0159\u00edli\u0161 neztr\u00e1c\u00edme. Ve \u0161tafetov\u00e9m b\u011bhu pad\u00e1 Adam na bari\u00e9\u0159e a ztr\u00e1ta se ve zbyl\u00e9m \u00faseku ji\u017e dohnat ned\u00e1. V&nbsp;t\u00fdmu se \u0161\u00ed\u0159\u00ed nervozita a h\u00e1dav\u00e1 n\u00e1lada.<\/p>\n<p style=\"text-align: justify;\"><strong>Sobota 25.&nbsp;\u010dervence<\/strong><\/p>\n<p style=\"text-align: justify;\">Dnes nast\u00e1v\u00e1 posledn\u00ed ofici\u00e1ln\u00ed den sout\u011b\u017ee. Za de\u0161tiv\u00e9ho po\u010das\u00ed m\u016f\u017eeme sledovat sout\u011b\u017ee v&nbsp;po\u017e\u00e1rn\u00edm sportu a klasick\u00fdch discipl\u00edn\u00e1ch CTIF \u017een. Odpoledne vyr\u00e1\u017e\u00edme na n\u00e1kupy a chyst\u00e1me se na slavnost\u00ed zakon\u010den\u00ed her. To se kon\u00e1 za de\u0161t\u011b v&nbsp;podve\u010dern\u00edch hodin\u00e1ch. Sv\u00fdm skandov\u00e1n\u00edm vyjad\u0159ujeme gratulace v\u0161em \u010desk\u00fdm medailist\u016fm a zejm\u00e9na mlad\u00fdm hasi\u010d\u016fm, kte\u0159\u00ed v&nbsp;sout\u011b\u017ei zv\u00edt\u011bzili. Z\u00e1v\u011bre\u010dn\u00fd pr\u016fvod je pln\u00fd skandov\u00e1n\u00ed a d\u00edk\u016f fanou\u0161k\u016fm za jejich podporu. Ve\u0161ker\u00e9 oficiality berou v&nbsp;t\u00e9 chv\u00edli za sv\u00e9, p\u0159ich\u00e1z\u00ed i \u010das na slzy. Sout\u011b\u017e v&nbsp;Ostrav\u011b pro n\u00e1s kon\u010d\u00ed.\u00a0 Celkov\u011b jsme obsadili 4.&nbsp;m\u00edsto mezi dobrovoln\u00fdmi dru\u017estvy mu\u017e\u016f z&nbsp;\u010cesk\u00e9 republiky a 56.&nbsp;m\u00edsto ze v\u0161ech z\u00fa\u010dastn\u011bn\u00fdch dru\u017estev. V\u00fdsledek mohl b\u00fdt lep\u0161\u00ed, p\u0159esto v\u0161ak jsme s&nbsp;na\u0161\u00edm v\u00fdsledkem spokojeni.<\/p>\n<p style=\"text-align: justify;\"><strong>Ned\u011ble 26.&nbsp;\u010dervence<\/strong><\/p>\n<p style=\"text-align: justify;\">Je r\u00e1no a po obt\u00ed\u017en\u00e9m balen\u00ed vyr\u00e1\u017e\u00edme sm\u011br domov. Dvacet kilometr\u016f za Opavou v\u0161ak nast\u00e1v\u00e1 akce, se kterou jsme v\u016fbec nepo\u010d\u00edtali. Avie vypov\u00edd\u00e1 slu\u017ebu a znemo\u017e\u0148uje n\u00e1m jet d\u00e1l. Za pomoci jin\u00fdch hasi\u010d\u016f ji odtahujeme na stanici do Brunt\u00e1lu a vol\u00e1me do Bystr\u00e9ho pro n\u00e1hradn\u00ed dopravu. Ta v&nbsp;po\u0159\u00e1dku dor\u00e1\u017e\u00ed a tak jsme o p\u016fl sedm\u00e9 po t\u00fddnu doma. Po\u0161kozen\u00e1 Avie z\u016fst\u00e1v\u00e1 v&nbsp;Brunt\u00e1le a \u010dek\u00e1 se p\u0159\u00edjezd mechanik\u016f, kte\u0159\u00ed ji daj\u00ed op\u011bt do po\u0159\u00e1dku a p\u0159ivezou dom\u016f do zbrojnice.<\/p>\n<p style=\"text-align: justify;\">\u2666<\/p>\n<p style=\"text-align: justify;\">V\u00fdsledky sout\u011b\u017e\u00ed v&nbsp;Ostrav\u011b m\u016f\u017eete z\u00edskat <a href=\"http:\/\/www.hasicibystre.cz\/wp-content\/uploads\/2018\/07\/vysledkyostrava.pdf\" target=\"_blank\" rel=\"noopener\"><strong>ZDE<\/strong><\/a>.<\/p>\n","protected":false},"excerpt":{"rendered":"<p>Ned\u011ble 19.&nbsp;\u010dervence Je ned\u011ble, kr\u00e1tce po p\u016fl jeden\u00e1ct\u00e9 r\u00e1no. Za de\u0161tiv\u00e9ho po\u010das\u00ed nakl\u00e1d\u00e1me posledn\u00ed materi\u00e1l a na\u0161\u00ed Avi\u00ed vyr\u00e1\u017e\u00edme sm\u011br Ostrava. Po kr\u00e1tk\u00e9 zast\u00e1vce v&nbsp;Mohelnici p\u0159ich\u00e1z\u00ed prvn\u00ed nep\u0159\u00edjemn\u00e1 zpr\u00e1va &#8211; Avie m\u00e1 pot\u00ed\u017ee s&nbsp;chlazen\u00edm a cesta se proto velmi prodlu\u017euje. Ke sportovn\u00ed hale ve V\u00edtkovic\u00edch tak dor\u00e1\u017e\u00edme pozd\u011bji, ne\u017e jsme \u010dekali a vyr\u00e1\u017e\u00edme na prezenci. [&hellip;]<\/p>\n","protected":false},"author":2,"featured_media":0,"parent":164,"menu_order":0,"comment_status":"closed","ping_status":"closed","template":"","meta":{"footnotes":""},"class_list":["post-166","page","type-page","status-publish","hentry"],"aioseo_notices":[],"jetpack_sharing_enabled":true,"jetpack_likes_enabled":true,"_links":{"self":[{"href":"https:\/\/www.hasicibystre.cz\/index.php?rest_route=\/wp\/v2\/pages\/166","targetHints":{"allow":["GET"]}}],"collection":[{"href":"https:\/\/www.hasicibystre.cz\/index.php?rest_route=\/wp\/v2\/pages"}],"about":[{"href":"https:\/\/www.hasicibystre.cz\/index.php?rest_route=\/wp\/v2\/types\/page"}],"author":[{"embeddable":true,"href":"https:\/\/www.hasicibystre.cz\/index.php?rest_route=\/wp\/v2\/users\/2"}],"replies":[{"embeddable":true,"href":"https:\/\/www.hasicibystre.cz\/index.php?rest_route=%2Fwp%2Fv2%2Fcomments&post=166"}],"version-history":[{"count":4,"href":"https:\/\/www.hasicibystre.cz\/index.php?rest_route=\/wp\/v2\/pages\/166\/revisions"}],"predecessor-version":[{"id":913,"href":"https:\/\/www.hasicibystre.cz\/index.php?rest_route=\/wp\/v2\/pages\/166\/revisions\/913"}],"up":[{"embeddable":true,"href":"https:\/\/www.hasicibystre.cz\/index.php?rest_route=\/wp\/v2\/pages\/164"}],"wp:attachment":[{"href":"https:\/\/www.hasicibystre.cz\/index.php?rest_route=%2Fwp%2Fv2%2Fmedia&parent=166"}],"curies":[{"name":"wp","href":"https:\/\/api.w.org\/{rel}","templated":true}]}}