{"id":275,"date":"2018-07-18T18:18:25","date_gmt":"2018-07-18T16:18:25","guid":{"rendered":"http:\/\/www.hasicibystre.cz\/?page_id=275"},"modified":"2018-07-27T11:01:24","modified_gmt":"2018-07-27T09:01:24","slug":"1886-2","status":"publish","type":"page","link":"https:\/\/www.hasicibystre.cz\/?page_id=275","title":{"rendered":"1886"},"content":{"rendered":"<p style=\"text-align: justify;\"><em>Otv\u00edr\u00e1te knihy pam\u011bt\u00ed. N\u011bkter\u00e9 pas\u00e1\u017ee z\u00e1pis\u016f uv\u00e1d\u00edme v&nbsp;p\u016fvodn\u00edm zn\u011bn\u00ed, jako\u017eto uk\u00e1zku \u010desk\u00e9ho slovosledu, p\u00edsma a zp\u016fsobu popisu ud\u00e1lost\u00ed p\u0159ed v\u00edce ne\u017e 100 lety. Z\u00e1pisy jsou ps\u00e1ny se v\u0161ednost\u00ed a prostotou lid\u00ed, kte\u0159\u00ed je tehdy zaznamen\u00e1vali a n\u00e1m by se snad ani l\u00e9pe nepoda\u0159ilo je p\u0159edat dne\u0161n\u00edm generac\u00edm.<\/em><\/p>\n<p style=\"text-align: justify;\">V dochovan\u00e9 listin\u011b stanov dobrovoln\u00e9ho hasi\u010dsk\u00e9ho sboru v&nbsp;Bystr\u00e9m se dov\u00edd\u00e1me, \u017ee stanovy byly pod\u00e1ny ke schv\u00e1len\u00ed dne 25.&nbsp;b\u0159ezna 1886.<\/p>\n<p style=\"text-align: justify;\">V\u00fdpis z&nbsp;knihy \u201e Protokol (Pam\u011btn\u00ed kniha) Sboru dobrovoln\u00fdch hasi\u010d\u016f v&nbsp;Bystr\u00e9m nad Metuj\u00ed \u2013 kniha I. \u201c<\/p>\n<p style=\"text-align: justify;\">1) Roku 1886 se usneslo obecn\u00ed zastupitelstv\u00ed v&nbsp;Bystr\u00e9m, \u017ee zde bude z\u0159\u00edzen sbor dobrovoln\u00fdch hasi\u010d\u016f. Byla svol\u00e1na sch\u016fze a zaps\u00e1ni tito \u010dlenov\u00e9:<\/p>\n<p style=\"text-align: justify;\"><strong>Josef Dyntar, \u010d\u00eds. 7<\/strong><\/p>\n<p style=\"text-align: justify;\">Hartman Franti\u0161ek \u2013 kapeln\u00edk, \u010d\u00eds. 39<\/p>\n<p style=\"text-align: justify;\">Hejzlar Josef, \u010d\u00eds. 34<\/p>\n<p style=\"text-align: justify;\">Marek Jan, \u010d\u00eds. 23<\/p>\n<p style=\"text-align: justify;\">Andr\u0161 Anton\u00edn, \u010d\u00eds. 46<\/p>\n<p style=\"text-align: justify;\">Dyntar Josef \u2013 hudebn\u00edk<\/p>\n<p style=\"text-align: justify;\">Tencar Franti\u0161ek \u2013 hudebn\u00edk<\/p>\n<p style=\"text-align: justify;\">Balcar \u010cen\u011bk, \u010d\u00eds. 37<\/p>\n<p style=\"text-align: justify;\">Roubal Anton\u00edn, \u010d\u00eds. 5<\/p>\n<p style=\"text-align: justify;\">Reme\u0161 Josef, \u010d\u00eds. 4<\/p>\n<p style=\"text-align: justify;\">Goldschmid Simon, \u010d\u00eds. 2<\/p>\n<p style=\"text-align: justify;\">Kejval Josef, \u010d\u00eds. 33<\/p>\n<p style=\"text-align: justify;\">Heini\u0161 Antoni<\/p>\n<p style=\"text-align: justify;\">Dyntar Josef, \u010d\u00eds. 63<\/p>\n<p style=\"text-align: justify;\">Reme\u0161 Josef, \u010d\u00eds. 79<\/p>\n<p style=\"text-align: justify;\">Andr\u0161 Jan, \u010d\u00eds. 20<\/p>\n<p style=\"text-align: justify;\">Hartman Franti\u0161ek, \u010d\u00eds. 1<\/p>\n<p style=\"text-align: justify;\">Dyntar Anton\u00edn, \u010d\u00eds. 65<\/p>\n<p style=\"text-align: justify;\">\u010ctvrte\u010dka Josef, \u010d\u00eds. 25<\/p>\n<p style=\"text-align: justify;\">Je\u017eek Josef,\u010d\u00eds. 64<\/p>\n<p style=\"text-align: justify;\">\u010cern\u00fd Josef \u2013 ko\u010d\u00ed u P\u0159ibyl\u016f<\/p>\n<p style=\"text-align: justify;\">Je\u017eek Jan, \u010d\u00eds. 74<\/p>\n<p style=\"text-align: justify;\">2) <em>Prvn\u00ed volba spolkov\u00e9ho v\u00fdboru<\/em><\/p>\n<p style=\"text-align: justify;\">\u010clenov\u00e9 byli svol\u00e1ni na ned\u011bli 27.&nbsp;\u010dervna roku 1886 k&nbsp;volb\u011b v\u00fdboru. P\u0159\u00edtomno bylo 24 \u010dlen\u016f, volbu zah\u00e1jil obecn\u00ed starosta Andr\u0161 Anton\u00edn.<\/p>\n<p style=\"text-align: justify;\">V\u011bt\u0161inou hlas\u016f byl zvolen za p\u0159edsedu Andr\u0161 Anton\u00edn, \u010d. 46. V\u011bt\u0161inou hlas\u016f byli tak\u00e9 zvoleni:<\/p>\n<p style=\"text-align: justify;\">velitel: Josef Dyntar, \u010d. 7<\/p>\n<p style=\"text-align: justify;\">podvelitel: Jan Marek, \u010d. 69<\/p>\n<p style=\"text-align: justify;\">cvi\u010ditel: Josef Marek, \u0159ezn\u00edk<\/p>\n<p style=\"text-align: justify;\">jednatel: Vincenc Balcar<\/p>\n<p style=\"text-align: justify;\">nadlezec: Josef Hejzlar<\/p>\n<p style=\"text-align: justify;\">sbormistr: Franti\u0161ek Hartman<\/p>\n<p style=\"text-align: justify;\">3) Dne 3.&nbsp;\u010dervna zakoupila obec Bystr\u00e9 pro sbor dobrovoln\u00fdch hasi\u010d\u016f st\u0159\u00edka\u010dku od firmy F. Smekal. Jmenovan\u00fdm z\u00e1stupcem t\u00e9to firmy byl pan Heler.<\/p>\n<p style=\"text-align: justify;\">Cit\u00e1t: kniha I. , z\u00e1pis r. 1886, autor nezn\u00e1m<\/p>\n<p style=\"text-align: justify;\">\u201e Dne 5.&nbsp;m\u011bs\u00edce \u010dervence t. r. v&nbsp;pond\u011bl\u00ed po dob\u0159ansk\u00e9 pouti se jelo pro st\u0159\u00edkac\u00ed stroj, kter\u00fd byl zaslan\u00fd drahou do Nov\u00e9ho M\u011bsta nad Metuj\u00ed. Jeliko\u017e v\u0161ichni \u010dlenov\u00e9 byli velice nad\u0161en\u00ed pro tento nov\u00fd sbor hasi\u010dsk\u00fd, \u0161li sme naproti vst\u0159\u00edc t\u00e9mu\u017e nov\u00e9mu stroji s&nbsp;hudbou \u010dele a nov\u00e9m pl\u00e1t\u011bn\u00e9m stejnokroji, ach, to bylo radosti k&nbsp;nevyps\u00e1n\u00ed.<\/p>\n<p style=\"text-align: justify;\">4) N\u00e1sleduj\u00edc\u00ed ned\u011bli dne 11.&nbsp;m\u011bs\u00edce \u010dervence se zkou\u0161el tento nov\u00fd st\u0159\u00edkac\u00ed stroj. Z\u00e1stupce on\u00e9 firmy p. Heler p\u0159ijel a nejprve cel\u00fd stroj rozd\u011blal a zase slo\u017eil, p\u0159itom pou\u010doval, jak\u00fd kter\u00e1 v\u011bc m\u00e1 \u00fa\u010del, co by se mohlo pokaziti, kdyby se v\u0161e \u0159\u00e1dn\u011b neslo\u017eilo. Potom se zkou\u0161ela s&nbsp;vodou i vid\u011bli jsme, \u017ee jest to \u0159\u00e1dn\u00fd stroj, \u017ee v\u00fdborn\u011b st\u0159\u00edk\u00e1 a \u017ee sv\u00e9mu \u00fa\u010delu docela vyhovuje.<\/p>\n<p style=\"text-align: justify;\">Potom ji starosta obce u p\u0159\u00edtomnosti obecn\u00e9ho zastupitelstva odevzdal hasi\u010dsk\u00e9mu sboru k&nbsp;opatrov\u00e1n\u00ed a k&nbsp;upot\u0159eben\u00ed hasi\u010dsk\u00fdm v\u00fdkon\u016fm, co\u017e sbor hasi\u010dsk\u00fd s&nbsp;d\u00edkem p\u0159ijal. Potom byl nov\u00fd stroj dopraven do zbrojnice, kde se jedna st\u0159\u00edka\u010dka star\u0161\u00edho syst\u00e9mu nal\u00e9z\u00e1. Tato star\u00e1 st\u0159\u00edka\u010dka byla koupen\u00e1 roku 1839, dodan\u00e1 do obce Bystr\u00e9 ze P\u0159epych za Opo\u010dnem.<\/p>\n<p style=\"text-align: justify;\">5) Dne 18.&nbsp;\u010dervence o \u010dtvrt\u00e9 hod. r\u00e1no d\u00e1n byl poplach, \u017ee v&nbsp;sousedn\u00ed obci Janov\u011b vypukl po\u017e\u00e1r, i se\u0161li se ihned \u010dlenov\u00e9 na\u0161eho mlad\u00e9ho sboru a uj\u00ed\u017ed\u011bli jsme k&nbsp;prvn\u00edmu po\u017e\u00e1ru.<\/p>\n<p style=\"text-align: justify;\">Kdy\u017e jsme p\u0159ijeli do Janova, vid\u011bli jsme, \u017ee to ho\u0159\u00ed staven\u00ed Josefa Dyntara, \u010d\u00eds. 4, z\u0159\u00eddili jsme rychle st\u0159\u00edka\u010dku a po\u010dali jsme h\u00e1jiti pobl\u00ed\u017ee stoj\u00edc\u00ed stodolu, neb tam mnoh\u00e9 v\u011bci byli uschov\u00e1ny, potom kdy\u017e nebezpe\u010d\u00ed minulo, h\u00e1jili jsme sv\u011btnici, kter\u00e1 jest ze d\u0159ev\u011bn\u00e9ho rouben\u00ed zbudovan\u00e1, kterou jsme tak\u00e9 uh\u00e1jili, potom asi o 8.&nbsp;hod. jsme se navr\u00e1tili do Bystr\u00e9ho, stroj zp\u011bt dopravil p. Karel Dyntar roln\u00edk z&nbsp;Janova \u010d\u00eds . 7.. . \u201c<\/p>\n<p style=\"text-align: justify;\">Konec cit\u00e1tu.<\/p>\n<p style=\"text-align: justify;\">6) Dne 10.&nbsp;srpna vyj\u00ed\u017ed\u00ed 12 \u010dlen\u016f sboru o 11.&nbsp;hodin\u011b dopoledne k&nbsp;po\u017e\u00e1ru v&nbsp;Nov\u00e9m Hr\u00e1dku.<\/p>\n","protected":false},"excerpt":{"rendered":"<p>Otv\u00edr\u00e1te knihy pam\u011bt\u00ed. N\u011bkter\u00e9 pas\u00e1\u017ee z\u00e1pis\u016f uv\u00e1d\u00edme v&nbsp;p\u016fvodn\u00edm zn\u011bn\u00ed, jako\u017eto uk\u00e1zku \u010desk\u00e9ho slovosledu, p\u00edsma a zp\u016fsobu popisu ud\u00e1lost\u00ed p\u0159ed v\u00edce ne\u017e 100 lety. Z\u00e1pisy jsou ps\u00e1ny se v\u0161ednost\u00ed a prostotou lid\u00ed, kte\u0159\u00ed je tehdy zaznamen\u00e1vali a n\u00e1m by se snad ani l\u00e9pe nepoda\u0159ilo je p\u0159edat dne\u0161n\u00edm generac\u00edm. V&nbsp;dochovan\u00e9 listin\u011b stanov dobrovoln\u00e9ho hasi\u010dsk\u00e9ho sboru v&nbsp;Bystr\u00e9m [&hellip;]<\/p>\n","protected":false},"author":2,"featured_media":0,"parent":90,"menu_order":0,"comment_status":"closed","ping_status":"closed","template":"","meta":{"footnotes":""},"class_list":["post-275","page","type-page","status-publish","hentry"],"aioseo_notices":[],"jetpack_sharing_enabled":true,"jetpack_likes_enabled":true,"_links":{"self":[{"href":"https:\/\/www.hasicibystre.cz\/index.php?rest_route=\/wp\/v2\/pages\/275","targetHints":{"allow":["GET"]}}],"collection":[{"href":"https:\/\/www.hasicibystre.cz\/index.php?rest_route=\/wp\/v2\/pages"}],"about":[{"href":"https:\/\/www.hasicibystre.cz\/index.php?rest_route=\/wp\/v2\/types\/page"}],"author":[{"embeddable":true,"href":"https:\/\/www.hasicibystre.cz\/index.php?rest_route=\/wp\/v2\/users\/2"}],"replies":[{"embeddable":true,"href":"https:\/\/www.hasicibystre.cz\/index.php?rest_route=%2Fwp%2Fv2%2Fcomments&post=275"}],"version-history":[{"count":4,"href":"https:\/\/www.hasicibystre.cz\/index.php?rest_route=\/wp\/v2\/pages\/275\/revisions"}],"predecessor-version":[{"id":775,"href":"https:\/\/www.hasicibystre.cz\/index.php?rest_route=\/wp\/v2\/pages\/275\/revisions\/775"}],"up":[{"embeddable":true,"href":"https:\/\/www.hasicibystre.cz\/index.php?rest_route=\/wp\/v2\/pages\/90"}],"wp:attachment":[{"href":"https:\/\/www.hasicibystre.cz\/index.php?rest_route=%2Fwp%2Fv2%2Fmedia&parent=275"}],"curies":[{"name":"wp","href":"https:\/\/api.w.org\/{rel}","templated":true}]}}