{"id":353,"date":"2018-07-18T18:53:36","date_gmt":"2018-07-18T16:53:36","guid":{"rendered":"http:\/\/www.hasicibystre.cz\/?page_id=353"},"modified":"2018-07-27T11:45:19","modified_gmt":"2018-07-27T09:45:19","slug":"1985-2","status":"publish","type":"page","link":"https:\/\/www.hasicibystre.cz\/?page_id=353","title":{"rendered":"1985"},"content":{"rendered":"<p style=\"text-align: justify;\">Tento rok v&nbsp;organizaci je zahajov\u00e1n po\u0159\u00e1d\u00e1n\u00edm po\u017e\u00e1rnick\u00e9ho plesu a p\u0159edn\u00e1\u0161kou o po\u017e\u00e1rn\u00ed prevenci uspo\u0159\u00e1danou p\u0159i plen\u00e1rn\u00edm zased\u00e1n\u00ed MNV. Po\u017e\u00e1rn\u00ed preventivn\u00ed prohl\u00eddky prov\u00e1d\u011bly 4 prohl\u00eddkov\u00e9 skupiny v&nbsp;87 objektech, 2 rekrea\u010dn\u00edch objektech a 6 provozovn\u00e1ch. N\u00e1m\u011btov\u00e9 cvi\u010den\u00ed bylo v&nbsp;kv\u011btnu uspo\u0159\u00e1d\u00e1no v&nbsp;na\u0161\u00ed obci ve spolupr\u00e1ci se sborem z&nbsp;Dob\u0159an. Organizace plnila \u00fakoly v\u00fdcvikov\u00e9ho roku a pravideln\u011b se \u00fa\u010dastnila okrskov\u00fdch porad. Po\u017e\u00e1rn\u00ed dozor byl prov\u00e1d\u011bn p\u0159i akc\u00edch konan\u00fdch organizac\u00edch SVAZARM Dob\u0159any a to p\u0159i motokrosu a autokrosu.<\/p>\n<p style=\"text-align: justify;\">Sout\u011b\u017ee v&nbsp;po\u017e\u00e1rn\u00edm sportu v&nbsp;Dobr\u00e9m se z\u00fa\u010dastnilo dru\u017estvo mu\u017e\u016f a nov\u011b ustaven\u00e9 dru\u017estvo \u017een. V&nbsp;r\u00e1mci okrsku obsadily \u017eeny 1.&nbsp;m\u00edsto a mu\u017ei 2.&nbsp;m\u00edsto.<\/p>\n<p style=\"text-align: justify;\">Mlad\u00ed po\u017e\u00e1rn\u00edci navazuj\u00ed na d\u0159\u00edv\u011bj\u0161\u00ed \u00fasp\u011bchy a um\u00eds\u0165uj\u00ed se ve h\u0159e PLAMEN v&nbsp;obvodn\u00edm kole v&nbsp;Opo\u010dn\u011b na 1.&nbsp;m\u00edst\u011b a v&nbsp;okresn\u00edm kole v&nbsp;Solnici na 2.&nbsp;m\u00edst\u011b. P\u0159i kulturn\u00edch akc\u00edch vystupuj\u00ed na setk\u00e1n\u00ed d\u016fchodc\u016f a v\u00edt\u00e1n\u00ed ob\u010d\u00e1nk\u016f v&nbsp;obci,po\u0159\u00e1daj\u00ed setk\u00e1n\u00ed s&nbsp;mlad\u00fdmi ochr\u00e1nci p\u0159\u00edrody z&nbsp;ole\u0161nick\u00e9 \u0161koly a s&nbsp;putovn\u00edm t\u00e1borem nav\u0161t\u011bvuj\u00ed oblast Teplicko \u2013 Adr\u0161pa\u0161sk\u00fdch skal.<\/p>\n<p style=\"text-align: justify;\">Organizace uzav\u00edr\u00e1 dohody se \u010dleny o p\u0159evzet\u00ed prost\u0159edk\u016f po\u017e\u00e1rn\u00ed ochrany do socialistick\u00e9 p\u00e9\u010de a \u00fa\u010dastn\u00ed se oslav 100 let ZO SPO ve Sn\u011b\u017en\u00e9m.<\/p>\n<p style=\"text-align: justify;\">V akci Z&nbsp;na zapo\u010dat\u00e9 v\u00fdstavb\u011b vodovodu \u010dlenov\u00e9 odpracov\u00e1vaj\u00ed 470 hodin a 304 na zvelebov\u00e1n\u00ed \u017eivotn\u00edho prost\u0159ed\u00ed, dokon\u010duj\u00ed n\u00e1t\u011bry d\u0159ev\u011bn\u00fdch obklad\u016f prodejny Jednoty, odevzd\u00e1vaj\u00ed 22 q su\u0161en\u00e9ho sena a 38 q \u017eelezn\u00e9ho \u0161rotu.<\/p>\n<p style=\"text-align: justify;\">V usnesen\u00ed v\u00fdro\u010dn\u00ed \u010dlensk\u00e9 sch\u016fze je zakotveno po\u0159\u00e1d\u00e1n\u00ed oslav 100 let trv\u00e1n\u00ed sboru, vyd\u00e1n\u00ed pam\u011btn\u00edho almanachu, po\u0159\u00e1d\u00e1n\u00ed ples a \u00fa\u010dast dru\u017estev v&nbsp;SPD. Organizace \u010d\u00edt\u00e1 53 \u010dlen\u016f, z&nbsp;toho 11 \u017een.<\/p>\n<p style=\"text-align: justify;\">Okresn\u00ed konference konan\u00e9 23.&nbsp;listopadu v&nbsp;\u010cern\u00edkovic\u00edch se za na\u0161i organizaci \u00fa\u010dastn\u00ed deleg\u00e1ti Josef Dus\u00edlek, Josef Net\u00edk a Hana Mart\u00ednkov\u00e1.<\/p>\n<p style=\"text-align: justify;\">V sout\u011b\u017ei \u201e O nejlep\u0161\u00ed Z\u00e1kladn\u00ed organizaci Svazu po\u017e\u00e1rn\u00ed ochrany v&nbsp;okrese Rychnov nad Kn\u011b\u017enou \u201c za rok 1985 jsme obsadili s&nbsp;po\u010dtem 433 bod\u016f 3.&nbsp;m\u00edsto ze 137 hodnocen\u00fdch organizac\u00ed. Tak\u00e9 14.&nbsp;okrsek, jeho\u017e jsme \u010dleny z\u00edskal prvenstv\u00ed.<\/p>\n<p style=\"text-align: justify;\">Dne 17.&nbsp;12.&nbsp;1985 byl schv\u00e1len nov\u00fd z\u00e1kon o po\u017e\u00e1rn\u00ed ochran\u011b \u010d. 133, kter\u00fd nabude platnost 1.&nbsp;7.1986. Z\u00e1kon sm\u011b\u0159uje p\u0159edev\u0161\u00edm k&nbsp;\u00fa\u010dinn\u011bj\u0161\u00ed preventivn\u00ed ochran\u011b socialistick\u00e9 ekonomiky. Jsou zde zakotveny z\u00e1kladn\u00ed povinnosti org\u00e1n\u016f a organizac\u00ed p\u0159i ochran\u011b p\u0159ed po\u017e\u00e1ry. K&nbsp;podstatn\u00fdm zm\u011bn\u00e1m dojde ve st\u00e1tn\u00ed spr\u00e1v\u011b nov\u011b vytvo\u0159en\u00fdm Sborem po\u017e\u00e1rn\u00ed ochrany.<\/p>\n","protected":false},"excerpt":{"rendered":"<p>Tento rok v&nbsp;organizaci je zahajov\u00e1n po\u0159\u00e1d\u00e1n\u00edm po\u017e\u00e1rnick\u00e9ho plesu a p\u0159edn\u00e1\u0161kou o po\u017e\u00e1rn\u00ed prevenci uspo\u0159\u00e1danou p\u0159i plen\u00e1rn\u00edm zased\u00e1n\u00ed MNV. Po\u017e\u00e1rn\u00ed preventivn\u00ed prohl\u00eddky prov\u00e1d\u011bly 4 prohl\u00eddkov\u00e9 skupiny v&nbsp;87 objektech, 2 rekrea\u010dn\u00edch objektech a 6 provozovn\u00e1ch. N\u00e1m\u011btov\u00e9 cvi\u010den\u00ed bylo v&nbsp;kv\u011btnu uspo\u0159\u00e1d\u00e1no v&nbsp;na\u0161\u00ed obci ve spolupr\u00e1ci se sborem z&nbsp;Dob\u0159an. Organizace plnila \u00fakoly v\u00fdcvikov\u00e9ho roku a pravideln\u011b se \u00fa\u010dastnila okrskov\u00fdch [&hellip;]<\/p>\n","protected":false},"author":2,"featured_media":0,"parent":90,"menu_order":0,"comment_status":"closed","ping_status":"closed","template":"","meta":{"footnotes":""},"class_list":["post-353","page","type-page","status-publish","hentry"],"aioseo_notices":[],"jetpack_sharing_enabled":true,"jetpack_likes_enabled":true,"_links":{"self":[{"href":"https:\/\/www.hasicibystre.cz\/index.php?rest_route=\/wp\/v2\/pages\/353","targetHints":{"allow":["GET"]}}],"collection":[{"href":"https:\/\/www.hasicibystre.cz\/index.php?rest_route=\/wp\/v2\/pages"}],"about":[{"href":"https:\/\/www.hasicibystre.cz\/index.php?rest_route=\/wp\/v2\/types\/page"}],"author":[{"embeddable":true,"href":"https:\/\/www.hasicibystre.cz\/index.php?rest_route=\/wp\/v2\/users\/2"}],"replies":[{"embeddable":true,"href":"https:\/\/www.hasicibystre.cz\/index.php?rest_route=%2Fwp%2Fv2%2Fcomments&post=353"}],"version-history":[{"count":4,"href":"https:\/\/www.hasicibystre.cz\/index.php?rest_route=\/wp\/v2\/pages\/353\/revisions"}],"predecessor-version":[{"id":817,"href":"https:\/\/www.hasicibystre.cz\/index.php?rest_route=\/wp\/v2\/pages\/353\/revisions\/817"}],"up":[{"embeddable":true,"href":"https:\/\/www.hasicibystre.cz\/index.php?rest_route=\/wp\/v2\/pages\/90"}],"wp:attachment":[{"href":"https:\/\/www.hasicibystre.cz\/index.php?rest_route=%2Fwp%2Fv2%2Fmedia&parent=353"}],"curies":[{"name":"wp","href":"https:\/\/api.w.org\/{rel}","templated":true}]}}