{"id":385,"date":"2018-07-18T19:01:24","date_gmt":"2018-07-18T17:01:24","guid":{"rendered":"http:\/\/www.hasicibystre.cz\/?page_id=385"},"modified":"2018-07-27T18:44:54","modified_gmt":"2018-07-27T16:44:54","slug":"2001-2","status":"publish","type":"page","link":"https:\/\/www.hasicibystre.cz\/?page_id=385","title":{"rendered":"2001"},"content":{"rendered":"<p style=\"text-align: justify;\">V tomto roce oslavila na\u0161e organizace 115.&nbsp;v\u00fdro\u010d\u00ed sv\u00e9ho zalo\u017een\u00ed. P\u0159i t\u00e9to p\u0159\u00edle\u017eitosti uspo\u0159\u00e1dala organizace v&nbsp;\u010dervenci IV. ro\u010dn\u00edk Mezin\u00e1rodn\u00ed sout\u011b\u017ee mlad\u00fdch hasi\u010d\u016f v&nbsp;discipl\u00edn\u00e1ch CTIF a II. ro\u010dn\u00edk Her bez hranic. Dru\u017estvo mu\u017e\u016f p\u0159isp\u011blo k&nbsp;v\u00fdro\u010d\u00ed p\u011bkn\u00fdmi um\u00edst\u011bn\u00edmi v&nbsp;okresn\u00edm kole a v&nbsp;Podorlick\u00e9 lize v&nbsp;po\u017e\u00e1rn\u00edm \u00fatoku. Stejn\u011b tak i dru\u017estva mlad\u00fdch hasi\u010d\u016f z\u00edskala p\u011bkn\u00e1 um\u00edst\u011bn\u00ed.<\/p>\n<p style=\"text-align: justify;\">N\u00e1\u0161 sbor v&nbsp;tomto roce zasahoval jednou a to u po\u017e\u00e1ru obytn\u00e9ho staven\u00ed p. My\u010dky v&nbsp;Dob\u0159anech.<\/p>\n<p style=\"text-align: justify;\">Okrskov\u00e9 sout\u011b\u017ee v&nbsp;Bystr\u00e9m se z\u00fa\u010dastnila 2 dru\u017estva mu\u017e\u016f a 1 dru\u017estvo \u017een. Dru\u017estvo mu\u017e\u016f A obsadilo 1.&nbsp;m\u00edsto, dru\u017estvo mu\u017e\u016f nad 35 let obsadilo 4.&nbsp;m\u00edsto a dru\u017estvo \u017een 2.&nbsp;m\u00edsto. Sout\u011b\u017en\u00ed dru\u017estva mu\u017e\u016f se z\u00fa\u010dastnila okresn\u00ed sout\u011b\u017ee v&nbsp;Poho\u0159\u00ed. Zde dru\u017estvo mu\u017e\u016f A obsadilo 1.&nbsp;m\u00edsto a dru\u017estvo mu\u017e\u016f nad 35 let 2.&nbsp;m\u00edsto. Vzhledem ke kolizi term\u00edn\u016f se kolektiv mu\u017e\u016f A oblastn\u00edho kola nez\u00fa\u010dastnil. Dru\u017estvo mu\u017e\u016f A se z\u00fa\u010dastnilo seri\u00e1lu sout\u011b\u017e\u00ed v&nbsp;po\u017e\u00e1rn\u00edm \u00fatoku \u201ePodorlick\u00e1 liga\u201c, kde vybojovalo celkov\u00e9 v\u00edt\u011bzstv\u00ed. Mimoto se z\u00fa\u010dastnilo poh\u00e1rov\u00fdch sout\u011b\u017e\u00ed v&nbsp;\u0160irok\u00e9m Dole a \u010cesk\u00e9m Krumlov\u011b.<\/p>\n<p style=\"text-align: justify;\">Kolektiv mlad\u00fdch hasi\u010d\u016f byl v&nbsp;tomto roce roz\u0161\u00ed\u0159en o dru\u017estvo mlad\u0161\u00edch, jeho\u017e veden\u00ed se ujala Marie \u0160ubrtov\u00e1. Prvn\u00ed sout\u011b\u017e\u00ed, kter\u00e9 se kolektiv z\u00fa\u010dastnil byla sout\u011b\u017e O poh\u00e1r starosty SDH N\u00edzk\u00e1 Srbsk\u00e1. Dru\u017estvo star\u0161\u00edch zde obsadilo 7.&nbsp;m\u00edsto a dru\u017estvo mlad\u0161\u00edch 3.&nbsp;m\u00edsto. D\u00e1le se ob\u011b sout\u011b\u017en\u00ed dru\u017estva z\u00fa\u010dastnila okresn\u00edho kola hry Plamen, kter\u00e9 se konalo v&nbsp;Li\u010dn\u011b. Dru\u017estvo star\u0161\u00edch zde obsadilo 1.&nbsp;m\u00edsto a vybojovalo si tak postup do oblastn\u00edho kola. Dru\u017estvo mlad\u0161\u00edch obsadilo 4.&nbsp;m\u00edsto. V&nbsp;oblastn\u00edm kole sout\u011b\u017ee Plemen v&nbsp;Holic\u00edch obsadilo dru\u017estvo star\u0161\u00edch 7.&nbsp;m\u00edsto. Dru\u017estvo star\u0161\u00edch se mimoto z\u00fa\u010dastnilo poh\u00e1rov\u00e9 sout\u011b\u017ee hasi\u010dsk\u00e9 ml\u00e1de\u017ee v&nbsp;Opo\u010dn\u011b, kde obsadilo 4.&nbsp;m\u00edsto a poh\u00e1rov\u00e9 sout\u011b\u017ee v&nbsp;z\u00e1vod\u011b po\u017e\u00e1rnick\u00e9 v\u0161estrannosti v&nbsp;Meziles\u00ed, kde obsadilo 12.&nbsp;a 17.&nbsp;m\u00edsto. Ve IV. Mezin\u00e1rodn\u00ed sout\u011b\u017ei v&nbsp;discipl\u00edn\u00e1ch CTIF obsadilo dru\u017estvo star\u0161\u00edch 1.&nbsp;m\u00edsto a dru\u017estvo mlad\u0161\u00edch 10.&nbsp;m\u00edsto. V&nbsp;zahajovac\u00edm z\u00e1vod\u011b po\u017e\u00e1rnick\u00e9 v\u0161estrannosti ve Vamberku obsadilo dru\u017estvo star\u0161\u00edch 1.&nbsp;m\u00edsto a dru\u017estvo mlad\u0161\u00edch 10.&nbsp;m\u00edsto.<\/p>\n<p style=\"text-align: justify;\">Kolektiv dorostu se z\u00fa\u010dastnil okresn\u00edho vyhodnocen\u00ed v&nbsp;Li\u010dn\u011b, kde obsadil 1.&nbsp;m\u00edsto a vybojoval si postup do oblastn\u00edho kola. Zde obsadil vynikaj\u00edc\u00ed 2.&nbsp;m\u00edsto. Krom\u011b sout\u011b\u017e\u00ed dorostu se kolektiv z\u00fa\u010dastnil seri\u00e1lu sout\u011b\u017e\u00ed Podorlick\u00e9 ligy v&nbsp;po\u017e\u00e1rn\u00edm \u00fatoku, kde v&nbsp;celkov\u00e9m vyhodnocen\u00ed obsadil 15.&nbsp;m\u00edsto.<\/p>\n<p style=\"text-align: justify;\">Sbor v&nbsp;tomto roce uspo\u0159\u00e1dal Hasi\u010dsk\u00fd ples a Poml\u00e1zkovou z\u00e1bavu. V&nbsp;na\u0161\u00ed obci se uskute\u010dnilo zased\u00e1n\u00ed p\u0159edstavitel\u016f SDH okresu. \u010ctrn\u00e1ct \u010dlen\u016f sboru se z\u00fa\u010dastnilo z\u00e1jezdu na Hasi\u010dsk\u00e9 slavnosti do Litom\u011b\u0159ic. V&nbsp;z\u00e1v\u011bru roku nav\u0161t\u00edvili z\u00e1stupci sboru VVH dru\u017eebn\u00ed organizace v&nbsp;Bystr\u00e9m na Slovensku.<\/p>\n<p style=\"text-align: justify;\">Poda\u0159ilo se nav\u00e1zat spolupr\u00e1ci s&nbsp;hasi\u010di z&nbsp;Amsterodamu, kter\u00e1 p\u0159esto\u017ee doposud nep\u0159inesla konkr\u00e9tn\u00ed v\u00fdsledky je velk\u00fdm p\u0159\u00edslibem do budoucnosti.<\/p>\n<p style=\"text-align: justify;\">V souvislosti s&nbsp;teroristick\u00fdmi \u00fatoky na New York a Washington byla hasi\u010d\u016fm v&nbsp;New Yorku zasl\u00e1na kondolence.<\/p>\n<p style=\"text-align: justify;\">Internetov\u00e1 prezentace sboru byla pravideln\u011b aktualizov\u00e1na.<\/p>\n<p style=\"text-align: justify;\">V tomto roce \u010d\u00edt\u00e1 sbor celkem 97 \u010dlen\u016f (21 \u017een, 47 mu\u017e\u016f, 29 mlad\u00fdch hasi\u010d\u016f).<\/p>\n<p style=\"text-align: justify;\">Kompletn\u00ed text v\u00fdro\u010dn\u00ed zpr\u00e1vy naleznete <a href=\"http:\/\/www.hasicibystre.cz\/wp-content\/uploads\/2018\/07\/zprava2001.pdf\" target=\"_blank\" rel=\"noopener\"><strong>ZDE<\/strong><\/a>.<\/p>\n","protected":false},"excerpt":{"rendered":"<p>V tomto roce oslavila na\u0161e organizace 115.&nbsp;v\u00fdro\u010d\u00ed sv\u00e9ho zalo\u017een\u00ed. P\u0159i t\u00e9to p\u0159\u00edle\u017eitosti uspo\u0159\u00e1dala organizace v&nbsp;\u010dervenci IV. ro\u010dn\u00edk Mezin\u00e1rodn\u00ed sout\u011b\u017ee mlad\u00fdch hasi\u010d\u016f v&nbsp;discipl\u00edn\u00e1ch CTIF a II. ro\u010dn\u00edk Her bez hranic. Dru\u017estvo mu\u017e\u016f p\u0159isp\u011blo k&nbsp;v\u00fdro\u010d\u00ed p\u011bkn\u00fdmi um\u00edst\u011bn\u00edmi v&nbsp;okresn\u00edm kole a v&nbsp;Podorlick\u00e9 lize v&nbsp;po\u017e\u00e1rn\u00edm \u00fatoku. Stejn\u011b tak i dru\u017estva mlad\u00fdch hasi\u010d\u016f z\u00edskala p\u011bkn\u00e1 um\u00edst\u011bn\u00ed. N\u00e1\u0161 sbor v&nbsp;tomto roce [&hellip;]<\/p>\n","protected":false},"author":2,"featured_media":0,"parent":90,"menu_order":0,"comment_status":"closed","ping_status":"closed","template":"","meta":{"footnotes":""},"class_list":["post-385","page","type-page","status-publish","hentry"],"aioseo_notices":[],"aioseo_head":"\n\t\t<!-- All in One SEO 4.9.10 - aioseo.com -->\n\t<meta name=\"robots\" content=\"max-image-preview:large\" \/>\n\t<link rel=\"canonical\" href=\"https:\/\/www.hasicibystre.cz\/?page_id=385\" \/>\n\t<meta name=\"generator\" content=\"All in One SEO (AIOSEO) 4.9.10\" \/>\n\t\t<meta property=\"og:locale\" content=\"cs_CZ\" \/>\n\t\t<meta property=\"og:site_name\" content=\"Sbor dobrovoln\u00fdch hasi\u010d\u016f Bystr\u00e9 v Orlick\u00fdch hor\u00e1ch |\" \/>\n\t\t<meta property=\"og:type\" content=\"article\" \/>\n\t\t<meta property=\"og:title\" content=\"Kronika sboru - 2001 | Sbor dobrovoln\u00fdch hasi\u010d\u016f Bystr\u00e9 v Orlick\u00fdch hor\u00e1ch\" \/>\n\t\t<meta property=\"og:url\" content=\"https:\/\/www.hasicibystre.cz\/?page_id=385\" \/>\n\t\t<meta property=\"article:published_time\" content=\"2018-07-18T17:01:24+00:00\" \/>\n\t\t<meta property=\"article:modified_time\" content=\"2018-07-27T16:44:54+00:00\" \/>\n\t\t<meta name=\"twitter:card\" content=\"summary\" \/>\n\t\t<meta name=\"twitter:title\" content=\"Kronika sboru - 2001 | Sbor dobrovoln\u00fdch hasi\u010d\u016f Bystr\u00e9 v Orlick\u00fdch hor\u00e1ch\" \/>\n\t\t<script type=\"application\/ld+json\" class=\"aioseo-schema\">\n\t\t\t{\"@context\":\"https:\\\/\\\/schema.org\",\"@graph\":[{\"@type\":\"BreadcrumbList\",\"@id\":\"https:\\\/\\\/www.hasicibystre.cz\\\/?page_id=385#breadcrumblist\",\"itemListElement\":[{\"@type\":\"ListItem\",\"@id\":\"https:\\\/\\\/www.hasicibystre.cz#listItem\",\"position\":1,\"name\":\"Home\",\"item\":\"https:\\\/\\\/www.hasicibystre.cz\",\"nextItem\":{\"@type\":\"ListItem\",\"@id\":\"https:\\\/\\\/www.hasicibystre.cz\\\/?page_id=88#listItem\",\"name\":\"Historie sboru\"}},{\"@type\":\"ListItem\",\"@id\":\"https:\\\/\\\/www.hasicibystre.cz\\\/?page_id=88#listItem\",\"position\":2,\"name\":\"Historie sboru\",\"item\":\"https:\\\/\\\/www.hasicibystre.cz\\\/?page_id=88\",\"nextItem\":{\"@type\":\"ListItem\",\"@id\":\"https:\\\/\\\/www.hasicibystre.cz\\\/?page_id=90#listItem\",\"name\":\"Kronika\"},\"previousItem\":{\"@type\":\"ListItem\",\"@id\":\"https:\\\/\\\/www.hasicibystre.cz#listItem\",\"name\":\"Home\"}},{\"@type\":\"ListItem\",\"@id\":\"https:\\\/\\\/www.hasicibystre.cz\\\/?page_id=90#listItem\",\"position\":3,\"name\":\"Kronika\",\"item\":\"https:\\\/\\\/www.hasicibystre.cz\\\/?page_id=90\",\"nextItem\":{\"@type\":\"ListItem\",\"@id\":\"https:\\\/\\\/www.hasicibystre.cz\\\/?page_id=385#listItem\",\"name\":\"2001\"},\"previousItem\":{\"@type\":\"ListItem\",\"@id\":\"https:\\\/\\\/www.hasicibystre.cz\\\/?page_id=88#listItem\",\"name\":\"Historie sboru\"}},{\"@type\":\"ListItem\",\"@id\":\"https:\\\/\\\/www.hasicibystre.cz\\\/?page_id=385#listItem\",\"position\":4,\"name\":\"2001\",\"previousItem\":{\"@type\":\"ListItem\",\"@id\":\"https:\\\/\\\/www.hasicibystre.cz\\\/?page_id=90#listItem\",\"name\":\"Kronika\"}}]},{\"@type\":\"Organization\",\"@id\":\"https:\\\/\\\/www.hasicibystre.cz\\\/#organization\",\"name\":\"Sbor dobrovoln\\u00fdch hasi\\u010d\\u016f Bystr\\u00e9 v Orlick\\u00fdch hor\\u00e1ch\",\"url\":\"https:\\\/\\\/www.hasicibystre.cz\\\/\"},{\"@type\":\"WebPage\",\"@id\":\"https:\\\/\\\/www.hasicibystre.cz\\\/?page_id=385#webpage\",\"url\":\"https:\\\/\\\/www.hasicibystre.cz\\\/?page_id=385\",\"name\":\"Kronika sboru - 2001 | Sbor dobrovoln\\u00fdch hasi\\u010d\\u016f Bystr\\u00e9 v Orlick\\u00fdch hor\\u00e1ch\",\"inLanguage\":\"cs-CZ\",\"isPartOf\":{\"@id\":\"https:\\\/\\\/www.hasicibystre.cz\\\/#website\"},\"breadcrumb\":{\"@id\":\"https:\\\/\\\/www.hasicibystre.cz\\\/?page_id=385#breadcrumblist\"},\"datePublished\":\"2018-07-18T19:01:24+02:00\",\"dateModified\":\"2018-07-27T18:44:54+02:00\"},{\"@type\":\"WebSite\",\"@id\":\"https:\\\/\\\/www.hasicibystre.cz\\\/#website\",\"url\":\"https:\\\/\\\/www.hasicibystre.cz\\\/\",\"name\":\"Sbor dobrovoln\\u00fdch hasi\\u010d\\u016f Bystr\\u00e9 v Orlick\\u00fdch hor\\u00e1ch\",\"inLanguage\":\"cs-CZ\",\"publisher\":{\"@id\":\"https:\\\/\\\/www.hasicibystre.cz\\\/#organization\"}}]}\n\t\t<\/script>\n\t\t<!-- All in One SEO -->\n\n","aioseo_head_json":{"title":"Kronika sboru - 2001 | Sbor dobrovoln\u00fdch hasi\u010d\u016f Bystr\u00e9 v Orlick\u00fdch hor\u00e1ch","description":"","canonical_url":"https:\/\/www.hasicibystre.cz\/?page_id=385","robots":"max-image-preview:large","keywords":"","webmasterTools":{"miscellaneous":""},"schema":{"@context":"https:\/\/schema.org","@graph":[{"@type":"BreadcrumbList","@id":"https:\/\/www.hasicibystre.cz\/?page_id=385#breadcrumblist","itemListElement":[{"@type":"ListItem","@id":"https:\/\/www.hasicibystre.cz#listItem","position":1,"name":"Home","item":"https:\/\/www.hasicibystre.cz","nextItem":{"@type":"ListItem","@id":"https:\/\/www.hasicibystre.cz\/?page_id=88#listItem","name":"Historie sboru"}},{"@type":"ListItem","@id":"https:\/\/www.hasicibystre.cz\/?page_id=88#listItem","position":2,"name":"Historie sboru","item":"https:\/\/www.hasicibystre.cz\/?page_id=88","nextItem":{"@type":"ListItem","@id":"https:\/\/www.hasicibystre.cz\/?page_id=90#listItem","name":"Kronika"},"previousItem":{"@type":"ListItem","@id":"https:\/\/www.hasicibystre.cz#listItem","name":"Home"}},{"@type":"ListItem","@id":"https:\/\/www.hasicibystre.cz\/?page_id=90#listItem","position":3,"name":"Kronika","item":"https:\/\/www.hasicibystre.cz\/?page_id=90","nextItem":{"@type":"ListItem","@id":"https:\/\/www.hasicibystre.cz\/?page_id=385#listItem","name":"2001"},"previousItem":{"@type":"ListItem","@id":"https:\/\/www.hasicibystre.cz\/?page_id=88#listItem","name":"Historie sboru"}},{"@type":"ListItem","@id":"https:\/\/www.hasicibystre.cz\/?page_id=385#listItem","position":4,"name":"2001","previousItem":{"@type":"ListItem","@id":"https:\/\/www.hasicibystre.cz\/?page_id=90#listItem","name":"Kronika"}}]},{"@type":"Organization","@id":"https:\/\/www.hasicibystre.cz\/#organization","name":"Sbor dobrovoln\u00fdch hasi\u010d\u016f Bystr\u00e9 v Orlick\u00fdch hor\u00e1ch","url":"https:\/\/www.hasicibystre.cz\/"},{"@type":"WebPage","@id":"https:\/\/www.hasicibystre.cz\/?page_id=385#webpage","url":"https:\/\/www.hasicibystre.cz\/?page_id=385","name":"Kronika sboru - 2001 | Sbor dobrovoln\u00fdch hasi\u010d\u016f Bystr\u00e9 v Orlick\u00fdch hor\u00e1ch","inLanguage":"cs-CZ","isPartOf":{"@id":"https:\/\/www.hasicibystre.cz\/#website"},"breadcrumb":{"@id":"https:\/\/www.hasicibystre.cz\/?page_id=385#breadcrumblist"},"datePublished":"2018-07-18T19:01:24+02:00","dateModified":"2018-07-27T18:44:54+02:00"},{"@type":"WebSite","@id":"https:\/\/www.hasicibystre.cz\/#website","url":"https:\/\/www.hasicibystre.cz\/","name":"Sbor dobrovoln\u00fdch hasi\u010d\u016f Bystr\u00e9 v Orlick\u00fdch hor\u00e1ch","inLanguage":"cs-CZ","publisher":{"@id":"https:\/\/www.hasicibystre.cz\/#organization"}}]},"og:locale":"cs_CZ","og:site_name":"Sbor dobrovoln\u00fdch hasi\u010d\u016f Bystr\u00e9 v Orlick\u00fdch hor\u00e1ch |","og:type":"article","og:title":"Kronika sboru - 2001 | Sbor dobrovoln\u00fdch hasi\u010d\u016f Bystr\u00e9 v Orlick\u00fdch hor\u00e1ch","og:url":"https:\/\/www.hasicibystre.cz\/?page_id=385","article:published_time":"2018-07-18T17:01:24+00:00","article:modified_time":"2018-07-27T16:44:54+00:00","twitter:card":"summary","twitter:title":"Kronika sboru - 2001 | Sbor dobrovoln\u00fdch hasi\u010d\u016f Bystr\u00e9 v Orlick\u00fdch hor\u00e1ch"},"aioseo_meta_data":{"post_id":"385","title":"Kronika sboru - 2001 | #site_title","description":null,"keywords":null,"keyphrases":null,"primary_term":null,"canonical_url":null,"og_title":null,"og_description":null,"og_object_type":"default","og_image_type":"default","og_image_url":null,"og_image_width":null,"og_image_height":null,"og_image_custom_url":null,"og_image_custom_fields":null,"og_video":null,"og_custom_url":null,"og_article_section":null,"og_article_tags":null,"twitter_use_og":false,"twitter_card":"default","twitter_image_type":"default","twitter_image_url":null,"twitter_image_custom_url":null,"twitter_image_custom_fields":null,"twitter_title":null,"twitter_description":null,"schema":{"blockGraphs":[],"customGraphs":[],"default":{"data":{"Article":[],"Course":[],"Dataset":[],"FAQPage":[],"Movie":[],"Person":[],"Product":[],"ProductReview":[],"Car":[],"Recipe":[],"Service":[],"SoftwareApplication":[],"WebPage":[]},"graphName":"WebPage","isEnabled":true},"graphs":[]},"schema_type":null,"schema_type_options":null,"pillar_content":false,"robots_default":true,"robots_noindex":false,"robots_noarchive":false,"robots_nosnippet":false,"robots_nofollow":false,"robots_noimageindex":false,"robots_noodp":false,"robots_notranslate":false,"robots_max_snippet":null,"robots_max_videopreview":null,"robots_max_imagepreview":"large","priority":null,"frequency":null,"local_seo":null,"breadcrumb_settings":null,"limit_modified_date":false,"ai":null,"created":"2020-12-26 10:21:29","updated":"2025-07-23 16:31:01","seo_analyzer_scan_date":null},"aioseo_breadcrumb":"<div class=\"aioseo-breadcrumbs\"><span class=\"aioseo-breadcrumb\">\n\t\t\t<a href=\"https:\/\/www.hasicibystre.cz\" title=\"Home\">Home<\/a>\n\t\t<\/span><span class=\"aioseo-breadcrumb-separator\">&raquo;<\/span><span class=\"aioseo-breadcrumb\">\n\t\t\t<a href=\"https:\/\/www.hasicibystre.cz\/?page_id=88\" title=\"Historie sboru\">Historie sboru<\/a>\n\t\t<\/span><span class=\"aioseo-breadcrumb-separator\">&raquo;<\/span><span class=\"aioseo-breadcrumb\">\n\t\t\t<a href=\"https:\/\/www.hasicibystre.cz\/?page_id=90\" title=\"Kronika\">Kronika<\/a>\n\t\t<\/span><span class=\"aioseo-breadcrumb-separator\">&raquo;<\/span><span class=\"aioseo-breadcrumb\">\n\t\t\t2001\n\t\t<\/span><\/div>","aioseo_breadcrumb_json":[{"label":"Home","link":"https:\/\/www.hasicibystre.cz"},{"label":"Historie sboru","link":"https:\/\/www.hasicibystre.cz\/?page_id=88"},{"label":"Kronika","link":"https:\/\/www.hasicibystre.cz\/?page_id=90"},{"label":"2001","link":"https:\/\/www.hasicibystre.cz\/?page_id=385"}],"jetpack_sharing_enabled":true,"jetpack_likes_enabled":true,"_links":{"self":[{"href":"https:\/\/www.hasicibystre.cz\/index.php?rest_route=\/wp\/v2\/pages\/385","targetHints":{"allow":["GET"]}}],"collection":[{"href":"https:\/\/www.hasicibystre.cz\/index.php?rest_route=\/wp\/v2\/pages"}],"about":[{"href":"https:\/\/www.hasicibystre.cz\/index.php?rest_route=\/wp\/v2\/types\/page"}],"author":[{"embeddable":true,"href":"https:\/\/www.hasicibystre.cz\/index.php?rest_route=\/wp\/v2\/users\/2"}],"replies":[{"embeddable":true,"href":"https:\/\/www.hasicibystre.cz\/index.php?rest_route=%2Fwp%2Fv2%2Fcomments&post=385"}],"version-history":[{"count":4,"href":"https:\/\/www.hasicibystre.cz\/index.php?rest_route=\/wp\/v2\/pages\/385\/revisions"}],"predecessor-version":[{"id":849,"href":"https:\/\/www.hasicibystre.cz\/index.php?rest_route=\/wp\/v2\/pages\/385\/revisions\/849"}],"up":[{"embeddable":true,"href":"https:\/\/www.hasicibystre.cz\/index.php?rest_route=\/wp\/v2\/pages\/90"}],"wp:attachment":[{"href":"https:\/\/www.hasicibystre.cz\/index.php?rest_route=%2Fwp%2Fv2%2Fmedia&parent=385"}],"curies":[{"name":"wp","href":"https:\/\/api.w.org\/{rel}","templated":true}]}}