{"id":413,"date":"2018-07-18T19:07:48","date_gmt":"2018-07-18T17:07:48","guid":{"rendered":"http:\/\/www.hasicibystre.cz\/?page_id=413"},"modified":"2018-08-16T21:35:12","modified_gmt":"2018-08-16T19:35:12","slug":"2015-2","status":"publish","type":"page","link":"https:\/\/www.hasicibystre.cz\/?page_id=413","title":{"rendered":"2015"},"content":{"rendered":"<p style=\"text-align: justify;\">Okrskov\u00e1 sout\u011b\u017e v&nbsp;po\u017e\u00e1rn\u00edm sportu se konala 23.&nbsp;kv\u011btna v&nbsp;Bohda\u0161\u00edn\u011b. Do sout\u011b\u017ee jsme zapojili sout\u011b\u017en\u00ed dru\u017estvo mu\u017e\u016f, kter\u00e9 zde obsadilo 2.&nbsp;m\u00edsto. Okresn\u00edho kola v&nbsp;PS, 6.&nbsp;\u010dervna v&nbsp;Poho\u0159\u00ed se z\u00fa\u010dastnilo dru\u017estvo mu\u017e\u016f. To v\u00a0cel\u00e9 sout\u011b\u017ei zv\u00edt\u011bzilo a vybojovalo si tak postup do krajsk\u00e9ho kola. Krajsk\u00e9 kolo se konalo 13.&nbsp;\u010dervna v&nbsp;Lan\u0161kroun\u011b a dru\u017estvo zde po boji obsadilo 2.&nbsp;m\u00edsto. Krom\u011b t\u011bchto sout\u011b\u017e\u00ed se dru\u017estvo zapojilo do dal\u0161\u00edho ro\u010dn\u00edku Podorlick\u00e9 ligy a obsadilo zde po dobr\u00fdch v\u00fdsledc\u00edch v\u00a0za\u010d\u00e1tku sezony 2.&nbsp;m\u00edsto v&nbsp;celkov\u00e9m hodnocen\u00ed.<\/p>\n<p style=\"text-align: justify;\">Do sout\u011b\u017e\u00ed hry Plamen jsme zapojili 1 sout\u011b\u017en\u00ed dru\u017estvo mlad\u0161\u00edch a 1 sout\u011b\u017en\u00ed dru\u017estvo star\u0161\u00edch. Dru\u017estvo mlad\u0161\u00edch se z\u00fa\u010dastnilo okresn\u00edho kola hry Plamen v&nbsp;P\u0159epych\u00e1ch, 29. &#8211; 31.&nbsp;kv\u011btna. Dru\u017estvo zde velmi dob\u0159e bojovalo a o v\u00edt\u011bzstv\u00ed v\u00a0okresn\u00edm kole jej p\u0159ipravil nepoveden\u00fd po\u017e\u00e1rn\u00ed \u00fatok. Dru\u017estvo tak obsadilo 2.&nbsp;m\u00edsto. Dru\u017estvo star\u0161\u00edch se v&nbsp;p\u0159\u00edpravn\u00e9m obdob\u00ed zapojilo do sout\u011b\u017e\u00ed v&nbsp;Hav\u00ed\u0159ov\u011b (20.&nbsp;m\u00edsto), Jablonci nad Nisou, B\u011blovsi (2.&nbsp;m\u00edsto) a N\u00edzk\u00e9 Srbsk\u00e9 (2.&nbsp;m\u00edsto). V&nbsp;okresn\u00edm kole hry Plamen v\u00a0P\u0159epych\u00e1ch potvrdilo dru\u017estvo pozici nejlep\u0161\u00edho dru\u017estva okresu a s\u00a0n\u00e1skokem 18 bod\u016f si vybojovalo postup do boj\u016f o republikov\u00e9 mistrovstv\u00ed. Krajsk\u00e9 kolo se konalo ve dnech 20. &#8211; 21.&nbsp;\u010dervna v\u00a0T\u00fdni\u0161ti nad Orlic\u00ed a na dom\u00e1c\u00ed p\u016fd\u011b v\u00a0Bystr\u00e9m. Dru\u017estvo nastupovalo do sout\u011b\u017ee s\u00a0p\u0159edsevzet\u00edm vybojovat p\u0159ed dom\u00e1c\u00edm publikem v\u00edt\u011bzstv\u00ed a t\u00edm i postup na mistrovstv\u00ed \u010cesk\u00e9 republiky. Z\u00a0T\u00fdni\u0161t\u011b p\u0159ij\u00ed\u017ed\u011blo dom\u016f s\u00a0m\u00edrn\u00fdm, ale slibn\u00fdm n\u00e1skokem na 1.&nbsp;m\u00edst\u011b. R\u00e1no v\u00a0Bystr\u00e9m p\u0159idalo k\u00a0n\u00e1skoku dal\u0161\u00ed bod a o v\u0161em tak musel ve vyrovnan\u00e9 sout\u011b\u017ei rozhodnout z\u00e1v\u011bre\u010dn\u00fd z\u00e1vod po\u017e\u00e1rnick\u00e9 v\u0161estrannosti. Zde se v\u0161ak od dru\u017estva \u0161t\u011bst\u00ed odvr\u00e1tilo a postup dru\u017estvu protekl mezi prsty. Druh\u00e9 m\u00edsto v\u00a0krajsk\u00e9m kole tak dru\u017estvo oplakalo, proto\u017ee tentokr\u00e1t bylo k\u00a0v\u00edt\u011bzstv\u00ed opravdu bl\u00edzko.<\/p>\n<p style=\"text-align: justify;\">Ob\u011b sout\u011b\u017en\u00ed dru\u017estva se zapojila do zahajovac\u00edho Z\u00e1vodu po\u017e\u00e1rnick\u00e9 v\u0161estrannosti ve Slatin\u011b nad Zdobnic\u00ed. Dru\u017estvo mlad\u0161\u00edch obsadilo 8.&nbsp;a dru\u017estvo star\u0161\u00edch 2.&nbsp;m\u00edsto. Dal\u0161\u00edmi spole\u010dn\u00fdmi sout\u011b\u017eemi pak byly: Provozsk\u00e1 uzlovka (mlad\u0161\u00ed 5., star\u0161\u00ed 2.&nbsp;m\u00edsto), poh\u00e1r CTIF v&nbsp;Bystr\u00e9m (mlad\u0161\u00ed 2., star\u0161\u00ed 2.&nbsp;m\u00edsto), poh\u00e1r SDH v&nbsp;Houdkovic\u00edch (mlad\u0161\u00ed 2., star\u0161\u00ed 1.&nbsp;m\u00edsto), b\u011bh 60&nbsp;m s&nbsp;p\u0159ek\u00e1\u017ekami v&nbsp;Kvasin\u00e1ch (mlad\u0161\u00ed 5., star\u0161\u00ed 3.&nbsp;m\u00edsto), poh\u00e1r SDH v\u00a0J\u00edlovici (mlad\u0161\u00ed 7., star\u0161\u00ed 1.&nbsp;m\u00edsto), poh\u00e1r hasi\u010dsk\u00e9 ml\u00e1de\u017ee v&nbsp;Opo\u010dn\u011b (mlad\u0161\u00ed 6., star\u0161\u00ed 1.&nbsp;m\u00edsto), \u010c\u00e1neck\u00fd poh\u00e1r v&nbsp;\u010c\u00e1nce (mlad\u0161\u00ed 3., star\u0161\u00ed 1.&nbsp;m\u00edsto), poh\u00e1r SDH v&nbsp;Ledc\u00edch (mlad\u0161\u00ed 6., star\u0161\u00ed 2.&nbsp;m\u00edsto),\u00a0 hasi\u010dsk\u00e9 kl\u00e1n\u00ed v&nbsp;K\u0159ovic\u00edch (mlad\u0161\u00ed 2., star\u0161\u00ed 1.&nbsp;m\u00edsto). Dru\u017estvo star\u0161\u00edch se z\u00fa\u010dastnilo ZPV v&nbsp;Lukavici (1.&nbsp;m\u00edsto). V&nbsp;celkov\u00e9m po\u0159ad\u00ed Ligy hasi\u010dsk\u00e9 ml\u00e1de\u017ee okresu Rychnov nad Kn\u011b\u017enou obsadilo dru\u017estvo mlad\u0161\u00edch 4.&nbsp;m\u00edsto a dru\u017estvo star\u0161\u00edch obh\u00e1jilo v\u00edt\u011bzstv\u00ed z\u00a0roku 2014. Mlad\u00ed hasi\u010di se i v\u00a0tomto roce zapojili do sb\u011bru star\u00e9ho pap\u00edru, akce Ligy proti rakovin\u011b \u201eKv\u011btinov\u00fd den\u201c (5\u00a0530&nbsp;K\u010d) a celost\u00e1tn\u00ed akce \u201eUkli\u010fme \u010cesko\u201c<\/p>\n<p style=\"text-align: justify;\">Dru\u017estvo dorostenc\u016f se v&nbsp;tomto roce nezapojilo do okresn\u00edho kola celoro\u010dn\u00ed \u010dinnosti dorostu. Na podzim roku bylo sestaveno nov\u00e9 dru\u017estvo dorostenc\u016f slo\u017een\u00e9 z\u00a0b\u00fdval\u00fdch \u010dlen\u016f dru\u017estva star\u0161\u00edch. Do nov\u00e9ho sout\u011b\u017en\u00edho ro\u010dn\u00edku se zapojilo zahajovac\u00edm z\u00e1vodem po\u017e\u00e1rnick\u00e9 v\u0161estrannosti ve Slatin\u011b nad Zdobnic\u00ed, kde obsadilo 2.&nbsp;m\u00edsto. Ve stejn\u00e9m z\u00e1vod\u011b v\u00a0Meziles\u00ed dru\u017estvo zv\u00edt\u011bzilo.<\/p>\n<p style=\"text-align: justify;\">\u010clenov\u00e9 a \u010dlenky oslavili v&nbsp;tomto roce kulat\u00e1 \u017eivotn\u00ed jubilea.<\/p>\n<p>\u0158ady bystersk\u00fdch hasi\u010d\u016f v&nbsp;tomto roce opustili brat\u0159i Bohuslav Net\u00edk a Josef Povoln\u00fd.<\/p>\n<p>Sbor se zapojil do ankety &#8222;Dobr\u00e1ci roku 2015&#8220;.<\/p>\n<p style=\"text-align: justify;\">V 31.&nbsp;prosinci bylo \u010dlenem na\u0161eho sboru celkem 104 mu\u017e\u016f, \u017een a d\u011bt\u00ed.<\/p>\n<p>Kompletn\u00ed text v\u00fdro\u010dn\u00ed zpr\u00e1vy naleznete <a href=\"http:\/\/www.hasicibystre.cz\/wp-content\/uploads\/2018\/07\/zprava2015.pdf\" target=\"_blank\" rel=\"noopener\"><strong>ZDE<\/strong><\/a>.<\/p>\n","protected":false},"excerpt":{"rendered":"<p>Okrskov\u00e1 sout\u011b\u017e v&nbsp;po\u017e\u00e1rn\u00edm sportu se konala 23.&nbsp;kv\u011btna v&nbsp;Bohda\u0161\u00edn\u011b. Do sout\u011b\u017ee jsme zapojili sout\u011b\u017en\u00ed dru\u017estvo mu\u017e\u016f, kter\u00e9 zde obsadilo 2.&nbsp;m\u00edsto. Okresn\u00edho kola v&nbsp;PS, 6.&nbsp;\u010dervna v&nbsp;Poho\u0159\u00ed se z\u00fa\u010dastnilo dru\u017estvo mu\u017e\u016f. To v\u00a0cel\u00e9 sout\u011b\u017ei zv\u00edt\u011bzilo a vybojovalo si tak postup do krajsk\u00e9ho kola. Krajsk\u00e9 kolo se konalo 13.&nbsp;\u010dervna v&nbsp;Lan\u0161kroun\u011b a dru\u017estvo zde po boji obsadilo 2.&nbsp;m\u00edsto. Krom\u011b t\u011bchto [&hellip;]<\/p>\n","protected":false},"author":2,"featured_media":0,"parent":90,"menu_order":0,"comment_status":"closed","ping_status":"closed","template":"","meta":{"footnotes":""},"class_list":["post-413","page","type-page","status-publish","hentry"],"aioseo_notices":[],"jetpack_sharing_enabled":true,"jetpack_likes_enabled":true,"_links":{"self":[{"href":"https:\/\/www.hasicibystre.cz\/index.php?rest_route=\/wp\/v2\/pages\/413","targetHints":{"allow":["GET"]}}],"collection":[{"href":"https:\/\/www.hasicibystre.cz\/index.php?rest_route=\/wp\/v2\/pages"}],"about":[{"href":"https:\/\/www.hasicibystre.cz\/index.php?rest_route=\/wp\/v2\/types\/page"}],"author":[{"embeddable":true,"href":"https:\/\/www.hasicibystre.cz\/index.php?rest_route=\/wp\/v2\/users\/2"}],"replies":[{"embeddable":true,"href":"https:\/\/www.hasicibystre.cz\/index.php?rest_route=%2Fwp%2Fv2%2Fcomments&post=413"}],"version-history":[{"count":7,"href":"https:\/\/www.hasicibystre.cz\/index.php?rest_route=\/wp\/v2\/pages\/413\/revisions"}],"predecessor-version":[{"id":1560,"href":"https:\/\/www.hasicibystre.cz\/index.php?rest_route=\/wp\/v2\/pages\/413\/revisions\/1560"}],"up":[{"embeddable":true,"href":"https:\/\/www.hasicibystre.cz\/index.php?rest_route=\/wp\/v2\/pages\/90"}],"wp:attachment":[{"href":"https:\/\/www.hasicibystre.cz\/index.php?rest_route=%2Fwp%2Fv2%2Fmedia&parent=413"}],"curies":[{"name":"wp","href":"https:\/\/api.w.org\/{rel}","templated":true}]}}