{"id":415,"date":"2018-07-18T19:08:21","date_gmt":"2018-07-18T17:08:21","guid":{"rendered":"http:\/\/www.hasicibystre.cz\/?page_id=415"},"modified":"2018-08-16T21:33:07","modified_gmt":"2018-08-16T19:33:07","slug":"2016-2","status":"publish","type":"page","link":"https:\/\/www.hasicibystre.cz\/?page_id=415","title":{"rendered":"2016"},"content":{"rendered":"<p style=\"text-align: justify;\">Okrskov\u00e1 sout\u011b\u017e v&nbsp;po\u017e\u00e1rn\u00edm sportu se konala 7.&nbsp;kv\u011btna ve Sn\u011b\u017en\u00e9m. Do sout\u011b\u017ee jsme zapojili sout\u011b\u017en\u00ed dru\u017estvo mu\u017e\u016f, kter\u00e9 v&nbsp;sout\u011b\u017ei zv\u00edt\u011bzilo. Dru\u017estvo se d\u00e1le z\u00fa\u010dastnilo okresn\u00edho kola v&nbsp;K\u0159ovic\u00edch, kde obsadilo a 2.&nbsp;m\u00edsto a vybojovalo si tak postup do krajsk\u00e9ho kola. Krajsk\u00e9 kolo se konalo v&nbsp;Hradci Kr\u00e1lov\u00e9 a dru\u017estvo mu\u017e\u016f si z&nbsp;t\u00e9to sout\u011b\u017ee odvezlo 4.&nbsp;m\u00edsto. Po cel\u00fd rok se dru\u017estvo mu\u017e\u016f z\u00fa\u010dast\u0148ovalo seri\u00e1lu sout\u011b\u017e\u00ed v&nbsp;po\u017e\u00e1rn\u00edm \u00fatoku Podorlick\u00e1 liga, ve kter\u00e9m obsadilo 3.&nbsp;m\u00edsto v&nbsp;celkov\u00e9m hodnocen\u00ed.<\/p>\n<p style=\"text-align: justify;\">Do sout\u011b\u017e\u00ed hry Plamen jsme zapojili 1 sout\u011b\u017en\u00ed dru\u017estvo mlad\u0161\u00edch a 1 sout\u011b\u017en\u00ed dru\u017estvo star\u0161\u00edch.Dru\u017estvo mlad\u0161\u00edch obsadilo 3.&nbsp;m\u00edsto v&nbsp;okresn\u00edm kole hry Plamen v&nbsp;J\u00edlovici, kter\u00e9 bylo z&nbsp;d\u016fvodu bleskov\u00e9 povodn\u011b p\u0159ed\u010dasn\u011b ukon\u010deno. Dru\u017estvo star\u0161\u00edch se spole\u010dn\u011b s&nbsp;dru\u017estvem mlad\u0161\u00edch z\u00fa\u010dastnilo okresn\u00edho kola v&nbsp;J\u00edlovici, kde zv\u00edt\u011bzilo. Vybojovalo si tak postup do krajsk\u00e9ho kola hry Plamen. Toto se konalo v&nbsp;Nov\u00e9 Pace. Dru\u017estvo si narozd\u00edl od roku 2015 dr\u017eelo od za\u010d\u00e1tku veden\u00ed a zv\u00edt\u011bzilo ve 4 ze 6 discipl\u00edn. S&nbsp;n\u00e1skokem 12 bod\u016f v&nbsp;krajsk\u00e9m kole zv\u00edt\u011bzilo a vybojovalo tak po 20 letech postup na mistrovstv\u00ed republiky ve h\u0159e Plamen. Sv\u011bdky oslav byli i ob\u010dan\u00e9 Bystr\u00e9ho, kte\u0159\u00ed oslavnou sir\u00e9nu a houk\u00e1n\u00ed maj\u00e1k\u016f jist\u011b nep\u0159eslechli. Mistrovstv\u00ed \u010cesk\u00e9 republiky se konalo v&nbsp;\u010cesk\u00fdch Bud\u011bjovic\u00edch. Dru\u017estvu se zde zdaleka neda\u0159ilo tolik, jako v&nbsp;krajsk\u00e9m kole a nejlep\u0161\u00edho v\u00fdsledku dru\u017estvo dos\u00e1hlo v&nbsp;po\u017e\u00e1rn\u00edm \u00fatoku (6.&nbsp;m\u00edsto). Celkov\u00e9 14.&nbsp;m\u00edsto bylo trochu zklam\u00e1n\u00edm, av\u0161ak dru\u017estvo se rozhodn\u011b nem\u011blo za co styd\u011bt. Ob\u011b sout\u011b\u017en\u00ed dru\u017estva se v&nbsp;podzimn\u00ed \u010d\u00e1sti sez\u00f3ny zapojila do zahajovac\u00edho z\u00e1vodu po\u017e\u00e1rnick\u00e9 v\u0161estrannosti v&nbsp;\u010cestic\u00edch. Dru\u017estvo mlad\u0161\u00edch zde obsadilo 6.&nbsp;m\u00edsto a dru\u017estvo star\u0161\u00edch zv\u00edt\u011bzilo. Oba\u011b dv\u011b dru\u017estva mlad\u00fdch hasi\u010d\u016f se po cel\u00fd sout\u011b\u017en\u00ed ro\u010dn\u00edk zapojovala do seri\u00e1lu sout\u011b\u017e\u00ed Ligy hasi\u010dsk\u00e9 ml\u00e1de\u017ee okresu Rychnov nad Kn\u011b\u017enou. Dru\u017estvo mlad\u0161\u00edch obsadilo t\u0159i 1.&nbsp;m\u00edsta, dv\u011b 2.&nbsp;m\u00edsta, jedno 5.&nbsp;a jedno 6.&nbsp;m\u00edsto. To sta\u010dilo na celkov\u00e9 4.&nbsp;m\u00edsto v&nbsp;seri\u00e1lu. Dru\u017estvo star\u0161\u00edch zv\u00edt\u011bzilo ve t\u0159ech\u00a0 sout\u011b\u017e\u00edch, d\u00e1le obsadilo 2., 3., 4.&nbsp;a 5.&nbsp;m\u00edsto. V&nbsp;celkov\u00e9m hodnocen\u00ed ro\u010dn\u00edku pak dru\u017estvo obsadilo 3.&nbsp;m\u00edsto.<\/p>\n<p>Mlad\u00ed hasi\u010di se i v\u00a0tomto roce zapojili do akce Ligy proti rakovin\u011b \u201eKv\u011btinov\u00fd den\u201c (4&nbsp;719&nbsp;K\u010d) a celost\u00e1tn\u00ed akce \u201eUkli\u010fme \u010cesko\u201c.<\/p>\n<p style=\"text-align: justify;\">Dru\u017estvo dorostenc\u016f se po kr\u00e1tk\u00e9 odmlce zapojilo do sout\u011b\u017e\u00ed ve sv\u00e9 kategorii. Spole\u010dn\u011b s&nbsp;dru\u017estvem mu\u017e\u016f se z\u00fa\u010dastnilo okrskov\u00e9 sout\u011b\u017ee ve Sn\u011b\u017en\u00e9m. Zde obsadilo 4.&nbsp;m\u00edsto. V&nbsp;okresn\u00edm kole sout\u011b\u017ee dorostu v&nbsp;K\u0159ovic\u00edch dru\u017estvo zv\u00edt\u011bzilo a vybojovalo si tak postup\u00a0 do krajsk\u00e9ho kola, kde dru\u017estvo obsadilo 3.&nbsp;m\u00edsto. Do nov\u00e9ho ro\u010dn\u00edku dru\u017estvo vstoupilo zahajovac\u00edm z\u00e1vodem po\u017e\u00e1rnick\u00e9 v\u0161estrannosti v&nbsp;\u010cestic\u00edch. Zde obsadilo 2.&nbsp;m\u00edsto. V&nbsp;seri\u00e1lu sout\u011b\u017e\u00ed Podorlick\u00e1 liga pak m\u00edsto 18.&nbsp;v&nbsp;celkov\u00e9m hodnocen\u00ed ro\u010dn\u00edku. Sout\u011b\u017en\u00ed ro\u010dn\u00edk pak dru\u017estvo zakon\u010dilo v\u00edt\u011bzstv\u00edm v&nbsp;Memori\u00e1lu J. K\u00e1rn\u00edka v&nbsp;Meziles\u00ed.<\/p>\n<p style=\"text-align: justify;\">Cel\u00fd rok 2016 byl ve znamen\u00ed oslav 130.&nbsp;v\u00fdro\u010d\u00ed zalo\u017een\u00ed sboru. Byl vyd\u00e1n almanach mapuj\u00edc\u00ed obdob\u00ed let 2006 &#8211; 2016. Sou\u010d\u00e1st\u00ed oslav, kter\u00e9 se konaly na Bysterskou pou\u0165 byla p\u0159ipom\u00ednka padl\u00fdch legion\u00e1\u0159\u016f, slavnost\u00ed pr\u016fvod a prezentace historick\u00e9 techniky. Starosta KSH bratr Ors\u00e1k ocenil \u010dleny sboru, kte\u0159\u00ed se aktivn\u011b pod\u00edleli na evakuaci z&nbsp;J\u00edlovice. Oslavy, kter\u00fdch se z\u00fa\u010daastnili i host\u00e9 z&nbsp;Polska a Slovenska zakon\u010dila Pou\u0165ov\u00e1 tane\u010dn\u00ed z\u00e1bava.<\/p>\n<p>\u010clenov\u00e9 a \u010dlenky oslavili v&nbsp;tomto roce kulat\u00e1 \u017eivotn\u00ed jubilea.<\/p>\n<p>V z\u00e1v\u011bru roku jsme se naposledy rozlou\u010dili s&nbsp;bratrem Bohumilem Pabelem.<\/p>\n<p>V 31.&nbsp;prosinci bylo \u010dlenem na\u0161eho sboru celkem 110 mu\u017e\u016f, \u017een a d\u011bt\u00ed.<\/p>\n<p>Kompletn\u00ed text v\u00fdro\u010dn\u00ed zpr\u00e1vy naleznete <a href=\"http:\/\/www.hasicibystre.cz\/wp-content\/uploads\/2018\/07\/zprava2016.pdf\" target=\"_blank\" rel=\"noopener\"><strong>ZDE<\/strong><\/a>.<\/p>\n","protected":false},"excerpt":{"rendered":"<p>Okrskov\u00e1 sout\u011b\u017e v&nbsp;po\u017e\u00e1rn\u00edm sportu se konala 7.&nbsp;kv\u011btna ve Sn\u011b\u017en\u00e9m. Do sout\u011b\u017ee jsme zapojili sout\u011b\u017en\u00ed dru\u017estvo mu\u017e\u016f, kter\u00e9 v&nbsp;sout\u011b\u017ei zv\u00edt\u011bzilo. Dru\u017estvo se d\u00e1le z\u00fa\u010dastnilo okresn\u00edho kola v&nbsp;K\u0159ovic\u00edch, kde obsadilo a 2.&nbsp;m\u00edsto a vybojovalo si tak postup do krajsk\u00e9ho kola. Krajsk\u00e9 kolo se konalo v&nbsp;Hradci Kr\u00e1lov\u00e9 a dru\u017estvo mu\u017e\u016f si z&nbsp;t\u00e9to sout\u011b\u017ee odvezlo 4.&nbsp;m\u00edsto. Po cel\u00fd rok [&hellip;]<\/p>\n","protected":false},"author":2,"featured_media":0,"parent":90,"menu_order":0,"comment_status":"closed","ping_status":"closed","template":"","meta":{"footnotes":""},"class_list":["post-415","page","type-page","status-publish","hentry"],"aioseo_notices":[],"aioseo_head":"\n\t\t<!-- All in One SEO 4.9.10 - aioseo.com -->\n\t<meta name=\"robots\" content=\"max-image-preview:large\" \/>\n\t<link rel=\"canonical\" href=\"https:\/\/www.hasicibystre.cz\/?page_id=415\" \/>\n\t<meta name=\"generator\" content=\"All in One SEO (AIOSEO) 4.9.10\" \/>\n\t\t<meta property=\"og:locale\" content=\"cs_CZ\" \/>\n\t\t<meta property=\"og:site_name\" content=\"Sbor dobrovoln\u00fdch hasi\u010d\u016f Bystr\u00e9 v Orlick\u00fdch hor\u00e1ch |\" \/>\n\t\t<meta property=\"og:type\" content=\"article\" \/>\n\t\t<meta property=\"og:title\" content=\"Kronika sboru - 2016 | Sbor dobrovoln\u00fdch hasi\u010d\u016f Bystr\u00e9 v Orlick\u00fdch hor\u00e1ch\" \/>\n\t\t<meta property=\"og:url\" content=\"https:\/\/www.hasicibystre.cz\/?page_id=415\" \/>\n\t\t<meta property=\"article:published_time\" content=\"2018-07-18T17:08:21+00:00\" \/>\n\t\t<meta property=\"article:modified_time\" content=\"2018-08-16T19:33:07+00:00\" \/>\n\t\t<meta name=\"twitter:card\" content=\"summary\" \/>\n\t\t<meta name=\"twitter:title\" content=\"Kronika sboru - 2016 | Sbor dobrovoln\u00fdch hasi\u010d\u016f Bystr\u00e9 v Orlick\u00fdch hor\u00e1ch\" \/>\n\t\t<script type=\"application\/ld+json\" class=\"aioseo-schema\">\n\t\t\t{\"@context\":\"https:\\\/\\\/schema.org\",\"@graph\":[{\"@type\":\"BreadcrumbList\",\"@id\":\"https:\\\/\\\/www.hasicibystre.cz\\\/?page_id=415#breadcrumblist\",\"itemListElement\":[{\"@type\":\"ListItem\",\"@id\":\"https:\\\/\\\/www.hasicibystre.cz#listItem\",\"position\":1,\"name\":\"Home\",\"item\":\"https:\\\/\\\/www.hasicibystre.cz\",\"nextItem\":{\"@type\":\"ListItem\",\"@id\":\"https:\\\/\\\/www.hasicibystre.cz\\\/?page_id=88#listItem\",\"name\":\"Historie sboru\"}},{\"@type\":\"ListItem\",\"@id\":\"https:\\\/\\\/www.hasicibystre.cz\\\/?page_id=88#listItem\",\"position\":2,\"name\":\"Historie sboru\",\"item\":\"https:\\\/\\\/www.hasicibystre.cz\\\/?page_id=88\",\"nextItem\":{\"@type\":\"ListItem\",\"@id\":\"https:\\\/\\\/www.hasicibystre.cz\\\/?page_id=90#listItem\",\"name\":\"Kronika\"},\"previousItem\":{\"@type\":\"ListItem\",\"@id\":\"https:\\\/\\\/www.hasicibystre.cz#listItem\",\"name\":\"Home\"}},{\"@type\":\"ListItem\",\"@id\":\"https:\\\/\\\/www.hasicibystre.cz\\\/?page_id=90#listItem\",\"position\":3,\"name\":\"Kronika\",\"item\":\"https:\\\/\\\/www.hasicibystre.cz\\\/?page_id=90\",\"nextItem\":{\"@type\":\"ListItem\",\"@id\":\"https:\\\/\\\/www.hasicibystre.cz\\\/?page_id=415#listItem\",\"name\":\"2016\"},\"previousItem\":{\"@type\":\"ListItem\",\"@id\":\"https:\\\/\\\/www.hasicibystre.cz\\\/?page_id=88#listItem\",\"name\":\"Historie sboru\"}},{\"@type\":\"ListItem\",\"@id\":\"https:\\\/\\\/www.hasicibystre.cz\\\/?page_id=415#listItem\",\"position\":4,\"name\":\"2016\",\"previousItem\":{\"@type\":\"ListItem\",\"@id\":\"https:\\\/\\\/www.hasicibystre.cz\\\/?page_id=90#listItem\",\"name\":\"Kronika\"}}]},{\"@type\":\"Organization\",\"@id\":\"https:\\\/\\\/www.hasicibystre.cz\\\/#organization\",\"name\":\"Sbor dobrovoln\\u00fdch hasi\\u010d\\u016f Bystr\\u00e9 v Orlick\\u00fdch hor\\u00e1ch\",\"url\":\"https:\\\/\\\/www.hasicibystre.cz\\\/\"},{\"@type\":\"WebPage\",\"@id\":\"https:\\\/\\\/www.hasicibystre.cz\\\/?page_id=415#webpage\",\"url\":\"https:\\\/\\\/www.hasicibystre.cz\\\/?page_id=415\",\"name\":\"Kronika sboru - 2016 | Sbor dobrovoln\\u00fdch hasi\\u010d\\u016f Bystr\\u00e9 v Orlick\\u00fdch hor\\u00e1ch\",\"inLanguage\":\"cs-CZ\",\"isPartOf\":{\"@id\":\"https:\\\/\\\/www.hasicibystre.cz\\\/#website\"},\"breadcrumb\":{\"@id\":\"https:\\\/\\\/www.hasicibystre.cz\\\/?page_id=415#breadcrumblist\"},\"datePublished\":\"2018-07-18T19:08:21+02:00\",\"dateModified\":\"2018-08-16T21:33:07+02:00\"},{\"@type\":\"WebSite\",\"@id\":\"https:\\\/\\\/www.hasicibystre.cz\\\/#website\",\"url\":\"https:\\\/\\\/www.hasicibystre.cz\\\/\",\"name\":\"Sbor dobrovoln\\u00fdch hasi\\u010d\\u016f Bystr\\u00e9 v Orlick\\u00fdch hor\\u00e1ch\",\"inLanguage\":\"cs-CZ\",\"publisher\":{\"@id\":\"https:\\\/\\\/www.hasicibystre.cz\\\/#organization\"}}]}\n\t\t<\/script>\n\t\t<!-- All in One SEO -->\n\n","aioseo_head_json":{"title":"Kronika sboru - 2016 | Sbor dobrovoln\u00fdch hasi\u010d\u016f Bystr\u00e9 v Orlick\u00fdch hor\u00e1ch","description":"","canonical_url":"https:\/\/www.hasicibystre.cz\/?page_id=415","robots":"max-image-preview:large","keywords":"","webmasterTools":{"miscellaneous":""},"schema":{"@context":"https:\/\/schema.org","@graph":[{"@type":"BreadcrumbList","@id":"https:\/\/www.hasicibystre.cz\/?page_id=415#breadcrumblist","itemListElement":[{"@type":"ListItem","@id":"https:\/\/www.hasicibystre.cz#listItem","position":1,"name":"Home","item":"https:\/\/www.hasicibystre.cz","nextItem":{"@type":"ListItem","@id":"https:\/\/www.hasicibystre.cz\/?page_id=88#listItem","name":"Historie sboru"}},{"@type":"ListItem","@id":"https:\/\/www.hasicibystre.cz\/?page_id=88#listItem","position":2,"name":"Historie sboru","item":"https:\/\/www.hasicibystre.cz\/?page_id=88","nextItem":{"@type":"ListItem","@id":"https:\/\/www.hasicibystre.cz\/?page_id=90#listItem","name":"Kronika"},"previousItem":{"@type":"ListItem","@id":"https:\/\/www.hasicibystre.cz#listItem","name":"Home"}},{"@type":"ListItem","@id":"https:\/\/www.hasicibystre.cz\/?page_id=90#listItem","position":3,"name":"Kronika","item":"https:\/\/www.hasicibystre.cz\/?page_id=90","nextItem":{"@type":"ListItem","@id":"https:\/\/www.hasicibystre.cz\/?page_id=415#listItem","name":"2016"},"previousItem":{"@type":"ListItem","@id":"https:\/\/www.hasicibystre.cz\/?page_id=88#listItem","name":"Historie sboru"}},{"@type":"ListItem","@id":"https:\/\/www.hasicibystre.cz\/?page_id=415#listItem","position":4,"name":"2016","previousItem":{"@type":"ListItem","@id":"https:\/\/www.hasicibystre.cz\/?page_id=90#listItem","name":"Kronika"}}]},{"@type":"Organization","@id":"https:\/\/www.hasicibystre.cz\/#organization","name":"Sbor dobrovoln\u00fdch hasi\u010d\u016f Bystr\u00e9 v Orlick\u00fdch hor\u00e1ch","url":"https:\/\/www.hasicibystre.cz\/"},{"@type":"WebPage","@id":"https:\/\/www.hasicibystre.cz\/?page_id=415#webpage","url":"https:\/\/www.hasicibystre.cz\/?page_id=415","name":"Kronika sboru - 2016 | Sbor dobrovoln\u00fdch hasi\u010d\u016f Bystr\u00e9 v Orlick\u00fdch hor\u00e1ch","inLanguage":"cs-CZ","isPartOf":{"@id":"https:\/\/www.hasicibystre.cz\/#website"},"breadcrumb":{"@id":"https:\/\/www.hasicibystre.cz\/?page_id=415#breadcrumblist"},"datePublished":"2018-07-18T19:08:21+02:00","dateModified":"2018-08-16T21:33:07+02:00"},{"@type":"WebSite","@id":"https:\/\/www.hasicibystre.cz\/#website","url":"https:\/\/www.hasicibystre.cz\/","name":"Sbor dobrovoln\u00fdch hasi\u010d\u016f Bystr\u00e9 v Orlick\u00fdch hor\u00e1ch","inLanguage":"cs-CZ","publisher":{"@id":"https:\/\/www.hasicibystre.cz\/#organization"}}]},"og:locale":"cs_CZ","og:site_name":"Sbor dobrovoln\u00fdch hasi\u010d\u016f Bystr\u00e9 v Orlick\u00fdch hor\u00e1ch |","og:type":"article","og:title":"Kronika sboru - 2016 | Sbor dobrovoln\u00fdch hasi\u010d\u016f Bystr\u00e9 v Orlick\u00fdch hor\u00e1ch","og:url":"https:\/\/www.hasicibystre.cz\/?page_id=415","article:published_time":"2018-07-18T17:08:21+00:00","article:modified_time":"2018-08-16T19:33:07+00:00","twitter:card":"summary","twitter:title":"Kronika sboru - 2016 | Sbor dobrovoln\u00fdch hasi\u010d\u016f Bystr\u00e9 v Orlick\u00fdch hor\u00e1ch"},"aioseo_meta_data":{"post_id":"415","title":"Kronika sboru - 2016 | #site_title","description":null,"keywords":null,"keyphrases":null,"primary_term":null,"canonical_url":null,"og_title":null,"og_description":null,"og_object_type":"default","og_image_type":"default","og_image_url":null,"og_image_width":null,"og_image_height":null,"og_image_custom_url":null,"og_image_custom_fields":null,"og_video":null,"og_custom_url":null,"og_article_section":null,"og_article_tags":null,"twitter_use_og":false,"twitter_card":"default","twitter_image_type":"default","twitter_image_url":null,"twitter_image_custom_url":null,"twitter_image_custom_fields":null,"twitter_title":null,"twitter_description":null,"schema":{"blockGraphs":[],"customGraphs":[],"default":{"data":{"Article":[],"Course":[],"Dataset":[],"FAQPage":[],"Movie":[],"Person":[],"Product":[],"ProductReview":[],"Car":[],"Recipe":[],"Service":[],"SoftwareApplication":[],"WebPage":[]},"graphName":"WebPage","isEnabled":true},"graphs":[]},"schema_type":null,"schema_type_options":null,"pillar_content":false,"robots_default":true,"robots_noindex":false,"robots_noarchive":false,"robots_nosnippet":false,"robots_nofollow":false,"robots_noimageindex":false,"robots_noodp":false,"robots_notranslate":false,"robots_max_snippet":null,"robots_max_videopreview":null,"robots_max_imagepreview":"large","priority":null,"frequency":null,"local_seo":null,"breadcrumb_settings":null,"limit_modified_date":false,"ai":null,"created":"2020-12-26 10:21:29","updated":"2025-07-23 16:32:29","seo_analyzer_scan_date":null},"aioseo_breadcrumb":"<div class=\"aioseo-breadcrumbs\"><span class=\"aioseo-breadcrumb\">\n\t\t\t<a href=\"https:\/\/www.hasicibystre.cz\" title=\"Home\">Home<\/a>\n\t\t<\/span><span class=\"aioseo-breadcrumb-separator\">&raquo;<\/span><span class=\"aioseo-breadcrumb\">\n\t\t\t<a href=\"https:\/\/www.hasicibystre.cz\/?page_id=88\" title=\"Historie sboru\">Historie sboru<\/a>\n\t\t<\/span><span class=\"aioseo-breadcrumb-separator\">&raquo;<\/span><span class=\"aioseo-breadcrumb\">\n\t\t\t<a href=\"https:\/\/www.hasicibystre.cz\/?page_id=90\" title=\"Kronika\">Kronika<\/a>\n\t\t<\/span><span class=\"aioseo-breadcrumb-separator\">&raquo;<\/span><span class=\"aioseo-breadcrumb\">\n\t\t\t2016\n\t\t<\/span><\/div>","aioseo_breadcrumb_json":[{"label":"Home","link":"https:\/\/www.hasicibystre.cz"},{"label":"Historie sboru","link":"https:\/\/www.hasicibystre.cz\/?page_id=88"},{"label":"Kronika","link":"https:\/\/www.hasicibystre.cz\/?page_id=90"},{"label":"2016","link":"https:\/\/www.hasicibystre.cz\/?page_id=415"}],"jetpack_sharing_enabled":true,"jetpack_likes_enabled":true,"_links":{"self":[{"href":"https:\/\/www.hasicibystre.cz\/index.php?rest_route=\/wp\/v2\/pages\/415","targetHints":{"allow":["GET"]}}],"collection":[{"href":"https:\/\/www.hasicibystre.cz\/index.php?rest_route=\/wp\/v2\/pages"}],"about":[{"href":"https:\/\/www.hasicibystre.cz\/index.php?rest_route=\/wp\/v2\/types\/page"}],"author":[{"embeddable":true,"href":"https:\/\/www.hasicibystre.cz\/index.php?rest_route=\/wp\/v2\/users\/2"}],"replies":[{"embeddable":true,"href":"https:\/\/www.hasicibystre.cz\/index.php?rest_route=%2Fwp%2Fv2%2Fcomments&post=415"}],"version-history":[{"count":5,"href":"https:\/\/www.hasicibystre.cz\/index.php?rest_route=\/wp\/v2\/pages\/415\/revisions"}],"predecessor-version":[{"id":1559,"href":"https:\/\/www.hasicibystre.cz\/index.php?rest_route=\/wp\/v2\/pages\/415\/revisions\/1559"}],"up":[{"embeddable":true,"href":"https:\/\/www.hasicibystre.cz\/index.php?rest_route=\/wp\/v2\/pages\/90"}],"wp:attachment":[{"href":"https:\/\/www.hasicibystre.cz\/index.php?rest_route=%2Fwp%2Fv2%2Fmedia&parent=415"}],"curies":[{"name":"wp","href":"https:\/\/api.w.org\/{rel}","templated":true}]}}