{"id":59,"date":"2017-08-24T22:56:46","date_gmt":"2017-08-24T20:56:46","guid":{"rendered":"http:\/\/www.hasicibystre.cz\/?page_id=59"},"modified":"2018-07-27T19:13:38","modified_gmt":"2018-07-27T17:13:38","slug":"obec-bystre","status":"publish","type":"page","link":"https:\/\/www.hasicibystre.cz\/?page_id=59","title":{"rendered":"Obec Bystr\u00e9"},"content":{"rendered":"<p><a href=\"http:\/\/www.obecbystre.cz\"><img data-recalc-dims=\"1\" loading=\"lazy\" decoding=\"async\" class=\"aligncenter wp-image-623 size-medium\" title=\"Domovsk\u00e1 str\u00e1nka obce\" src=\"https:\/\/i0.wp.com\/www.hasicibystre.cz\/wp-content\/uploads\/2018\/07\/pohled-obec-letn%C3%AD.jpg?resize=300%2C214\" alt=\"\" width=\"300\" height=\"214\" srcset=\"https:\/\/i0.wp.com\/www.hasicibystre.cz\/wp-content\/uploads\/2018\/07\/pohled-obec-letn%C3%AD.jpg?resize=300%2C214&amp;ssl=1 300w, https:\/\/i0.wp.com\/www.hasicibystre.cz\/wp-content\/uploads\/2018\/07\/pohled-obec-letn%C3%AD.jpg?resize=768%2C547&amp;ssl=1 768w, https:\/\/i0.wp.com\/www.hasicibystre.cz\/wp-content\/uploads\/2018\/07\/pohled-obec-letn%C3%AD.jpg?resize=1024%2C730&amp;ssl=1 1024w, https:\/\/i0.wp.com\/www.hasicibystre.cz\/wp-content\/uploads\/2018\/07\/pohled-obec-letn%C3%AD.jpg?resize=580%2C413&amp;ssl=1 580w, https:\/\/i0.wp.com\/www.hasicibystre.cz\/wp-content\/uploads\/2018\/07\/pohled-obec-letn%C3%AD.jpg?w=1722&amp;ssl=1 1722w, https:\/\/i0.wp.com\/www.hasicibystre.cz\/wp-content\/uploads\/2018\/07\/pohled-obec-letn%C3%AD.jpg?w=1160 1160w\" sizes=\"auto, (max-width: 300px) 100vw, 300px\" \/><\/a><\/p>\n<p style=\"text-align: center;\"><strong>Z\u00e1kladn\u00ed \u00fadaje o obci<\/strong><\/p>\n<table width=\"680\">\n<tbody>\n<tr>\n<td width=\"173\"><strong><em> Poloha obce:<\/em><\/strong><\/td>\n<td width=\"503\"><strong> Obec Bystr\u00e9 le\u017e\u00ed v&nbsp;okrese Rychnov nad Kn\u011b\u017enou na p\u016fli cesty mezi m\u011bstem Dobru\u0161ka a horsk\u00fdm st\u0159ediskem De\u0161tn\u00e9 v&nbsp;Orlick\u00fdch hor\u00e1ch<\/strong><\/td>\n<\/tr>\n<tr>\n<td width=\"173\"><strong><em> Po\u010det obyvatel:<\/em><\/strong><\/td>\n<td width=\"503\"><strong>230<\/strong><\/td>\n<\/tr>\n<tr>\n<td width=\"173\"><strong><em> Spole\u010densk\u00e9 organizace:<\/em><\/strong><\/td>\n<td width=\"503\"><strong> Osv\u011btov\u00e1 beseda, Sbor dobrovoln\u00fdch hasi\u010d\u016f, Mysliveck\u00e9 sdru\u017een\u00ed, V\u010dela\u0159i, Katolick\u00e1 a Bratrsk\u00e1 c\u00edrkev<\/strong><\/td>\n<\/tr>\n<tr>\n<td width=\"173\"><strong><em> Kulturn\u00ed pam\u00e1tky:<\/em><\/strong><\/td>\n<td width=\"503\"><strong> Kostel Sv. Bartolom\u011bje, kaple \u201e Na Kosteli\u0161ti \u201c<\/strong><\/td>\n<\/tr>\n<tr>\n<td width=\"173\"><strong><em> Mo\u017enosti rekreace:<\/em><\/strong><\/td>\n<td width=\"503\"><strong> Are\u00e1l \u201e U koupali\u0161t\u011b \u201c, turistick\u00e1 chata Bystr\u00e9<\/strong><\/td>\n<\/tr>\n<\/tbody>\n<\/table>\n<p style=\"text-align: center;\"><strong>Kr\u00e1tce z&nbsp;historie obce<\/strong><\/p>\n<p style=\"text-align: justify;\">Obec se p\u016fvodn\u011b jmenovala Z\u00e1krav\u00ed a rozkl\u00e1dala se v&nbsp;m\u00edstech, kde dosud stoj\u00ed kaple, z\u0159\u00edzen\u00e1 v&nbsp;roce 1893 z&nbsp;kamenn\u00e9ho spodku zvonice, kter\u00e1 byla pr\u016fchodn\u00ed a st\u00e1la p\u0159ed d\u0159ev\u011bn\u00fdm kostel\u00edkem sv. Bartolom\u011bje, kolem kter\u00e9ho se rozprost\u00edral h\u0159bitov.<\/p>\n<p style=\"text-align: justify;\">Kdy byla osada zalo\u017eena nev\u00edme, ale jist\u011b u\u017e hned na za\u010d\u00e1tku kolonizace zdej\u0161\u00edho podh\u016f\u0159\u00ed a byla postavena na star\u00e9 zemsk\u00e9 stezce, jak se tenkr\u00e1t osady stav\u011bly.<\/p>\n<p style=\"text-align: justify;\">Jeliko\u017e se v&nbsp;t\u00e9to dob\u011b p\u0159edev\u0161\u00edm pastevni\u010dilo, vyhled\u00e1vali koloniz\u00e1to\u0159i m\u00edsta k&nbsp;os\u00eddlen\u00ed tak\u00e9 pod\u00e9l pot\u016f\u010dk\u016f a hledali pastviny. Historik uv\u00e1d\u00ed, \u017ee osadu pojmenovali Z\u00e1krav\u00ed, proto\u017ee se tam p\u00e1slo v\u011bt\u0161\u00ed mno\u017estv\u00ed krav, nebo po sousedn\u00edm \u00fazem\u00ed,kter\u00e9 se jmenovalo Krav\u00ed po chovu krav. Ze za\u010d\u00e1tku se osada jmenovala Krawary. V&nbsp;l\u00e9tech 1344 \u2013 1350, kdy se prov\u00e1d\u011bl soupis far, je zaps\u00e1na i fara Z\u00e1krav\u00ed. P\u0159edpokl\u00e1d\u00e1me, \u017ee Z\u00e1krav\u00ed s&nbsp;kostelem existovalo o n\u011bjakou dobu d\u0159\u00edve, ne\u017e do\u0161lo k&nbsp;tomuto soupisu.<\/p>\n<p style=\"text-align: justify;\">P\u0159i soupisu vesnic na panstv\u00ed frymbursk\u00e9m v&nbsp;roce 1363 je tak\u00e9 zaps\u00e1no Z\u00e1krav\u00ed, ale p\u0159i prodeji panstv\u00ed Tr\u010dk\u016fm roku 1537 je u\u017e jmenov\u00e1no jenom Bystr\u00e9. Ve Sborn\u00edku \u010desk\u00fdch m\u011bst a vesnic z&nbsp;dob husitsk\u00fdch se uv\u00e1d\u00ed, \u017ee \u201e V&nbsp;Z\u00e1krav\u00ed kostel jest, p\u0159i n\u011bm 14 staven\u00ed a 76&nbsp;lid\u00ed. \u201c Fara byla asi chud\u00e1, proto\u017ee se far\u00e1\u0159i (pleb\u00e1ni) \u010dasto st\u0159\u00eddali.<\/p>\n<p style=\"text-align: justify;\">V dob\u011b husitsk\u00e9 tam byla spr\u00e1va protestantsk\u00e1 a dle doklad\u016f se tam v&nbsp;roce 1598 a 1618 konaly bohoslu\u017eby s&nbsp;ve\u010de\u0159\u00ed P\u00e1n\u011b podoboj\u00ed. Po z\u00e1niku osady se tam \u0159\u00edkalo na Kosteli\u0161ti. V&nbsp;l\u00e9tech 1653, 1691 a 1703 tam zase slou\u017eili jezuit\u00e9 a zapisovali \u00fa\u010dast \u201e v\u011b\u0159\u00edc\u00edch \u201c na zpov\u011bd\u00edch. Bylo to v&nbsp;dob\u011b n\u00e1siln\u00e9 protireformace.<\/p>\n<p style=\"text-align: justify;\">U kostela st\u00e1la mimo fary tak\u00e9 \u0161kola. Na dob\u0159ansk\u00e9 fa\u0159e se zachovala kn\u00ed\u017eka ohl\u00e1\u0161ek, v&nbsp;n\u00ed\u017e je l\u00edstek, na kter\u00e9m je podeps\u00e1n \u201e Mat\u011bj Hendrich Jarom\u011b\u0159sk\u00fd, toho \u010dasu kantor na Dob\u0159anech a na Kosteli\u0161ti-roku 1672. \u201c Dle farn\u00ed kroniky dobru\u0161sk\u00e9 kostel\u00edk na Kosteli\u0161ti \u201e s\u0161el \u201c v&nbsp;l\u00e9tech 1710, jen kamenn\u00fd spodek zvonice z\u016fstal.<\/p>\n<p style=\"text-align: justify;\">Prvn\u00ed p\u00edsemn\u00fd doklad o nyn\u011bj\u0161\u00ed obci Bystr\u00e9 zn\u00e1me z&nbsp;d\u00edla Ant. Profouse \u201e M\u00edstn\u00ed jm\u00e9na v&nbsp;\u010cech\u00e1ch \u201c , kde je z\u00e1znam, \u017ee Bystr\u00e9 vlastnil a\u017e do sv\u00e9 smrti roku 1475 Ivan ze \u017dampachu. Dal\u0161\u00edm majitelem byl Hanu\u0161 z&nbsp;Trutnova.<\/p>\n<p style=\"text-align: justify;\">Dohady, pro\u010d se obec jmenuje Bystr\u00e9, se r\u016fzn\u00ed. N\u011bkte\u0159\u00ed historici soud\u00ed, \u017ee podle \u0159\u00ed\u010dky Byst\u0159iny, dle dochovan\u00e9 tradice pr\u00fd podle jm\u00e9na poustevn\u00edka, kter\u00fd zde v&nbsp;dob\u011b zalo\u017een\u00ed obce \u017eil. V&nbsp;16.&nbsp;stolet\u00ed se uv\u00e1d\u00ed i tady poplu\u017en\u00ed dv\u016fr, kter\u00fd podle tradice byl v&nbsp;m\u00edstech dne\u0161n\u00edho \u010d\u00edsla 1 . (Hartmanova chalupa)<\/p>\n<p style=\"text-align: justify;\">Obec pat\u0159ila a\u017e do roku 1789 s&nbsp;Janovem, Tisem a Polomy pod rychtu sn\u011b\u017eenskou. Tehdy bylo na cel\u00e9 rycht\u011b jen 285 obyvatel v&nbsp;64 rodin\u00e1ch. Od tohoto roku byla z\u0159\u00edzena rychta v&nbsp;Bystr\u00e9m a do roku 1850, kdy byly prvn\u00ed volby, byli tady t\u0159i rycht\u00e1\u0159i \u2013 b\u00fdval\u00ed kon\u0161el\u00e9. Prvn\u00edm rycht\u00e1\u0159em byl Jan Marek z&nbsp;\u010d. 20, druh\u00fdm Josef Hartman, kter\u00fd byl rycht\u00e1\u0159em p\u0159es 40 rok\u016f a t\u0159et\u00edm Jan Novotn\u00fd \u010d. 15.<\/p>\n<p style=\"text-align: justify;\"><em>Kostel sv. Bartolom\u011bje <\/em><\/p>\n<p style=\"text-align: justify;\">Stav\u011bl se brzy po z\u00e1niku kostela na Kosteli\u0161ti a to v&nbsp;letech 1716 \u2013 1720. V&nbsp;roce 1750 se \u0161kolou a 10 staven\u00edmi vyho\u0159el a byl znovu zrestaurov\u00e1n. I pozd\u011bji byl n\u011bkolikr\u00e1t opravov\u00e1n. V&nbsp;letech 1969 \u2013 1972 se prov\u00e1d\u011bla velk\u00e1 oprava jak zven\u010d\u00ed tak i uvnit\u0159. Byly odkryty p\u016fvodn\u00ed malby a z&nbsp;devastovan\u00e9ho kostela ve Vrchn\u00ed Orlici u Rokytnice byl p\u0159ivezen barokn\u00ed olt\u00e1\u0159. Roku 1998 byla provedena gener\u00e1ln\u00ed oprava fas\u00e1dy kostela. Kostel je st\u00e1tn\u00ed kulturn\u00ed pam\u00e1tkou.<\/p>\n<p style=\"text-align: justify;\"><em>\u0160kola<\/em><\/p>\n<p style=\"text-align: justify;\">Prvn\u00ed \u0161kola, jak u\u017e je ps\u00e1no, byla na Kosteli\u0161ti, druh\u00e1 v&nbsp;roce 1721 v&nbsp;m\u00edstech, kde je dnes 36 (vyho\u0159ela), t\u0159et\u00ed d\u0159ev\u011bn\u00e1 na t\u00e9m\u017e m\u00edst\u011b, \u010dtvrt\u00e1 kamenn\u00e1 v&nbsp;roce 1824 a p\u00e1t\u00e1, dne\u0161n\u00ed, byla postavena v&nbsp;roce 1886 za 5 m\u011bs\u00edc\u016f. \u0160kola byla zru\u0161ena roku 1977. V&nbsp;l\u00e9tech 1946 \u2013 1951 byla v&nbsp;t\u00e9to budov\u011b i \u0161kola mate\u0159sk\u00e1. V&nbsp;sou\u010dasn\u00e9 dob\u011b je budova \u0161koly vyu\u017e\u00edv\u00e1na r\u016fzn\u00fdmi spole\u010densk\u00fdmi organizacemi.<\/p>\n<p style=\"text-align: justify;\"><em>Tkalcovina, obchod, \u0159emesla<\/em><\/p>\n<p style=\"text-align: justify;\">Hlavn\u00ed ob\u017eivou na\u0161ich p\u0159edk\u016f byla krom\u011b zem\u011bd\u011blstv\u00ed, tkalcovina. V&nbsp;obci se tkalcovalo v&nbsp;ka\u017ed\u00e9 chalup\u011b mimo dvou zem\u011bd\u011blsk\u00fdch usedlost\u00ed. Tkalci museli doch\u00e1zet s&nbsp;utkan\u00fdm zbo\u017e\u00edm a pro dal\u0161\u00ed pr\u00e1ci k&nbsp;vydava\u010d\u016fm \u010dasto hodn\u011b daleko, ale ke konci minul\u00e9ho stolet\u00ed a pozd\u011bji bylo i zde n\u011bkolik vydava\u010d\u016f. Je\u0161t\u011b p\u0159ed 1.&nbsp;sv\u011btovou v\u00e1lkou a hlavn\u011b po n\u00ed bylo na Dolech z\u0159\u00edzeno 13 tkalcovni\u010dek po obou stran\u00e1ch Zlat\u00e9ho potoka, n\u011bkter\u00e9 byly budov\u00e1ny z&nbsp;b\u00fdval\u00fdch ml\u00fdn\u016f. Pracovalo se tam na 150 a\u017e 160 mechanick\u00fdch stavech. V&nbsp;roce 1919 bylo zalo\u017eeno Tkalcovsk\u00e9 dru\u017estvo pro Bystr\u00e9 a okol\u00ed. V&nbsp;t\u00e9 dob\u011b tady kvetl i textiln\u00ed obchod, tzv. zasilatelsk\u00e9 obchody (celkem 8), kter\u00e9 byly zn\u00e1m\u00e9 po cel\u00e9 republice. Mimo toho zde bylo p\u011bt obchod\u016f potravin\u00e1\u0159sk\u00fdch, v&nbsp;jednom i \u017eelez\u00e1\u0159stv\u00ed ,dva obchody hokyn\u00e1\u0159sk\u00e9, trafika a dva hostince.<\/p>\n<p style=\"text-align: justify;\">V l\u00e9tech dvac\u00e1t\u00fdch a t\u0159ic\u00e1t\u00fdch byla v&nbsp;dom\u011b \u010d. 37 opravna motorov\u00fdch vozidel, sklad n\u00e1hradn\u00edch d\u00edl\u016f a sou\u010d\u00e1stek, naproti domu benz\u00ednov\u00e1 pumpa. Tehdy m\u011bla obec Bystr\u00e9 zaj\u00edmav\u00fd prim\u00e1t. Byla toti\u017e prvn\u00ed v&nbsp;republice co do po\u010dtu motorov\u00fdch vozidel pom\u011bru k&nbsp;po\u010dtu obyvatel. Je\u0161t\u011b ve 2.&nbsp;sv\u011btov\u00e9 v\u00e1lce m\u011bla obec 18 \u0159emesln\u00edk\u016f, peka\u0159e, 2 krej\u010d\u00ed, 2 cement\u00e1\u0159e, 2 truhl\u00e1\u0159e, 2 \u0161vadleny, \u0159ezn\u00edka, klemp\u00ed\u0159e, obuvn\u00edka, kol\u00e1\u0159e, kov\u00e1\u0159e, holi\u010de, kade\u0159nici, mlyn\u00e1\u0159e, vy\u0161\u00edva\u010dku, kter\u00e1 m\u011bla v\u00fdrobu i pro\u0161\u00edvan\u00fdch dek. Celkem bylo v&nbsp;Bystr\u00e9m 48 \u017eivnost\u00ed a v\u0161ichni ob\u010dan\u00e9 byli zam\u011bstn\u00e1ni v&nbsp;m\u00edst\u011b bydli\u0161t\u011b.<\/p>\n<p style=\"text-align: justify;\"><em>Kulturn\u00ed tradice <\/em><\/p>\n<p style=\"text-align: justify;\">V m\u00edstech, kde je dnes d\u016fm Kaltexu, st\u00e1la v&nbsp;18.&nbsp;stolet\u00ed jednopatrov\u00e1 d\u0159ev\u011bn\u00e1 hospoda Herc\u00edkova. Jejich syn Josef, narozen v&nbsp;roce 1807 studoval na v\u00edde\u0148sk\u00e9 konzervato\u0159i a stal se z&nbsp;n\u011bho v\u00fdzna\u010dn\u00fd muzikant. Jako houslov\u00fd virtuos, skladatel a pianista \u0161\u00ed\u0159il sl\u00e1vu \u010desk\u00e9 hudby po cel\u00fdch \u010cech\u00e1ch a v&nbsp;N\u011bmecku. Psali o n\u011bm pochvaln\u00e9 \u010dl\u00e1nky i b\u00e1sn\u011b. I jeho bratr Alexandr byl v\u00fdborn\u00fdm houslistou.<\/p>\n<p style=\"text-align: justify;\">Obrozeneck\u00e1 doba v&nbsp;19.&nbsp;stolet\u00ed zas\u00e1hla i venkov v&nbsp;na\u0161em podh\u016f\u0159\u00ed. Byly zakl\u00e1d\u00e1ny vzd\u011bl\u00e1vac\u00ed spolky a knihovny, v&nbsp;prvn\u00ed \u0159ad\u011b \u010cten\u00e1\u0159sk\u00e9 besedy. V&nbsp;roce 1862 byla zalo\u017eena bystersk\u00e1 hudba a v&nbsp;roce 1871 Spolek divadeln\u00edch ochotn\u00edk\u016f. Prvn\u00ed divadla se hr\u00e1la v&nbsp;hostinci \u010dp. 37,kde byl s\u00e1l. Jevi\u0161t\u011b se na ka\u017ed\u00e9 p\u0159edstaven\u00ed muselo stav\u011bt. Hr\u00e1na zde byla i Prodan\u00e1 nev\u011bsta. Obec Bystr\u00e9 b\u00fdvala st\u0159ediskovou obc\u00ed a soust\u0159e\u010fovala se zde \u010dinnost spolkov\u00e1 i kulturn\u00ed.<\/p>\n<p style=\"text-align: justify;\"><em>L\u00e9ta v\u00e1le\u010dn\u00e1<\/em><\/p>\n<p style=\"text-align: justify;\">Na\u0161e p\u0159edky su\u017eovala nejen robota, n\u00e1bo\u017eensk\u00e9 pron\u00e1sledov\u00e1n\u00ed, ale tak\u00e9 v\u00e1lky a nemoce. Zvl\u00e1\u0161t\u011b cholera a mor likvidovaly ob\u010das hromadn\u011b na\u0161e p\u0159edky.<\/p>\n<p style=\"text-align: justify;\">Zdej\u0161\u00ed obyvatelstvo trp\u011blo v\u00e1lkami nejv\u00edce v&nbsp;18.&nbsp;stolet\u00ed, kdy \u010dast\u00e9 vp\u00e1dy Prus\u016f neuv\u011b\u0159iteln\u011b su\u017eovaly n\u00e1\u0161 kraj. Mnoho vojska proch\u00e1zelo na\u0161\u00ed obc\u00ed, proto\u017ee jedin\u00e1 cesta od Ole\u0161nice do kraje vedla p\u0159es Bystr\u00e9. Ve v\u00e1lce prusko \u2013 rakousk\u00e9 roku 1866, kter\u00e1 se odehr\u00e1vala z&nbsp;\u010d\u00e1sti i u V\u00e1clavic, bylo z&nbsp;na\u0161\u00ed obce \u0161est voj\u00e1k\u016f a v\u0161ichni se vr\u00e1tili.<\/p>\n<p style=\"text-align: justify;\">V prvn\u00ed sv\u011btov\u00e9 v\u00e1lce 1914 \u2013 1918 padlo 16 zdej\u0161\u00edch ob\u010dan\u016f, mezi nimi dva legion\u00e1\u0159i. V&nbsp;roce 1928 jim byl postaven TJ Sokol pam\u00e1tn\u00edk. V&nbsp;posledn\u00ed sv\u011btov\u00e9 v\u00e1lce nebyly v&nbsp;na\u0161\u00ed obci ztr\u00e1ty na \u017eivotech, ale \u0161est mlad\u00fdch lid\u00ed bylo tot\u00e1ln\u011b nasazeno na pr\u00e1ci do \u0158\u00ed\u0161e.<\/p>\n<p style=\"text-align: justify;\">Bohuslav \u010ctvrte\u010dka z&nbsp;dol\u016f \u010d. p. 53, byl zam\u011bstn\u00e1n v&nbsp;Dobr\u00e9m a pracoval tam s&nbsp;majitelem tkalcovny v&nbsp;odbojov\u00e9 skupin\u011b Obrana n\u00e1roda. Tam ukr\u00fdvali ob\u010das odbojov\u00e9ho vedouc\u00edho pracovn\u00edka nadporu\u010d\u00edka Alb\u00edna Sl\u00e1dka z&nbsp;Hradce Kr\u00e1lov\u00e9, kter\u00fd od za\u010d\u00e1tku v\u00e1lky \u017eil v&nbsp;ilegalit\u011b. V&nbsp;dob\u011b, kdy u\u017e byl vyzrazen a gestapo u\u017e v\u011bd\u011blo o jeho pobytu, odvedl Bohou\u0161 \u010ctvrte\u010dka nadp. Sl\u00e1dka ke sv\u00e9 matce na Doly, kde byl z\u00e1hy dopaden a gestapem zast\u0159elen. V\u0161e se ud\u00e1lo 25.&nbsp;2.&nbsp;1943. B. \u010ctvrte\u010dka pak byl do konce v\u00e1lky v\u011bzn\u011bn v&nbsp;koncentra\u010dn\u00edch t\u00e1borech v&nbsp;N\u011bmecku.<\/p>\n<p style=\"text-align: justify;\">Pr\u016fchod nep\u0159\u00e1telsk\u00fdch vojsk v&nbsp;minul\u00fdch stolet\u00edch b\u00fdval v\u017edy pro na\u0161i obec ne\u0161t\u011bst\u00edm. P\u0159in\u00e1\u0161el drancov\u00e1n\u00ed a po\u017eadov\u00e1n\u00ed v\u00fdpaln\u00e9ho. Konec druh\u00e9 sv\u011btov\u00e9 v\u00e1lky se stal i v&nbsp;na\u0161\u00ed obci velkou a radostnou ud\u00e1lost\u00ed \u2013 p\u0159\u00edchodem Rud\u00e9 arm\u00e1dy. Tuto ud\u00e1lost zaznamenal kronik\u00e1\u0159 Jan Balcar v&nbsp;obecn\u00ed kronice z\u00e1pisem z&nbsp;roku 1945, str. 73 \u2013 79.<\/p>\n<p style=\"text-align: justify;\">\u201e<em> Rud\u00e1 arm\u00e1da p\u0159ich\u00e1z\u00ed 10.&nbsp;kv\u011btna.\u010cek\u00e1me nedo\u010dkav\u011b. Kone\u010dn\u011b odpoledne p\u0159ich\u00e1z\u00ed: prvn\u00ed je mlad\u00fd, asi 12 \u2013 14 let\u00fd hezk\u00fd voj\u00e1\u010dek na koni v&nbsp;\u010dele odd\u00edlu jezdc\u016f. To je prvn\u00ed Rus v&nbsp;Bystr\u00e9m! Pak v&nbsp;intervalech dal\u0161\u00ed: motorist\u00e9, v&nbsp;autech, jezdci na kon\u00edch jednotliv\u011b i ve skupin\u00e1ch. T\u011bm \u0159\u00edkaj\u00ed lid\u00e9 koz\u00e1ci. Jsou to v\u0161ak jen oby\u010dejn\u00ed voj\u00e1ci, ale jak dovedou jezdit! Zvl\u00e1\u0161t\u011b jeden z&nbsp;nich vyvolal potlesk. P\u0159ihnal se na koni a na rozcest\u00ed u pam\u00e1tn\u00edku se ptal na cestu. Jeho k\u016f\u0148 m\u011bl pod sedlem rudou \u010dabraku s&nbsp;p\u011btic\u00edpou hv\u011bzdou, asi n\u011bjak\u00e1 ordonance. Resp. Z\u00edtko mu v\u0161e ochotn\u011b vysv\u011btluje. Co se tak domlouvaj\u00ed, d\u011bv\u010data sehnala limon\u00e1du a pod\u00e1vaj\u00ed sklenici voj\u00e1kovi. Ten ji zvedne a vol\u00e1: \u201e A\u0165 \u017eije \u010desk\u00fd n\u00e1rod! \u201c To byl aplaus!<\/em><\/p>\n<p style=\"text-align: justify;\"><em>Bystr\u00e9 bylo po pravd\u011b prvn\u00ed \u010deskou vesnic\u00ed, kterou mnoz\u00ed z&nbsp;t\u011bchto voj\u00e1k\u016f vid\u011bli, dosud proch\u00e1zeli \u00fazemn\u00edm n\u011bmeck\u00fdm nebo Sudetami. Vid\u011bli jsme na nich, \u017ee v\u0159el\u00e9 p\u0159ijet\u00ed je p\u0159ekvapilo a to velice mile. Jednou p\u0159ij\u00ed\u017ed\u011bj\u00ed tryskem dva voj\u00e1ci na kon\u00edch. Jeden na p\u011bkn\u00e9m hn\u011bd\u00e1ku, druh\u00fd na mal\u00e9m \u010dern\u00e9m koni, z\u0159ejm\u011b uhnan\u00e9m. A tu se \u017eenou dva kr\u00e1sn\u00ed hn\u011bd\u00e1ci silnic\u00ed z&nbsp;Ba\u010det\u00edna, bez sedel jen s&nbsp;ohl\u00e1vkami, byli to kon\u011b N\u011bmci v&nbsp;les\u00edch zanechan\u00ed. Rusov\u00e9 byli pr\u00e1v\u011b u po\u0161ty, kdy\u017e je mal\u00fd kousek pod modlitebnou zahl\u00e9dli, hned zarazili a ten na \u0161patn\u00e9m koni sesko\u010d\u00ed, odep\u00edn\u00e1 sedlo a jak kon\u011b dob\u011bhli a dva na\u0161i ob\u010dan\u00e9 je chytili, Rus hod\u00ed sedlo na jednoho z&nbsp;nich, ut\u00e1hne, vy\u0161vihne se a hned oba miz\u00ed v&nbsp;kotou\u010d\u00edch prachu \u2013 netrvalo to ani minutu. Jede voj\u00e1k \u2013 motorista, mlad\u00fd hoch. Zadn\u00ed pneumatika pr\u00e1zdn\u00e1, h\u00e1z\u00ed to s&nbsp;n\u00edm ze strany na stranu, nem\u00e1 \u010das zdr\u017eovati se opravou, \u017eene na pln\u00fd plyn d\u00e1le ku Praze. <\/em><\/p>\n<p style=\"text-align: justify;\"><em>Pak p\u0159ij\u00ed\u017ed\u011bj\u00ed povozy, tr\u00e9n, d\u011bla, n\u00e1kladn\u00ed auta a p\u0159ich\u00e1z\u00ed kr\u00e1sn\u00e1 nezapomenuteln\u00e1 sc\u00e9na: na b\u0159ehu, u domu B. Hejzlara, proti po\u0161t\u011b, stoj\u00ed \u017eeny s&nbsp;d\u011btmi \u2013 tu p\u0159ij\u00ed\u017ed\u00ed zase \u0159ada voz\u016f, v\u0161ichni zdrav\u00ed, kynou. Rusov\u00e9 se sm\u011bj\u00ed a odpov\u00eddaj\u00ed a n\u00e1hle z&nbsp;jednoho vozu vysko\u010d\u00ed d\u016fstojn\u00edk, chlap\u00edk jako hora, vyb\u011bhne na b\u0159eh a mal\u00e9mu d\u011bv\u010d\u00e1tku pol\u00edb\u00ed ru\u010di\u010dku, vysko\u010d\u00ed na v\u016fz prov\u00e1zen velk\u00fdm potleskem a je\u0161t\u011b z&nbsp;d\u00e1lky m\u00e1v\u00e1. <\/em><\/p>\n<p style=\"text-align: justify;\"><em>Pak je sly\u0161et kroky, to p\u0159ich\u00e1z\u00ed p\u011bchota, v&nbsp;\u010dele rozvinut\u00fd prapor. V\u0161ichni smek\u00e1me a stav\u00edme se do pozoru. P\u0159ed po\u0161tou stoj\u00ed resp. Z\u00edtko v&nbsp;par\u00e1dn\u00ed uniform\u011b, v&nbsp;pozoru, s&nbsp;rukou u \u010dapky. P\u0159ed prvn\u00ed rotou jdouc\u00ed d\u016fstojn\u00edk povel\u00ed, rota vyrovn\u00e1 par\u00e1dn\u00edm krokem, jde a zp\u00edv\u00e1-kr\u00e1sn\u011b zp\u00edv\u00e1. Kolik kilometr\u016f ji\u017e maj\u00ed za sebou, je horko, plno prachu a oni jdou r\u00e1zn\u00fdm krokem. Lid\u00e9 pozoruj\u00ed v\u0161ak, \u017ee mnoh\u00fdm voj\u00e1k\u016fm vstoupily slzy do o\u010d\u00ed a brady se p\u0159i zp\u011bvu chv\u011bj\u00ed. Tak jdou, rota za rotou, cel\u00fd pluk, nezapomenutelno. <\/em><\/p>\n<p style=\"text-align: justify;\"><em>Pak zase se n\u00e1m po\u0161t\u011bstilo. Doj\u00ed\u017ed\u011bj\u00ed baterie d\u011blost\u0159electva, vp\u0159edu n\u00e1kladn\u00ed v\u016fz, v&nbsp;n\u011bm u \u0159idi\u010de sed\u00ed mladi\u010dk\u00fd major \u2013 velitel. \u0158idi\u010d pot\u0159ebuje vy\u010distit sv\u00ed\u010dky, zar\u00e1\u017e\u00ed v\u016fz a za n\u00edm cel\u00e1 baterie. Sl\u00e9zaj\u00ed d\u016fstojn\u00edci, jeden z&nbsp;nich je kapit\u00e1nka, krasavice, s&nbsp;\u0159adou medail\u00ed, jedna z&nbsp;nich je zlat\u00e1 \u2013 stalingradsk\u00e1; pak dva lajtnanti. Ob\u010dan\u00e9 se s&nbsp;nimi d\u00e1vaj\u00ed do hovoru, jde to dob\u0159e. Vysv\u011btluj\u00ed n\u00e1m, \u017ee jsou Ukrajinci, ti se s&nbsp;n\u00e1mi dob\u0159e domluv\u00ed. Vypravuj\u00ed o front\u011b, boj\u00edch.. . Kone\u010dn\u011b je v\u016fz v&nbsp;po\u0159\u00e1dku, d\u016fstojn\u00edci se lou\u010d\u00ed a obj\u00edmaj\u00ed se s&nbsp;n\u00e1mi. Je na nich zn\u00e1ti dlouhou cestu, jsou plni prachu. Kupodivu kapit\u00e1nka je v\u0161ak \u010dist\u00e1, \u017ee by mohla hned j\u00edti na ples. Jen neradi se lou\u010d\u00edme, ale povinnost je vol\u00e1 d\u00e1le. Tak to trv\u00e1 a\u017e do ve\u010dera. Bystr\u00e9 tone v&nbsp;oblac\u00edch prachu, \u017e\u00e1dn\u00fd na to ale nedb\u00e1. <\/em><\/p>\n<p style=\"text-align: justify;\"><em>V kov\u00e1rn\u011b maj\u00ed zat\u00edm pr\u00e1ci. Jeden rusk\u00fd podd\u016fstojn\u00edk, star\u0161ina, ptal se Adolfa Dyntara \u010d. 5, kdo by mu tady okoval kon\u011b. Pan Pr\u00e1za, kov\u00e1\u0159, hned jak byl ve sv\u00e1te\u010dn\u00edm obleku, se dal do pr\u00e1ce. Dyntar dr\u017eel koni nohu, ptal se Rusa, jak dlouho toho kon\u011b m\u00e1 a Rus mu \u0159ekl, \u017ee na n\u011bm jede od Stalingradu. <\/em><\/p>\n<p style=\"text-align: justify;\"><em>Jeden odd\u00edl vojska z\u016fstal na noc v&nbsp;Bystr\u00e9m k&nbsp;na\u0161\u00ed radosti. V&nbsp;hostinci, kde d\u016fstojn\u00edci ve\u010de\u0159eli, shroma\u017e\u010fovali se i mnoz\u00ed ob\u010dan\u00e9. D\u011bv\u010data za\u010dala zp\u00edvat ruskou p\u00edse\u0148: Volga, Volga v&nbsp;\u010desk\u00e9m p\u0159ekladu, co\u017e Rusy velmi dojalo a prosili o dal\u0161\u00ed p\u00edsn\u011b na\u0161e n\u00e1rodn\u00ed. <\/em><\/p>\n<p style=\"text-align: justify;\"><em>Na\u0161li se ob\u010dan\u00e9, kte\u0159\u00ed um\u011bli rusky. Rusk\u00fd legion\u00e1\u0159 Rudolf Hejzlar, Benjamin Sv\u011btl\u00edk, kter\u00fd byl za prvn\u00ed sv\u011btov\u00e9 v\u00e1lky v&nbsp;rusk\u00e9m zajet\u00ed byl p\u0159id\u011blen k&nbsp;Rud\u00e9 arm\u00e1d\u011b jako zajatec ke kon\u00edm a pak Jan Novotn\u00fd, ten byl zam\u011bstn\u00e1n nejprve na Sibi\u0159i, pak na Ukrajin\u011b v&nbsp;jednom dvo\u0159e jako adjunkt \u2013 absolvent hospod\u00e1\u0159sk\u00e9 akademie. U jednoho stolu sed\u011bl major, se kter\u00fdm se stavitel Zima bavil jak se dalo, a\u017e p\u0159i\u0161el k&nbsp;jejich stolu Novotn\u00fd a z\u00e1bava byla hned v&nbsp;pln\u00e9m proudu. Slovo dalo slovo, major se ho vypt\u00e1val, kde v\u0161ude v&nbsp;Rusku byl, padlo jm\u00e9no Jelizavetgard a major se ho hned pt\u00e1, kde tam byl. Novotn\u00fd vypr\u00e1v\u00ed, \u017ee byl ve dvo\u0159e, zlomil si tam ruku a majitel dvora ho dal do l\u00e9\u010den\u00ed do Jelizavetgradu, do soukrom\u00e9ho sanatoria. Jakmile major usly\u0161el jm\u00e9no majitele sanatoria, vysko\u010dil a rozechv\u011ble vol\u00e1 \u201e To byl m\u016fj otec, j\u00e1 byl je\u0161t\u011b chlapec \u201c. To bylo radosti, major nechal p\u0159in\u00e9st l\u00e1hev vodky, v\u0161ichni si p\u0159ipili a major s&nbsp;Novotn\u00fdm se pol\u00edbili, p\u011bkn\u011b po rusky. <\/em>\u201c<\/p>\n<p style=\"text-align: justify;\">Toliko vzpom\u00ednka a zn\u011bn\u00ed z\u00e1pisu.<\/p>\n<p style=\"text-align: center;\"><strong>L\u00e9ta a ud\u00e1losti<\/strong><\/p>\n<table>\n<tbody>\n<tr>\n<td width=\"65\"><b>1475<\/b><\/td>\n<td width=\"592\"><b>prvn\u00ed p\u00edsemn\u00e1 zm\u00ednka o Bystr\u00e9m<\/b><\/td>\n<\/tr>\n<tr>\n<td width=\"65\"><b>1672<\/b><\/td>\n<td width=\"592\"><b>p\u00edsemn\u00fd doklad o existenci \u0161koly na Kosteli\u0161ti \u2013 Z\u00e1krav\u00ed<\/b><\/td>\n<\/tr>\n<tr>\n<td width=\"65\"><b>1719-20<\/b><\/td>\n<td width=\"592\"><b>v\u00fdstavba kostela sv. Bartolom\u011bje<\/b><\/td>\n<\/tr>\n<tr>\n<td width=\"65\"><b>1721<\/b><\/td>\n<td width=\"592\"><b>z\u0159\u00edzena \u0161kola v\u00a0dne\u0161n\u00edm \u010dp 36<\/b><\/td>\n<\/tr>\n<tr>\n<td width=\"65\"><b>1750<\/b><\/td>\n<td width=\"592\"><b>vyho\u0159ela \u0161kola i s\u00a0kostelem<\/b><\/td>\n<\/tr>\n<tr>\n<td width=\"65\"><b>1787<\/b><\/td>\n<td width=\"592\"><b>vystav\u011bna fara d\u0159ev\u011bn\u00e1<\/b><\/td>\n<\/tr>\n<tr>\n<td width=\"65\"><b>1862<\/b><\/td>\n<td width=\"592\"><b>zalo\u017eena Bystersk\u00e1 hudba<\/b><\/td>\n<\/tr>\n<tr>\n<td width=\"65\"><b>1868<\/b><\/td>\n<td width=\"592\"><b>zalo\u017eena Jednota \u010deskobratrsk\u00e1, modlitebna postavena roku 1880 <\/b><\/td>\n<\/tr>\n<tr>\n<td width=\"65\"><b>1871<\/b><\/td>\n<td width=\"592\"><b>zalo\u017een Spolek divadeln\u00edch ochotn\u00edk\u016f<\/b><\/td>\n<\/tr>\n<tr>\n<td width=\"65\"><b>1886<\/b><\/td>\n<td width=\"592\"><b>zalo\u017een spolek hasi\u010dsk\u00fd<\/b><\/td>\n<\/tr>\n<tr>\n<td width=\"65\"><b>1886<\/b><\/td>\n<td width=\"592\"><b>\u0161kola (sou\u010dasn\u00e1 budova) \u2013 \u010dp 88.<\/b><\/td>\n<\/tr>\n<tr>\n<td width=\"65\"><b>1893<\/b><\/td>\n<td width=\"592\"><b>z\u0159\u00edzen\u00ed kapli\u010dky ze zbytku zvonice <\/b><\/td>\n<\/tr>\n<tr>\n<td width=\"65\"><b>1894<\/b><\/td>\n<td width=\"592\"><b>zalo\u017een po\u0161tovn\u00ed \u00fa\u0159ad, 1928 p\u0159est\u011bhov\u00e1n do \u010dp. 110 <\/b><\/td>\n<\/tr>\n<tr>\n<td width=\"65\"><b>1897<\/b><\/td>\n<td width=\"592\"><b>vyzd\u011bna fara<\/b><\/td>\n<\/tr>\n<tr>\n<td width=\"65\"><b>1904<\/b><\/td>\n<td width=\"592\"><b>zalo\u017eeno \u00dav\u011brn\u00ed dru\u017estvo p\u0159i spole\u010denstv\u00ed sm\u00ed\u0161en\u00fdch \u017eivnost\u00ed <\/b><\/td>\n<\/tr>\n<tr>\n<td width=\"65\"><b>1911<\/b><\/td>\n<td width=\"592\"><b>zalo\u017eena Raifaisenka, pozd\u011bji p\u0159em\u011bn\u011bna na kampeli\u010dku <\/b><\/td>\n<\/tr>\n<tr>\n<td width=\"65\"><b>1919<\/b><\/td>\n<td width=\"592\"><b>zalo\u017eena TJ Sokol, zru\u0161ena 1987 <\/b><\/td>\n<\/tr>\n<tr>\n<td width=\"65\"><b>1919<\/b><\/td>\n<td width=\"592\"><b>zalo\u017eeno Tkalc. dru\u017estvo pro Bystr\u00e9 a okol\u00ed<\/b><\/td>\n<\/tr>\n<tr>\n<td width=\"65\"><b>1921-50<\/b><\/td>\n<td width=\"592\"><b>\u010detnick\u00e1 stanice<\/b><\/td>\n<\/tr>\n<tr>\n<td width=\"65\"><b>1931<\/b><\/td>\n<td width=\"592\"><b>zalo\u017eeno kino, zru\u0161eno v&nbsp;roce 1975 <\/b><\/td>\n<\/tr>\n<tr>\n<td width=\"65\"><b>1932<\/b><\/td>\n<td width=\"592\"><b>zalo\u017een V\u010dela\u0159sk\u00fd spolek pro Bystr\u00e9 a okol\u00ed <\/b><\/td>\n<\/tr>\n<tr>\n<td width=\"65\"><b>1932<\/b><\/td>\n<td width=\"592\"><b>zalo\u017eena knihovna<\/b><\/td>\n<\/tr>\n<tr>\n<td width=\"65\"><b>1934<\/b><\/td>\n<td width=\"592\"><b>vybudov\u00e1n prvn\u00ed obecn\u00ed vodovod s&nbsp;rozpo\u010dtem 32&nbsp;000 korun <\/b><\/td>\n<\/tr>\n<tr>\n<td width=\"65\"><b>1937<\/b><\/td>\n<td width=\"592\"><b>provedena elektrifikace obce <\/b><\/td>\n<\/tr>\n<tr>\n<td width=\"65\"><b>1948<\/b><\/td>\n<td width=\"592\"><b>slou\u010den\u00ed Kampeli\u010dky a z\u00e1lo\u017eny<\/b><\/td>\n<\/tr>\n<tr>\n<td width=\"65\"><b>1950<\/b><\/td>\n<td width=\"592\"><b>zalo\u017eena provozovna dru\u017estva Drutka, existovala pod r\u016fzn\u00fdmi n\u00e1zvy (Jantex, Drutex, Vzor), od 1991 pokra\u010duje samostatn\u00e9 dru\u017estvo Kaltex<\/b><\/td>\n<\/tr>\n<tr>\n<td width=\"65\"><b>1951<\/b><\/td>\n<td width=\"592\"><b>z\u0159\u00edzena poradna pro matky a d\u011bti <\/b><\/td>\n<\/tr>\n<tr>\n<td width=\"65\"><b>1953<\/b><\/td>\n<td width=\"592\"><b>Kampeli\u010dka za\u010dlen\u011bna pod St spo\u0159itelnu<\/b><\/td>\n<\/tr>\n<tr>\n<td width=\"65\"><b>1955<\/b><\/td>\n<td width=\"592\"><b>z\u0159\u00edzena l\u00e9ka\u0159sk\u00e1 a zubn\u00ed ordinace, zubn\u00ed ordinace zru\u0161ena roku 1975 <\/b><\/td>\n<\/tr>\n<tr>\n<td width=\"65\"><b>1956<\/b><\/td>\n<td width=\"592\"><b>zalo\u017eeno JZD, krav\u00edn postaven roku 1960 <\/b><\/td>\n<\/tr>\n<tr>\n<td width=\"65\"><b>1957<\/b><\/td>\n<td width=\"592\"><b>zalo\u017een Spolek zahr\u00e1dk\u00e1\u0159\u016f<\/b><\/td>\n<\/tr>\n<tr>\n<td width=\"65\"><b>1959<\/b><\/td>\n<td width=\"592\"><b>zalo\u017eena provozovna Detecha, zru\u0161ena 1975 <\/b><\/td>\n<\/tr>\n<tr>\n<td width=\"65\"><b>1959<\/b><\/td>\n<td width=\"592\"><b>zalo\u017een \u010ceskoslovensk\u00fd \u010derven\u00fd k\u0159\u00ed\u017e a mysliveck\u00e9 sdru\u017een\u00ed<\/b><\/td>\n<\/tr>\n<tr>\n<td width=\"65\"><b>1962 <\/b><\/td>\n<td width=\"592\"><b>vznikl st\u00e1tn\u00ed statek<\/b><\/td>\n<\/tr>\n<tr>\n<td width=\"65\"><b>1964<\/b><\/td>\n<td width=\"592\"><b>zapo\u010dala v\u00fdstavba m\u00edstn\u00edho p\u0159\u00edrodn\u00edho koupali\u0161t\u011b, od 1996 provozov\u00e1no ve sportovn\u00edm are\u00e1lu s\u00a0koup\u00e1n\u00edm na vlastn\u00ed nebezpe\u010d\u00ed<\/b><\/td>\n<\/tr>\n<tr>\n<td width=\"65\"><b>1967<\/b><\/td>\n<td width=\"592\"><b>zalo\u017eena provozovna Kovodru\u017estva N\u00e1chod, od 1991 do 1993 Kaden <\/b><\/td>\n<\/tr>\n<tr>\n<td width=\"65\"><b>1967<\/b><\/td>\n<td width=\"592\"><b>zalo\u017een Svazarm<\/b><\/td>\n<\/tr>\n<tr>\n<td width=\"65\"><b>1973<\/b><\/td>\n<td width=\"592\"><b>zalo\u017eena organizace SSM<\/b><\/td>\n<\/tr>\n<tr>\n<td width=\"65\"><b>1975<\/b><\/td>\n<td width=\"592\"><b>dostav\u011bna prodejna Jednoty, od 1992 provozuje prodejnu firma Horal, od 1994 \u0160tainerovi, od 1997 Barto\u0161ovi<\/b><\/td>\n<\/tr>\n<tr>\n<td width=\"65\"><b>1983<\/b><\/td>\n<td width=\"592\"><b>z\u0159\u00edzen\u00ed obecn\u00edho mandlu<\/b><\/td>\n<\/tr>\n<tr>\n<td width=\"65\"><b>1989<\/b><\/td>\n<td width=\"592\"><b>zprovozn\u011bn bystersk\u00fd vodovod<\/b><\/td>\n<\/tr>\n<tr>\n<td width=\"65\"><b>1990<\/b><\/td>\n<td width=\"592\"><b>zru\u0161ena prodejna textilu<\/b><\/td>\n<\/tr>\n<tr>\n<td width=\"65\"><b>1991<\/b><\/td>\n<td width=\"592\"><b>hostinec p\u0159ed\u00e1n d\u011bdic\u016fm p\u016fvodn\u00edch majitel\u016f<\/b><\/td>\n<\/tr>\n<tr>\n<td width=\"65\"><b>1993<\/b><\/td>\n<td width=\"592\"><b>z\u0159\u00edzena provozovna FABu (po Kadenu), zru\u0161ena 1996<\/b><\/td>\n<\/tr>\n<tr>\n<td width=\"65\"><b>1995<\/b><\/td>\n<td width=\"592\"><b>z\u0159\u00edzena prodejna second-hand-textilu<\/b><\/td>\n<\/tr>\n<tr>\n<td width=\"65\"><b>1996<\/b><\/td>\n<td width=\"592\"><b>z\u0159\u00edzena prodejna potravin v\u00a0\u010dp. 2 \u2013 Kav\u00e1lkovi, uzav\u0159ena 1997<\/b><\/td>\n<\/tr>\n<tr>\n<td width=\"65\"><b>1997<\/b><\/td>\n<td width=\"592\"><b>vybudov\u00e1na skladov\u00e1 hala<\/b><\/td>\n<\/tr>\n<tr>\n<td width=\"65\"><b>1998<\/b><\/td>\n<td width=\"592\"><b>zah\u00e1jena tradice setk\u00e1v\u00e1n\u00ed obc\u00ed s\u00a0n\u00e1zvem Bystr\u00e9<\/b><\/td>\n<\/tr>\n<tr>\n<td width=\"65\"><b>1998<\/b><\/td>\n<td width=\"592\"><b>zm\u011bna v\u00a0adrese \u2013 dodac\u00ed po\u0161tou je 51801 Dobru\u0161ka<\/b><\/td>\n<\/tr>\n<tr>\n<td width=\"65\"><b>1998<\/b><\/td>\n<td width=\"592\"><b>Povode\u0148 na Dolech<\/b><\/td>\n<\/tr>\n<tr>\n<td width=\"65\"><b>2000<\/b><\/td>\n<td width=\"592\"><b>premi\u00e9ra filmu Bitva o \u017eivot<\/b><\/td>\n<\/tr>\n<tr>\n<td width=\"65\"><b>2003<\/b><\/td>\n<td width=\"592\"><b>zprovozn\u011bny internetov\u00e9 str\u00e1nky obce<\/b><\/td>\n<\/tr>\n<tr>\n<td width=\"65\"><b>2005<\/b><\/td>\n<td width=\"592\"><b>obec m\u00e1 sv\u016fj znak a vlajku<\/b><\/td>\n<\/tr>\n<\/tbody>\n<\/table>\n<p>&nbsp;<\/p>\n<p>&nbsp;<\/p>\n<p>&nbsp;<\/p>\n","protected":false},"excerpt":{"rendered":"<p>Z\u00e1kladn\u00ed \u00fadaje o obci Poloha obce: Obec Bystr\u00e9 le\u017e\u00ed v&nbsp;okrese Rychnov nad Kn\u011b\u017enou na p\u016fli cesty mezi m\u011bstem Dobru\u0161ka a horsk\u00fdm st\u0159ediskem De\u0161tn\u00e9 v&nbsp;Orlick\u00fdch hor\u00e1ch Po\u010det obyvatel: 230 Spole\u010densk\u00e9 organizace: Osv\u011btov\u00e1 beseda, Sbor dobrovoln\u00fdch hasi\u010d\u016f, Mysliveck\u00e9 sdru\u017een\u00ed, V\u010dela\u0159i, Katolick\u00e1 a Bratrsk\u00e1 c\u00edrkev Kulturn\u00ed pam\u00e1tky: Kostel Sv. Bartolom\u011bje, kaple \u201e Na Kosteli\u0161ti \u201c Mo\u017enosti rekreace: Are\u00e1l [&hellip;]<\/p>\n","protected":false},"author":2,"featured_media":0,"parent":0,"menu_order":0,"comment_status":"closed","ping_status":"closed","template":"","meta":{"footnotes":""},"class_list":["post-59","page","type-page","status-publish","hentry"],"aioseo_notices":[],"jetpack_sharing_enabled":true,"jetpack_likes_enabled":true,"_links":{"self":[{"href":"https:\/\/www.hasicibystre.cz\/index.php?rest_route=\/wp\/v2\/pages\/59","targetHints":{"allow":["GET"]}}],"collection":[{"href":"https:\/\/www.hasicibystre.cz\/index.php?rest_route=\/wp\/v2\/pages"}],"about":[{"href":"https:\/\/www.hasicibystre.cz\/index.php?rest_route=\/wp\/v2\/types\/page"}],"author":[{"embeddable":true,"href":"https:\/\/www.hasicibystre.cz\/index.php?rest_route=\/wp\/v2\/users\/2"}],"replies":[{"embeddable":true,"href":"https:\/\/www.hasicibystre.cz\/index.php?rest_route=%2Fwp%2Fv2%2Fcomments&post=59"}],"version-history":[{"count":3,"href":"https:\/\/www.hasicibystre.cz\/index.php?rest_route=\/wp\/v2\/pages\/59\/revisions"}],"predecessor-version":[{"id":624,"href":"https:\/\/www.hasicibystre.cz\/index.php?rest_route=\/wp\/v2\/pages\/59\/revisions\/624"}],"wp:attachment":[{"href":"https:\/\/www.hasicibystre.cz\/index.php?rest_route=%2Fwp%2Fv2%2Fmedia&parent=59"}],"curies":[{"name":"wp","href":"https:\/\/api.w.org\/{rel}","templated":true}]}}