{"id":714,"date":"2018-07-24T20:06:24","date_gmt":"2018-07-24T18:06:24","guid":{"rendered":"http:\/\/www.hasicibystre.cz\/?page_id=714"},"modified":"2018-07-30T19:43:53","modified_gmt":"2018-07-30T17:43:53","slug":"2000-2001","status":"publish","type":"page","link":"https:\/\/www.hasicibystre.cz\/?page_id=714","title":{"rendered":"2000 &#8211; 2001"},"content":{"rendered":"<p style=\"text-align: center;\">\u010clenov\u00e9 kolektivu<\/p>\n<table width=\"556\">\n<tbody>\n<tr>\n<td width=\"33%\"><em><strong> Jm\u00e9no<\/strong><\/em><\/td>\n<td width=\"33%\"><em><strong> Bydli\u0161t\u011b<\/strong><\/em><\/td>\n<td width=\"33%\"><em><strong> V\u011bk<\/strong><\/em><\/td>\n<\/tr>\n<tr>\n<td width=\"33%\"><strong> Milan Hradeck\u00fd<\/strong><\/td>\n<td width=\"33%\"><strong> Bystr\u00e9<\/strong><\/td>\n<td width=\"33%\"><strong>17<\/strong><\/td>\n<\/tr>\n<tr>\n<td width=\"33%\"><strong> Tom\u00e1\u0161 Hradeck\u00fd<\/strong><\/td>\n<td width=\"33%\"><strong> Bohda\u0161\u00edn<\/strong><\/td>\n<td width=\"33%\"><strong>18<\/strong><\/td>\n<\/tr>\n<tr>\n<td width=\"33%\"><strong> Tom\u00e1\u0161 K\u00e1rn\u00edk<\/strong><\/td>\n<td width=\"33%\"><strong> Ba\u010det\u00edn<\/strong><\/td>\n<td width=\"33%\"><strong>17<\/strong><\/td>\n<\/tr>\n<tr>\n<td width=\"33%\"><strong>Jan Klou\u010dek<\/strong><\/td>\n<td width=\"33%\"><strong> Ole\u0161nice<\/strong><\/td>\n<td width=\"33%\"><strong>17<\/strong><\/td>\n<\/tr>\n<tr>\n<td width=\"33%\"><strong> Pavel Macek<\/strong><\/td>\n<td width=\"33%\"><strong> Dobru\u0161ka<\/strong><\/td>\n<td width=\"33%\"><strong>17<\/strong><\/td>\n<\/tr>\n<tr>\n<td width=\"33%\"><strong> Zden\u011bk Mart\u00ednek<\/strong><\/td>\n<td width=\"33%\"><strong> Bystr\u00e9<\/strong><\/td>\n<td width=\"33%\"><strong>18<\/strong><\/td>\n<\/tr>\n<tr>\n<td width=\"33%\"><strong> Daniel Tamchyna<\/strong><\/td>\n<td width=\"33%\"><strong> Dob\u0159any<\/strong><\/td>\n<td width=\"33%\"><strong>17<\/strong><\/td>\n<\/tr>\n<\/tbody>\n<\/table>\n<p style=\"text-align: justify;\"><u>Z\u00e1vod po\u017e\u00e1rnick\u00e9 v\u0161estrannosti<\/u><\/p>\n<p style=\"text-align: justify;\">V sobotu 21.&nbsp;\u0159\u00edjna byl zah\u00e1jen ro\u010dn\u00edk 2000 \u2013 2001 z\u00e1vodem po\u017e\u00e1rnick\u00e9 v\u0161estrannosti v&nbsp;\u010cestic\u00edch. V&nbsp;z\u00e1vod\u011b, kter\u00fd byl obsazen n\u00edzk\u00fdm po\u010dtem dorosteneck\u00fdch kolektiv\u016f, se n\u00e1m pom\u011brn\u011b da\u0159ilo. Obsadili jsme 1.&nbsp;m\u00edsto a m\u00e1me tedy v\u00fdbornou v\u00fdchoz\u00ed pozici do dal\u0161\u00edch discipl\u00edn, kter\u00e9 se budou konat v&nbsp;kv\u011btnu 2001.<\/p>\n<p style=\"text-align: justify;\"><u>Okresn\u00ed kolo v&nbsp;Li\u010dn\u011b<\/u><\/p>\n<p style=\"text-align: justify;\">V jarn\u00ed p\u0159\u00edprav\u011b jsme se nejv\u00edce v\u011bnovali po\u017e\u00e1rn\u00edm \u00fatok\u016fm. Prvn\u00ed sout\u011b\u017en\u00ed kl\u00e1n\u00ed jsme zapo\u010dali v&nbsp;Houdkovic\u00edch dne 8.&nbsp;kv\u011btna, kde za\u010dala \u201ePodorlick\u00e1 liga\u201c v&nbsp;po\u017e\u00e1rn\u00edm \u00fatoku. Jedn\u00e1 se o seri\u00e1l 11 z\u00e1vod\u016f, ze kter\u00fdch se prvn\u00edm 15 dru\u017estv\u016fm zapo\u010d\u00edt\u00e1vaj\u00ed body do celkov\u00e9ho hodnocen\u00ed. Dal\u0161\u00edm z\u00e1vodem byl poh\u00e1r v&nbsp;\u010ceperce, kter\u00fd se rovn\u011b\u017e zapo\u010d\u00edt\u00e1v\u00e1 do Podorlick\u00e9 ligy. Dvac\u00e1t\u00e9ho \u0161est\u00e9ho kv\u011btna se konalo okresn\u00ed kolo dorostu, kter\u00e9 bylo pro na\u0161e dru\u017estvo sp\u00ed\u0161e tr\u00e9ninkem, jeliko\u017e jsme pro tento rok z\u016fstali jedin\u00fdm dorosteneck\u00fdm kolektivem na okrese. Za zm\u00ednku snad stoj\u00ed \u010das v&nbsp;po\u017e\u00e1rn\u00edm \u00fatoku 34, 67 s. Je ur\u010dit\u011b velk\u00e1 \u0161koda, \u017ee na na\u0161em okrese nen\u00ed o dorosteneck\u00fd po\u017e\u00e1rn\u00ed sport v\u011bt\u0161\u00ed z\u00e1jem. Postup do oblastn\u00edho kola jsme m\u011bli jist\u00fd u\u017e p\u0159edem. Bude se konat v&nbsp;term\u00ednu 16. \u2013 17.&nbsp;6.&nbsp;v&nbsp;Holic\u00edch.<\/p>\n","protected":false},"excerpt":{"rendered":"<p>\u010clenov\u00e9 kolektivu Jm\u00e9no Bydli\u0161t\u011b V\u011bk Milan Hradeck\u00fd Bystr\u00e9 17 Tom\u00e1\u0161 Hradeck\u00fd Bohda\u0161\u00edn 18 Tom\u00e1\u0161 K\u00e1rn\u00edk Ba\u010det\u00edn 17 Jan Klou\u010dek Ole\u0161nice 17 Pavel Macek Dobru\u0161ka 17 Zden\u011bk Mart\u00ednek Bystr\u00e9 18 Daniel Tamchyna Dob\u0159any 17 Z\u00e1vod po\u017e\u00e1rnick\u00e9 v\u0161estrannosti V&nbsp;sobotu 21.&nbsp;\u0159\u00edjna byl zah\u00e1jen ro\u010dn\u00edk 2000 \u2013 2001 z\u00e1vodem po\u017e\u00e1rnick\u00e9 v\u0161estrannosti v&nbsp;\u010cestic\u00edch. V&nbsp;z\u00e1vod\u011b, kter\u00fd byl obsazen n\u00edzk\u00fdm po\u010dtem [&hellip;]<\/p>\n","protected":false},"author":2,"featured_media":0,"parent":118,"menu_order":0,"comment_status":"closed","ping_status":"closed","template":"","meta":{"footnotes":""},"class_list":["post-714","page","type-page","status-publish","hentry"],"aioseo_notices":[],"jetpack_sharing_enabled":true,"jetpack_likes_enabled":true,"_links":{"self":[{"href":"https:\/\/www.hasicibystre.cz\/index.php?rest_route=\/wp\/v2\/pages\/714","targetHints":{"allow":["GET"]}}],"collection":[{"href":"https:\/\/www.hasicibystre.cz\/index.php?rest_route=\/wp\/v2\/pages"}],"about":[{"href":"https:\/\/www.hasicibystre.cz\/index.php?rest_route=\/wp\/v2\/types\/page"}],"author":[{"embeddable":true,"href":"https:\/\/www.hasicibystre.cz\/index.php?rest_route=\/wp\/v2\/users\/2"}],"replies":[{"embeddable":true,"href":"https:\/\/www.hasicibystre.cz\/index.php?rest_route=%2Fwp%2Fv2%2Fcomments&post=714"}],"version-history":[{"count":3,"href":"https:\/\/www.hasicibystre.cz\/index.php?rest_route=\/wp\/v2\/pages\/714\/revisions"}],"predecessor-version":[{"id":985,"href":"https:\/\/www.hasicibystre.cz\/index.php?rest_route=\/wp\/v2\/pages\/714\/revisions\/985"}],"up":[{"embeddable":true,"href":"https:\/\/www.hasicibystre.cz\/index.php?rest_route=\/wp\/v2\/pages\/118"}],"wp:attachment":[{"href":"https:\/\/www.hasicibystre.cz\/index.php?rest_route=%2Fwp%2Fv2%2Fmedia&parent=714"}],"curies":[{"name":"wp","href":"https:\/\/api.w.org\/{rel}","templated":true}]}}