{"id":718,"date":"2018-07-24T20:07:51","date_gmt":"2018-07-24T18:07:51","guid":{"rendered":"http:\/\/www.hasicibystre.cz\/?page_id=718"},"modified":"2018-07-30T19:50:22","modified_gmt":"2018-07-30T17:50:22","slug":"2004-2005","status":"publish","type":"page","link":"https:\/\/www.hasicibystre.cz\/?page_id=718","title":{"rendered":"2004 &#8211; 2005"},"content":{"rendered":"<p style=\"text-align: center;\">\u010clenov\u00e9 kolektivu<\/p>\n<table width=\"556\">\n<tbody>\n<tr>\n<td width=\"33%\"><em><strong> Jm\u00e9no<\/strong><\/em><\/td>\n<td width=\"33%\"><em><strong> Bydli\u0161t\u011b<\/strong><\/em><\/td>\n<\/tr>\n<tr>\n<td width=\"33%\"><strong> Simon Krpata<\/strong><\/td>\n<td width=\"33%\"><strong> Bystr\u00e9<\/strong><\/td>\n<\/tr>\n<tr>\n<td width=\"33%\"><strong> Ji\u0159\u00ed Mat\u011bj\u016f<\/strong><\/td>\n<td width=\"33%\"><strong> Kounov<\/strong><\/td>\n<\/tr>\n<tr>\n<td width=\"33%\"><strong> Tom\u00e1\u0161 Mat\u011bj\u016f<\/strong><\/td>\n<td width=\"33%\"><strong> Kounov<\/strong><\/td>\n<\/tr>\n<tr>\n<td width=\"33%\"><strong> Tom\u00e1\u0161 Mat\u011bj\u016f<\/strong><\/td>\n<td width=\"33%\"><strong> Sud\u00edn<\/strong><\/td>\n<\/tr>\n<tr>\n<td width=\"33%\"><strong> V\u00e1clav Novotn\u00fd<\/strong><\/td>\n<td width=\"33%\"><strong> Ba\u010det\u00edn<\/strong><\/td>\n<\/tr>\n<tr>\n<td width=\"33%\"><strong> Michael Stod\u016flka<\/strong><\/td>\n<td width=\"33%\"><strong> Ba\u010det\u00edn<\/strong><\/td>\n<\/tr>\n<tr>\n<td width=\"33%\"><strong> Richard \u0160t\u011bp\u00e1n<\/strong><\/td>\n<td width=\"33%\"><strong> Kounov<\/strong><\/td>\n<\/tr>\n<tr>\n<td width=\"33%\"><strong> Luk\u00e1\u0161 Va\u0161\u00ed\u010dek<\/strong><\/td>\n<td width=\"33%\"><strong> Ba\u010det\u00edn<\/strong><\/td>\n<\/tr>\n<\/tbody>\n<\/table>\n<p style=\"text-align: justify;\"><u>Z\u00e1vod po\u017e\u00e1rnick\u00e9 v\u0161estrannosti<\/u><\/p>\n<p style=\"text-align: justify;\">9.10.&nbsp;2004 odj\u00ed\u017ed\u00edme do Valu, abychom zab\u011bhli co nejrychleji Z\u00e1vod po\u017e\u00e1rn\u00ed v\u0161estrannosti a do Okresn\u00edho kola \u0161li s\u00a0n\u00e1skokem jednoho bodu . Z\u00e1vod jsme m\u011bli rozb\u011bhnut\u00fd dob\u0159e, ale n\u011bjak\u00fd vandal n\u00e1m p\u0159ev\u00e1zal f\u00e1borky, a tak jsme se ocitli m\u00edsto ve Valu v\u00a0Ba\u010det\u00edn\u011b. \u017d\u00e1dn\u00e9mu dru\u017estvu se body ned\u00e1vali a do Okresn\u00edho kola \u0161la v\u0161echny dru\u017estva bez bodu .<\/p>\n<p style=\"text-align: justify;\"><u>Z\u00e1vod po\u017e\u00e1rnick\u00e9 v\u0161estrannosti &#8211; Meziles\u00ed<\/u><\/p>\n<p style=\"text-align: justify;\">Po z\u00e1vodu ve Valu jsme si cht\u011bli zlep\u0161it n\u00e1ladu v\u00fdhrou sout\u011b\u017ee Po\u017e\u00e1rn\u00ed v\u0161estrannosti v&nbsp;Meziles\u00ed . N\u00e1skokem n\u011bkolika minut na dal\u0161\u00ed dru\u017estva jsme zv\u00edt\u011bzili a odvezli jsme si kone\u010dn\u011b poh\u00e1r za 1.m\u00edsto.<\/p>\n<p style=\"text-align: justify;\"><u>Tr\u00e9nujeme<\/u><\/p>\n<p style=\"text-align: justify;\">V\u00a0zim\u011b jsme jezdili op\u011bt do t\u011blocvi\u010dny do Ole\u0161nice, kde n\u00e1s tr\u00e9novali M.Dus\u00edlek a J. Klou\u010dek. Po rozt\u00e1n\u00ed sn\u011bhu a zlep\u0161en\u00e9m po\u010das\u00ed jsme kone\u010dn\u011b mohli za\u010d\u00edt tr\u00e9novat venku. Nejv\u00edce jsme se zam\u011b\u0159ili na b\u011bh na 100m a na \u0161tafetu, abychom znovu neprohr\u00e1li t\u011bsn\u00fdm rozd\u00edlem jako v\u00a0Kvasin\u00e1ch .<\/p>\n<p style=\"text-align: justify;\"><u>Okrskov\u00e1 sout\u011b\u017e<\/u><\/p>\n<p>7.kv\u011btna 2005 jsme se z\u00fa\u010dastnili sout\u011b\u017ee 14.&nbsp;a 15.&nbsp;okrsku v\u00a0Bohda\u0161\u00edn\u011b, kde jsme si mohli vyzkou\u0161et p\u0159ed Okresn\u00edm kolem jak n\u00e1m jdou \u0161tafeta a po\u017e\u00e1rn\u00ed \u00fatok. Um\u00edstili jsme se na prvn\u00edm m\u00edst\u011b s\u00a0\u010dasem z\u00a0po\u017e\u00e1rn\u00edho \u00fatoku 30,5 s&nbsp;a \u0161tafetou 66,4 s&nbsp;.<\/p>\n<p style=\"text-align: justify;\"><u>Podorlick\u00e1 liga<\/u><\/p>\n<p style=\"text-align: justify;\"><u>Houdkovice<\/u><\/p>\n<p style=\"text-align: justify;\"><span style=\"font-size: 1rem;\">8.kv\u011btna jsme se z\u00fa\u010dastnili sout\u011b\u017ee v\u00a0Houdkovic\u00edch , kter\u00e1 zahajovala Podorlickou ligu .\u00a0<\/span>P\u0159es probl\u00e9my s\u00a0proti foukaj\u00edc\u00edm v\u011btrem jsme se z\u00a022 dru\u017estev um\u00edstili na 7 .m\u00edst\u011b s\u00a0\u010dasem 33,68s .\u00a0<span style=\"font-size: 1rem;\">Z\u00e1kladn\u00ed kolo vyhr\u00e1li P\u0161\u00e1nky s\u00a0\u010dasem 26,95s a ve fin\u00e1le skon\u010dili na prvn\u00edm m\u00edst\u011b na\u0161i mu\u017ei .<\/span><\/p>\n<p style=\"text-align: justify;\"><u>Ohni\u0161ov<\/u><\/p>\n<p style=\"text-align: justify;\"><u>14.<\/u><span style=\"font-size: 1rem;\">kv\u011btna jsme m\u011bli posledn\u00ed mo\u017enost p\u0159ed Okresn\u00edm kolem vyzkou\u0161et si po\u017e\u00e1rn\u00ed \u00fatok v\u00a0Ohni\u0161ov\u011b . Moc se n\u00e1m nevyvedl, n\u00e1st\u0159iky n\u00e1m kv\u016fli op\u011bt siln\u00e9mu v\u011btru trvaly dlouho, a tak jsme zab\u011bhli \u00fatok za 41,41s a obsadili tak 14.&nbsp;m\u00edsto z\u00a021 dru\u017estev mu\u017e\u016f. Prvn\u00ed byli v\u00a0z\u00e1kladn\u00edm kole na\u0161i mu\u017ei z\u00a0Bystr\u00e9ho s\u00a0\u010dasem 27,67s a ve fin\u00e1le obsadili tak\u00e9 prvn\u00ed m\u00edsto .<\/span><\/p>\n<p style=\"text-align: justify;\"><span style=\"text-decoration: underline;\"> R\u00e1jec<\/span><\/p>\n<p style=\"text-align: justify;\">V\u00a0sobotu 21.5.2005 se uskute\u010dnila dal\u0161\u00ed sout\u011b\u017e Podorlick\u00e9 ligy, kter\u00e1 se konala v\u00a0R\u00e1jci. Za p\u011bkn\u00e9ho po\u010das\u00ed jsme zab\u011bhli po\u017e\u00e1rn\u00ed \u00fatok za 29,87s a to n\u00e1m dalo na 5.&nbsp;m\u00edsto a poprv\u00e9 jsme postoupili do fin\u00e1le. Ve fin\u00e1le neb\u011b\u017eeli na\u0161i mu\u017ei, a tak jsme skon\u010dili s\u00a0\u010dasem 30,93s na 4.&nbsp;m\u00edst\u011b .<\/p>\n<p style=\"text-align: justify;\"><span style=\"text-decoration: underline;\"> Dobr\u00e9<\/span><\/p>\n<p style=\"text-align: justify;\"><span style=\"text-decoration: underline;\">4.<\/span><span style=\"font-size: 1rem;\">\u010dervna op\u011bt v\u00a0sobotu se konala dal\u0161\u00ed sout\u011b\u017e Podorlick\u00e9 ligy v\u00a0Dobr\u00e9m. Po\u010das\u00ed n\u00e1m moc nep\u0159\u00e1lo, ale i p\u0159es to jsme zab\u011bhli po\u017e\u00e1rn\u00ed \u00fatok za 29, 52s na 10.&nbsp;m\u00edst\u011b. V\u00a0z\u00e1kladn\u00edm kole skon\u010dili prvn\u00ed mu\u017ei z\u00a0Bystr\u00e9ho s\u00a0\u010dasem 23,96s .<\/span><\/p>\n<p style=\"text-align: justify;\"><u>Trnov<\/u><\/p>\n<p style=\"text-align: justify;\">V ned\u011bli 12.6.&nbsp;se konala v&nbsp;Trnov\u011b Extraliga \u010cesk\u00e9 republiky, p\u0159i kter\u00e9 se konala i Podorlick\u00e1 liga na sklopn\u00e9 ter\u010de, kter\u00e9 se u mnoha dru\u017estev staly velk\u00fdm probl\u00e9mem. S&nbsp;\u010dasem 21.94 s. jsme obsadili v&nbsp;Podorlick\u00e9 lize 10.&nbsp;m\u00edsto. Prvn\u00ed byl dom\u00e1c\u00ed Trnov &#8211; A s&nbsp;\u010dasem 18.85 s. .<\/p>\n<p style=\"text-align: justify;\"><u>\u010castolovice<\/u><\/p>\n<p style=\"text-align: justify;\">Dal\u0161\u00edm m\u00edstem kon\u00e1n\u00ed Podorlick\u00e9 ligy se staly \u010castolovice, v&nbsp;sobotu 18.6. . Po\u017e\u00e1rn\u00ed \u00fatok se n\u00e1m moc nepovedl a s&nbsp;\u010dasem 32.51 s. jsme obsadili a\u017e 15.&nbsp;m\u00edsto. V&nbsp;z\u00e1kladn\u00edm kole se stali v\u00edt\u011bzi op\u011bt na\u0161i mu\u017ei s&nbsp;\u010dasem 23.08 s.\u00a0 s&nbsp;ve fin\u00e1le dru\u017estvo mu\u017e\u016f z&nbsp;Trnova s&nbsp;\u010dasem 25.30 s. .<\/p>\n<p style=\"text-align: justify;\"><u>Opo\u010dno<\/u><\/p>\n<p style=\"text-align: justify;\">Posledn\u00ed z\u00e1vod Podorlick\u00e9 ligy se b\u011b\u017eel v&nbsp;Opo\u010dn\u011b. My jsme se ale nemohli z\u00fa\u010dastnit, a tak jsme v&nbsp;Podorlick\u00e9 lize obsadili celkov\u00e9 14.&nbsp;m\u00edsto. Celkov\u00fdm v\u00edt\u011bzem se op\u011bt stali na\u0161i mu\u017ei.<\/p>\n<p style=\"text-align: justify;\"><u>Okresn\u00ed kolo<\/u><\/p>\n<p style=\"text-align: justify;\">V ned\u011bli 15.&nbsp;kv\u011btna se uskute\u010dnilo Okresn\u00ed kolo dorostenc\u016f v&nbsp;Kvasin\u00e1ch. Se\u0161la se dv\u011b dru\u017estva dorostenc\u016f a dv\u011b dru\u017estva dorostenek. Na\u0161\u00edm soupe\u0159em se op\u011bt staly Houdkovice. Prvn\u00ed jsme psali testy z&nbsp;po\u017e\u00e1rn\u00ed ochrany, kter\u00e9 jsme my i Houdkovice napsali bez chyb. Druhou disciplinou byli jednotlivci. Houdkovic\u00edm jsme v&nbsp;sou\u010dtu \u010das\u016f utekli o 3 sekundy a tak jsme p\u0159e\u0161li k&nbsp;dal\u0161\u00ed discipl\u00edn\u011b &#8211; \u0161tafet\u011b 4 x 100&nbsp;m. \u0160tafetu jsme op\u011bt jako na minul\u00e9m okresn\u00edm kole prohr\u00e1li o jednu desetinu, a proto o v\u00edt\u011bzi rozhodoval po\u017e\u00e1rn\u00ed \u00fatok. Po\u017e\u00e1rn\u00ed \u00fatok se n\u00e1m vyda\u0159il a jasn\u011b jsme v&nbsp;n\u011bm Houdkovice porazili. Oslavili jsme postup do krajsk\u00e9ho kola a za\u010dali znovu tr\u00e9novat. K&nbsp;na\u0161emu tr\u00e9ninku jsme museli p\u0159idat dome\u010dek, kter\u00fd se pob\u011b\u017e\u00ed ve \u0161tafet\u011b 4 x 100&nbsp;m. Dome\u010dek n\u00e1s nau\u010dili na\u0161i mu\u017ei, kte\u0159\u00ed s&nbsp;n\u00edm maj\u00ed zku\u0161enost z&nbsp;mistrovstv\u00ed \u010cesk\u00e9 republiky. Posledn\u00ed dva t\u00fddny p\u0159ed Krajsk\u00fdm kolem, kter\u00e9 se kon\u00e1 11.&nbsp;\u010dervna 2005 v&nbsp;Nov\u00e9m M\u011bst\u011b nad Metuj\u00ed chod\u00edme na tr\u00e9ninky \u010dty\u0159ikr\u00e1t n\u011bkdy i p\u011btkr\u00e1t t\u00fddn\u011b. Chceme se toti\u017e um\u00edstit na co nejlep\u0161\u00edm m\u00edst\u011b.<\/p>\n<p style=\"text-align: justify;\"><u>Krajsk\u00e9 kolo<\/u><\/p>\n<p style=\"text-align: justify;\">V sobotu 11.6.&nbsp;2005 se konalo Krajsk\u00e9 kolo dorostu v&nbsp;Nov\u00e9m M\u011bst\u011b nad Metuj\u00ed. Jako prvn\u00ed discipl\u00ednou byl b\u011bh na 100&nbsp;m p\u0159ek\u00e1\u017eek. Po dob\u011bhu 100&nbsp;m p\u0159ek\u00e1\u017eek jsme byli pr\u016fb\u011b\u017en\u011b druz\u00ed za Hajnicemi asi o dv\u011b sekundy. Jakou druh\u00e1 discipl\u00edna byl test z&nbsp;po\u017e\u00e1rn\u00ed ochrany, kter\u00fd jsme s&nbsp;Hajnicemi napsali jako jedin\u00ed bez chyb a tak jsme po\u0159\u00e1d ztr\u00e1celi na vedouc\u00ed Hajnice 1 bod. Potom p\u0159i\u0161la \u0161tafeta 4 x 100 m, kterou jsme op\u011bt o dv\u011b sekundy prohr\u00e1li s&nbsp;vedouc\u00edmi Hajnicemi. Po \u0161tafet\u011b jsme ztr\u00e1celi dva body, ale po\u0159\u00e1d jsme to nevzd\u00e1vali. Po\u017e\u00e1rn\u00ed \u00fatoky se po t\u0159ech pokusech opakovali, proto\u017ee na ter\u010d\u00edch nastala z\u00e1vada. Po\u017e\u00e1rn\u00ed \u00fatok jsme zab\u011bhli za 33.1 sekundy a Hajnice za 49.5 sekundy. V&nbsp;po\u017e\u00e1rn\u00edm \u00fatoku jsme tak obsadili prvn\u00ed m\u00edsto a Hajnice a\u017e t\u0159et\u00ed a body byly vyrovn\u00e1ny. Zv\u00edt\u011bzili jsme d\u00edky lep\u0161\u00edmu po\u017e\u00e1rn\u00edmu \u00fatoku a poprv\u00e9 postoupili na Mistrovstv\u00ed \u010cesk\u00e9 republiky do Plzn\u011b. Po Krajsk\u00e9m kole st\u00e1le tr\u00e9nujeme a sb\u00edr\u00e1me zku\u0161enosti z&nbsp;jin\u00fdch poh\u00e1rov\u00fdch sout\u011b\u017e\u00edch, abychom se co nejl\u00e9pe um\u00edstili na Mistrovstv\u00ed \u010cesk\u00e9 republiky.<\/p>\n<p style=\"text-align: justify;\"><u>Okresn\u00ed kolo dosp\u011bl\u00fdch<\/u><\/p>\n<p style=\"text-align: justify;\">Dvac\u00e1t\u00e9ho p\u00e1t\u00e9ho \u010dervna se uskute\u010dnilo Okresn\u00ed kolo v&nbsp;po\u017e\u00e1rn\u00edm sportu dosp\u011bl\u00fdch v&nbsp;Kvasin\u00e1ch. Po celkov\u00e9m sou\u010dtu \u010das\u016f ze t\u0159\u00ed discipl\u00edn jsme obsadili 2.&nbsp;m\u00edsto za na\u0161imi mu\u017ei.<\/p>\n<p style=\"text-align: justify;\"><u>Podorlick\u00e1 stovka<\/u><\/p>\n<p style=\"text-align: justify;\">Na\u0161\u00ed posledn\u00ed zkou\u0161kou b\u011bhu na 100m p\u0159ek\u00e1\u017eek p\u0159ed Mistrovstv\u00edm \u010cR byla Podorlick\u00e1 stovka, kter\u00e1 se konala 5.7.&nbsp;v&nbsp;Kvasin\u00e1ch. Zm\u011b\u0159ili jsme na\u0161e s\u00edly s&nbsp;jin\u00fdmi jednotlivci ze \u010cR a p\u0159ipravili jsme se na Mistrovstv\u00ed \u010cR dorostu.<\/p>\n<p style=\"text-align: justify;\"><u>Mistrovstv\u00ed \u010cesk\u00e9 republiky dorostu 2005 &#8211; Plze\u0148<\/u><\/p>\n<p style=\"text-align: justify;\">Dev\u00e1t\u00e9ho \u010dervence odj\u00ed\u017ed\u00edme do Plzn\u011b, kde se uskute\u010dn\u00ed Mistrovstv\u00ed \u010cesk\u00e9 republiky dorostu. V&nbsp;jednotliv\u00fdch discipl\u00edn\u00e1ch p\u0159i n\u00e1s \u0161t\u011bst\u00ed moc nest\u00e1lo. Po nezda\u0159en\u00e9 \u0161tafet\u011b 4 x 100&nbsp;m a neplatn\u00e9m pokusu z&nbsp;po\u017e\u00e1rn\u00edho \u00fatoku se n\u00e1m povedly pouze jednotlivci a testy. To n\u00e1m ale nepomohlo a um\u00edstili jsme se na celkov\u00e9m 13.&nbsp;m\u00edst\u011b. Byla to pro n\u00e1s dal\u0161\u00ed zku\u0161enost a mo\u017enost sout\u011b\u017eit s&nbsp;t\u011bmi nejlep\u0161\u00edmi z&nbsp;cel\u00e9 \u010cesk\u00e9 republiky.<\/p>\n","protected":false},"excerpt":{"rendered":"<p>\u010clenov\u00e9 kolektivu Jm\u00e9no Bydli\u0161t\u011b Simon Krpata Bystr\u00e9 Ji\u0159\u00ed Mat\u011bj\u016f Kounov Tom\u00e1\u0161 Mat\u011bj\u016f Kounov Tom\u00e1\u0161 Mat\u011bj\u016f Sud\u00edn V\u00e1clav Novotn\u00fd Ba\u010det\u00edn Michael Stod\u016flka Ba\u010det\u00edn Richard \u0160t\u011bp\u00e1n Kounov Luk\u00e1\u0161 Va\u0161\u00ed\u010dek Ba\u010det\u00edn Z\u00e1vod po\u017e\u00e1rnick\u00e9 v\u0161estrannosti 9.10.&nbsp;2004 odj\u00ed\u017ed\u00edme do Valu, abychom zab\u011bhli co nejrychleji Z\u00e1vod po\u017e\u00e1rn\u00ed v\u0161estrannosti a do Okresn\u00edho kola \u0161li s\u00a0n\u00e1skokem jednoho bodu . Z\u00e1vod jsme m\u011bli rozb\u011bhnut\u00fd [&hellip;]<\/p>\n","protected":false},"author":2,"featured_media":0,"parent":118,"menu_order":0,"comment_status":"closed","ping_status":"closed","template":"","meta":{"footnotes":""},"class_list":["post-718","page","type-page","status-publish","hentry"],"aioseo_notices":[],"jetpack_sharing_enabled":true,"jetpack_likes_enabled":true,"_links":{"self":[{"href":"https:\/\/www.hasicibystre.cz\/index.php?rest_route=\/wp\/v2\/pages\/718","targetHints":{"allow":["GET"]}}],"collection":[{"href":"https:\/\/www.hasicibystre.cz\/index.php?rest_route=\/wp\/v2\/pages"}],"about":[{"href":"https:\/\/www.hasicibystre.cz\/index.php?rest_route=\/wp\/v2\/types\/page"}],"author":[{"embeddable":true,"href":"https:\/\/www.hasicibystre.cz\/index.php?rest_route=\/wp\/v2\/users\/2"}],"replies":[{"embeddable":true,"href":"https:\/\/www.hasicibystre.cz\/index.php?rest_route=%2Fwp%2Fv2%2Fcomments&post=718"}],"version-history":[{"count":3,"href":"https:\/\/www.hasicibystre.cz\/index.php?rest_route=\/wp\/v2\/pages\/718\/revisions"}],"predecessor-version":[{"id":989,"href":"https:\/\/www.hasicibystre.cz\/index.php?rest_route=\/wp\/v2\/pages\/718\/revisions\/989"}],"up":[{"embeddable":true,"href":"https:\/\/www.hasicibystre.cz\/index.php?rest_route=\/wp\/v2\/pages\/118"}],"wp:attachment":[{"href":"https:\/\/www.hasicibystre.cz\/index.php?rest_route=%2Fwp%2Fv2%2Fmedia&parent=718"}],"curies":[{"name":"wp","href":"https:\/\/api.w.org\/{rel}","templated":true}]}}