{"id":728,"date":"2018-07-24T20:10:57","date_gmt":"2018-07-24T18:10:57","guid":{"rendered":"http:\/\/www.hasicibystre.cz\/?page_id=728"},"modified":"2018-07-30T19:59:28","modified_gmt":"2018-07-30T17:59:28","slug":"2009-2010","status":"publish","type":"page","link":"https:\/\/www.hasicibystre.cz\/?page_id=728","title":{"rendered":"2009 &#8211; 2010"},"content":{"rendered":"<p>&nbsp;<\/p>\n<table width=\"556\">\n<tbody>\n<tr>\n<td width=\"33%\"><em><strong> Jm\u00e9no<\/strong><\/em><\/td>\n<td width=\"33%\"><em><strong> Bydli\u0161t\u011b<\/strong><\/em><\/td>\n<\/tr>\n<tr>\n<td width=\"33%\"><strong>Jakub \u010conka<\/strong><\/td>\n<td width=\"33%\"><strong>Val<\/strong><\/td>\n<\/tr>\n<tr>\n<td width=\"33%\"><strong> Marek Du\u0161ka<\/strong><\/td>\n<td width=\"33%\"><strong> Bystr\u00e9<\/strong><\/td>\n<\/tr>\n<tr>\n<td width=\"33%\"><strong>Jan Felcman<\/strong><\/td>\n<td width=\"33%\"><strong>K\u0159ovice<\/strong><\/td>\n<\/tr>\n<tr>\n<td width=\"33%\"><strong>Tom\u00e1s Marval<\/strong><\/td>\n<td width=\"33%\"><strong>Ba\u010det\u00edn<\/strong><\/td>\n<\/tr>\n<tr>\n<td width=\"33%\"><strong> Adam Novotn\u00fd<\/strong><\/td>\n<td width=\"33%\"><strong>Val<\/strong><\/td>\n<\/tr>\n<tr>\n<td width=\"33%\"><strong>Libor P\u0159ibyl<\/strong><\/td>\n<td width=\"33%\"><strong>Nov\u00fd Hr\u00e1dek<\/strong><\/td>\n<\/tr>\n<tr>\n<td width=\"33%\"><strong>Jan Voborn\u00edk<\/strong><\/td>\n<td width=\"33%\"><strong>Val<\/strong><\/td>\n<\/tr>\n<tr>\n<td width=\"33%\"><strong>Jakub Zaj\u00ed\u010dek<\/strong><\/td>\n<td style=\"text-align: justify;\" width=\"33%\"><strong>Nov\u00e9 M\u011bsto nad Metuj\u00ed<\/strong><\/td>\n<\/tr>\n<\/tbody>\n<\/table>\n<p style=\"text-align: justify;\">Z\u00e1vod po\u017e\u00e1rnick\u00e9 v\u0161estrannosti &#8211; Z\u00e1m\u011bl<\/p>\n<p style=\"text-align: justify;\">V de\u0161tiv\u00fd den 10.&nbsp;\u0159\u00edjna 2009 se konal ZPV v&nbsp;Z\u00e1m\u011bli u Vamberka. Po\u010das\u00ed bylo v&nbsp;tento den velmi nep\u0159\u00edzniv\u00e9, ale to n\u00e1m nezabr\u00e1nilo v&nbsp;tom, abychom zv\u00edt\u011bzili. Z&nbsp;na\u0161eho um\u00edst\u011bn\u00ed jsme m\u011bli velkou radost. Nyn\u00ed n\u00e1s \u010dek\u00e1 zimn\u00ed p\u0159\u00edprava v&nbsp;t\u011blocvi\u010dn\u011b.<\/p>\n<p style=\"text-align: justify;\">V\u00fdsledky sout\u011b\u017e\u00ed v&nbsp;ro\u010dn\u00edku 2009 &#8211; 2010<\/p>\n<p style=\"text-align: justify;\">Okrskov\u00e1 sout\u011b\u017e De\u0161tn\u00e9 &#8211; 15.5.2010\u00a0\u00a0\u00a0\u00a0\u00a0\u00a0\u00a0\u00a0\u00a0\u00a0\u00a0\u00a0\u00a0\u00a0\u00a0\u00a0\u00a0\u00a0\u00a0\u00a0\u00a0\u00a0\u00a0\u00a0\u00a0\u00a0\u00a0\u00a0\u00a0\u00a0\u00a0\u00a0\u00a0\u00a0\u00a0 3.&nbsp;m\u00edsto<\/p>\n<p style=\"text-align: justify;\">Okresn\u00ed kolo dorostu Kvasiny &#8211; 6.6.2010\u00a0\u00a0\u00a0\u00a0\u00a0\u00a0\u00a0\u00a0\u00a0\u00a0\u00a0\u00a0\u00a0\u00a0\u00a0\u00a0\u00a0\u00a0\u00a0\u00a0\u00a0\u00a0\u00a0\u00a0\u00a0\u00a0\u00a0\u00a0 1.&nbsp;m\u00edsto<\/p>\n<p style=\"text-align: justify;\">Krajsk\u00e9 kolo dorostu Nov\u00e1 Paka &#8211; 12.6.2010\u00a0\u00a0\u00a0\u00a0\u00a0\u00a0\u00a0\u00a0\u00a0\u00a0\u00a0\u00a0\u00a0\u00a0\u00a0\u00a0\u00a0\u00a0\u00a0\u00a0\u00a0 1.&nbsp;m\u00edsto, postup na Mistrovstv\u00ed \u010cesk\u00e9 republiky<\/p>\n<p style=\"text-align: justify;\">Mistrovstv\u00ed \u010cesk\u00e9 republiky dorostu, 10. &#8211; 11.7.2010\u00a0\u00a0\u00a0\u00a0\u00a0\u00a0\u00a0 12.m\u00edsto<\/p>\n<p style=\"text-align: justify;\">Tr\u00e9ninkov\u00e9 soust\u0159ed\u011bn\u00ed, 3. &#8211; 4.&nbsp;\u010dervence 2010<\/p>\n<p style=\"text-align: justify;\">V\u00edkend p\u0159ed odjezdem na mistrovstv\u00ed republiky do Litomy\u0161le jsme vyrazili do \u00dapice, kde se konalo tr\u00e9ninkov\u00e9 soust\u0159ed\u011bn\u00ed dorostu do \u00dapice. B\u011bhem soust\u0159ed\u011bn\u00ed jsme tr\u00e9novali zejm\u00e9na stovky a p\u0159ed\u00e1vky ve \u0161tafet\u011b.<\/p>\n","protected":false},"excerpt":{"rendered":"<p>&nbsp; Jm\u00e9no Bydli\u0161t\u011b Jakub \u010conka Val Marek Du\u0161ka Bystr\u00e9 Jan Felcman K\u0159ovice Tom\u00e1s Marval Ba\u010det\u00edn Adam Novotn\u00fd Val Libor P\u0159ibyl Nov\u00fd Hr\u00e1dek Jan Voborn\u00edk Val Jakub Zaj\u00ed\u010dek Nov\u00e9 M\u011bsto nad Metuj\u00ed Z\u00e1vod po\u017e\u00e1rnick\u00e9 v\u0161estrannosti &#8211; Z\u00e1m\u011bl V&nbsp;de\u0161tiv\u00fd den 10.&nbsp;\u0159\u00edjna 2009 se konal ZPV v&nbsp;Z\u00e1m\u011bli u Vamberka. Po\u010das\u00ed bylo v&nbsp;tento den velmi nep\u0159\u00edzniv\u00e9, ale to [&hellip;]<\/p>\n","protected":false},"author":2,"featured_media":0,"parent":118,"menu_order":0,"comment_status":"closed","ping_status":"closed","template":"","meta":{"footnotes":""},"class_list":["post-728","page","type-page","status-publish","hentry"],"aioseo_notices":[],"jetpack_sharing_enabled":true,"jetpack_likes_enabled":true,"_links":{"self":[{"href":"https:\/\/www.hasicibystre.cz\/index.php?rest_route=\/wp\/v2\/pages\/728","targetHints":{"allow":["GET"]}}],"collection":[{"href":"https:\/\/www.hasicibystre.cz\/index.php?rest_route=\/wp\/v2\/pages"}],"about":[{"href":"https:\/\/www.hasicibystre.cz\/index.php?rest_route=\/wp\/v2\/types\/page"}],"author":[{"embeddable":true,"href":"https:\/\/www.hasicibystre.cz\/index.php?rest_route=\/wp\/v2\/users\/2"}],"replies":[{"embeddable":true,"href":"https:\/\/www.hasicibystre.cz\/index.php?rest_route=%2Fwp%2Fv2%2Fcomments&post=728"}],"version-history":[{"count":2,"href":"https:\/\/www.hasicibystre.cz\/index.php?rest_route=\/wp\/v2\/pages\/728\/revisions"}],"predecessor-version":[{"id":994,"href":"https:\/\/www.hasicibystre.cz\/index.php?rest_route=\/wp\/v2\/pages\/728\/revisions\/994"}],"up":[{"embeddable":true,"href":"https:\/\/www.hasicibystre.cz\/index.php?rest_route=\/wp\/v2\/pages\/118"}],"wp:attachment":[{"href":"https:\/\/www.hasicibystre.cz\/index.php?rest_route=%2Fwp%2Fv2%2Fmedia&parent=728"}],"curies":[{"name":"wp","href":"https:\/\/api.w.org\/{rel}","templated":true}]}}